{"id":1015,"date":"2022-07-14T15:33:54","date_gmt":"2022-07-14T13:33:54","guid":{"rendered":"https:\/\/www.thegardenofpeace.org\/?page_id=1015"},"modified":"2023-01-13T15:17:18","modified_gmt":"2023-01-13T14:17:18","slug":"bozza-varieta","status":"publish","type":"page","link":"https:\/\/www.thegardenofpeace.org\/es\/bozza-varieta\/","title":{"rendered":"Bozza variet\u00e0"},"content":{"rendered":"<p>[vc_row css_animation=\u00bb\u00bb row_type=\u00bbrow\u00bb use_row_as_full_screen_section=\u00bbno\u00bb type=\u00bbfull_width\u00bb angled_section=\u00bbno\u00bb text_align=\u00bbleft\u00bb background_image_as_pattern=\u00bbwithout_pattern\u00bb][vc_column][vc_empty_space height=\u00bb90px\u00bb][vc_column_text]<\/p>\n<h1 style=\"text-align: center;\">VARIEDAD<\/h1>\n<p>[\/vc_column_text][vc_empty_space height=\u00bb90px\u00bb][\/vc_column][\/vc_row][vc_row css_animation=\u00bb\u00bb row_type=\u00bbrow\u00bb use_row_as_full_screen_section=\u00bbno\u00bb type=\u00bbfull_width\u00bb angled_section=\u00bbno\u00bb text_align=\u00bbleft\u00bb background_image_as_pattern=\u00bbwithout_pattern\u00bb][vc_column]<div class='projects_holder_outer v3 portfolio_with_space portfolio_standard'>\n        <div class='projects_holder portfolio_main_holder clearfix v3 standard portfolio_landscape_image '>\n        \n        <article class='mix portfolio_category_110 portfolio_category_119 portfolio_category_53 portfolio_category_38 portfolio_category_36 portfolio_category_39 portfolio_category_37 portfolio_category_117 portfolio_category_89 portfolio_category_82 portfolio_category_118 portfolio_category_116 portfolio_category_57 default' style=''>\n    \n    \n    \n                <div class='image_holder'>\n                <a itemprop='url' class='portfolio_link_for_touch' href='https:\/\/www.thegardenofpeace.org\/es\/thegarden\/arauco\/' target=''>\n                    \n<span class='image'><img loading=\"lazy\" decoding=\"async\" width=\"534\" height=\"400\" src=\"https:\/\/www.thegardenofpeace.org\/wp-content\/uploads\/2024\/05\/arauco_4_3_v2.jpg\" class=\"attachment-portfolio-landscape size-portfolio-landscape wp-post-image\" alt=\"\" srcset=\"https:\/\/www.thegardenofpeace.org\/wp-content\/uploads\/2024\/05\/arauco_4_3_v2.jpg 534w, https:\/\/www.thegardenofpeace.org\/wp-content\/uploads\/2024\/05\/arauco_4_3_v2-300x225.jpg 300w\" sizes=\"auto, (max-width: 534px) 100vw, 534px\" \/><\/span>                <\/a>\n\n                <span class='text_holder'>\n    <span class='text_outer'>\n        <span class='text_inner'>\n            <span class='feature_holder'>\n                            <span class=\"feature_holder_icons\">';\n                            <a itemprop='image' class='lightbox qbutton small white' title='ARAUCO' href='https:\/\/www.thegardenofpeace.org\/wp-content\/uploads\/2024\/05\/arauco_4_3_v2.jpg' data-rel='prettyPhoto[pretty_photo_gallery]'>zoom<\/a>\n    \n                            <a itemprop='url' class='preview qbutton small white' href='https:\/\/www.thegardenofpeace.org\/es\/thegarden\/arauco\/' target='_self'>view<\/i><\/a>\n    \n                                            <\/span>\n        <\/span>\n    <\/span>\n<\/span>            <\/div>\n                <div class='portfolio_description ' >\n\n        \n    <h5 itemprop=\"name\" class=\"portfolio_title entry_title\"><a itemprop=\"url\" href=\"https:\/\/www.thegardenofpeace.org\/es\/thegarden\/arauco\/\"  target=\"_self\"> ARAUCO<\/a><\/h5>\n\n\n        \n            <span class=\"project_category\"  >\n    Jardin Alhambra, Jard\u00edn Chipre Nicosia, Jard\u00edn COI - Madrid, Jard\u00edn Espa\u00f1a Cogollos, Jard\u00edn Grecia Creta, Jard\u00edn Grecia Trifylia, Jard\u00edn Italia Paciano, Jardin Italia Trani, Jardin Italia Valle de los Templos, Jardin morocco tanger, Jardin Reino Unido Tremenheere, Jard\u00edn Toronto, Jardin Zaragoza es    <\/span>\n\n    <\/div>\n        \n<\/article>\n<article class='mix portfolio_category_110 portfolio_category_119 portfolio_category_53 portfolio_category_38 portfolio_category_36 portfolio_category_39 portfolio_category_37 portfolio_category_117 portfolio_category_89 portfolio_category_82 portfolio_category_118 portfolio_category_116 portfolio_category_57 default' style=''>\n    \n    \n    \n                <div class='image_holder'>\n                <a itemprop='url' class='portfolio_link_for_touch' href='https:\/\/www.thegardenofpeace.org\/es\/thegarden\/mixani\/' target=''>\n                    \n<span class='image'><img loading=\"lazy\" decoding=\"async\" width=\"534\" height=\"400\" src=\"https:\/\/www.thegardenofpeace.org\/wp-content\/uploads\/2024\/05\/mixani_4_3.jpg\" class=\"attachment-portfolio-landscape size-portfolio-landscape wp-post-image\" alt=\"\" srcset=\"https:\/\/www.thegardenofpeace.org\/wp-content\/uploads\/2024\/05\/mixani_4_3.jpg 534w, https:\/\/www.thegardenofpeace.org\/wp-content\/uploads\/2024\/05\/mixani_4_3-300x225.jpg 300w\" sizes=\"auto, (max-width: 534px) 100vw, 534px\" \/><\/span>                <\/a>\n\n                <span class='text_holder'>\n    <span class='text_outer'>\n        <span class='text_inner'>\n            <span class='feature_holder'>\n                            <span class=\"feature_holder_icons\">';\n                            <a itemprop='image' class='lightbox qbutton small white' title='MIXANI' href='https:\/\/www.thegardenofpeace.org\/wp-content\/uploads\/2024\/05\/mixani_4_3.jpg' data-rel='prettyPhoto[pretty_photo_gallery]'>zoom<\/a>\n    \n                            <a itemprop='url' class='preview qbutton small white' href='https:\/\/www.thegardenofpeace.org\/es\/thegarden\/mixani\/' target='_self'>view<\/i><\/a>\n    \n                                            <\/span>\n        <\/span>\n    <\/span>\n<\/span>            <\/div>\n                <div class='portfolio_description ' >\n\n        \n    <h5 itemprop=\"name\" class=\"portfolio_title entry_title\"><a itemprop=\"url\" href=\"https:\/\/www.thegardenofpeace.org\/es\/thegarden\/mixani\/\"  target=\"_self\"> MIXANI<\/a><\/h5>\n\n\n        \n            <span class=\"project_category\"  >\n    Jardin Alhambra, Jard\u00edn Chipre Nicosia, Jard\u00edn COI - Madrid, Jard\u00edn Espa\u00f1a Cogollos, Jard\u00edn Grecia Creta, Jard\u00edn Grecia Trifylia, Jard\u00edn Italia Paciano, Jardin Italia Trani, Jardin Italia Valle de los Templos, Jardin morocco tanger, Jardin Reino Unido Tremenheere, Jard\u00edn Toronto, Jardin Zaragoza es    <\/span>\n\n    <\/div>\n        \n<\/article>\n<article class='mix portfolio_category_110 portfolio_category_119 portfolio_category_53 portfolio_category_38 portfolio_category_36 portfolio_category_39 portfolio_category_37 portfolio_category_117 portfolio_category_89 portfolio_category_82 portfolio_category_118 portfolio_category_116 portfolio_category_57 default' style=''>\n    \n    \n    \n                <div class='image_holder'>\n                <a itemprop='url' class='portfolio_link_for_touch' href='https:\/\/www.thegardenofpeace.org\/es\/thegarden\/verdale-de-lherault\/' target=''>\n                    \n<span class='image'><img loading=\"lazy\" decoding=\"async\" width=\"534\" height=\"400\" src=\"https:\/\/www.thegardenofpeace.org\/wp-content\/uploads\/2024\/05\/verdale_4_3.jpg\" class=\"attachment-portfolio-landscape size-portfolio-landscape wp-post-image\" alt=\"\" srcset=\"https:\/\/www.thegardenofpeace.org\/wp-content\/uploads\/2024\/05\/verdale_4_3.jpg 534w, https:\/\/www.thegardenofpeace.org\/wp-content\/uploads\/2024\/05\/verdale_4_3-300x225.jpg 300w\" sizes=\"auto, (max-width: 534px) 100vw, 534px\" \/><\/span>                <\/a>\n\n                <span class='text_holder'>\n    <span class='text_outer'>\n        <span class='text_inner'>\n            <span class='feature_holder'>\n                            <span class=\"feature_holder_icons\">';\n                            <a itemprop='image' class='lightbox qbutton small white' title='VERDALE DE L\u00b4H\u00c9RAULT' href='https:\/\/www.thegardenofpeace.org\/wp-content\/uploads\/2024\/05\/verdale_4_3.jpg' data-rel='prettyPhoto[pretty_photo_gallery]'>zoom<\/a>\n    \n                            <a itemprop='url' class='preview qbutton small white' href='https:\/\/www.thegardenofpeace.org\/es\/thegarden\/verdale-de-lherault\/' target='_self'>view<\/i><\/a>\n    \n                                            <\/span>\n        <\/span>\n    <\/span>\n<\/span>            <\/div>\n                <div class='portfolio_description ' >\n\n        \n    <h5 itemprop=\"name\" class=\"portfolio_title entry_title\"><a itemprop=\"url\" href=\"https:\/\/www.thegardenofpeace.org\/es\/thegarden\/verdale-de-lherault\/\"  target=\"_self\"> VERDALE DE L\u00b4H\u00c9RAULT<\/a><\/h5>\n\n\n        \n            <span class=\"project_category\"  >\n    Jardin Alhambra, Jard\u00edn Chipre Nicosia, Jard\u00edn COI - Madrid, Jard\u00edn Espa\u00f1a Cogollos, Jard\u00edn Grecia Creta, Jard\u00edn Grecia Trifylia, Jard\u00edn Italia Paciano, Jardin Italia Trani, Jardin Italia Valle de los Templos, Jardin morocco tanger, Jardin Reino Unido Tremenheere, Jard\u00edn Toronto, Jardin Zaragoza es    <\/span>\n\n    <\/div>\n        \n<\/article>\n<article class='mix portfolio_category_110 portfolio_category_119 portfolio_category_53 portfolio_category_38 portfolio_category_36 portfolio_category_39 portfolio_category_37 portfolio_category_117 portfolio_category_89 portfolio_category_82 portfolio_category_118 portfolio_category_116 portfolio_category_57 default' style=''>\n    \n    \n    \n                <div class='image_holder'>\n                <a itemprop='url' class='portfolio_link_for_touch' href='https:\/\/www.thegardenofpeace.org\/es\/thegarden\/picholine-marocaine\/' target=''>\n                    \n<span class='image'><img loading=\"lazy\" decoding=\"async\" width=\"534\" height=\"400\" src=\"https:\/\/www.thegardenofpeace.org\/wp-content\/uploads\/2024\/05\/picholine_marocaine_4_3.jpg\" class=\"attachment-portfolio-landscape size-portfolio-landscape wp-post-image\" alt=\"\" srcset=\"https:\/\/www.thegardenofpeace.org\/wp-content\/uploads\/2024\/05\/picholine_marocaine_4_3.jpg 534w, https:\/\/www.thegardenofpeace.org\/wp-content\/uploads\/2024\/05\/picholine_marocaine_4_3-300x225.jpg 300w\" sizes=\"auto, (max-width: 534px) 100vw, 534px\" \/><\/span>                <\/a>\n\n                <span class='text_holder'>\n    <span class='text_outer'>\n        <span class='text_inner'>\n            <span class='feature_holder'>\n                            <span class=\"feature_holder_icons\">';\n                            <a itemprop='image' class='lightbox qbutton small white' title='PICHOLINE MAROCAINE' href='https:\/\/www.thegardenofpeace.org\/wp-content\/uploads\/2024\/05\/picholine_marocaine_4_3.jpg' data-rel='prettyPhoto[pretty_photo_gallery]'>zoom<\/a>\n    \n                            <a itemprop='url' class='preview qbutton small white' href='https:\/\/www.thegardenofpeace.org\/es\/thegarden\/picholine-marocaine\/' target='_self'>view<\/i><\/a>\n    \n                                            <\/span>\n        <\/span>\n    <\/span>\n<\/span>            <\/div>\n                <div class='portfolio_description ' >\n\n        \n    <h5 itemprop=\"name\" class=\"portfolio_title entry_title\"><a itemprop=\"url\" href=\"https:\/\/www.thegardenofpeace.org\/es\/thegarden\/picholine-marocaine\/\"  target=\"_self\"> PICHOLINE MAROCAINE<\/a><\/h5>\n\n\n        \n            <span class=\"project_category\"  >\n    Jardin Alhambra, Jard\u00edn Chipre Nicosia, Jard\u00edn COI - Madrid, Jard\u00edn Espa\u00f1a Cogollos, Jard\u00edn Grecia Creta, Jard\u00edn Grecia Trifylia, Jard\u00edn Italia Paciano, Jardin Italia Trani, Jardin Italia Valle de los Templos, Jardin morocco tanger, Jardin Reino Unido Tremenheere, Jard\u00edn Toronto, Jardin Zaragoza es    <\/span>\n\n    <\/div>\n        \n<\/article>\n<article class='mix portfolio_category_110 portfolio_category_119 portfolio_category_53 portfolio_category_38 portfolio_category_36 portfolio_category_39 portfolio_category_37 portfolio_category_117 portfolio_category_89 portfolio_category_82 portfolio_category_118 portfolio_category_116 portfolio_category_57 default' style=''>\n    \n    \n    \n                <div class='image_holder'>\n                <a itemprop='url' class='portfolio_link_for_touch' href='https:\/\/www.thegardenofpeace.org\/es\/thegarden\/chetoui\/' target=''>\n                    \n<span class='image'><img loading=\"lazy\" decoding=\"async\" width=\"534\" height=\"400\" src=\"https:\/\/www.thegardenofpeace.org\/wp-content\/uploads\/2024\/05\/chetoui_4_3.jpg\" class=\"attachment-portfolio-landscape size-portfolio-landscape wp-post-image\" alt=\"\" srcset=\"https:\/\/www.thegardenofpeace.org\/wp-content\/uploads\/2024\/05\/chetoui_4_3.jpg 534w, https:\/\/www.thegardenofpeace.org\/wp-content\/uploads\/2024\/05\/chetoui_4_3-300x225.jpg 300w\" sizes=\"auto, (max-width: 534px) 100vw, 534px\" \/><\/span>                <\/a>\n\n                <span class='text_holder'>\n    <span class='text_outer'>\n        <span class='text_inner'>\n            <span class='feature_holder'>\n                            <span class=\"feature_holder_icons\">';\n                            <a itemprop='image' class='lightbox qbutton small white' title='CH\u00c9TOUI' href='https:\/\/www.thegardenofpeace.org\/wp-content\/uploads\/2024\/05\/chetoui_4_3.jpg' data-rel='prettyPhoto[pretty_photo_gallery]'>zoom<\/a>\n    \n                            <a itemprop='url' class='preview qbutton small white' href='https:\/\/www.thegardenofpeace.org\/es\/thegarden\/chetoui\/' target='_self'>view<\/i><\/a>\n    \n                                            <\/span>\n        <\/span>\n    <\/span>\n<\/span>            <\/div>\n                <div class='portfolio_description ' >\n\n        \n    <h5 itemprop=\"name\" class=\"portfolio_title entry_title\"><a itemprop=\"url\" href=\"https:\/\/www.thegardenofpeace.org\/es\/thegarden\/chetoui\/\"  target=\"_self\"> CH\u00c9TOUI<\/a><\/h5>\n\n\n        \n            <span class=\"project_category\"  >\n    Jardin Alhambra, Jard\u00edn Chipre Nicosia, Jard\u00edn COI - Madrid, Jard\u00edn Espa\u00f1a Cogollos, Jard\u00edn Grecia Creta, Jard\u00edn Grecia Trifylia, Jard\u00edn Italia Paciano, Jardin Italia Trani, Jardin Italia Valle de los Templos, Jardin morocco tanger, Jardin Reino Unido Tremenheere, Jard\u00edn Toronto, Jardin Zaragoza es    <\/span>\n\n    <\/div>\n        \n<\/article>\n<article class='mix portfolio_category_110 portfolio_category_119 portfolio_category_53 portfolio_category_38 portfolio_category_36 portfolio_category_39 portfolio_category_37 portfolio_category_117 portfolio_category_89 portfolio_category_82 portfolio_category_118 portfolio_category_116 portfolio_category_57 default' style=''>\n    \n    \n    \n                <div class='image_holder'>\n                <a itemprop='url' class='portfolio_link_for_touch' href='https:\/\/www.thegardenofpeace.org\/es\/thegarden\/chemlal-de-kabylie\/' target=''>\n                    \n<span class='image'><img loading=\"lazy\" decoding=\"async\" width=\"534\" height=\"400\" src=\"https:\/\/www.thegardenofpeace.org\/wp-content\/uploads\/2024\/05\/chemlal_4_3.jpg\" class=\"attachment-portfolio-landscape size-portfolio-landscape wp-post-image\" alt=\"\" srcset=\"https:\/\/www.thegardenofpeace.org\/wp-content\/uploads\/2024\/05\/chemlal_4_3.jpg 534w, https:\/\/www.thegardenofpeace.org\/wp-content\/uploads\/2024\/05\/chemlal_4_3-300x225.jpg 300w\" sizes=\"auto, (max-width: 534px) 100vw, 534px\" \/><\/span>                <\/a>\n\n                <span class='text_holder'>\n    <span class='text_outer'>\n        <span class='text_inner'>\n            <span class='feature_holder'>\n                            <span class=\"feature_holder_icons\">';\n                            <a itemprop='image' class='lightbox qbutton small white' title='CHEMLAL DE KABYLIE' href='https:\/\/www.thegardenofpeace.org\/wp-content\/uploads\/2024\/05\/chemlal_4_3.jpg' data-rel='prettyPhoto[pretty_photo_gallery]'>zoom<\/a>\n    \n                            <a itemprop='url' class='preview qbutton small white' href='https:\/\/www.thegardenofpeace.org\/es\/thegarden\/chemlal-de-kabylie\/' target='_self'>view<\/i><\/a>\n    \n                                            <\/span>\n        <\/span>\n    <\/span>\n<\/span>            <\/div>\n                <div class='portfolio_description ' >\n\n        \n    <h5 itemprop=\"name\" class=\"portfolio_title entry_title\"><a itemprop=\"url\" href=\"https:\/\/www.thegardenofpeace.org\/es\/thegarden\/chemlal-de-kabylie\/\"  target=\"_self\"> CHEMLAL DE KABYLIE<\/a><\/h5>\n\n\n        \n            <span class=\"project_category\"  >\n    Jardin Alhambra, Jard\u00edn Chipre Nicosia, Jard\u00edn COI - Madrid, Jard\u00edn Espa\u00f1a Cogollos, Jard\u00edn Grecia Creta, Jard\u00edn Grecia Trifylia, Jard\u00edn Italia Paciano, Jardin Italia Trani, Jardin Italia Valle de los Templos, Jardin morocco tanger, Jardin Reino Unido Tremenheere, Jard\u00edn Toronto, Jardin Zaragoza es    <\/span>\n\n    <\/div>\n        \n<\/article>\n<article class='mix portfolio_category_38 portfolio_category_39 portfolio_category_37 default' style=''>\n    \n    \n    \n                <div class='image_holder'>\n                <a itemprop='url' class='portfolio_link_for_touch' href='https:\/\/www.thegardenofpeace.org\/es\/thegarden\/kalamata\/' target=''>\n                    \n<span class='image'><img loading=\"lazy\" decoding=\"async\" width=\"534\" height=\"400\" src=\"https:\/\/www.thegardenofpeace.org\/wp-content\/uploads\/2024\/05\/kalamata_4_3.jpg\" class=\"attachment-portfolio-landscape size-portfolio-landscape wp-post-image\" alt=\"\" srcset=\"https:\/\/www.thegardenofpeace.org\/wp-content\/uploads\/2024\/05\/kalamata_4_3.jpg 534w, https:\/\/www.thegardenofpeace.org\/wp-content\/uploads\/2024\/05\/kalamata_4_3-300x225.jpg 300w\" sizes=\"auto, (max-width: 534px) 100vw, 534px\" \/><\/span>                <\/a>\n\n                <span class='text_holder'>\n    <span class='text_outer'>\n        <span class='text_inner'>\n            <span class='feature_holder'>\n                            <span class=\"feature_holder_icons\">';\n                            <a itemprop='image' class='lightbox qbutton small white' title='KALAMATA' href='https:\/\/www.thegardenofpeace.org\/wp-content\/uploads\/2024\/05\/kalamata_4_3.jpg' data-rel='prettyPhoto[pretty_photo_gallery]'>zoom<\/a>\n    \n                            <a itemprop='url' class='preview qbutton small white' href='https:\/\/www.thegardenofpeace.org\/es\/thegarden\/kalamata\/' target='_self'>view<\/i><\/a>\n    \n                                            <\/span>\n        <\/span>\n    <\/span>\n<\/span>            <\/div>\n                <div class='portfolio_description ' >\n\n        \n    <h5 itemprop=\"name\" class=\"portfolio_title entry_title\"><a itemprop=\"url\" href=\"https:\/\/www.thegardenofpeace.org\/es\/thegarden\/kalamata\/\"  target=\"_self\"> KALAMATA<\/a><\/h5>\n\n\n        \n            <span class=\"project_category\"  >\n    Jard\u00edn Espa\u00f1a Cogollos, Jard\u00edn Grecia Trifylia, Jard\u00edn Italia Paciano    <\/span>\n\n    <\/div>\n        \n<\/article>\n<article class='mix portfolio_category_110 portfolio_category_119 portfolio_category_53 portfolio_category_38 portfolio_category_36 portfolio_category_39 portfolio_category_37 portfolio_category_117 portfolio_category_89 portfolio_category_82 portfolio_category_118 portfolio_category_116 portfolio_category_57 default' style=''>\n    \n    \n    \n                <div class='image_holder'>\n                <a itemprop='url' class='portfolio_link_for_touch' href='https:\/\/www.thegardenofpeace.org\/es\/thegarden\/nabala-baladi\/' target=''>\n                    \n<span class='image'><img loading=\"lazy\" decoding=\"async\" width=\"534\" height=\"400\" src=\"https:\/\/www.thegardenofpeace.org\/wp-content\/uploads\/2024\/05\/nabala_baladi_4_3.jpg\" class=\"attachment-portfolio-landscape size-portfolio-landscape wp-post-image\" alt=\"\" srcset=\"https:\/\/www.thegardenofpeace.org\/wp-content\/uploads\/2024\/05\/nabala_baladi_4_3.jpg 534w, https:\/\/www.thegardenofpeace.org\/wp-content\/uploads\/2024\/05\/nabala_baladi_4_3-300x225.jpg 300w\" sizes=\"auto, (max-width: 534px) 100vw, 534px\" \/><\/span>                <\/a>\n\n                <span class='text_holder'>\n    <span class='text_outer'>\n        <span class='text_inner'>\n            <span class='feature_holder'>\n                            <span class=\"feature_holder_icons\">';\n                            <a itemprop='image' class='lightbox qbutton small white' title='NABALA BALADI' href='https:\/\/www.thegardenofpeace.org\/wp-content\/uploads\/2024\/05\/nabala_baladi_4_3.jpg' data-rel='prettyPhoto[pretty_photo_gallery]'>zoom<\/a>\n    \n                            <a itemprop='url' class='preview qbutton small white' href='https:\/\/www.thegardenofpeace.org\/es\/thegarden\/nabala-baladi\/' target='_self'>view<\/i><\/a>\n    \n                                            <\/span>\n        <\/span>\n    <\/span>\n<\/span>            <\/div>\n                <div class='portfolio_description ' >\n\n        \n    <h5 itemprop=\"name\" class=\"portfolio_title entry_title\"><a itemprop=\"url\" href=\"https:\/\/www.thegardenofpeace.org\/es\/thegarden\/nabala-baladi\/\"  target=\"_self\"> NABALA BALADI<\/a><\/h5>\n\n\n        \n            <span class=\"project_category\"  >\n    Jardin Alhambra, Jard\u00edn Chipre Nicosia, Jard\u00edn COI - Madrid, Jard\u00edn Espa\u00f1a Cogollos, Jard\u00edn Grecia Creta, Jard\u00edn Grecia Trifylia, Jard\u00edn Italia Paciano, Jardin Italia Trani, Jardin Italia Valle de los Templos, Jardin morocco tanger, Jardin Reino Unido Tremenheere, Jard\u00edn Toronto, Jardin Zaragoza es    <\/span>\n\n    <\/div>\n        \n<\/article>\n<article class='mix portfolio_category_110 portfolio_category_119 portfolio_category_53 portfolio_category_38 portfolio_category_36 portfolio_category_39 portfolio_category_37 portfolio_category_117 portfolio_category_89 portfolio_category_82 portfolio_category_118 portfolio_category_116 portfolio_category_57 default' style=''>\n    \n    \n    \n                <div class='image_holder'>\n                <a itemprop='url' class='portfolio_link_for_touch' href='https:\/\/www.thegardenofpeace.org\/es\/thegarden\/gemlik\/' target=''>\n                    \n<span class='image'><img loading=\"lazy\" decoding=\"async\" width=\"534\" height=\"400\" src=\"https:\/\/www.thegardenofpeace.org\/wp-content\/uploads\/2024\/05\/gemlik_4_3.jpg\" class=\"attachment-portfolio-landscape size-portfolio-landscape wp-post-image\" alt=\"\" srcset=\"https:\/\/www.thegardenofpeace.org\/wp-content\/uploads\/2024\/05\/gemlik_4_3.jpg 534w, https:\/\/www.thegardenofpeace.org\/wp-content\/uploads\/2024\/05\/gemlik_4_3-300x225.jpg 300w\" sizes=\"auto, (max-width: 534px) 100vw, 534px\" \/><\/span>                <\/a>\n\n                <span class='text_holder'>\n    <span class='text_outer'>\n        <span class='text_inner'>\n            <span class='feature_holder'>\n                            <span class=\"feature_holder_icons\">';\n                            <a itemprop='image' class='lightbox qbutton small white' title='GEMLIK' href='https:\/\/www.thegardenofpeace.org\/wp-content\/uploads\/2024\/05\/gemlik_4_3.jpg' data-rel='prettyPhoto[pretty_photo_gallery]'>zoom<\/a>\n    \n                            <a itemprop='url' class='preview qbutton small white' href='https:\/\/www.thegardenofpeace.org\/es\/thegarden\/gemlik\/' target='_self'>view<\/i><\/a>\n    \n                                            <\/span>\n        <\/span>\n    <\/span>\n<\/span>            <\/div>\n                <div class='portfolio_description ' >\n\n        \n    <h5 itemprop=\"name\" class=\"portfolio_title entry_title\"><a itemprop=\"url\" href=\"https:\/\/www.thegardenofpeace.org\/es\/thegarden\/gemlik\/\"  target=\"_self\"> GEMLIK<\/a><\/h5>\n\n\n        \n            <span class=\"project_category\"  >\n    Jardin Alhambra, Jard\u00edn Chipre Nicosia, Jard\u00edn COI - Madrid, Jard\u00edn Espa\u00f1a Cogollos, Jard\u00edn Grecia Creta, Jard\u00edn Grecia Trifylia, Jard\u00edn Italia Paciano, Jardin Italia Trani, Jardin Italia Valle de los Templos, Jardin morocco tanger, Jardin Reino Unido Tremenheere, Jard\u00edn Toronto, Jardin Zaragoza es    <\/span>\n\n    <\/div>\n        \n<\/article>\n<article class='mix portfolio_category_110 portfolio_category_119 portfolio_category_53 portfolio_category_38 portfolio_category_36 portfolio_category_39 portfolio_category_37 portfolio_category_117 portfolio_category_89 portfolio_category_82 portfolio_category_118 portfolio_category_116 portfolio_category_57 default' style=''>\n    \n    \n    \n                <div class='image_holder'>\n                <a itemprop='url' class='portfolio_link_for_touch' href='https:\/\/www.thegardenofpeace.org\/es\/thegarden\/zard\/' target=''>\n                    \n<span class='image'><img loading=\"lazy\" decoding=\"async\" width=\"534\" height=\"400\" src=\"https:\/\/www.thegardenofpeace.org\/wp-content\/uploads\/2024\/05\/zard_4_3.jpg\" class=\"attachment-portfolio-landscape size-portfolio-landscape wp-post-image\" alt=\"\" srcset=\"https:\/\/www.thegardenofpeace.org\/wp-content\/uploads\/2024\/05\/zard_4_3.jpg 534w, https:\/\/www.thegardenofpeace.org\/wp-content\/uploads\/2024\/05\/zard_4_3-300x225.jpg 300w\" sizes=\"auto, (max-width: 534px) 100vw, 534px\" \/><\/span>                <\/a>\n\n                <span class='text_holder'>\n    <span class='text_outer'>\n        <span class='text_inner'>\n            <span class='feature_holder'>\n                            <span class=\"feature_holder_icons\">';\n                            <a itemprop='image' class='lightbox qbutton small white' title='ZARD' href='https:\/\/www.thegardenofpeace.org\/wp-content\/uploads\/2024\/05\/zard_4_3.jpg' data-rel='prettyPhoto[pretty_photo_gallery]'>zoom<\/a>\n    \n                            <a itemprop='url' class='preview qbutton small white' href='https:\/\/www.thegardenofpeace.org\/es\/thegarden\/zard\/' target='_self'>view<\/i><\/a>\n    \n                                            <\/span>\n        <\/span>\n    <\/span>\n<\/span>            <\/div>\n                <div class='portfolio_description ' >\n\n        \n    <h5 itemprop=\"name\" class=\"portfolio_title entry_title\"><a itemprop=\"url\" href=\"https:\/\/www.thegardenofpeace.org\/es\/thegarden\/zard\/\"  target=\"_self\"> ZARD<\/a><\/h5>\n\n\n        \n            <span class=\"project_category\"  >\n    Jardin Alhambra, Jard\u00edn Chipre Nicosia, Jard\u00edn COI - Madrid, Jard\u00edn Espa\u00f1a Cogollos, Jard\u00edn Grecia Creta, Jard\u00edn Grecia Trifylia, Jard\u00edn Italia Paciano, Jardin Italia Trani, Jardin Italia Valle de los Templos, Jardin morocco tanger, Jardin Reino Unido Tremenheere, Jard\u00edn Toronto, Jardin Zaragoza es    <\/span>\n\n    <\/div>\n        \n<\/article>\n<article class='mix portfolio_category_110 portfolio_category_119 portfolio_category_53 portfolio_category_38 portfolio_category_36 portfolio_category_39 portfolio_category_37 portfolio_category_117 portfolio_category_89 portfolio_category_82 portfolio_category_118 portfolio_category_116 portfolio_category_57 default' style=''>\n    \n    \n    \n                <div class='image_holder'>\n                <a itemprop='url' class='portfolio_link_for_touch' href='https:\/\/www.thegardenofpeace.org\/es\/thegarden\/cobrancosa\/' target=''>\n                    \n<span class='image'><img loading=\"lazy\" decoding=\"async\" width=\"534\" height=\"400\" src=\"https:\/\/www.thegardenofpeace.org\/wp-content\/uploads\/2024\/05\/cobrancosa_4_3.jpg\" class=\"attachment-portfolio-landscape size-portfolio-landscape wp-post-image\" alt=\"\" srcset=\"https:\/\/www.thegardenofpeace.org\/wp-content\/uploads\/2024\/05\/cobrancosa_4_3.jpg 534w, https:\/\/www.thegardenofpeace.org\/wp-content\/uploads\/2024\/05\/cobrancosa_4_3-300x225.jpg 300w\" sizes=\"auto, (max-width: 534px) 100vw, 534px\" \/><\/span>                <\/a>\n\n                <span class='text_holder'>\n    <span class='text_outer'>\n        <span class='text_inner'>\n            <span class='feature_holder'>\n                            <span class=\"feature_holder_icons\">';\n                            <a itemprop='image' class='lightbox qbutton small white' title='COBRAN\u00c7OSA' href='https:\/\/www.thegardenofpeace.org\/wp-content\/uploads\/2024\/05\/cobrancosa_4_3.jpg' data-rel='prettyPhoto[pretty_photo_gallery]'>zoom<\/a>\n    \n                            <a itemprop='url' class='preview qbutton small white' href='https:\/\/www.thegardenofpeace.org\/es\/thegarden\/cobrancosa\/' target='_self'>view<\/i><\/a>\n    \n                                            <\/span>\n        <\/span>\n    <\/span>\n<\/span>            <\/div>\n                <div class='portfolio_description ' >\n\n        \n    <h5 itemprop=\"name\" class=\"portfolio_title entry_title\"><a itemprop=\"url\" href=\"https:\/\/www.thegardenofpeace.org\/es\/thegarden\/cobrancosa\/\"  target=\"_self\"> COBRAN\u00c7OSA<\/a><\/h5>\n\n\n        \n            <span class=\"project_category\"  >\n    Jardin Alhambra, Jard\u00edn Chipre Nicosia, Jard\u00edn COI - Madrid, Jard\u00edn Espa\u00f1a Cogollos, Jard\u00edn Grecia Creta, Jard\u00edn Grecia Trifylia, Jard\u00edn Italia Paciano, Jardin Italia Trani, Jardin Italia Valle de los Templos, Jardin morocco tanger, Jardin Reino Unido Tremenheere, Jard\u00edn Toronto, Jardin Zaragoza es    <\/span>\n\n    <\/div>\n        \n<\/article>\n<article class='mix portfolio_category_110 portfolio_category_119 portfolio_category_117 portfolio_category_89 portfolio_category_82 portfolio_category_118 portfolio_category_116 default' style=''>\n    \n    \n    \n                <div class='image_holder'>\n                <a itemprop='url' class='portfolio_link_for_touch' href='https:\/\/www.thegardenofpeace.org\/es\/thegarden\/cobrancosa-3-3\/' target=''>\n                    \n<span class='image'><img loading=\"lazy\" decoding=\"async\" width=\"534\" height=\"400\" src=\"https:\/\/www.thegardenofpeace.org\/wp-content\/uploads\/2024\/05\/cobrancosa_4_3.jpg\" class=\"attachment-portfolio-landscape size-portfolio-landscape wp-post-image\" alt=\"\" srcset=\"https:\/\/www.thegardenofpeace.org\/wp-content\/uploads\/2024\/05\/cobrancosa_4_3.jpg 534w, https:\/\/www.thegardenofpeace.org\/wp-content\/uploads\/2024\/05\/cobrancosa_4_3-300x225.jpg 300w\" sizes=\"auto, (max-width: 534px) 100vw, 534px\" \/><\/span>                <\/a>\n\n                <span class='text_holder'>\n    <span class='text_outer'>\n        <span class='text_inner'>\n            <span class='feature_holder'>\n                            <span class=\"feature_holder_icons\">';\n                            <a itemprop='image' class='lightbox qbutton small white' title='COBRAN\u00c7OSA' href='https:\/\/www.thegardenofpeace.org\/wp-content\/uploads\/2024\/05\/cobrancosa_4_3.jpg' data-rel='prettyPhoto[pretty_photo_gallery]'>zoom<\/a>\n    \n                            <a itemprop='url' class='preview qbutton small white' href='https:\/\/www.thegardenofpeace.org\/es\/thegarden\/cobrancosa-3-3\/' target='_self'>view<\/i><\/a>\n    \n                                            <\/span>\n        <\/span>\n    <\/span>\n<\/span>            <\/div>\n                <div class='portfolio_description ' >\n\n        \n    <h5 itemprop=\"name\" class=\"portfolio_title entry_title\"><a itemprop=\"url\" href=\"https:\/\/www.thegardenofpeace.org\/es\/thegarden\/cobrancosa-3-3\/\"  target=\"_self\"> COBRAN\u00c7OSA<\/a><\/h5>\n\n\n        \n            <span class=\"project_category\"  >\n    Jardin Alhambra, Jard\u00edn Chipre Nicosia, Jardin Italia Trani, Jardin Italia Valle de los Templos, Jardin morocco tanger, Jardin Reino Unido Tremenheere, Jard\u00edn Toronto    <\/span>\n\n    <\/div>\n        \n<\/article>\n<article class='mix portfolio_category_110 portfolio_category_119 portfolio_category_117 portfolio_category_89 portfolio_category_82 portfolio_category_118 portfolio_category_116 default' style=''>\n    \n    \n    \n                <div class='image_holder'>\n                <a itemprop='url' class='portfolio_link_for_touch' href='https:\/\/www.thegardenofpeace.org\/es\/thegarden\/cobrancosa-3\/' target=''>\n                    \n<span class='image'><img loading=\"lazy\" decoding=\"async\" width=\"534\" height=\"400\" src=\"https:\/\/www.thegardenofpeace.org\/wp-content\/uploads\/2024\/05\/cobrancosa_4_3.jpg\" class=\"attachment-portfolio-landscape size-portfolio-landscape wp-post-image\" alt=\"\" srcset=\"https:\/\/www.thegardenofpeace.org\/wp-content\/uploads\/2024\/05\/cobrancosa_4_3.jpg 534w, https:\/\/www.thegardenofpeace.org\/wp-content\/uploads\/2024\/05\/cobrancosa_4_3-300x225.jpg 300w\" sizes=\"auto, (max-width: 534px) 100vw, 534px\" \/><\/span>                <\/a>\n\n                <span class='text_holder'>\n    <span class='text_outer'>\n        <span class='text_inner'>\n            <span class='feature_holder'>\n                            <span class=\"feature_holder_icons\">';\n                            <a itemprop='image' class='lightbox qbutton small white' title='COBRAN\u00c7OSA' href='https:\/\/www.thegardenofpeace.org\/wp-content\/uploads\/2024\/05\/cobrancosa_4_3.jpg' data-rel='prettyPhoto[pretty_photo_gallery]'>zoom<\/a>\n    \n                            <a itemprop='url' class='preview qbutton small white' href='https:\/\/www.thegardenofpeace.org\/es\/thegarden\/cobrancosa-3\/' target='_self'>view<\/i><\/a>\n    \n                                            <\/span>\n        <\/span>\n    <\/span>\n<\/span>            <\/div>\n                <div class='portfolio_description ' >\n\n        \n    <h5 itemprop=\"name\" class=\"portfolio_title entry_title\"><a itemprop=\"url\" href=\"https:\/\/www.thegardenofpeace.org\/es\/thegarden\/cobrancosa-3\/\"  target=\"_self\"> COBRAN\u00c7OSA<\/a><\/h5>\n\n\n        \n            <span class=\"project_category\"  >\n    Jardin Alhambra, Jard\u00edn Chipre Nicosia, Jardin Italia Trani, Jardin Italia Valle de los Templos, Jardin morocco tanger, Jardin Reino Unido Tremenheere, Jard\u00edn Toronto    <\/span>\n\n    <\/div>\n        \n<\/article>\n<article class='mix portfolio_category_110 portfolio_category_119 portfolio_category_117 portfolio_category_89 portfolio_category_82 portfolio_category_118 portfolio_category_116 default' style=''>\n    \n    \n    \n                <div class='image_holder'>\n                <a itemprop='url' class='portfolio_link_for_touch' href='https:\/\/www.thegardenofpeace.org\/es\/thegarden\/cobrancosa-3-2\/' target=''>\n                    \n<span class='image'><img loading=\"lazy\" decoding=\"async\" width=\"534\" height=\"400\" src=\"https:\/\/www.thegardenofpeace.org\/wp-content\/uploads\/2024\/05\/cobrancosa_4_3.jpg\" class=\"attachment-portfolio-landscape size-portfolio-landscape wp-post-image\" alt=\"\" srcset=\"https:\/\/www.thegardenofpeace.org\/wp-content\/uploads\/2024\/05\/cobrancosa_4_3.jpg 534w, https:\/\/www.thegardenofpeace.org\/wp-content\/uploads\/2024\/05\/cobrancosa_4_3-300x225.jpg 300w\" sizes=\"auto, (max-width: 534px) 100vw, 534px\" \/><\/span>                <\/a>\n\n                <span class='text_holder'>\n    <span class='text_outer'>\n        <span class='text_inner'>\n            <span class='feature_holder'>\n                            <span class=\"feature_holder_icons\">';\n                            <a itemprop='image' class='lightbox qbutton small white' title='Portugal' href='https:\/\/www.thegardenofpeace.org\/wp-content\/uploads\/2024\/05\/cobrancosa_4_3.jpg' data-rel='prettyPhoto[pretty_photo_gallery]'>zoom<\/a>\n    \n                            <a itemprop='url' class='preview qbutton small white' href='https:\/\/www.thegardenofpeace.org\/es\/thegarden\/cobrancosa-3-2\/' target='_self'>view<\/i><\/a>\n    \n                                            <\/span>\n        <\/span>\n    <\/span>\n<\/span>            <\/div>\n                <div class='portfolio_description ' >\n\n        \n    <h5 itemprop=\"name\" class=\"portfolio_title entry_title\"><a itemprop=\"url\" href=\"https:\/\/www.thegardenofpeace.org\/es\/thegarden\/cobrancosa-3-2\/\"  target=\"_self\"> Portugal<\/a><\/h5>\n\n\n        \n            <span class=\"project_category\"  >\n    Jardin Alhambra, Jard\u00edn Chipre Nicosia, Jardin Italia Trani, Jardin Italia Valle de los Templos, Jardin morocco tanger, Jardin Reino Unido Tremenheere, Jard\u00edn Toronto    <\/span>\n\n    <\/div>\n        \n<\/article>\n<article class='mix portfolio_category_110 portfolio_category_119 portfolio_category_53 portfolio_category_38 portfolio_category_36 portfolio_category_39 portfolio_category_37 portfolio_category_117 portfolio_category_89 portfolio_category_82 portfolio_category_118 portfolio_category_116 portfolio_category_57 default' style=''>\n    \n    \n    \n                <div class='image_holder'>\n                <a itemprop='url' class='portfolio_link_for_touch' href='https:\/\/www.thegardenofpeace.org\/es\/thegarden\/mission\/' target=''>\n                    \n<span class='image'><img loading=\"lazy\" decoding=\"async\" width=\"534\" height=\"400\" src=\"https:\/\/www.thegardenofpeace.org\/wp-content\/uploads\/2024\/05\/mission_4_3.jpg\" class=\"attachment-portfolio-landscape size-portfolio-landscape wp-post-image\" alt=\"\" srcset=\"https:\/\/www.thegardenofpeace.org\/wp-content\/uploads\/2024\/05\/mission_4_3.jpg 534w, https:\/\/www.thegardenofpeace.org\/wp-content\/uploads\/2024\/05\/mission_4_3-300x225.jpg 300w\" sizes=\"auto, (max-width: 534px) 100vw, 534px\" \/><\/span>                <\/a>\n\n                <span class='text_holder'>\n    <span class='text_outer'>\n        <span class='text_inner'>\n            <span class='feature_holder'>\n                            <span class=\"feature_holder_icons\">';\n                            <a itemprop='image' class='lightbox qbutton small white' title='MISSION' href='https:\/\/www.thegardenofpeace.org\/wp-content\/uploads\/2024\/05\/mission_4_3.jpg' data-rel='prettyPhoto[pretty_photo_gallery]'>zoom<\/a>\n    \n                            <a itemprop='url' class='preview qbutton small white' href='https:\/\/www.thegardenofpeace.org\/es\/thegarden\/mission\/' target='_self'>view<\/i><\/a>\n    \n                                            <\/span>\n        <\/span>\n    <\/span>\n<\/span>            <\/div>\n                <div class='portfolio_description ' >\n\n        \n    <h5 itemprop=\"name\" class=\"portfolio_title entry_title\"><a itemprop=\"url\" href=\"https:\/\/www.thegardenofpeace.org\/es\/thegarden\/mission\/\"  target=\"_self\"> MISSION<\/a><\/h5>\n\n\n        \n            <span class=\"project_category\"  >\n    Jardin Alhambra, Jard\u00edn Chipre Nicosia, Jard\u00edn COI - Madrid, Jard\u00edn Espa\u00f1a Cogollos, Jard\u00edn Grecia Creta, Jard\u00edn Grecia Trifylia, Jard\u00edn Italia Paciano, Jardin Italia Trani, Jardin Italia Valle de los Templos, Jardin morocco tanger, Jardin Reino Unido Tremenheere, Jard\u00edn Toronto, Jardin Zaragoza es    <\/span>\n\n    <\/div>\n        \n<\/article>\n<article class='mix portfolio_category_110 portfolio_category_119 portfolio_category_53 portfolio_category_38 portfolio_category_36 portfolio_category_39 portfolio_category_37 portfolio_category_117 portfolio_category_89 portfolio_category_82 portfolio_category_118 portfolio_category_116 portfolio_category_57 default' style=''>\n    \n    \n    \n                <div class='image_holder'>\n                <a itemprop='url' class='portfolio_link_for_touch' href='https:\/\/www.thegardenofpeace.org\/es\/thegarden\/lastovka\/' target=''>\n                    \n<span class='image'><img loading=\"lazy\" decoding=\"async\" width=\"534\" height=\"400\" src=\"https:\/\/www.thegardenofpeace.org\/wp-content\/uploads\/2024\/05\/lastovka_4_3.jpg\" class=\"attachment-portfolio-landscape size-portfolio-landscape wp-post-image\" alt=\"\" srcset=\"https:\/\/www.thegardenofpeace.org\/wp-content\/uploads\/2024\/05\/lastovka_4_3.jpg 534w, https:\/\/www.thegardenofpeace.org\/wp-content\/uploads\/2024\/05\/lastovka_4_3-300x225.jpg 300w\" sizes=\"auto, (max-width: 534px) 100vw, 534px\" \/><\/span>                <\/a>\n\n                <span class='text_holder'>\n    <span class='text_outer'>\n        <span class='text_inner'>\n            <span class='feature_holder'>\n                            <span class=\"feature_holder_icons\">';\n                            <a itemprop='image' class='lightbox qbutton small white' title='LASTOVKA' href='https:\/\/www.thegardenofpeace.org\/wp-content\/uploads\/2024\/05\/lastovka_4_3.jpg' data-rel='prettyPhoto[pretty_photo_gallery]'>zoom<\/a>\n    \n                            <a itemprop='url' class='preview qbutton small white' href='https:\/\/www.thegardenofpeace.org\/es\/thegarden\/lastovka\/' target='_self'>view<\/i><\/a>\n    \n                                            <\/span>\n        <\/span>\n    <\/span>\n<\/span>            <\/div>\n                <div class='portfolio_description ' >\n\n        \n    <h5 itemprop=\"name\" class=\"portfolio_title entry_title\"><a itemprop=\"url\" href=\"https:\/\/www.thegardenofpeace.org\/es\/thegarden\/lastovka\/\"  target=\"_self\"> LASTOVKA<\/a><\/h5>\n\n\n        \n            <span class=\"project_category\"  >\n    Jardin Alhambra, Jard\u00edn Chipre Nicosia, Jard\u00edn COI - Madrid, Jard\u00edn Espa\u00f1a Cogollos, Jard\u00edn Grecia Creta, Jard\u00edn Grecia Trifylia, Jard\u00edn Italia Paciano, Jardin Italia Trani, Jardin Italia Valle de los Templos, Jardin morocco tanger, Jardin Reino Unido Tremenheere, Jard\u00edn Toronto, Jardin Zaragoza es    <\/span>\n\n    <\/div>\n        \n<\/article>\n<article class='mix portfolio_category_110 portfolio_category_119 portfolio_category_53 portfolio_category_38 portfolio_category_36 portfolio_category_39 portfolio_category_37 portfolio_category_117 portfolio_category_89 portfolio_category_82 portfolio_category_118 portfolio_category_116 portfolio_category_57 default' style=''>\n    \n    \n    \n                <div class='image_holder'>\n                <a itemprop='url' class='portfolio_link_for_touch' href='https:\/\/www.thegardenofpeace.org\/es\/thegarden\/barnea\/' target=''>\n                    \n<span class='image'><img loading=\"lazy\" decoding=\"async\" width=\"534\" height=\"400\" src=\"https:\/\/www.thegardenofpeace.org\/wp-content\/uploads\/2024\/05\/barnea_4_3.jpg\" class=\"attachment-portfolio-landscape size-portfolio-landscape wp-post-image\" alt=\"\" srcset=\"https:\/\/www.thegardenofpeace.org\/wp-content\/uploads\/2024\/05\/barnea_4_3.jpg 534w, https:\/\/www.thegardenofpeace.org\/wp-content\/uploads\/2024\/05\/barnea_4_3-300x225.jpg 300w\" sizes=\"auto, (max-width: 534px) 100vw, 534px\" \/><\/span>                <\/a>\n\n                <span class='text_holder'>\n    <span class='text_outer'>\n        <span class='text_inner'>\n            <span class='feature_holder'>\n                            <span class=\"feature_holder_icons\">';\n                            <a itemprop='image' class='lightbox qbutton small white' title='BARNEA' href='https:\/\/www.thegardenofpeace.org\/wp-content\/uploads\/2024\/05\/barnea_4_3.jpg' data-rel='prettyPhoto[pretty_photo_gallery]'>zoom<\/a>\n    \n                            <a itemprop='url' class='preview qbutton small white' href='https:\/\/www.thegardenofpeace.org\/es\/thegarden\/barnea\/' target='_self'>view<\/i><\/a>\n    \n                                            <\/span>\n        <\/span>\n    <\/span>\n<\/span>            <\/div>\n                <div class='portfolio_description ' >\n\n        \n    <h5 itemprop=\"name\" class=\"portfolio_title entry_title\"><a itemprop=\"url\" href=\"https:\/\/www.thegardenofpeace.org\/es\/thegarden\/barnea\/\"  target=\"_self\"> BARNEA<\/a><\/h5>\n\n\n        \n            <span class=\"project_category\"  >\n    Jardin Alhambra, Jard\u00edn Chipre Nicosia, Jard\u00edn COI - Madrid, Jard\u00edn Espa\u00f1a Cogollos, Jard\u00edn Grecia Creta, Jard\u00edn Grecia Trifylia, Jard\u00edn Italia Paciano, Jardin Italia Trani, Jardin Italia Valle de los Templos, Jardin morocco tanger, Jardin Reino Unido Tremenheere, Jard\u00edn Toronto, Jardin Zaragoza es    <\/span>\n\n    <\/div>\n        \n<\/article>\n<article class='mix portfolio_category_110 portfolio_category_119 portfolio_category_53 portfolio_category_38 portfolio_category_36 portfolio_category_39 portfolio_category_37 portfolio_category_117 portfolio_category_89 portfolio_category_82 portfolio_category_118 portfolio_category_116 portfolio_category_57 default' style=''>\n    \n    \n    \n                <div class='image_holder'>\n                <a itemprop='url' class='portfolio_link_for_touch' href='https:\/\/www.thegardenofpeace.org\/es\/thegarden\/buga\/' target=''>\n                    \n<span class='image'><img loading=\"lazy\" decoding=\"async\" width=\"534\" height=\"400\" src=\"https:\/\/www.thegardenofpeace.org\/wp-content\/uploads\/2024\/05\/buga_4_3.jpg\" class=\"attachment-portfolio-landscape size-portfolio-landscape wp-post-image\" alt=\"\" srcset=\"https:\/\/www.thegardenofpeace.org\/wp-content\/uploads\/2024\/05\/buga_4_3.jpg 534w, https:\/\/www.thegardenofpeace.org\/wp-content\/uploads\/2024\/05\/buga_4_3-300x225.jpg 300w\" sizes=\"auto, (max-width: 534px) 100vw, 534px\" \/><\/span>                <\/a>\n\n                <span class='text_holder'>\n    <span class='text_outer'>\n        <span class='text_inner'>\n            <span class='feature_holder'>\n                            <span class=\"feature_holder_icons\">';\n                            <a itemprop='image' class='lightbox qbutton small white' title='BUGA' href='https:\/\/www.thegardenofpeace.org\/wp-content\/uploads\/2024\/05\/buga_4_3.jpg' data-rel='prettyPhoto[pretty_photo_gallery]'>zoom<\/a>\n    \n                            <a itemprop='url' class='preview qbutton small white' href='https:\/\/www.thegardenofpeace.org\/es\/thegarden\/buga\/' target='_self'>view<\/i><\/a>\n    \n                                            <\/span>\n        <\/span>\n    <\/span>\n<\/span>            <\/div>\n                <div class='portfolio_description ' >\n\n        \n    <h5 itemprop=\"name\" class=\"portfolio_title entry_title\"><a itemprop=\"url\" href=\"https:\/\/www.thegardenofpeace.org\/es\/thegarden\/buga\/\"  target=\"_self\"> BUGA<\/a><\/h5>\n\n\n        \n            <span class=\"project_category\"  >\n    Jardin Alhambra, Jard\u00edn Chipre Nicosia, Jard\u00edn COI - Madrid, Jard\u00edn Espa\u00f1a Cogollos, Jard\u00edn Grecia Creta, Jard\u00edn Grecia Trifylia, Jard\u00edn Italia Paciano, Jardin Italia Trani, Jardin Italia Valle de los Templos, Jardin morocco tanger, Jardin Reino Unido Tremenheere, Jard\u00edn Toronto, Jardin Zaragoza es    <\/span>\n\n    <\/div>\n        \n<\/article>\n<article class='mix portfolio_category_110 portfolio_category_119 portfolio_category_53 portfolio_category_38 portfolio_category_36 portfolio_category_39 portfolio_category_37 portfolio_category_117 portfolio_category_89 portfolio_category_82 portfolio_category_118 portfolio_category_116 portfolio_category_57 default' style=''>\n    \n    \n    \n                <div class='image_holder'>\n                <a itemprop='url' class='portfolio_link_for_touch' href='https:\/\/www.thegardenofpeace.org\/es\/thegarden\/kato-drys\/' target=''>\n                    \n<span class='image'><img loading=\"lazy\" decoding=\"async\" width=\"534\" height=\"400\" src=\"https:\/\/www.thegardenofpeace.org\/wp-content\/uploads\/2024\/05\/katodrys_4_3.jpg\" class=\"attachment-portfolio-landscape size-portfolio-landscape wp-post-image\" alt=\"\" srcset=\"https:\/\/www.thegardenofpeace.org\/wp-content\/uploads\/2024\/05\/katodrys_4_3.jpg 534w, https:\/\/www.thegardenofpeace.org\/wp-content\/uploads\/2024\/05\/katodrys_4_3-300x225.jpg 300w\" sizes=\"auto, (max-width: 534px) 100vw, 534px\" \/><\/span>                <\/a>\n\n                <span class='text_holder'>\n    <span class='text_outer'>\n        <span class='text_inner'>\n            <span class='feature_holder'>\n                            <span class=\"feature_holder_icons\">';\n                            <a itemprop='image' class='lightbox qbutton small white' title='KATO DRYS' href='https:\/\/www.thegardenofpeace.org\/wp-content\/uploads\/2024\/05\/katodrys_4_3.jpg' data-rel='prettyPhoto[pretty_photo_gallery]'>zoom<\/a>\n    \n                            <a itemprop='url' class='preview qbutton small white' href='https:\/\/www.thegardenofpeace.org\/es\/thegarden\/kato-drys\/' target='_self'>view<\/i><\/a>\n    \n                                            <\/span>\n        <\/span>\n    <\/span>\n<\/span>            <\/div>\n                <div class='portfolio_description ' >\n\n        \n    <h5 itemprop=\"name\" class=\"portfolio_title entry_title\"><a itemprop=\"url\" href=\"https:\/\/www.thegardenofpeace.org\/es\/thegarden\/kato-drys\/\"  target=\"_self\"> KATO DRYS<\/a><\/h5>\n\n\n        \n            <span class=\"project_category\"  >\n    Jardin Alhambra, Jard\u00edn Chipre Nicosia, Jard\u00edn COI - Madrid, Jard\u00edn Espa\u00f1a Cogollos, Jard\u00edn Grecia Creta, Jard\u00edn Grecia Trifylia, Jard\u00edn Italia Paciano, Jardin Italia Trani, Jardin Italia Valle de los Templos, Jardin morocco tanger, Jardin Reino Unido Tremenheere, Jard\u00edn Toronto, Jardin Zaragoza es    <\/span>\n\n    <\/div>\n        \n<\/article>\n<article class='mix portfolio_category_110 portfolio_category_119 portfolio_category_53 portfolio_category_38 portfolio_category_36 portfolio_category_39 portfolio_category_37 portfolio_category_117 portfolio_category_89 portfolio_category_82 portfolio_category_118 portfolio_category_116 portfolio_category_57 default' style=''>\n    \n    \n    \n                <div class='image_holder'>\n                <a itemprop='url' class='portfolio_link_for_touch' href='https:\/\/www.thegardenofpeace.org\/es\/thegarden\/frantoio\/' target=''>\n                    \n<span class='image'><img loading=\"lazy\" decoding=\"async\" width=\"534\" height=\"400\" src=\"https:\/\/www.thegardenofpeace.org\/wp-content\/uploads\/2024\/05\/frantoio_4_3.jpg\" class=\"attachment-portfolio-landscape size-portfolio-landscape wp-post-image\" alt=\"\" srcset=\"https:\/\/www.thegardenofpeace.org\/wp-content\/uploads\/2024\/05\/frantoio_4_3.jpg 534w, https:\/\/www.thegardenofpeace.org\/wp-content\/uploads\/2024\/05\/frantoio_4_3-300x225.jpg 300w\" sizes=\"auto, (max-width: 534px) 100vw, 534px\" \/><\/span>                <\/a>\n\n                <span class='text_holder'>\n    <span class='text_outer'>\n        <span class='text_inner'>\n            <span class='feature_holder'>\n                            <span class=\"feature_holder_icons\">';\n                            <a itemprop='image' class='lightbox qbutton small white' title='FRANTOIO' href='https:\/\/www.thegardenofpeace.org\/wp-content\/uploads\/2024\/05\/frantoio_4_3.jpg' data-rel='prettyPhoto[pretty_photo_gallery]'>zoom<\/a>\n    \n                            <a itemprop='url' class='preview qbutton small white' href='https:\/\/www.thegardenofpeace.org\/es\/thegarden\/frantoio\/' target='_self'>view<\/i><\/a>\n    \n                                            <\/span>\n        <\/span>\n    <\/span>\n<\/span>            <\/div>\n                <div class='portfolio_description ' >\n\n        \n    <h5 itemprop=\"name\" class=\"portfolio_title entry_title\"><a itemprop=\"url\" href=\"https:\/\/www.thegardenofpeace.org\/es\/thegarden\/frantoio\/\"  target=\"_self\"> FRANTOIO<\/a><\/h5>\n\n\n        \n            <span class=\"project_category\"  >\n    Jardin Alhambra, Jard\u00edn Chipre Nicosia, Jard\u00edn COI - Madrid, Jard\u00edn Espa\u00f1a Cogollos, Jard\u00edn Grecia Creta, Jard\u00edn Grecia Trifylia, Jard\u00edn Italia Paciano, Jardin Italia Trani, Jardin Italia Valle de los Templos, Jardin morocco tanger, Jardin Reino Unido Tremenheere, Jard\u00edn Toronto, Jardin Zaragoza es    <\/span>\n\n    <\/div>\n        \n<\/article>\n<article class='mix portfolio_category_110 portfolio_category_119 portfolio_category_53 portfolio_category_38 portfolio_category_36 portfolio_category_39 portfolio_category_37 portfolio_category_117 portfolio_category_89 portfolio_category_82 portfolio_category_118 portfolio_category_116 portfolio_category_57 default' style=''>\n    \n    \n    \n                <div class='image_holder'>\n                <a itemprop='url' class='portfolio_link_for_touch' href='https:\/\/www.thegardenofpeace.org\/es\/thegarden\/picual\/' target=''>\n                    \n<span class='image'><img loading=\"lazy\" decoding=\"async\" width=\"534\" height=\"400\" src=\"https:\/\/www.thegardenofpeace.org\/wp-content\/uploads\/2024\/05\/picual_4_3.jpg\" class=\"attachment-portfolio-landscape size-portfolio-landscape wp-post-image\" alt=\"\" srcset=\"https:\/\/www.thegardenofpeace.org\/wp-content\/uploads\/2024\/05\/picual_4_3.jpg 534w, https:\/\/www.thegardenofpeace.org\/wp-content\/uploads\/2024\/05\/picual_4_3-300x225.jpg 300w\" sizes=\"auto, (max-width: 534px) 100vw, 534px\" \/><\/span>                <\/a>\n\n                <span class='text_holder'>\n    <span class='text_outer'>\n        <span class='text_inner'>\n            <span class='feature_holder'>\n                            <span class=\"feature_holder_icons\">';\n                            <a itemprop='image' class='lightbox qbutton small white' title='PICUAL' href='https:\/\/www.thegardenofpeace.org\/wp-content\/uploads\/2024\/05\/picual_4_3.jpg' data-rel='prettyPhoto[pretty_photo_gallery]'>zoom<\/a>\n    \n                            <a itemprop='url' class='preview qbutton small white' href='https:\/\/www.thegardenofpeace.org\/es\/thegarden\/picual\/' target='_self'>view<\/i><\/a>\n    \n                                            <\/span>\n        <\/span>\n    <\/span>\n<\/span>            <\/div>\n                <div class='portfolio_description ' >\n\n        \n    <h5 itemprop=\"name\" class=\"portfolio_title entry_title\"><a itemprop=\"url\" href=\"https:\/\/www.thegardenofpeace.org\/es\/thegarden\/picual\/\"  target=\"_self\"> PICUAL<\/a><\/h5>\n\n\n        \n            <span class=\"project_category\"  >\n    Jardin Alhambra, Jard\u00edn Chipre Nicosia, Jard\u00edn COI - Madrid, Jard\u00edn Espa\u00f1a Cogollos, Jard\u00edn Grecia Creta, Jard\u00edn Grecia Trifylia, Jard\u00edn Italia Paciano, Jardin Italia Trani, Jardin Italia Valle de los Templos, Jardin morocco tanger, Jardin Reino Unido Tremenheere, Jard\u00edn Toronto, Jardin Zaragoza es    <\/span>\n\n    <\/div>\n        \n<\/article>\n<article class='mix portfolio_category_110 portfolio_category_119 portfolio_category_53 portfolio_category_38 portfolio_category_36 portfolio_category_39 portfolio_category_37 portfolio_category_117 portfolio_category_89 portfolio_category_82 portfolio_category_118 portfolio_category_116 portfolio_category_57 default' style=''>\n    \n    \n    \n                <div class='image_holder'>\n                <a itemprop='url' class='portfolio_link_for_touch' href='https:\/\/www.thegardenofpeace.org\/es\/thegarden\/toffahi\/' target=''>\n                    \n<span class='image'><img loading=\"lazy\" decoding=\"async\" width=\"534\" height=\"400\" src=\"https:\/\/www.thegardenofpeace.org\/wp-content\/uploads\/2024\/05\/toffhai_4_3.jpg\" class=\"attachment-portfolio-landscape size-portfolio-landscape wp-post-image\" alt=\"\" srcset=\"https:\/\/www.thegardenofpeace.org\/wp-content\/uploads\/2024\/05\/toffhai_4_3.jpg 534w, https:\/\/www.thegardenofpeace.org\/wp-content\/uploads\/2024\/05\/toffhai_4_3-300x225.jpg 300w\" sizes=\"auto, (max-width: 534px) 100vw, 534px\" \/><\/span>                <\/a>\n\n                <span class='text_holder'>\n    <span class='text_outer'>\n        <span class='text_inner'>\n            <span class='feature_holder'>\n                            <span class=\"feature_holder_icons\">';\n                            <a itemprop='image' class='lightbox qbutton small white' title='TOFFAHI' href='https:\/\/www.thegardenofpeace.org\/wp-content\/uploads\/2024\/05\/toffhai_4_3.jpg' data-rel='prettyPhoto[pretty_photo_gallery]'>zoom<\/a>\n    \n                            <a itemprop='url' class='preview qbutton small white' href='https:\/\/www.thegardenofpeace.org\/es\/thegarden\/toffahi\/' target='_self'>view<\/i><\/a>\n    \n                                            <\/span>\n        <\/span>\n    <\/span>\n<\/span>            <\/div>\n                <div class='portfolio_description ' >\n\n        \n    <h5 itemprop=\"name\" class=\"portfolio_title entry_title\"><a itemprop=\"url\" href=\"https:\/\/www.thegardenofpeace.org\/es\/thegarden\/toffahi\/\"  target=\"_self\"> TOFFAHI<\/a><\/h5>\n\n\n        \n            <span class=\"project_category\"  >\n    Jardin Alhambra, Jard\u00edn Chipre Nicosia, Jard\u00edn COI - Madrid, Jard\u00edn Espa\u00f1a Cogollos, Jard\u00edn Grecia Creta, Jard\u00edn Grecia Trifylia, Jard\u00edn Italia Paciano, Jardin Italia Trani, Jardin Italia Valle de los Templos, Jardin morocco tanger, Jardin Reino Unido Tremenheere, Jard\u00edn Toronto, Jardin Zaragoza es    <\/span>\n\n    <\/div>\n        \n<\/article>\n<article class='mix portfolio_category_110 portfolio_category_119 portfolio_category_53 portfolio_category_38 portfolio_category_36 portfolio_category_39 portfolio_category_37 portfolio_category_117 portfolio_category_89 portfolio_category_82 portfolio_category_118 portfolio_category_116 portfolio_category_57 default' style=''>\n    \n    \n    \n                <div class='image_holder'>\n                <a itemprop='url' class='portfolio_link_for_touch' href='https:\/\/www.thegardenofpeace.org\/es\/thegarden\/soury\/' target=''>\n                    \n<span class='image'><img loading=\"lazy\" decoding=\"async\" width=\"534\" height=\"400\" src=\"https:\/\/www.thegardenofpeace.org\/wp-content\/uploads\/2024\/05\/soury_4_3.jpg\" class=\"attachment-portfolio-landscape size-portfolio-landscape wp-post-image\" alt=\"\" srcset=\"https:\/\/www.thegardenofpeace.org\/wp-content\/uploads\/2024\/05\/soury_4_3.jpg 534w, https:\/\/www.thegardenofpeace.org\/wp-content\/uploads\/2024\/05\/soury_4_3-300x225.jpg 300w\" sizes=\"auto, (max-width: 534px) 100vw, 534px\" \/><\/span>                <\/a>\n\n                <span class='text_holder'>\n    <span class='text_outer'>\n        <span class='text_inner'>\n            <span class='feature_holder'>\n                            <span class=\"feature_holder_icons\">';\n                            <a itemprop='image' class='lightbox qbutton small white' title='SOURY' href='https:\/\/www.thegardenofpeace.org\/wp-content\/uploads\/2024\/05\/soury_4_3.jpg' data-rel='prettyPhoto[pretty_photo_gallery]'>zoom<\/a>\n    \n                            <a itemprop='url' class='preview qbutton small white' href='https:\/\/www.thegardenofpeace.org\/es\/thegarden\/soury\/' target='_self'>view<\/i><\/a>\n    \n                                            <\/span>\n        <\/span>\n    <\/span>\n<\/span>            <\/div>\n                <div class='portfolio_description ' >\n\n        \n    <h5 itemprop=\"name\" class=\"portfolio_title entry_title\"><a itemprop=\"url\" href=\"https:\/\/www.thegardenofpeace.org\/es\/thegarden\/soury\/\"  target=\"_self\"> SOURY<\/a><\/h5>\n\n\n        \n            <span class=\"project_category\"  >\n    Jardin Alhambra, Jard\u00edn Chipre Nicosia, Jard\u00edn COI - Madrid, Jard\u00edn Espa\u00f1a Cogollos, Jard\u00edn Grecia Creta, Jard\u00edn Grecia Trifylia, Jard\u00edn Italia Paciano, Jardin Italia Trani, Jardin Italia Valle de los Templos, Jardin morocco tanger, Jardin Reino Unido Tremenheere, Jard\u00edn Toronto, Jardin Zaragoza es    <\/span>\n\n    <\/div>\n        \n<\/article>\n<article class='mix portfolio_category_38 portfolio_category_36 portfolio_category_39 portfolio_category_37 portfolio_category_117 portfolio_category_89 portfolio_category_82 portfolio_category_116 default' style=''>\n    \n    \n    \n                <div class='image_holder'>\n                <a itemprop='url' class='portfolio_link_for_touch' href='https:\/\/www.thegardenofpeace.org\/es\/thegarden\/doebli\/' target=''>\n                    \n<span class='image'><img loading=\"lazy\" decoding=\"async\" width=\"534\" height=\"400\" src=\"https:\/\/www.thegardenofpeace.org\/wp-content\/uploads\/2024\/05\/doebli_resized.jpg\" class=\"attachment-portfolio-landscape size-portfolio-landscape wp-post-image\" alt=\"\" srcset=\"https:\/\/www.thegardenofpeace.org\/wp-content\/uploads\/2024\/05\/doebli_resized.jpg 534w, https:\/\/www.thegardenofpeace.org\/wp-content\/uploads\/2024\/05\/doebli_resized-300x225.jpg 300w\" sizes=\"auto, (max-width: 534px) 100vw, 534px\" \/><\/span>                <\/a>\n\n                <span class='text_holder'>\n    <span class='text_outer'>\n        <span class='text_inner'>\n            <span class='feature_holder'>\n                            <span class=\"feature_holder_icons\">';\n                            <a itemprop='image' class='lightbox qbutton small white' title='DOEBLI' href='https:\/\/www.thegardenofpeace.org\/wp-content\/uploads\/2024\/05\/doebli_resized.jpg' data-rel='prettyPhoto[pretty_photo_gallery]'>zoom<\/a>\n    \n                            <a itemprop='url' class='preview qbutton small white' href='https:\/\/www.thegardenofpeace.org\/es\/thegarden\/doebli\/' target='_self'>view<\/i><\/a>\n    \n                                            <\/span>\n        <\/span>\n    <\/span>\n<\/span>            <\/div>\n                <div class='portfolio_description ' >\n\n        \n    <h5 itemprop=\"name\" class=\"portfolio_title entry_title\"><a itemprop=\"url\" href=\"https:\/\/www.thegardenofpeace.org\/es\/thegarden\/doebli\/\"  target=\"_self\"> DOEBLI<\/a><\/h5>\n\n\n        \n            <span class=\"project_category\"  >\n    Jard\u00edn Espa\u00f1a Cogollos, Jard\u00edn Grecia Creta, Jard\u00edn Grecia Trifylia, Jard\u00edn Italia Paciano, Jardin Italia Trani, Jardin Italia Valle de los Templos, Jardin morocco tanger, Jard\u00edn Toronto    <\/span>\n\n    <\/div>\n        \n<\/article>\n<article class='mix portfolio_category_110 portfolio_category_119 portfolio_category_53 portfolio_category_38 portfolio_category_36 portfolio_category_39 portfolio_category_117 portfolio_category_89 portfolio_category_82 portfolio_category_118 portfolio_category_116 portfolio_category_57 default' style=''>\n    \n    \n    \n                <div class='image_holder'>\n                <a itemprop='url' class='portfolio_link_for_touch' href='https:\/\/www.thegardenofpeace.org\/es\/thegarden\/koroneiki\/' target=''>\n                    \n<span class='image'><img loading=\"lazy\" decoding=\"async\" width=\"534\" height=\"400\" src=\"https:\/\/www.thegardenofpeace.org\/wp-content\/uploads\/2024\/05\/ritagliata_e_ridimensionata.jpg\" class=\"attachment-portfolio-landscape size-portfolio-landscape wp-post-image\" alt=\"\" srcset=\"https:\/\/www.thegardenofpeace.org\/wp-content\/uploads\/2024\/05\/ritagliata_e_ridimensionata.jpg 534w, https:\/\/www.thegardenofpeace.org\/wp-content\/uploads\/2024\/05\/ritagliata_e_ridimensionata-300x225.jpg 300w\" sizes=\"auto, (max-width: 534px) 100vw, 534px\" \/><\/span>                <\/a>\n\n                <span class='text_holder'>\n    <span class='text_outer'>\n        <span class='text_inner'>\n            <span class='feature_holder'>\n                            <span class=\"feature_holder_icons\">';\n                            <a itemprop='image' class='lightbox qbutton small white' title='KORONEIKI' href='https:\/\/www.thegardenofpeace.org\/wp-content\/uploads\/2024\/05\/ritagliata_e_ridimensionata.jpg' data-rel='prettyPhoto[pretty_photo_gallery]'>zoom<\/a>\n    \n                            <a itemprop='url' class='preview qbutton small white' href='https:\/\/www.thegardenofpeace.org\/es\/thegarden\/koroneiki\/' target='_self'>view<\/i><\/a>\n    \n                                            <\/span>\n        <\/span>\n    <\/span>\n<\/span>            <\/div>\n                <div class='portfolio_description ' >\n\n        \n    <h5 itemprop=\"name\" class=\"portfolio_title entry_title\"><a itemprop=\"url\" href=\"https:\/\/www.thegardenofpeace.org\/es\/thegarden\/koroneiki\/\"  target=\"_self\"> KORONEIKI<\/a><\/h5>\n\n\n        \n            <span class=\"project_category\"  >\n    Jardin Alhambra, Jard\u00edn Chipre Nicosia, Jard\u00edn COI - Madrid, Jard\u00edn Espa\u00f1a Cogollos, Jard\u00edn Grecia Creta, Jard\u00edn Grecia Trifylia, Jardin Italia Trani, Jardin Italia Valle de los Templos, Jardin morocco tanger, Jardin Reino Unido Tremenheere, Jard\u00edn Toronto, Jardin Zaragoza es    <\/span>\n\n    <\/div>\n        \n<\/article>\n<article class='mix portfolio_category_38 default' style=''>\n    \n    \n    \n                <div class='image_holder'>\n                <a itemprop='url' class='portfolio_link_for_touch' href='https:\/\/www.thegardenofpeace.org\/es\/thegarden\/loaime\/' target=''>\n                    \n<span class='image'><img loading=\"lazy\" decoding=\"async\" width=\"534\" height=\"400\" src=\"https:\/\/www.thegardenofpeace.org\/wp-content\/uploads\/2024\/05\/loaime_4_3.jpg\" class=\"attachment-portfolio-landscape size-portfolio-landscape wp-post-image\" alt=\"\" srcset=\"https:\/\/www.thegardenofpeace.org\/wp-content\/uploads\/2024\/05\/loaime_4_3.jpg 534w, https:\/\/www.thegardenofpeace.org\/wp-content\/uploads\/2024\/05\/loaime_4_3-300x225.jpg 300w\" sizes=\"auto, (max-width: 534px) 100vw, 534px\" \/><\/span>                <\/a>\n\n                <span class='text_holder'>\n    <span class='text_outer'>\n        <span class='text_inner'>\n            <span class='feature_holder'>\n                            <span class=\"feature_holder_icons\">';\n                            <a itemprop='image' class='lightbox qbutton small white' title='LOAIME' href='https:\/\/www.thegardenofpeace.org\/wp-content\/uploads\/2024\/05\/loaime_4_3.jpg' data-rel='prettyPhoto[pretty_photo_gallery]'>zoom<\/a>\n    \n                            <a itemprop='url' class='preview qbutton small white' href='https:\/\/www.thegardenofpeace.org\/es\/thegarden\/loaime\/' target='_self'>view<\/i><\/a>\n    \n                                            <\/span>\n        <\/span>\n    <\/span>\n<\/span>            <\/div>\n                <div class='portfolio_description ' >\n\n        \n    <h5 itemprop=\"name\" class=\"portfolio_title entry_title\"><a itemprop=\"url\" href=\"https:\/\/www.thegardenofpeace.org\/es\/thegarden\/loaime\/\"  target=\"_self\"> LOAIME<\/a><\/h5>\n\n\n        \n            <span class=\"project_category\"  >\n    Jard\u00edn Espa\u00f1a Cogollos    <\/span>\n\n    <\/div>\n        \n<\/article>\n<article class='mix portfolio_category_110 portfolio_category_53 portfolio_category_49 default' style=''>\n    \n    \n    \n                <div class='image_holder'>\n                <a itemprop='url' class='portfolio_link_for_touch' href='https:\/\/www.thegardenofpeace.org\/es\/thegarden\/zutica\/' target=''>\n                    \n<span class='image'><img loading=\"lazy\" decoding=\"async\" width=\"800\" height=\"600\" src=\"https:\/\/www.thegardenofpeace.org\/wp-content\/uploads\/2022\/11\/zutica-800x600.jpg\" class=\"attachment-portfolio-landscape size-portfolio-landscape wp-post-image\" alt=\"\" \/><\/span>                <\/a>\n\n                <span class='text_holder'>\n    <span class='text_outer'>\n        <span class='text_inner'>\n            <span class='feature_holder'>\n                            <span class=\"feature_holder_icons\">';\n                            <a itemprop='image' class='lightbox qbutton small white' title='Z\u030cUTICA' href='https:\/\/www.thegardenofpeace.org\/wp-content\/uploads\/2022\/11\/zutica.jpg' data-rel='prettyPhoto[pretty_photo_gallery]'>zoom<\/a>\n    \n                            <a itemprop='url' class='preview qbutton small white' href='https:\/\/www.thegardenofpeace.org\/es\/thegarden\/zutica\/' target='_self'>view<\/i><\/a>\n    \n                                            <\/span>\n        <\/span>\n    <\/span>\n<\/span>            <\/div>\n                <div class='portfolio_description ' >\n\n        \n    <h5 itemprop=\"name\" class=\"portfolio_title entry_title\"><a itemprop=\"url\" href=\"https:\/\/www.thegardenofpeace.org\/es\/thegarden\/zutica\/\"  target=\"_self\"> Z\u030cUTICA<\/a><\/h5>\n\n\n        \n            <span class=\"project_category\"  >\n    Jardin Alhambra, Jard\u00edn COI - Madrid, mix    <\/span>\n\n    <\/div>\n        \n<\/article>\n<article class='mix portfolio_category_53 portfolio_category_49 default' style=''>\n    \n    \n    \n                <div class='image_holder'>\n                <a itemprop='url' class='portfolio_link_for_touch' href='https:\/\/www.thegardenofpeace.org\/es\/thegarden\/chemlali\/' target=''>\n                    \n<span class='image'><img loading=\"lazy\" decoding=\"async\" width=\"800\" height=\"600\" src=\"https:\/\/www.thegardenofpeace.org\/wp-content\/uploads\/2022\/11\/chemlali-800x600.jpg\" class=\"attachment-portfolio-landscape size-portfolio-landscape wp-post-image\" alt=\"\" \/><\/span>                <\/a>\n\n                <span class='text_holder'>\n    <span class='text_outer'>\n        <span class='text_inner'>\n            <span class='feature_holder'>\n                            <span class=\"feature_holder_icons\">';\n                            <a itemprop='image' class='lightbox qbutton small white' title='CHEMLALI' href='https:\/\/www.thegardenofpeace.org\/wp-content\/uploads\/2022\/11\/chemlali.jpg' data-rel='prettyPhoto[pretty_photo_gallery]'>zoom<\/a>\n    \n                            <a itemprop='url' class='preview qbutton small white' href='https:\/\/www.thegardenofpeace.org\/es\/thegarden\/chemlali\/' target='_self'>view<\/i><\/a>\n    \n                                            <\/span>\n        <\/span>\n    <\/span>\n<\/span>            <\/div>\n                <div class='portfolio_description ' >\n\n        \n    <h5 itemprop=\"name\" class=\"portfolio_title entry_title\"><a itemprop=\"url\" href=\"https:\/\/www.thegardenofpeace.org\/es\/thegarden\/chemlali\/\"  target=\"_self\"> CHEMLALI<\/a><\/h5>\n\n\n        \n            <span class=\"project_category\"  >\n    Jard\u00edn COI - Madrid, mix    <\/span>\n\n    <\/div>\n        \n<\/article>\n<article class='mix portfolio_category_53 portfolio_category_166 default' style=''>\n    \n    \n    \n                <div class='image_holder'>\n                <a itemprop='url' class='portfolio_link_for_touch' href='https:\/\/www.thegardenofpeace.org\/es\/thegarden\/tripolitane\/' target=''>\n                    \n<span class='image'><img loading=\"lazy\" decoding=\"async\" width=\"800\" height=\"600\" src=\"https:\/\/www.thegardenofpeace.org\/wp-content\/uploads\/2022\/11\/placeholder-800x600.jpg\" class=\"attachment-portfolio-landscape size-portfolio-landscape wp-post-image\" alt=\"\" \/><\/span>                <\/a>\n\n                <span class='text_holder'>\n    <span class='text_outer'>\n        <span class='text_inner'>\n            <span class='feature_holder'>\n                            <span class=\"feature_holder_icons\">';\n                            <a itemprop='image' class='lightbox qbutton small white' title='Libia' href='https:\/\/www.thegardenofpeace.org\/wp-content\/uploads\/2022\/11\/placeholder.jpg' data-rel='prettyPhoto[pretty_photo_gallery]'>zoom<\/a>\n    \n                            <a itemprop='url' class='preview qbutton small white' href='https:\/\/www.thegardenofpeace.org\/es\/thegarden\/tripolitane\/' target='_self'>view<\/i><\/a>\n    \n                                            <\/span>\n        <\/span>\n    <\/span>\n<\/span>            <\/div>\n                <div class='portfolio_description ' >\n\n        \n    <h5 itemprop=\"name\" class=\"portfolio_title entry_title\"><a itemprop=\"url\" href=\"https:\/\/www.thegardenofpeace.org\/es\/thegarden\/tripolitane\/\"  target=\"_self\"> Libia<\/a><\/h5>\n\n\n        \n            <span class=\"project_category\"  >\n    Jard\u00edn COI - Madrid, non visibili    <\/span>\n\n    <\/div>\n        \n<\/article>\n<article class='mix portfolio_category_110 portfolio_category_53 portfolio_category_49 default' style=''>\n    \n    \n    \n                <div class='image_holder'>\n                <a itemprop='url' class='portfolio_link_for_touch' href='https:\/\/www.thegardenofpeace.org\/es\/thegarden\/al-mehras\/' target=''>\n                    \n<span class='image'><img loading=\"lazy\" decoding=\"async\" width=\"800\" height=\"600\" src=\"https:\/\/www.thegardenofpeace.org\/wp-content\/uploads\/2022\/11\/meras--800x600.jpg\" class=\"attachment-portfolio-landscape size-portfolio-landscape wp-post-image\" alt=\"\" \/><\/span>                <\/a>\n\n                <span class='text_holder'>\n    <span class='text_outer'>\n        <span class='text_inner'>\n            <span class='feature_holder'>\n                            <span class=\"feature_holder_icons\">';\n                            <a itemprop='image' class='lightbox qbutton small white' title='MEHRAS' href='https:\/\/www.thegardenofpeace.org\/wp-content\/uploads\/2022\/11\/meras--e1723121858985.jpg' data-rel='prettyPhoto[pretty_photo_gallery]'>zoom<\/a>\n    \n                            <a itemprop='url' class='preview qbutton small white' href='https:\/\/www.thegardenofpeace.org\/es\/thegarden\/al-mehras\/' target='_self'>view<\/i><\/a>\n    \n                                            <\/span>\n        <\/span>\n    <\/span>\n<\/span>            <\/div>\n                <div class='portfolio_description ' >\n\n        \n    <h5 itemprop=\"name\" class=\"portfolio_title entry_title\"><a itemprop=\"url\" href=\"https:\/\/www.thegardenofpeace.org\/es\/thegarden\/al-mehras\/\"  target=\"_self\"> MEHRAS<\/a><\/h5>\n\n\n        \n            <span class=\"project_category\"  >\n    Jardin Alhambra, Jard\u00edn COI - Madrid, mix    <\/span>\n\n    <\/div>\n        \n<\/article>\n<article class='mix portfolio_category_53 portfolio_category_166 default' style=''>\n    \n    \n    \n                <div class='image_holder'>\n                <a itemprop='url' class='portfolio_link_for_touch' href='https:\/\/www.thegardenofpeace.org\/es\/thegarden\/uruguay\/' target=''>\n                    \n<span class='image'><img loading=\"lazy\" decoding=\"async\" width=\"800\" height=\"600\" src=\"https:\/\/www.thegardenofpeace.org\/wp-content\/uploads\/2022\/11\/placeholder-800x600.jpg\" class=\"attachment-portfolio-landscape size-portfolio-landscape wp-post-image\" alt=\"\" \/><\/span>                <\/a>\n\n                <span class='text_holder'>\n    <span class='text_outer'>\n        <span class='text_inner'>\n            <span class='feature_holder'>\n                            <span class=\"feature_holder_icons\">';\n                            <a itemprop='image' class='lightbox qbutton small white' title='Uruguay' href='https:\/\/www.thegardenofpeace.org\/wp-content\/uploads\/2022\/11\/placeholder.jpg' data-rel='prettyPhoto[pretty_photo_gallery]'>zoom<\/a>\n    \n                            <a itemprop='url' class='preview qbutton small white' href='https:\/\/www.thegardenofpeace.org\/es\/thegarden\/uruguay\/' target='_self'>view<\/i><\/a>\n    \n                                            <\/span>\n        <\/span>\n    <\/span>\n<\/span>            <\/div>\n                <div class='portfolio_description ' >\n\n        \n    <h5 itemprop=\"name\" class=\"portfolio_title entry_title\"><a itemprop=\"url\" href=\"https:\/\/www.thegardenofpeace.org\/es\/thegarden\/uruguay\/\"  target=\"_self\"> Uruguay<\/a><\/h5>\n\n\n        \n            <span class=\"project_category\"  >\n    Jard\u00edn COI - Madrid, non visibili    <\/span>\n\n    <\/div>\n        \n<\/article>\n<article class='mix portfolio_category_53 portfolio_category_166 default' style=''>\n    \n    \n    \n                <div class='image_holder'>\n                <a itemprop='url' class='portfolio_link_for_touch' href='https:\/\/www.thegardenofpeace.org\/es\/thegarden\/saudi-arabia\/' target=''>\n                    \n<span class='image'><img loading=\"lazy\" decoding=\"async\" width=\"800\" height=\"600\" src=\"https:\/\/www.thegardenofpeace.org\/wp-content\/uploads\/2022\/11\/placeholder-800x600.jpg\" class=\"attachment-portfolio-landscape size-portfolio-landscape wp-post-image\" alt=\"\" \/><\/span>                <\/a>\n\n                <span class='text_holder'>\n    <span class='text_outer'>\n        <span class='text_inner'>\n            <span class='feature_holder'>\n                            <span class=\"feature_holder_icons\">';\n                            <a itemprop='image' class='lightbox qbutton small white' title='Arabia Saud\u00ed' href='https:\/\/www.thegardenofpeace.org\/wp-content\/uploads\/2022\/11\/placeholder.jpg' data-rel='prettyPhoto[pretty_photo_gallery]'>zoom<\/a>\n    \n                            <a itemprop='url' class='preview qbutton small white' href='https:\/\/www.thegardenofpeace.org\/es\/thegarden\/saudi-arabia\/' target='_self'>view<\/i><\/a>\n    \n                                            <\/span>\n        <\/span>\n    <\/span>\n<\/span>            <\/div>\n                <div class='portfolio_description ' >\n\n        \n    <h5 itemprop=\"name\" class=\"portfolio_title entry_title\"><a itemprop=\"url\" href=\"https:\/\/www.thegardenofpeace.org\/es\/thegarden\/saudi-arabia\/\"  target=\"_self\"> Arabia Saud\u00ed<\/a><\/h5>\n\n\n        \n            <span class=\"project_category\"  >\n    Jard\u00edn COI - Madrid, non visibili    <\/span>\n\n    <\/div>\n        \n<\/article>\n<article class='mix portfolio_category_53 portfolio_category_166 default' style=''>\n    \n    \n    \n                <div class='image_holder'>\n                <a itemprop='url' class='portfolio_link_for_touch' href='https:\/\/www.thegardenofpeace.org\/es\/thegarden\/georgia\/' target=''>\n                    \n<span class='image'><img loading=\"lazy\" decoding=\"async\" width=\"800\" height=\"600\" src=\"https:\/\/www.thegardenofpeace.org\/wp-content\/uploads\/2022\/11\/placeholder-800x600.jpg\" class=\"attachment-portfolio-landscape size-portfolio-landscape wp-post-image\" alt=\"\" \/><\/span>                <\/a>\n\n                <span class='text_holder'>\n    <span class='text_outer'>\n        <span class='text_inner'>\n            <span class='feature_holder'>\n                            <span class=\"feature_holder_icons\">';\n                            <a itemprop='image' class='lightbox qbutton small white' title='Georgia' href='https:\/\/www.thegardenofpeace.org\/wp-content\/uploads\/2022\/11\/placeholder.jpg' data-rel='prettyPhoto[pretty_photo_gallery]'>zoom<\/a>\n    \n                            <a itemprop='url' class='preview qbutton small white' href='https:\/\/www.thegardenofpeace.org\/es\/thegarden\/georgia\/' target='_self'>view<\/i><\/a>\n    \n                                            <\/span>\n        <\/span>\n    <\/span>\n<\/span>            <\/div>\n                <div class='portfolio_description ' >\n\n        \n    <h5 itemprop=\"name\" class=\"portfolio_title entry_title\"><a itemprop=\"url\" href=\"https:\/\/www.thegardenofpeace.org\/es\/thegarden\/georgia\/\"  target=\"_self\"> Georgia<\/a><\/h5>\n\n\n        \n            <span class=\"project_category\"  >\n    Jard\u00edn COI - Madrid, non visibili    <\/span>\n\n    <\/div>\n        \n<\/article>\n<article class='mix portfolio_category_53 portfolio_category_166 default' style=''>\n    \n    \n    \n                <div class='image_holder'>\n                <a itemprop='url' class='portfolio_link_for_touch' href='https:\/\/www.thegardenofpeace.org\/es\/thegarden\/uzbekistan\/' target=''>\n                    \n<span class='image'><img loading=\"lazy\" decoding=\"async\" width=\"800\" height=\"600\" src=\"https:\/\/www.thegardenofpeace.org\/wp-content\/uploads\/2022\/11\/placeholder-800x600.jpg\" class=\"attachment-portfolio-landscape size-portfolio-landscape wp-post-image\" alt=\"\" \/><\/span>                <\/a>\n\n                <span class='text_holder'>\n    <span class='text_outer'>\n        <span class='text_inner'>\n            <span class='feature_holder'>\n                            <span class=\"feature_holder_icons\">';\n                            <a itemprop='image' class='lightbox qbutton small white' title='Uzbekist\u00e1n' href='https:\/\/www.thegardenofpeace.org\/wp-content\/uploads\/2022\/11\/placeholder.jpg' data-rel='prettyPhoto[pretty_photo_gallery]'>zoom<\/a>\n    \n                            <a itemprop='url' class='preview qbutton small white' href='https:\/\/www.thegardenofpeace.org\/es\/thegarden\/uzbekistan\/' target='_self'>view<\/i><\/a>\n    \n                                            <\/span>\n        <\/span>\n    <\/span>\n<\/span>            <\/div>\n                <div class='portfolio_description ' >\n\n        \n    <h5 itemprop=\"name\" class=\"portfolio_title entry_title\"><a itemprop=\"url\" href=\"https:\/\/www.thegardenofpeace.org\/es\/thegarden\/uzbekistan\/\"  target=\"_self\"> Uzbekist\u00e1n<\/a><\/h5>\n\n\n        \n            <span class=\"project_category\"  >\n    Jard\u00edn COI - Madrid, non visibili    <\/span>\n\n    <\/div>\n        \n<\/article>\n<article class='mix portfolio_category_53 portfolio_category_166 default' style=''>\n    \n    \n    \n                <div class='image_holder'>\n                <a itemprop='url' class='portfolio_link_for_touch' href='https:\/\/www.thegardenofpeace.org\/es\/thegarden\/azerbaijan\/' target=''>\n                    \n<span class='image'><img loading=\"lazy\" decoding=\"async\" width=\"800\" height=\"600\" src=\"https:\/\/www.thegardenofpeace.org\/wp-content\/uploads\/2022\/11\/placeholder-800x600.jpg\" class=\"attachment-portfolio-landscape size-portfolio-landscape wp-post-image\" alt=\"\" \/><\/span>                <\/a>\n\n                <span class='text_holder'>\n    <span class='text_outer'>\n        <span class='text_inner'>\n            <span class='feature_holder'>\n                            <span class=\"feature_holder_icons\">';\n                            <a itemprop='image' class='lightbox qbutton small white' title='Azerbaiy\u00e1n' href='https:\/\/www.thegardenofpeace.org\/wp-content\/uploads\/2022\/11\/placeholder.jpg' data-rel='prettyPhoto[pretty_photo_gallery]'>zoom<\/a>\n    \n                            <a itemprop='url' class='preview qbutton small white' href='https:\/\/www.thegardenofpeace.org\/es\/thegarden\/azerbaijan\/' target='_self'>view<\/i><\/a>\n    \n                                            <\/span>\n        <\/span>\n    <\/span>\n<\/span>            <\/div>\n                <div class='portfolio_description ' >\n\n        \n    <h5 itemprop=\"name\" class=\"portfolio_title entry_title\"><a itemprop=\"url\" href=\"https:\/\/www.thegardenofpeace.org\/es\/thegarden\/azerbaijan\/\"  target=\"_self\"> Azerbaiy\u00e1n<\/a><\/h5>\n\n\n        \n            <span class=\"project_category\"  >\n    Jard\u00edn COI - Madrid, non visibili    <\/span>\n\n    <\/div>\n        \n<\/article>\n<article class='mix portfolio_category_53 portfolio_category_166 default' style=''>\n    \n    \n    \n                <div class='image_holder'>\n                <a itemprop='url' class='portfolio_link_for_touch' href='https:\/\/www.thegardenofpeace.org\/es\/thegarden\/malta\/' target=''>\n                    \n<span class='image'><img loading=\"lazy\" decoding=\"async\" width=\"800\" height=\"600\" src=\"https:\/\/www.thegardenofpeace.org\/wp-content\/uploads\/2022\/11\/placeholder-800x600.jpg\" class=\"attachment-portfolio-landscape size-portfolio-landscape wp-post-image\" alt=\"\" \/><\/span>                <\/a>\n\n                <span class='text_holder'>\n    <span class='text_outer'>\n        <span class='text_inner'>\n            <span class='feature_holder'>\n                            <span class=\"feature_holder_icons\">';\n                            <a itemprop='image' class='lightbox qbutton small white' title='Malta' href='https:\/\/www.thegardenofpeace.org\/wp-content\/uploads\/2022\/11\/placeholder.jpg' data-rel='prettyPhoto[pretty_photo_gallery]'>zoom<\/a>\n    \n                            <a itemprop='url' class='preview qbutton small white' href='https:\/\/www.thegardenofpeace.org\/es\/thegarden\/malta\/' target='_self'>view<\/i><\/a>\n    \n                                            <\/span>\n        <\/span>\n    <\/span>\n<\/span>            <\/div>\n                <div class='portfolio_description ' >\n\n        \n    <h5 itemprop=\"name\" class=\"portfolio_title entry_title\"><a itemprop=\"url\" href=\"https:\/\/www.thegardenofpeace.org\/es\/thegarden\/malta\/\"  target=\"_self\"> Malta<\/a><\/h5>\n\n\n        \n            <span class=\"project_category\"  >\n    Jard\u00edn COI - Madrid, non visibili    <\/span>\n\n    <\/div>\n        \n<\/article>\n<article class='mix portfolio_category_57 default' style=''>\n    \n    \n    \n                <div class='image_holder'>\n                <a itemprop='url' class='portfolio_link_for_touch' href='https:\/\/www.thegardenofpeace.org\/es\/thegarden\/empeltre\/' target=''>\n                    \n<span class='image'><img loading=\"lazy\" decoding=\"async\" width=\"534\" height=\"400\" src=\"https:\/\/www.thegardenofpeace.org\/wp-content\/uploads\/2024\/05\/empeltre_4_3.jpg\" class=\"attachment-portfolio-landscape size-portfolio-landscape wp-post-image\" alt=\"\" srcset=\"https:\/\/www.thegardenofpeace.org\/wp-content\/uploads\/2024\/05\/empeltre_4_3.jpg 534w, https:\/\/www.thegardenofpeace.org\/wp-content\/uploads\/2024\/05\/empeltre_4_3-300x225.jpg 300w\" sizes=\"auto, (max-width: 534px) 100vw, 534px\" \/><\/span>                <\/a>\n\n                <span class='text_holder'>\n    <span class='text_outer'>\n        <span class='text_inner'>\n            <span class='feature_holder'>\n                            <span class=\"feature_holder_icons\">';\n                            <a itemprop='image' class='lightbox qbutton small white' title='EMPELTRE' href='https:\/\/www.thegardenofpeace.org\/wp-content\/uploads\/2024\/05\/empeltre_4_3.jpg' data-rel='prettyPhoto[pretty_photo_gallery]'>zoom<\/a>\n    \n                            <a itemprop='url' class='preview qbutton small white' href='https:\/\/www.thegardenofpeace.org\/es\/thegarden\/empeltre\/' target='_self'>view<\/i><\/a>\n    \n                                            <\/span>\n        <\/span>\n    <\/span>\n<\/span>            <\/div>\n                <div class='portfolio_description ' >\n\n        \n    <h5 itemprop=\"name\" class=\"portfolio_title entry_title\"><a itemprop=\"url\" href=\"https:\/\/www.thegardenofpeace.org\/es\/thegarden\/empeltre\/\"  target=\"_self\"> EMPELTRE<\/a><\/h5>\n\n\n        \n            <span class=\"project_category\"  >\n    Jardin Zaragoza es    <\/span>\n\n    <\/div>\n        \n<\/article>\n<article class='mix portfolio_category_110 portfolio_category_119 portfolio_category_118 portfolio_category_57 default' style=''>\n    \n    \n    \n                <div class='image_holder'>\n                <a itemprop='url' class='portfolio_link_for_touch' href='https:\/\/www.thegardenofpeace.org\/es\/thegarden\/zaity\/' target=''>\n                    \n<span class='image'><img loading=\"lazy\" decoding=\"async\" width=\"534\" height=\"400\" src=\"https:\/\/www.thegardenofpeace.org\/wp-content\/uploads\/2024\/05\/zaity_4_3.jpg\" class=\"attachment-portfolio-landscape size-portfolio-landscape wp-post-image\" alt=\"\" srcset=\"https:\/\/www.thegardenofpeace.org\/wp-content\/uploads\/2024\/05\/zaity_4_3.jpg 534w, https:\/\/www.thegardenofpeace.org\/wp-content\/uploads\/2024\/05\/zaity_4_3-300x225.jpg 300w\" sizes=\"auto, (max-width: 534px) 100vw, 534px\" \/><\/span>                <\/a>\n\n                <span class='text_holder'>\n    <span class='text_outer'>\n        <span class='text_inner'>\n            <span class='feature_holder'>\n                            <span class=\"feature_holder_icons\">';\n                            <a itemprop='image' class='lightbox qbutton small white' title='ZAITY' href='https:\/\/www.thegardenofpeace.org\/wp-content\/uploads\/2024\/05\/zaity_4_3.jpg' data-rel='prettyPhoto[pretty_photo_gallery]'>zoom<\/a>\n    \n                            <a itemprop='url' class='preview qbutton small white' href='https:\/\/www.thegardenofpeace.org\/es\/thegarden\/zaity\/' target='_self'>view<\/i><\/a>\n    \n                                            <\/span>\n        <\/span>\n    <\/span>\n<\/span>            <\/div>\n                <div class='portfolio_description ' >\n\n        \n    <h5 itemprop=\"name\" class=\"portfolio_title entry_title\"><a itemprop=\"url\" href=\"https:\/\/www.thegardenofpeace.org\/es\/thegarden\/zaity\/\"  target=\"_self\"> ZAITY<\/a><\/h5>\n\n\n        \n            <span class=\"project_category\"  >\n    Jardin Alhambra, Jard\u00edn Chipre Nicosia, Jardin Reino Unido Tremenheere, Jardin Zaragoza es    <\/span>\n\n    <\/div>\n        \n<\/article>\n<article class='mix portfolio_category_93 default' style=''>\n    \n    \n    \n                <div class='image_holder'>\n                <a itemprop='url' class='portfolio_link_for_touch' href='https:\/\/www.thegardenofpeace.org\/es\/thegarden\/australia-statistics\/' target=''>\n                    \n<span class='image'><img loading=\"lazy\" decoding=\"async\" width=\"800\" height=\"600\" src=\"https:\/\/www.thegardenofpeace.org\/wp-content\/uploads\/2023\/11\/australia-2-800x600.png\" class=\"attachment-portfolio-landscape size-portfolio-landscape wp-post-image\" alt=\"\" \/><\/span>                <\/a>\n\n                <span class='text_holder'>\n    <span class='text_outer'>\n        <span class='text_inner'>\n            <span class='feature_holder'>\n                            <span class=\"feature_holder_icons\">';\n                            <a itemprop='image' class='lightbox qbutton small white' title='*Australia*' href='https:\/\/www.thegardenofpeace.org\/wp-content\/uploads\/2023\/11\/australia-2.png' data-rel='prettyPhoto[pretty_photo_gallery]'>zoom<\/a>\n    \n                            <a itemprop='url' class='preview qbutton small white' href='https:\/\/www.thegardenofpeace.org\/es\/thegarden\/australia-statistics\/' target='_self'>view<\/i><\/a>\n    \n                                            <\/span>\n        <\/span>\n    <\/span>\n<\/span>            <\/div>\n                <div class='portfolio_description ' >\n\n        \n    <h5 itemprop=\"name\" class=\"portfolio_title entry_title\"><a itemprop=\"url\" href=\"https:\/\/www.thegardenofpeace.org\/es\/thegarden\/australia-statistics\/\"  target=\"_self\"> *Australia*<\/a><\/h5>\n\n\n        \n            <span class=\"project_category\"  >\n    Statistics    <\/span>\n\n    <\/div>\n        \n<\/article>\n<article class='mix portfolio_category_93 default' style=''>\n    \n    \n    \n                <div class='image_holder'>\n                <a itemprop='url' class='portfolio_link_for_touch' href='https:\/\/www.thegardenofpeace.org\/es\/thegarden\/chile-statistics\/' target=''>\n                    \n<span class='image'><img loading=\"lazy\" decoding=\"async\" width=\"800\" height=\"600\" src=\"https:\/\/www.thegardenofpeace.org\/wp-content\/uploads\/2023\/11\/Chile-2-800x600.png\" class=\"attachment-portfolio-landscape size-portfolio-landscape wp-post-image\" alt=\"\" \/><\/span>                <\/a>\n\n                <span class='text_holder'>\n    <span class='text_outer'>\n        <span class='text_inner'>\n            <span class='feature_holder'>\n                            <span class=\"feature_holder_icons\">';\n                            <a itemprop='image' class='lightbox qbutton small white' title='*Chile*' href='https:\/\/www.thegardenofpeace.org\/wp-content\/uploads\/2023\/11\/Chile-2.png' data-rel='prettyPhoto[pretty_photo_gallery]'>zoom<\/a>\n    \n                            <a itemprop='url' class='preview qbutton small white' href='https:\/\/www.thegardenofpeace.org\/es\/thegarden\/chile-statistics\/' target='_self'>view<\/i><\/a>\n    \n                                            <\/span>\n        <\/span>\n    <\/span>\n<\/span>            <\/div>\n                <div class='portfolio_description ' >\n\n        \n    <h5 itemprop=\"name\" class=\"portfolio_title entry_title\"><a itemprop=\"url\" href=\"https:\/\/www.thegardenofpeace.org\/es\/thegarden\/chile-statistics\/\"  target=\"_self\"> *Chile*<\/a><\/h5>\n\n\n        \n            <span class=\"project_category\"  >\n    Statistics    <\/span>\n\n    <\/div>\n        \n<\/article>\n<article class='mix portfolio_category_93 default' style=''>\n    \n    \n    \n                <div class='image_holder'>\n                <a itemprop='url' class='portfolio_link_for_touch' href='https:\/\/www.thegardenofpeace.org\/es\/thegarden\/albania-statistics\/' target=''>\n                    \n<span class='image'><img loading=\"lazy\" decoding=\"async\" width=\"800\" height=\"600\" src=\"https:\/\/www.thegardenofpeace.org\/wp-content\/uploads\/2023\/11\/albania-5-800x600.png\" class=\"attachment-portfolio-landscape size-portfolio-landscape wp-post-image\" alt=\"\" \/><\/span>                <\/a>\n\n                <span class='text_holder'>\n    <span class='text_outer'>\n        <span class='text_inner'>\n            <span class='feature_holder'>\n                            <span class=\"feature_holder_icons\">';\n                            <a itemprop='image' class='lightbox qbutton small white' title='*Albania*' href='https:\/\/www.thegardenofpeace.org\/wp-content\/uploads\/2023\/11\/albania-5.png' data-rel='prettyPhoto[pretty_photo_gallery]'>zoom<\/a>\n    \n                            <a itemprop='url' class='preview qbutton small white' href='https:\/\/www.thegardenofpeace.org\/es\/thegarden\/albania-statistics\/' target='_self'>view<\/i><\/a>\n    \n                                            <\/span>\n        <\/span>\n    <\/span>\n<\/span>            <\/div>\n                <div class='portfolio_description ' >\n\n        \n    <h5 itemprop=\"name\" class=\"portfolio_title entry_title\"><a itemprop=\"url\" href=\"https:\/\/www.thegardenofpeace.org\/es\/thegarden\/albania-statistics\/\"  target=\"_self\"> *Albania*<\/a><\/h5>\n\n\n        \n            <span class=\"project_category\"  >\n    Statistics    <\/span>\n\n    <\/div>\n        \n<\/article>\n<article class='mix portfolio_category_93 default' style=''>\n    \n    \n    \n                <div class='image_holder'>\n                <a itemprop='url' class='portfolio_link_for_touch' href='https:\/\/www.thegardenofpeace.org\/es\/thegarden\/spagna-statistics\/' target=''>\n                    \n<span class='image'><img loading=\"lazy\" decoding=\"async\" width=\"800\" height=\"600\" src=\"https:\/\/www.thegardenofpeace.org\/wp-content\/uploads\/2023\/11\/spagna-1-800x600.png\" class=\"attachment-portfolio-landscape size-portfolio-landscape wp-post-image\" alt=\"\" \/><\/span>                <\/a>\n\n                <span class='text_holder'>\n    <span class='text_outer'>\n        <span class='text_inner'>\n            <span class='feature_holder'>\n                            <span class=\"feature_holder_icons\">';\n                            <a itemprop='image' class='lightbox qbutton small white' title='*spagna' href='https:\/\/www.thegardenofpeace.org\/wp-content\/uploads\/2023\/11\/spagna-1.png' data-rel='prettyPhoto[pretty_photo_gallery]'>zoom<\/a>\n    \n                            <a itemprop='url' class='preview qbutton small white' href='https:\/\/www.thegardenofpeace.org\/es\/thegarden\/spagna-statistics\/' target='_self'>view<\/i><\/a>\n    \n                                            <\/span>\n        <\/span>\n    <\/span>\n<\/span>            <\/div>\n                <div class='portfolio_description ' >\n\n        \n    <h5 itemprop=\"name\" class=\"portfolio_title entry_title\"><a itemprop=\"url\" href=\"https:\/\/www.thegardenofpeace.org\/es\/thegarden\/spagna-statistics\/\"  target=\"_self\"> *spagna<\/a><\/h5>\n\n\n        \n            <span class=\"project_category\"  >\n    Statistics    <\/span>\n\n    <\/div>\n        \n<\/article>\n<article class='mix portfolio_category_93 default' style=''>\n    \n    \n    \n                <div class='image_holder'>\n                <a itemprop='url' class='portfolio_link_for_touch' href='https:\/\/www.thegardenofpeace.org\/es\/thegarden\/algeria-statistics\/' target=''>\n                    \n<span class='image'><img loading=\"lazy\" decoding=\"async\" width=\"800\" height=\"600\" src=\"https:\/\/www.thegardenofpeace.org\/wp-content\/uploads\/2023\/11\/algeria-3-800x600.png\" class=\"attachment-portfolio-landscape size-portfolio-landscape wp-post-image\" alt=\"\" \/><\/span>                <\/a>\n\n                <span class='text_holder'>\n    <span class='text_outer'>\n        <span class='text_inner'>\n            <span class='feature_holder'>\n                            <span class=\"feature_holder_icons\">';\n                            <a itemprop='image' class='lightbox qbutton small white' title='*Algeria*' href='https:\/\/www.thegardenofpeace.org\/wp-content\/uploads\/2023\/11\/algeria-3.png' data-rel='prettyPhoto[pretty_photo_gallery]'>zoom<\/a>\n    \n                            <a itemprop='url' class='preview qbutton small white' href='https:\/\/www.thegardenofpeace.org\/es\/thegarden\/algeria-statistics\/' target='_self'>view<\/i><\/a>\n    \n                                            <\/span>\n        <\/span>\n    <\/span>\n<\/span>            <\/div>\n                <div class='portfolio_description ' >\n\n        \n    <h5 itemprop=\"name\" class=\"portfolio_title entry_title\"><a itemprop=\"url\" href=\"https:\/\/www.thegardenofpeace.org\/es\/thegarden\/algeria-statistics\/\"  target=\"_self\"> *Algeria*<\/a><\/h5>\n\n\n        \n            <span class=\"project_category\"  >\n    Statistics    <\/span>\n\n    <\/div>\n        \n<\/article>\n<article class='mix portfolio_category_93 default' style=''>\n    \n    \n    \n                <div class='image_holder'>\n                <a itemprop='url' class='portfolio_link_for_touch' href='https:\/\/www.thegardenofpeace.org\/es\/thegarden\/argentina-statistics\/' target=''>\n                    \n<span class='image'><img loading=\"lazy\" decoding=\"async\" width=\"800\" height=\"600\" src=\"https:\/\/www.thegardenofpeace.org\/wp-content\/uploads\/2023\/11\/argentina-800x600.png\" class=\"attachment-portfolio-landscape size-portfolio-landscape wp-post-image\" alt=\"\" \/><\/span>                <\/a>\n\n                <span class='text_holder'>\n    <span class='text_outer'>\n        <span class='text_inner'>\n            <span class='feature_holder'>\n                            <span class=\"feature_holder_icons\">';\n                            <a itemprop='image' class='lightbox qbutton small white' title='*Argentina*' href='https:\/\/www.thegardenofpeace.org\/wp-content\/uploads\/2023\/11\/argentina.png' data-rel='prettyPhoto[pretty_photo_gallery]'>zoom<\/a>\n    \n                            <a itemprop='url' class='preview qbutton small white' href='https:\/\/www.thegardenofpeace.org\/es\/thegarden\/argentina-statistics\/' target='_self'>view<\/i><\/a>\n    \n                                            <\/span>\n        <\/span>\n    <\/span>\n<\/span>            <\/div>\n                <div class='portfolio_description ' >\n\n        \n    <h5 itemprop=\"name\" class=\"portfolio_title entry_title\"><a itemprop=\"url\" href=\"https:\/\/www.thegardenofpeace.org\/es\/thegarden\/argentina-statistics\/\"  target=\"_self\"> *Argentina*<\/a><\/h5>\n\n\n        \n            <span class=\"project_category\"  >\n    Statistics    <\/span>\n\n    <\/div>\n        \n<\/article>\n<article class='mix portfolio_category_93 default' style=''>\n    \n    \n    \n                <div class='image_holder'>\n                <a itemprop='url' class='portfolio_link_for_touch' href='https:\/\/www.thegardenofpeace.org\/es\/thegarden\/china-statistics\/' target=''>\n                    \n<span class='image'><img loading=\"lazy\" decoding=\"async\" width=\"800\" height=\"600\" src=\"https:\/\/www.thegardenofpeace.org\/wp-content\/uploads\/2023\/11\/China-800x600.png\" class=\"attachment-portfolio-landscape size-portfolio-landscape wp-post-image\" alt=\"\" \/><\/span>                <\/a>\n\n                <span class='text_holder'>\n    <span class='text_outer'>\n        <span class='text_inner'>\n            <span class='feature_holder'>\n                            <span class=\"feature_holder_icons\">';\n                            <a itemprop='image' class='lightbox qbutton small white' title='*China*' href='https:\/\/www.thegardenofpeace.org\/wp-content\/uploads\/2023\/11\/China.png' data-rel='prettyPhoto[pretty_photo_gallery]'>zoom<\/a>\n    \n                            <a itemprop='url' class='preview qbutton small white' href='https:\/\/www.thegardenofpeace.org\/es\/thegarden\/china-statistics\/' target='_self'>view<\/i><\/a>\n    \n                                            <\/span>\n        <\/span>\n    <\/span>\n<\/span>            <\/div>\n                <div class='portfolio_description ' >\n\n        \n    <h5 itemprop=\"name\" class=\"portfolio_title entry_title\"><a itemprop=\"url\" href=\"https:\/\/www.thegardenofpeace.org\/es\/thegarden\/china-statistics\/\"  target=\"_self\"> *China*<\/a><\/h5>\n\n\n        \n            <span class=\"project_category\"  >\n    Statistics    <\/span>\n\n    <\/div>\n        \n<\/article>\n<article class='mix portfolio_category_93 default' style=''>\n    \n    \n    \n                <div class='image_holder'>\n                <a itemprop='url' class='portfolio_link_for_touch' href='https:\/\/www.thegardenofpeace.org\/es\/thegarden\/croatia-statistics\/' target=''>\n                    \n<span class='image'><img loading=\"lazy\" decoding=\"async\" width=\"800\" height=\"600\" src=\"https:\/\/www.thegardenofpeace.org\/wp-content\/uploads\/2023\/11\/Croatia-800x600.png\" class=\"attachment-portfolio-landscape size-portfolio-landscape wp-post-image\" alt=\"\" \/><\/span>                <\/a>\n\n                <span class='text_holder'>\n    <span class='text_outer'>\n        <span class='text_inner'>\n            <span class='feature_holder'>\n                            <span class=\"feature_holder_icons\">';\n                            <a itemprop='image' class='lightbox qbutton small white' title='*Croatia*' href='https:\/\/www.thegardenofpeace.org\/wp-content\/uploads\/2023\/11\/Croatia.png' data-rel='prettyPhoto[pretty_photo_gallery]'>zoom<\/a>\n    \n                            <a itemprop='url' class='preview qbutton small white' href='https:\/\/www.thegardenofpeace.org\/es\/thegarden\/croatia-statistics\/' target='_self'>view<\/i><\/a>\n    \n                                            <\/span>\n        <\/span>\n    <\/span>\n<\/span>            <\/div>\n                <div class='portfolio_description ' >\n\n        \n    <h5 itemprop=\"name\" class=\"portfolio_title entry_title\"><a itemprop=\"url\" href=\"https:\/\/www.thegardenofpeace.org\/es\/thegarden\/croatia-statistics\/\"  target=\"_self\"> *Croatia*<\/a><\/h5>\n\n\n        \n            <span class=\"project_category\"  >\n    Statistics    <\/span>\n\n    <\/div>\n        \n<\/article>\n<article class='mix portfolio_category_93 default' style=''>\n    \n    \n    \n                <div class='image_holder'>\n                <a itemprop='url' class='portfolio_link_for_touch' href='https:\/\/www.thegardenofpeace.org\/es\/thegarden\/cyprus-statistics\/' target=''>\n                    \n<span class='image'><img loading=\"lazy\" decoding=\"async\" width=\"800\" height=\"600\" src=\"https:\/\/www.thegardenofpeace.org\/wp-content\/uploads\/2023\/11\/Cyprus-1-800x600.png\" class=\"attachment-portfolio-landscape size-portfolio-landscape wp-post-image\" alt=\"\" \/><\/span>                <\/a>\n\n                <span class='text_holder'>\n    <span class='text_outer'>\n        <span class='text_inner'>\n            <span class='feature_holder'>\n                            <span class=\"feature_holder_icons\">';\n                            <a itemprop='image' class='lightbox qbutton small white' title='*Cyprus*' href='https:\/\/www.thegardenofpeace.org\/wp-content\/uploads\/2023\/11\/Cyprus-1.png' data-rel='prettyPhoto[pretty_photo_gallery]'>zoom<\/a>\n    \n                            <a itemprop='url' class='preview qbutton small white' href='https:\/\/www.thegardenofpeace.org\/es\/thegarden\/cyprus-statistics\/' target='_self'>view<\/i><\/a>\n    \n                                            <\/span>\n        <\/span>\n    <\/span>\n<\/span>            <\/div>\n                <div class='portfolio_description ' >\n\n        \n    <h5 itemprop=\"name\" class=\"portfolio_title entry_title\"><a itemprop=\"url\" href=\"https:\/\/www.thegardenofpeace.org\/es\/thegarden\/cyprus-statistics\/\"  target=\"_self\"> *Cyprus*<\/a><\/h5>\n\n\n        \n            <span class=\"project_category\"  >\n    Statistics    <\/span>\n\n    <\/div>\n        \n<\/article>\n<article class='mix portfolio_category_93 default' style=''>\n    \n    \n    \n                <div class='image_holder'>\n                <a itemprop='url' class='portfolio_link_for_touch' href='https:\/\/www.thegardenofpeace.org\/es\/thegarden\/egypt-statistics\/' target=''>\n                    \n<span class='image'><img loading=\"lazy\" decoding=\"async\" width=\"800\" height=\"600\" src=\"https:\/\/www.thegardenofpeace.org\/wp-content\/uploads\/2023\/11\/Egypt-1-800x600.png\" class=\"attachment-portfolio-landscape size-portfolio-landscape wp-post-image\" alt=\"\" \/><\/span>                <\/a>\n\n                <span class='text_holder'>\n    <span class='text_outer'>\n        <span class='text_inner'>\n            <span class='feature_holder'>\n                            <span class=\"feature_holder_icons\">';\n                            <a itemprop='image' class='lightbox qbutton small white' title='*Egypt*' href='https:\/\/www.thegardenofpeace.org\/wp-content\/uploads\/2023\/11\/Egypt-1.png' data-rel='prettyPhoto[pretty_photo_gallery]'>zoom<\/a>\n    \n                            <a itemprop='url' class='preview qbutton small white' href='https:\/\/www.thegardenofpeace.org\/es\/thegarden\/egypt-statistics\/' target='_self'>view<\/i><\/a>\n    \n                                            <\/span>\n        <\/span>\n    <\/span>\n<\/span>            <\/div>\n                <div class='portfolio_description ' >\n\n        \n    <h5 itemprop=\"name\" class=\"portfolio_title entry_title\"><a itemprop=\"url\" href=\"https:\/\/www.thegardenofpeace.org\/es\/thegarden\/egypt-statistics\/\"  target=\"_self\"> *Egypt*<\/a><\/h5>\n\n\n        \n            <span class=\"project_category\"  >\n    Statistics    <\/span>\n\n    <\/div>\n        \n<\/article>\n<article class='mix portfolio_category_93 default' style=''>\n    \n    \n    \n                <div class='image_holder'>\n                <a itemprop='url' class='portfolio_link_for_touch' href='https:\/\/www.thegardenofpeace.org\/es\/thegarden\/france-statistics\/' target=''>\n                    \n<span class='image'><img loading=\"lazy\" decoding=\"async\" width=\"800\" height=\"600\" src=\"https:\/\/www.thegardenofpeace.org\/wp-content\/uploads\/2023\/11\/francia-800x600.png\" class=\"attachment-portfolio-landscape size-portfolio-landscape wp-post-image\" alt=\"\" \/><\/span>                <\/a>\n\n                <span class='text_holder'>\n    <span class='text_outer'>\n        <span class='text_inner'>\n            <span class='feature_holder'>\n                            <span class=\"feature_holder_icons\">';\n                            <a itemprop='image' class='lightbox qbutton small white' title='*France' href='https:\/\/www.thegardenofpeace.org\/wp-content\/uploads\/2023\/11\/francia.png' data-rel='prettyPhoto[pretty_photo_gallery]'>zoom<\/a>\n    \n                            <a itemprop='url' class='preview qbutton small white' href='https:\/\/www.thegardenofpeace.org\/es\/thegarden\/france-statistics\/' target='_self'>view<\/i><\/a>\n    \n                                            <\/span>\n        <\/span>\n    <\/span>\n<\/span>            <\/div>\n                <div class='portfolio_description ' >\n\n        \n    <h5 itemprop=\"name\" class=\"portfolio_title entry_title\"><a itemprop=\"url\" href=\"https:\/\/www.thegardenofpeace.org\/es\/thegarden\/france-statistics\/\"  target=\"_self\"> *France<\/a><\/h5>\n\n\n        \n            <span class=\"project_category\"  >\n    Statistics    <\/span>\n\n    <\/div>\n        \n<\/article>\n<article class='mix portfolio_category_93 default' style=''>\n    \n    \n    \n                <div class='image_holder'>\n                <a itemprop='url' class='portfolio_link_for_touch' href='https:\/\/www.thegardenofpeace.org\/es\/thegarden\/greece-statistics\/' target=''>\n                    \n<span class='image'><img loading=\"lazy\" decoding=\"async\" width=\"800\" height=\"600\" src=\"https:\/\/www.thegardenofpeace.org\/wp-content\/uploads\/2023\/11\/Greece-1-800x600.png\" class=\"attachment-portfolio-landscape size-portfolio-landscape wp-post-image\" alt=\"\" \/><\/span>                <\/a>\n\n                <span class='text_holder'>\n    <span class='text_outer'>\n        <span class='text_inner'>\n            <span class='feature_holder'>\n                            <span class=\"feature_holder_icons\">';\n                            <a itemprop='image' class='lightbox qbutton small white' title='*Greece' href='https:\/\/www.thegardenofpeace.org\/wp-content\/uploads\/2023\/11\/Greece-1.png' data-rel='prettyPhoto[pretty_photo_gallery]'>zoom<\/a>\n    \n                            <a itemprop='url' class='preview qbutton small white' href='https:\/\/www.thegardenofpeace.org\/es\/thegarden\/greece-statistics\/' target='_self'>view<\/i><\/a>\n    \n                                            <\/span>\n        <\/span>\n    <\/span>\n<\/span>            <\/div>\n                <div class='portfolio_description ' >\n\n        \n    <h5 itemprop=\"name\" class=\"portfolio_title entry_title\"><a itemprop=\"url\" href=\"https:\/\/www.thegardenofpeace.org\/es\/thegarden\/greece-statistics\/\"  target=\"_self\"> *Greece<\/a><\/h5>\n\n\n        \n            <span class=\"project_category\"  >\n    Statistics    <\/span>\n\n    <\/div>\n        \n<\/article>\n<article class='mix portfolio_category_93 default' style=''>\n    \n    \n    \n                <div class='image_holder'>\n                <a itemprop='url' class='portfolio_link_for_touch' href='https:\/\/www.thegardenofpeace.org\/es\/thegarden\/iran-statistics\/' target=''>\n                    \n<span class='image'><img loading=\"lazy\" decoding=\"async\" width=\"800\" height=\"600\" src=\"https:\/\/www.thegardenofpeace.org\/wp-content\/uploads\/2023\/11\/iran-800x600.png\" class=\"attachment-portfolio-landscape size-portfolio-landscape wp-post-image\" alt=\"\" \/><\/span>                <\/a>\n\n                <span class='text_holder'>\n    <span class='text_outer'>\n        <span class='text_inner'>\n            <span class='feature_holder'>\n                            <span class=\"feature_holder_icons\">';\n                            <a itemprop='image' class='lightbox qbutton small white' title='*Iran' href='https:\/\/www.thegardenofpeace.org\/wp-content\/uploads\/2023\/11\/iran.png' data-rel='prettyPhoto[pretty_photo_gallery]'>zoom<\/a>\n    \n                            <a itemprop='url' class='preview qbutton small white' href='https:\/\/www.thegardenofpeace.org\/es\/thegarden\/iran-statistics\/' target='_self'>view<\/i><\/a>\n    \n                                            <\/span>\n        <\/span>\n    <\/span>\n<\/span>            <\/div>\n                <div class='portfolio_description ' >\n\n        \n    <h5 itemprop=\"name\" class=\"portfolio_title entry_title\"><a itemprop=\"url\" href=\"https:\/\/www.thegardenofpeace.org\/es\/thegarden\/iran-statistics\/\"  target=\"_self\"> *Iran<\/a><\/h5>\n\n\n        \n            <span class=\"project_category\"  >\n    Statistics    <\/span>\n\n    <\/div>\n        \n<\/article>\n<article class='mix portfolio_category_93 default' style=''>\n    \n    \n    \n                <div class='image_holder'>\n                <a itemprop='url' class='portfolio_link_for_touch' href='https:\/\/www.thegardenofpeace.org\/es\/thegarden\/israele-statistics\/' target=''>\n                    \n<span class='image'><img loading=\"lazy\" decoding=\"async\" width=\"800\" height=\"600\" src=\"https:\/\/www.thegardenofpeace.org\/wp-content\/uploads\/2023\/11\/israele-1-800x600.png\" class=\"attachment-portfolio-landscape size-portfolio-landscape wp-post-image\" alt=\"\" \/><\/span>                <\/a>\n\n                <span class='text_holder'>\n    <span class='text_outer'>\n        <span class='text_inner'>\n            <span class='feature_holder'>\n                            <span class=\"feature_holder_icons\">';\n                            <a itemprop='image' class='lightbox qbutton small white' title='*Israele' href='https:\/\/www.thegardenofpeace.org\/wp-content\/uploads\/2023\/11\/israele-1.png' data-rel='prettyPhoto[pretty_photo_gallery]'>zoom<\/a>\n    \n                            <a itemprop='url' class='preview qbutton small white' href='https:\/\/www.thegardenofpeace.org\/es\/thegarden\/israele-statistics\/' target='_self'>view<\/i><\/a>\n    \n                                            <\/span>\n        <\/span>\n    <\/span>\n<\/span>            <\/div>\n                <div class='portfolio_description ' >\n\n        \n    <h5 itemprop=\"name\" class=\"portfolio_title entry_title\"><a itemprop=\"url\" href=\"https:\/\/www.thegardenofpeace.org\/es\/thegarden\/israele-statistics\/\"  target=\"_self\"> *Israele<\/a><\/h5>\n\n\n        \n            <span class=\"project_category\"  >\n    Statistics    <\/span>\n\n    <\/div>\n        \n<\/article>\n<article class='mix portfolio_category_93 default' style=''>\n    \n    \n    \n                <div class='image_holder'>\n                <a itemprop='url' class='portfolio_link_for_touch' href='https:\/\/www.thegardenofpeace.org\/es\/thegarden\/italy-statistics\/' target=''>\n                    \n<span class='image'><img loading=\"lazy\" decoding=\"async\" width=\"800\" height=\"600\" src=\"https:\/\/www.thegardenofpeace.org\/wp-content\/uploads\/2023\/11\/italy-1-800x600.png\" class=\"attachment-portfolio-landscape size-portfolio-landscape wp-post-image\" alt=\"\" \/><\/span>                <\/a>\n\n                <span class='text_holder'>\n    <span class='text_outer'>\n        <span class='text_inner'>\n            <span class='feature_holder'>\n                            <span class=\"feature_holder_icons\">';\n                            <a itemprop='image' class='lightbox qbutton small white' title='*Italy' href='https:\/\/www.thegardenofpeace.org\/wp-content\/uploads\/2023\/11\/italy-1.png' data-rel='prettyPhoto[pretty_photo_gallery]'>zoom<\/a>\n    \n                            <a itemprop='url' class='preview qbutton small white' href='https:\/\/www.thegardenofpeace.org\/es\/thegarden\/italy-statistics\/' target='_self'>view<\/i><\/a>\n    \n                                            <\/span>\n        <\/span>\n    <\/span>\n<\/span>            <\/div>\n                <div class='portfolio_description ' >\n\n        \n    <h5 itemprop=\"name\" class=\"portfolio_title entry_title\"><a itemprop=\"url\" href=\"https:\/\/www.thegardenofpeace.org\/es\/thegarden\/italy-statistics\/\"  target=\"_self\"> *Italy<\/a><\/h5>\n\n\n        \n            <span class=\"project_category\"  >\n    Statistics    <\/span>\n\n    <\/div>\n        \n<\/article>\n<article class='mix portfolio_category_93 default' style=''>\n    \n    \n    \n                <div class='image_holder'>\n                <a itemprop='url' class='portfolio_link_for_touch' href='https:\/\/www.thegardenofpeace.org\/es\/thegarden\/japan-statistics\/' target=''>\n                    \n<span class='image'><img loading=\"lazy\" decoding=\"async\" width=\"800\" height=\"600\" src=\"https:\/\/www.thegardenofpeace.org\/wp-content\/uploads\/2023\/11\/japan-1-800x600.png\" class=\"attachment-portfolio-landscape size-portfolio-landscape wp-post-image\" alt=\"\" \/><\/span>                <\/a>\n\n                <span class='text_holder'>\n    <span class='text_outer'>\n        <span class='text_inner'>\n            <span class='feature_holder'>\n                            <span class=\"feature_holder_icons\">';\n                            <a itemprop='image' class='lightbox qbutton small white' title='*Japan' href='https:\/\/www.thegardenofpeace.org\/wp-content\/uploads\/2023\/11\/japan-1.png' data-rel='prettyPhoto[pretty_photo_gallery]'>zoom<\/a>\n    \n                            <a itemprop='url' class='preview qbutton small white' href='https:\/\/www.thegardenofpeace.org\/es\/thegarden\/japan-statistics\/' target='_self'>view<\/i><\/a>\n    \n                                            <\/span>\n        <\/span>\n    <\/span>\n<\/span>            <\/div>\n                <div class='portfolio_description ' >\n\n        \n    <h5 itemprop=\"name\" class=\"portfolio_title entry_title\"><a itemprop=\"url\" href=\"https:\/\/www.thegardenofpeace.org\/es\/thegarden\/japan-statistics\/\"  target=\"_self\"> *Japan<\/a><\/h5>\n\n\n        \n            <span class=\"project_category\"  >\n    Statistics    <\/span>\n\n    <\/div>\n        \n<\/article>\n<article class='mix portfolio_category_93 default' style=''>\n    \n    \n    \n                <div class='image_holder'>\n                <a itemprop='url' class='portfolio_link_for_touch' href='https:\/\/www.thegardenofpeace.org\/es\/thegarden\/jordan-statistics\/' target=''>\n                    \n<span class='image'><img loading=\"lazy\" decoding=\"async\" width=\"800\" height=\"600\" src=\"https:\/\/www.thegardenofpeace.org\/wp-content\/uploads\/2023\/11\/Jordan-1-800x600.png\" class=\"attachment-portfolio-landscape size-portfolio-landscape wp-post-image\" alt=\"\" \/><\/span>                <\/a>\n\n                <span class='text_holder'>\n    <span class='text_outer'>\n        <span class='text_inner'>\n            <span class='feature_holder'>\n                            <span class=\"feature_holder_icons\">';\n                            <a itemprop='image' class='lightbox qbutton small white' title='*Jordan' href='https:\/\/www.thegardenofpeace.org\/wp-content\/uploads\/2023\/11\/Jordan-1.png' data-rel='prettyPhoto[pretty_photo_gallery]'>zoom<\/a>\n    \n                            <a itemprop='url' class='preview qbutton small white' href='https:\/\/www.thegardenofpeace.org\/es\/thegarden\/jordan-statistics\/' target='_self'>view<\/i><\/a>\n    \n                                            <\/span>\n        <\/span>\n    <\/span>\n<\/span>            <\/div>\n                <div class='portfolio_description ' >\n\n        \n    <h5 itemprop=\"name\" class=\"portfolio_title entry_title\"><a itemprop=\"url\" href=\"https:\/\/www.thegardenofpeace.org\/es\/thegarden\/jordan-statistics\/\"  target=\"_self\"> *Jordan<\/a><\/h5>\n\n\n        \n            <span class=\"project_category\"  >\n    Statistics    <\/span>\n\n    <\/div>\n        \n<\/article>\n<article class='mix portfolio_category_93 default' style=''>\n    \n    \n    \n                <div class='image_holder'>\n                <a itemprop='url' class='portfolio_link_for_touch' href='https:\/\/www.thegardenofpeace.org\/es\/thegarden\/lebanon-statistics\/' target=''>\n                    \n<span class='image'><img loading=\"lazy\" decoding=\"async\" width=\"800\" height=\"600\" src=\"https:\/\/www.thegardenofpeace.org\/wp-content\/uploads\/2023\/11\/DALL\u00b7E-2023-11-22-10.42.36-A-peaceful-and-picturesque-landscape-of-Lebanon-featuring-a-large-olive-tree-and-a-white-dove-in-flight-symbolizing-peace.-The-scene-includes-the-Le-800x600.png\" class=\"attachment-portfolio-landscape size-portfolio-landscape wp-post-image\" alt=\"\" \/><\/span>                <\/a>\n\n                <span class='text_holder'>\n    <span class='text_outer'>\n        <span class='text_inner'>\n            <span class='feature_holder'>\n                            <span class=\"feature_holder_icons\">';\n                            <a itemprop='image' class='lightbox qbutton small white' title='*Lebanon' href='https:\/\/www.thegardenofpeace.org\/wp-content\/uploads\/2023\/11\/DALL\u00b7E-2023-11-22-10.42.36-A-peaceful-and-picturesque-landscape-of-Lebanon-featuring-a-large-olive-tree-and-a-white-dove-in-flight-symbolizing-peace.-The-scene-includes-the-Le.png' data-rel='prettyPhoto[pretty_photo_gallery]'>zoom<\/a>\n    \n                            <a itemprop='url' class='preview qbutton small white' href='https:\/\/www.thegardenofpeace.org\/es\/thegarden\/lebanon-statistics\/' target='_self'>view<\/i><\/a>\n    \n                                            <\/span>\n        <\/span>\n    <\/span>\n<\/span>            <\/div>\n                <div class='portfolio_description ' >\n\n        \n    <h5 itemprop=\"name\" class=\"portfolio_title entry_title\"><a itemprop=\"url\" href=\"https:\/\/www.thegardenofpeace.org\/es\/thegarden\/lebanon-statistics\/\"  target=\"_self\"> *Lebanon<\/a><\/h5>\n\n\n        \n            <span class=\"project_category\"  >\n    Statistics    <\/span>\n\n    <\/div>\n        \n<\/article>\n<article class='mix portfolio_category_93 default' style=''>\n    \n    \n    \n                <div class='image_holder'>\n                <a itemprop='url' class='portfolio_link_for_touch' href='https:\/\/www.thegardenofpeace.org\/es\/thegarden\/libya-statistics\/' target=''>\n                    \n<span class='image'><img loading=\"lazy\" decoding=\"async\" width=\"800\" height=\"600\" src=\"https:\/\/www.thegardenofpeace.org\/wp-content\/uploads\/2023\/11\/Libia-800x600.png\" class=\"attachment-portfolio-landscape size-portfolio-landscape wp-post-image\" alt=\"\" \/><\/span>                <\/a>\n\n                <span class='text_holder'>\n    <span class='text_outer'>\n        <span class='text_inner'>\n            <span class='feature_holder'>\n                            <span class=\"feature_holder_icons\">';\n                            <a itemprop='image' class='lightbox qbutton small white' title='*Libya' href='https:\/\/www.thegardenofpeace.org\/wp-content\/uploads\/2023\/11\/Libia.png' data-rel='prettyPhoto[pretty_photo_gallery]'>zoom<\/a>\n    \n                            <a itemprop='url' class='preview qbutton small white' href='https:\/\/www.thegardenofpeace.org\/es\/thegarden\/libya-statistics\/' target='_self'>view<\/i><\/a>\n    \n                                            <\/span>\n        <\/span>\n    <\/span>\n<\/span>            <\/div>\n                <div class='portfolio_description ' >\n\n        \n    <h5 itemprop=\"name\" class=\"portfolio_title entry_title\"><a itemprop=\"url\" href=\"https:\/\/www.thegardenofpeace.org\/es\/thegarden\/libya-statistics\/\"  target=\"_self\"> *Libya<\/a><\/h5>\n\n\n        \n            <span class=\"project_category\"  >\n    Statistics    <\/span>\n\n    <\/div>\n        \n<\/article>\n<article class='mix portfolio_category_93 default' style=''>\n    \n    \n    \n                <div class='image_holder'>\n                <a itemprop='url' class='portfolio_link_for_touch' href='https:\/\/www.thegardenofpeace.org\/es\/thegarden\/montenegro-statistics\/' target=''>\n                    \n<span class='image'><img loading=\"lazy\" decoding=\"async\" width=\"800\" height=\"600\" src=\"https:\/\/www.thegardenofpeace.org\/wp-content\/uploads\/2023\/11\/montenegro-800x600.png\" class=\"attachment-portfolio-landscape size-portfolio-landscape wp-post-image\" alt=\"\" \/><\/span>                <\/a>\n\n                <span class='text_holder'>\n    <span class='text_outer'>\n        <span class='text_inner'>\n            <span class='feature_holder'>\n                            <span class=\"feature_holder_icons\">';\n                            <a itemprop='image' class='lightbox qbutton small white' title='*Montenegro' href='https:\/\/www.thegardenofpeace.org\/wp-content\/uploads\/2023\/11\/montenegro.png' data-rel='prettyPhoto[pretty_photo_gallery]'>zoom<\/a>\n    \n                            <a itemprop='url' class='preview qbutton small white' href='https:\/\/www.thegardenofpeace.org\/es\/thegarden\/montenegro-statistics\/' target='_self'>view<\/i><\/a>\n    \n                                            <\/span>\n        <\/span>\n    <\/span>\n<\/span>            <\/div>\n                <div class='portfolio_description ' >\n\n        \n    <h5 itemprop=\"name\" class=\"portfolio_title entry_title\"><a itemprop=\"url\" href=\"https:\/\/www.thegardenofpeace.org\/es\/thegarden\/montenegro-statistics\/\"  target=\"_self\"> *Montenegro<\/a><\/h5>\n\n\n        \n            <span class=\"project_category\"  >\n    Statistics    <\/span>\n\n    <\/div>\n        \n<\/article>\n<article class='mix portfolio_category_93 default' style=''>\n    \n    \n    \n                <div class='image_holder'>\n                <a itemprop='url' class='portfolio_link_for_touch' href='https:\/\/www.thegardenofpeace.org\/es\/thegarden\/5885\/' target=''>\n                    \n<span class='image'><img loading=\"lazy\" decoding=\"async\" width=\"800\" height=\"600\" src=\"https:\/\/www.thegardenofpeace.org\/wp-content\/uploads\/2023\/11\/DALL\u00b7E-2023-11-22-10.48.50-A-tranquil-and-mesmerizing-landscape-of-Morocco-featuring-a-large-olive-tree-and-a-white-dove-in-flight-symbolizing-peace.-The-scene-includes-the-Mo-800x600.png\" class=\"attachment-portfolio-landscape size-portfolio-landscape wp-post-image\" alt=\"\" \/><\/span>                <\/a>\n\n                <span class='text_holder'>\n    <span class='text_outer'>\n        <span class='text_inner'>\n            <span class='feature_holder'>\n                            <span class=\"feature_holder_icons\">';\n                            <a itemprop='image' class='lightbox qbutton small white' title='*Morocco' href='https:\/\/www.thegardenofpeace.org\/wp-content\/uploads\/2023\/11\/DALL\u00b7E-2023-11-22-10.48.50-A-tranquil-and-mesmerizing-landscape-of-Morocco-featuring-a-large-olive-tree-and-a-white-dove-in-flight-symbolizing-peace.-The-scene-includes-the-Mo.png' data-rel='prettyPhoto[pretty_photo_gallery]'>zoom<\/a>\n    \n                            <a itemprop='url' class='preview qbutton small white' href='https:\/\/www.thegardenofpeace.org\/es\/thegarden\/5885\/' target='_self'>view<\/i><\/a>\n    \n                                            <\/span>\n        <\/span>\n    <\/span>\n<\/span>            <\/div>\n                <div class='portfolio_description ' >\n\n        \n    <h5 itemprop=\"name\" class=\"portfolio_title entry_title\"><a itemprop=\"url\" href=\"https:\/\/www.thegardenofpeace.org\/es\/thegarden\/5885\/\"  target=\"_self\"> *Morocco<\/a><\/h5>\n\n\n        \n            <span class=\"project_category\"  >\n    Statistics    <\/span>\n\n    <\/div>\n        \n<\/article>\n<article class='mix portfolio_category_93 default' style=''>\n    \n    \n    \n                <div class='image_holder'>\n                <a itemprop='url' class='portfolio_link_for_touch' href='https:\/\/www.thegardenofpeace.org\/es\/thegarden\/palestine-statistics\/' target=''>\n                    \n<span class='image'><img loading=\"lazy\" decoding=\"async\" width=\"800\" height=\"600\" src=\"https:\/\/www.thegardenofpeace.org\/wp-content\/uploads\/2023\/11\/palestina-800x600.png\" class=\"attachment-portfolio-landscape size-portfolio-landscape wp-post-image\" alt=\"\" \/><\/span>                <\/a>\n\n                <span class='text_holder'>\n    <span class='text_outer'>\n        <span class='text_inner'>\n            <span class='feature_holder'>\n                            <span class=\"feature_holder_icons\">';\n                            <a itemprop='image' class='lightbox qbutton small white' title='*Palestine' href='https:\/\/www.thegardenofpeace.org\/wp-content\/uploads\/2023\/11\/palestina.png' data-rel='prettyPhoto[pretty_photo_gallery]'>zoom<\/a>\n    \n                            <a itemprop='url' class='preview qbutton small white' href='https:\/\/www.thegardenofpeace.org\/es\/thegarden\/palestine-statistics\/' target='_self'>view<\/i><\/a>\n    \n                                            <\/span>\n        <\/span>\n    <\/span>\n<\/span>            <\/div>\n                <div class='portfolio_description ' >\n\n        \n    <h5 itemprop=\"name\" class=\"portfolio_title entry_title\"><a itemprop=\"url\" href=\"https:\/\/www.thegardenofpeace.org\/es\/thegarden\/palestine-statistics\/\"  target=\"_self\"> *Palestine<\/a><\/h5>\n\n\n        \n            <span class=\"project_category\"  >\n    Statistics    <\/span>\n\n    <\/div>\n        \n<\/article>\n<article class='mix portfolio_category_93 default' style=''>\n    \n    \n    \n                <div class='image_holder'>\n                <a itemprop='url' class='portfolio_link_for_touch' href='https:\/\/www.thegardenofpeace.org\/es\/thegarden\/portugal-statistics\/' target=''>\n                    \n<span class='image'><img loading=\"lazy\" decoding=\"async\" width=\"800\" height=\"600\" src=\"https:\/\/www.thegardenofpeace.org\/wp-content\/uploads\/2023\/11\/portogallo-800x600.png\" class=\"attachment-portfolio-landscape size-portfolio-landscape wp-post-image\" alt=\"\" \/><\/span>                <\/a>\n\n                <span class='text_holder'>\n    <span class='text_outer'>\n        <span class='text_inner'>\n            <span class='feature_holder'>\n                            <span class=\"feature_holder_icons\">';\n                            <a itemprop='image' class='lightbox qbutton small white' title='*Portugal' href='https:\/\/www.thegardenofpeace.org\/wp-content\/uploads\/2023\/11\/portogallo.png' data-rel='prettyPhoto[pretty_photo_gallery]'>zoom<\/a>\n    \n                            <a itemprop='url' class='preview qbutton small white' href='https:\/\/www.thegardenofpeace.org\/es\/thegarden\/portugal-statistics\/' target='_self'>view<\/i><\/a>\n    \n                                            <\/span>\n        <\/span>\n    <\/span>\n<\/span>            <\/div>\n                <div class='portfolio_description ' >\n\n        \n    <h5 itemprop=\"name\" class=\"portfolio_title entry_title\"><a itemprop=\"url\" href=\"https:\/\/www.thegardenofpeace.org\/es\/thegarden\/portugal-statistics\/\"  target=\"_self\"> *Portugal<\/a><\/h5>\n\n\n        \n            <span class=\"project_category\"  >\n    Statistics    <\/span>\n\n    <\/div>\n        \n<\/article>\n<article class='mix portfolio_category_93 default' style=''>\n    \n    \n    \n                <div class='image_holder'>\n                <a itemprop='url' class='portfolio_link_for_touch' href='https:\/\/www.thegardenofpeace.org\/es\/thegarden\/saudi-arabia-2\/' target=''>\n                    \n<span class='image'><img loading=\"lazy\" decoding=\"async\" width=\"800\" height=\"600\" src=\"https:\/\/www.thegardenofpeace.org\/wp-content\/uploads\/2023\/11\/arabia-saudita-800x600.png\" class=\"attachment-portfolio-landscape size-portfolio-landscape wp-post-image\" alt=\"\" \/><\/span>                <\/a>\n\n                <span class='text_holder'>\n    <span class='text_outer'>\n        <span class='text_inner'>\n            <span class='feature_holder'>\n                            <span class=\"feature_holder_icons\">';\n                            <a itemprop='image' class='lightbox qbutton small white' title='*Saudi Arabia' href='https:\/\/www.thegardenofpeace.org\/wp-content\/uploads\/2023\/11\/arabia-saudita.png' data-rel='prettyPhoto[pretty_photo_gallery]'>zoom<\/a>\n    \n                            <a itemprop='url' class='preview qbutton small white' href='https:\/\/www.thegardenofpeace.org\/es\/thegarden\/saudi-arabia-2\/' target='_self'>view<\/i><\/a>\n    \n                                            <\/span>\n        <\/span>\n    <\/span>\n<\/span>            <\/div>\n                <div class='portfolio_description ' >\n\n        \n    <h5 itemprop=\"name\" class=\"portfolio_title entry_title\"><a itemprop=\"url\" href=\"https:\/\/www.thegardenofpeace.org\/es\/thegarden\/saudi-arabia-2\/\"  target=\"_self\"> *Saudi Arabia<\/a><\/h5>\n\n\n        \n            <span class=\"project_category\"  >\n    Statistics    <\/span>\n\n    <\/div>\n        \n<\/article>\n<article class='mix portfolio_category_93 default' style=''>\n    \n    \n    \n                <div class='image_holder'>\n                <a itemprop='url' class='portfolio_link_for_touch' href='https:\/\/www.thegardenofpeace.org\/es\/thegarden\/tunisia-statistics\/' target=''>\n                    \n<span class='image'><img loading=\"lazy\" decoding=\"async\" width=\"800\" height=\"600\" src=\"https:\/\/www.thegardenofpeace.org\/wp-content\/uploads\/2023\/11\/tunisia-800x600.png\" class=\"attachment-portfolio-landscape size-portfolio-landscape wp-post-image\" alt=\"\" \/><\/span>                <\/a>\n\n                <span class='text_holder'>\n    <span class='text_outer'>\n        <span class='text_inner'>\n            <span class='feature_holder'>\n                            <span class=\"feature_holder_icons\">';\n                            <a itemprop='image' class='lightbox qbutton small white' title='*Tunisia' href='https:\/\/www.thegardenofpeace.org\/wp-content\/uploads\/2023\/11\/tunisia.png' data-rel='prettyPhoto[pretty_photo_gallery]'>zoom<\/a>\n    \n                            <a itemprop='url' class='preview qbutton small white' href='https:\/\/www.thegardenofpeace.org\/es\/thegarden\/tunisia-statistics\/' target='_self'>view<\/i><\/a>\n    \n                                            <\/span>\n        <\/span>\n    <\/span>\n<\/span>            <\/div>\n                <div class='portfolio_description ' >\n\n        \n    <h5 itemprop=\"name\" class=\"portfolio_title entry_title\"><a itemprop=\"url\" href=\"https:\/\/www.thegardenofpeace.org\/es\/thegarden\/tunisia-statistics\/\"  target=\"_self\"> *Tunisia<\/a><\/h5>\n\n\n        \n            <span class=\"project_category\"  >\n    Statistics    <\/span>\n\n    <\/div>\n        \n<\/article>\n<article class='mix portfolio_category_93 default' style=''>\n    \n    \n    \n                <div class='image_holder'>\n                <a itemprop='url' class='portfolio_link_for_touch' href='https:\/\/www.thegardenofpeace.org\/es\/thegarden\/turkey-statistics\/' target=''>\n                    \n<span class='image'><img loading=\"lazy\" decoding=\"async\" width=\"800\" height=\"600\" src=\"https:\/\/www.thegardenofpeace.org\/wp-content\/uploads\/2023\/11\/turchia-2-800x600.png\" class=\"attachment-portfolio-landscape size-portfolio-landscape wp-post-image\" alt=\"\" \/><\/span>                <\/a>\n\n                <span class='text_holder'>\n    <span class='text_outer'>\n        <span class='text_inner'>\n            <span class='feature_holder'>\n                            <span class=\"feature_holder_icons\">';\n                            <a itemprop='image' class='lightbox qbutton small white' title='*Turkey' href='https:\/\/www.thegardenofpeace.org\/wp-content\/uploads\/2023\/11\/turchia-2.png' data-rel='prettyPhoto[pretty_photo_gallery]'>zoom<\/a>\n    \n                            <a itemprop='url' class='preview qbutton small white' href='https:\/\/www.thegardenofpeace.org\/es\/thegarden\/turkey-statistics\/' target='_self'>view<\/i><\/a>\n    \n                                            <\/span>\n        <\/span>\n    <\/span>\n<\/span>            <\/div>\n                <div class='portfolio_description ' >\n\n        \n    <h5 itemprop=\"name\" class=\"portfolio_title entry_title\"><a itemprop=\"url\" href=\"https:\/\/www.thegardenofpeace.org\/es\/thegarden\/turkey-statistics\/\"  target=\"_self\"> *Turkey<\/a><\/h5>\n\n\n        \n            <span class=\"project_category\"  >\n    Statistics    <\/span>\n\n    <\/div>\n        \n<\/article>\n<article class='mix portfolio_category_93 default' style=''>\n    \n    \n    \n                <div class='image_holder'>\n                <a itemprop='url' class='portfolio_link_for_touch' href='https:\/\/www.thegardenofpeace.org\/es\/thegarden\/uruguay-statistics\/' target=''>\n                    \n<span class='image'><img loading=\"lazy\" decoding=\"async\" width=\"800\" height=\"600\" src=\"https:\/\/www.thegardenofpeace.org\/wp-content\/uploads\/2023\/11\/uruguay-800x600.png\" class=\"attachment-portfolio-landscape size-portfolio-landscape wp-post-image\" alt=\"\" \/><\/span>                <\/a>\n\n                <span class='text_holder'>\n    <span class='text_outer'>\n        <span class='text_inner'>\n            <span class='feature_holder'>\n                            <span class=\"feature_holder_icons\">';\n                            <a itemprop='image' class='lightbox qbutton small white' title='*Uruguay' href='https:\/\/www.thegardenofpeace.org\/wp-content\/uploads\/2023\/11\/uruguay.png' data-rel='prettyPhoto[pretty_photo_gallery]'>zoom<\/a>\n    \n                            <a itemprop='url' class='preview qbutton small white' href='https:\/\/www.thegardenofpeace.org\/es\/thegarden\/uruguay-statistics\/' target='_self'>view<\/i><\/a>\n    \n                                            <\/span>\n        <\/span>\n    <\/span>\n<\/span>            <\/div>\n                <div class='portfolio_description ' >\n\n        \n    <h5 itemprop=\"name\" class=\"portfolio_title entry_title\"><a itemprop=\"url\" href=\"https:\/\/www.thegardenofpeace.org\/es\/thegarden\/uruguay-statistics\/\"  target=\"_self\"> *Uruguay<\/a><\/h5>\n\n\n        \n            <span class=\"project_category\"  >\n    Statistics    <\/span>\n\n    <\/div>\n        \n<\/article>\n<article class='mix portfolio_category_93 default' style=''>\n    \n    \n    \n                <div class='image_holder'>\n                <a itemprop='url' class='portfolio_link_for_touch' href='https:\/\/www.thegardenofpeace.org\/es\/thegarden\/united-states\/' target=''>\n                    \n<span class='image'><img loading=\"lazy\" decoding=\"async\" width=\"800\" height=\"600\" src=\"https:\/\/www.thegardenofpeace.org\/wp-content\/uploads\/2023\/11\/USA-800x600.png\" class=\"attachment-portfolio-landscape size-portfolio-landscape wp-post-image\" alt=\"\" \/><\/span>                <\/a>\n\n                <span class='text_holder'>\n    <span class='text_outer'>\n        <span class='text_inner'>\n            <span class='feature_holder'>\n                            <span class=\"feature_holder_icons\">';\n                            <a itemprop='image' class='lightbox qbutton small white' title='*United States' href='https:\/\/www.thegardenofpeace.org\/wp-content\/uploads\/2023\/11\/USA.png' data-rel='prettyPhoto[pretty_photo_gallery]'>zoom<\/a>\n    \n                            <a itemprop='url' class='preview qbutton small white' href='https:\/\/www.thegardenofpeace.org\/es\/thegarden\/united-states\/' target='_self'>view<\/i><\/a>\n    \n                                            <\/span>\n        <\/span>\n    <\/span>\n<\/span>            <\/div>\n                <div class='portfolio_description ' >\n\n        \n    <h5 itemprop=\"name\" class=\"portfolio_title entry_title\"><a itemprop=\"url\" href=\"https:\/\/www.thegardenofpeace.org\/es\/thegarden\/united-states\/\"  target=\"_self\"> *United States<\/a><\/h5>\n\n\n        \n            <span class=\"project_category\"  >\n    Statistics    <\/span>\n\n    <\/div>\n        \n<\/article>\n<article class='mix portfolio_category_93 default' style=''>\n    \n    \n    \n                <div class='image_holder'>\n                <a itemprop='url' class='portfolio_link_for_touch' href='https:\/\/www.thegardenofpeace.org\/es\/thegarden\/norway-stat-only-consumption\/' target=''>\n                    \n<span class='image'><img loading=\"lazy\" decoding=\"async\" width=\"800\" height=\"600\" src=\"https:\/\/www.thegardenofpeace.org\/wp-content\/uploads\/2023\/11\/norway-800x600.png\" class=\"attachment-portfolio-landscape size-portfolio-landscape wp-post-image\" alt=\"\" \/><\/span>                <\/a>\n\n                <span class='text_holder'>\n    <span class='text_outer'>\n        <span class='text_inner'>\n            <span class='feature_holder'>\n                            <span class=\"feature_holder_icons\">';\n                            <a itemprop='image' class='lightbox qbutton small white' title='*Norway' href='https:\/\/www.thegardenofpeace.org\/wp-content\/uploads\/2023\/11\/norway.png' data-rel='prettyPhoto[pretty_photo_gallery]'>zoom<\/a>\n    \n                            <a itemprop='url' class='preview qbutton small white' href='https:\/\/www.thegardenofpeace.org\/es\/thegarden\/norway-stat-only-consumption\/' target='_self'>view<\/i><\/a>\n    \n                                            <\/span>\n        <\/span>\n    <\/span>\n<\/span>            <\/div>\n                <div class='portfolio_description ' >\n\n        \n    <h5 itemprop=\"name\" class=\"portfolio_title entry_title\"><a itemprop=\"url\" href=\"https:\/\/www.thegardenofpeace.org\/es\/thegarden\/norway-stat-only-consumption\/\"  target=\"_self\"> *Norway<\/a><\/h5>\n\n\n        \n            <span class=\"project_category\"  >\n    Statistics    <\/span>\n\n    <\/div>\n        \n<\/article>\n<article class='mix portfolio_category_93 default' style=''>\n    \n    \n    \n                <div class='image_holder'>\n                <a itemprop='url' class='portfolio_link_for_touch' href='https:\/\/www.thegardenofpeace.org\/es\/thegarden\/switzerland-stastistics-only-consumption\/' target=''>\n                    \n<span class='image'><img loading=\"lazy\" decoding=\"async\" width=\"800\" height=\"600\" src=\"https:\/\/www.thegardenofpeace.org\/wp-content\/uploads\/2023\/11\/svizzera-1-800x600.png\" class=\"attachment-portfolio-landscape size-portfolio-landscape wp-post-image\" alt=\"\" \/><\/span>                <\/a>\n\n                <span class='text_holder'>\n    <span class='text_outer'>\n        <span class='text_inner'>\n            <span class='feature_holder'>\n                            <span class=\"feature_holder_icons\">';\n                            <a itemprop='image' class='lightbox qbutton small white' title='*Switzerland' href='https:\/\/www.thegardenofpeace.org\/wp-content\/uploads\/2023\/11\/svizzera-1.png' data-rel='prettyPhoto[pretty_photo_gallery]'>zoom<\/a>\n    \n                            <a itemprop='url' class='preview qbutton small white' href='https:\/\/www.thegardenofpeace.org\/es\/thegarden\/switzerland-stastistics-only-consumption\/' target='_self'>view<\/i><\/a>\n    \n                                            <\/span>\n        <\/span>\n    <\/span>\n<\/span>            <\/div>\n                <div class='portfolio_description ' >\n\n        \n    <h5 itemprop=\"name\" class=\"portfolio_title entry_title\"><a itemprop=\"url\" href=\"https:\/\/www.thegardenofpeace.org\/es\/thegarden\/switzerland-stastistics-only-consumption\/\"  target=\"_self\"> *Switzerland<\/a><\/h5>\n\n\n        \n            <span class=\"project_category\"  >\n    Statistics    <\/span>\n\n    <\/div>\n        \n<\/article>\n<article class='mix portfolio_category_93 default' style=''>\n    \n    \n    \n                <div class='image_holder'>\n                <a itemprop='url' class='portfolio_link_for_touch' href='https:\/\/www.thegardenofpeace.org\/es\/thegarden\/syria-statistics\/' target=''>\n                    \n<span class='image'><img loading=\"lazy\" decoding=\"async\" width=\"781\" height=\"600\" src=\"https:\/\/www.thegardenofpeace.org\/wp-content\/uploads\/2023\/11\/syria-ok-781x600.png\" class=\"attachment-portfolio-landscape size-portfolio-landscape wp-post-image\" alt=\"\" \/><\/span>                <\/a>\n\n                <span class='text_holder'>\n    <span class='text_outer'>\n        <span class='text_inner'>\n            <span class='feature_holder'>\n                            <span class=\"feature_holder_icons\">';\n                            <a itemprop='image' class='lightbox qbutton small white' title='*Syria' href='https:\/\/www.thegardenofpeace.org\/wp-content\/uploads\/2023\/11\/syria-ok-e1742905315912.png' data-rel='prettyPhoto[pretty_photo_gallery]'>zoom<\/a>\n    \n                            <a itemprop='url' class='preview qbutton small white' href='https:\/\/www.thegardenofpeace.org\/es\/thegarden\/syria-statistics\/' target='_self'>view<\/i><\/a>\n    \n                                            <\/span>\n        <\/span>\n    <\/span>\n<\/span>            <\/div>\n                <div class='portfolio_description ' >\n\n        \n    <h5 itemprop=\"name\" class=\"portfolio_title entry_title\"><a itemprop=\"url\" href=\"https:\/\/www.thegardenofpeace.org\/es\/thegarden\/syria-statistics\/\"  target=\"_self\"> *Syria<\/a><\/h5>\n\n\n        \n            <span class=\"project_category\"  >\n    Statistics    <\/span>\n\n    <\/div>\n        \n<\/article>\n<article class='mix portfolio_category_93 default' style=''>\n    \n    \n    \n                <div class='image_holder'>\n                <a itemprop='url' class='portfolio_link_for_touch' href='https:\/\/www.thegardenofpeace.org\/es\/thegarden\/russia-only-consumption\/' target=''>\n                    \n<span class='image'><img loading=\"lazy\" decoding=\"async\" width=\"800\" height=\"600\" src=\"https:\/\/www.thegardenofpeace.org\/wp-content\/uploads\/2023\/11\/russia-800x600.png\" class=\"attachment-portfolio-landscape size-portfolio-landscape wp-post-image\" alt=\"\" \/><\/span>                <\/a>\n\n                <span class='text_holder'>\n    <span class='text_outer'>\n        <span class='text_inner'>\n            <span class='feature_holder'>\n                            <span class=\"feature_holder_icons\">';\n                            <a itemprop='image' class='lightbox qbutton small white' title='*Russia' href='https:\/\/www.thegardenofpeace.org\/wp-content\/uploads\/2023\/11\/russia.png' data-rel='prettyPhoto[pretty_photo_gallery]'>zoom<\/a>\n    \n                            <a itemprop='url' class='preview qbutton small white' href='https:\/\/www.thegardenofpeace.org\/es\/thegarden\/russia-only-consumption\/' target='_self'>view<\/i><\/a>\n    \n                                            <\/span>\n        <\/span>\n    <\/span>\n<\/span>            <\/div>\n                <div class='portfolio_description ' >\n\n        \n    <h5 itemprop=\"name\" class=\"portfolio_title entry_title\"><a itemprop=\"url\" href=\"https:\/\/www.thegardenofpeace.org\/es\/thegarden\/russia-only-consumption\/\"  target=\"_self\"> *Russia<\/a><\/h5>\n\n\n        \n            <span class=\"project_category\"  >\n    Statistics    <\/span>\n\n    <\/div>\n        \n<\/article>\n<article class='mix portfolio_category_93 default' style=''>\n    \n    \n    \n                <div class='image_holder'>\n                <a itemprop='url' class='portfolio_link_for_touch' href='https:\/\/www.thegardenofpeace.org\/es\/thegarden\/taiwan-statistics-only-consumption\/' target=''>\n                    \n<span class='image'><img loading=\"lazy\" decoding=\"async\" width=\"800\" height=\"600\" src=\"https:\/\/www.thegardenofpeace.org\/wp-content\/uploads\/2023\/11\/taiwan-1-800x600.png\" class=\"attachment-portfolio-landscape size-portfolio-landscape wp-post-image\" alt=\"\" \/><\/span>                <\/a>\n\n                <span class='text_holder'>\n    <span class='text_outer'>\n        <span class='text_inner'>\n            <span class='feature_holder'>\n                            <span class=\"feature_holder_icons\">';\n                            <a itemprop='image' class='lightbox qbutton small white' title='*Taiwan' href='https:\/\/www.thegardenofpeace.org\/wp-content\/uploads\/2023\/11\/taiwan-1.png' data-rel='prettyPhoto[pretty_photo_gallery]'>zoom<\/a>\n    \n                            <a itemprop='url' class='preview qbutton small white' href='https:\/\/www.thegardenofpeace.org\/es\/thegarden\/taiwan-statistics-only-consumption\/' target='_self'>view<\/i><\/a>\n    \n                                            <\/span>\n        <\/span>\n    <\/span>\n<\/span>            <\/div>\n                <div class='portfolio_description ' >\n\n        \n    <h5 itemprop=\"name\" class=\"portfolio_title entry_title\"><a itemprop=\"url\" href=\"https:\/\/www.thegardenofpeace.org\/es\/thegarden\/taiwan-statistics-only-consumption\/\"  target=\"_self\"> *Taiwan<\/a><\/h5>\n\n\n        \n            <span class=\"project_category\"  >\n    Statistics    <\/span>\n\n    <\/div>\n        \n<\/article>\n<article class='mix portfolio_category_93 default' style=''>\n    \n    \n    \n                <div class='image_holder'>\n                <a itemprop='url' class='portfolio_link_for_touch' href='https:\/\/www.thegardenofpeace.org\/es\/thegarden\/slovenia-statistics\/' target=''>\n                    \n<span class='image'><img loading=\"lazy\" decoding=\"async\" width=\"800\" height=\"600\" src=\"https:\/\/www.thegardenofpeace.org\/wp-content\/uploads\/2023\/11\/slovenia-1-1-800x600.png\" class=\"attachment-portfolio-landscape size-portfolio-landscape wp-post-image\" alt=\"\" \/><\/span>                <\/a>\n\n                <span class='text_holder'>\n    <span class='text_outer'>\n        <span class='text_inner'>\n            <span class='feature_holder'>\n                            <span class=\"feature_holder_icons\">';\n                            <a itemprop='image' class='lightbox qbutton small white' title='*Slovenia' href='https:\/\/www.thegardenofpeace.org\/wp-content\/uploads\/2023\/11\/slovenia-1-1.png' data-rel='prettyPhoto[pretty_photo_gallery]'>zoom<\/a>\n    \n                            <a itemprop='url' class='preview qbutton small white' href='https:\/\/www.thegardenofpeace.org\/es\/thegarden\/slovenia-statistics\/' target='_self'>view<\/i><\/a>\n    \n                                            <\/span>\n        <\/span>\n    <\/span>\n<\/span>            <\/div>\n                <div class='portfolio_description ' >\n\n        \n    <h5 itemprop=\"name\" class=\"portfolio_title entry_title\"><a itemprop=\"url\" href=\"https:\/\/www.thegardenofpeace.org\/es\/thegarden\/slovenia-statistics\/\"  target=\"_self\"> *Slovenia<\/a><\/h5>\n\n\n        \n            <span class=\"project_category\"  >\n    Statistics    <\/span>\n\n    <\/div>\n        \n<\/article>\n<article class='mix portfolio_category_93 default' style=''>\n    \n    \n    \n                <div class='image_holder'>\n                <a itemprop='url' class='portfolio_link_for_touch' href='https:\/\/www.thegardenofpeace.org\/es\/thegarden\/mexico-statistic-only-consuption\/' target=''>\n                    \n<span class='image'><img loading=\"lazy\" decoding=\"async\" width=\"800\" height=\"600\" src=\"https:\/\/www.thegardenofpeace.org\/wp-content\/uploads\/2023\/11\/mexico-1-800x600.png\" class=\"attachment-portfolio-landscape size-portfolio-landscape wp-post-image\" alt=\"\" \/><\/span>                <\/a>\n\n                <span class='text_holder'>\n    <span class='text_outer'>\n        <span class='text_inner'>\n            <span class='feature_holder'>\n                            <span class=\"feature_holder_icons\">';\n                            <a itemprop='image' class='lightbox qbutton small white' title='*Mexico*' href='https:\/\/www.thegardenofpeace.org\/wp-content\/uploads\/2023\/11\/mexico-1.png' data-rel='prettyPhoto[pretty_photo_gallery]'>zoom<\/a>\n    \n                            <a itemprop='url' class='preview qbutton small white' href='https:\/\/www.thegardenofpeace.org\/es\/thegarden\/mexico-statistic-only-consuption\/' target='_self'>view<\/i><\/a>\n    \n                                            <\/span>\n        <\/span>\n    <\/span>\n<\/span>            <\/div>\n                <div class='portfolio_description ' >\n\n        \n    <h5 itemprop=\"name\" class=\"portfolio_title entry_title\"><a itemprop=\"url\" href=\"https:\/\/www.thegardenofpeace.org\/es\/thegarden\/mexico-statistic-only-consuption\/\"  target=\"_self\"> *Mexico*<\/a><\/h5>\n\n\n        \n            <span class=\"project_category\"  >\n    Statistics    <\/span>\n\n    <\/div>\n        \n<\/article>\n<article class='mix portfolio_category_95 default' style=''>\n    \n    \n    \n                <div class='image_holder'>\n                <a itemprop='url' class='portfolio_link_for_touch' href='https:\/\/www.thegardenofpeace.org\/es\/thegarden\/world\/' target=''>\n                    \n<span class='image'><img loading=\"lazy\" decoding=\"async\" width=\"800\" height=\"600\" src=\"https:\/\/www.thegardenofpeace.org\/wp-content\/uploads\/2023\/11\/mondo-olivo-1-800x600.jpeg\" class=\"attachment-portfolio-landscape size-portfolio-landscape wp-post-image\" alt=\"\" \/><\/span>                <\/a>\n\n                <span class='text_holder'>\n    <span class='text_outer'>\n        <span class='text_inner'>\n            <span class='feature_holder'>\n                            <span class=\"feature_holder_icons\">';\n                            <a itemprop='image' class='lightbox qbutton small white' title='*world' href='https:\/\/www.thegardenofpeace.org\/wp-content\/uploads\/2023\/11\/mondo-olivo-1.jpeg' data-rel='prettyPhoto[pretty_photo_gallery]'>zoom<\/a>\n    \n                            <a itemprop='url' class='preview qbutton small white' href='https:\/\/www.thegardenofpeace.org\/es\/thegarden\/world\/' target='_self'>view<\/i><\/a>\n    \n                                            <\/span>\n        <\/span>\n    <\/span>\n<\/span>            <\/div>\n                <div class='portfolio_description ' >\n\n        \n    <h5 itemprop=\"name\" class=\"portfolio_title entry_title\"><a itemprop=\"url\" href=\"https:\/\/www.thegardenofpeace.org\/es\/thegarden\/world\/\"  target=\"_self\"> *world<\/a><\/h5>\n\n\n        \n            <span class=\"project_category\"  >\n    statistics in primo piano    <\/span>\n\n    <\/div>\n        \n<\/article>\n<article class='mix portfolio_category_93 default' style=''>\n    \n    \n    \n                <div class='image_holder'>\n                <a itemprop='url' class='portfolio_link_for_touch' href='https:\/\/www.thegardenofpeace.org\/es\/thegarden\/eu\/' target=''>\n                    \n<span class='image'><img loading=\"lazy\" decoding=\"async\" width=\"800\" height=\"600\" src=\"https:\/\/www.thegardenofpeace.org\/wp-content\/uploads\/2023\/11\/EU-1-800x600.png\" class=\"attachment-portfolio-landscape size-portfolio-landscape wp-post-image\" alt=\"\" \/><\/span>                <\/a>\n\n                <span class='text_holder'>\n    <span class='text_outer'>\n        <span class='text_inner'>\n            <span class='feature_holder'>\n                            <span class=\"feature_holder_icons\">';\n                            <a itemprop='image' class='lightbox qbutton small white' title='*Europa' href='https:\/\/www.thegardenofpeace.org\/wp-content\/uploads\/2023\/11\/EU-1.png' data-rel='prettyPhoto[pretty_photo_gallery]'>zoom<\/a>\n    \n                            <a itemprop='url' class='preview qbutton small white' href='https:\/\/www.thegardenofpeace.org\/es\/thegarden\/eu\/' target='_self'>view<\/i><\/a>\n    \n                                            <\/span>\n        <\/span>\n    <\/span>\n<\/span>            <\/div>\n                <div class='portfolio_description ' >\n\n        \n    <h5 itemprop=\"name\" class=\"portfolio_title entry_title\"><a itemprop=\"url\" href=\"https:\/\/www.thegardenofpeace.org\/es\/thegarden\/eu\/\"  target=\"_self\"> *Europa<\/a><\/h5>\n\n\n        \n            <span class=\"project_category\"  >\n    Statistics    <\/span>\n\n    <\/div>\n        \n<\/article>\n<article class='mix portfolio_category_93 default' style=''>\n    \n    \n    \n                <div class='image_holder'>\n                <a itemprop='url' class='portfolio_link_for_touch' href='https:\/\/www.thegardenofpeace.org\/es\/thegarden\/canada\/' target=''>\n                    \n<span class='image'><img loading=\"lazy\" decoding=\"async\" width=\"800\" height=\"600\" src=\"https:\/\/www.thegardenofpeace.org\/wp-content\/uploads\/2023\/11\/canada-800x600.png\" class=\"attachment-portfolio-landscape size-portfolio-landscape wp-post-image\" alt=\"\" \/><\/span>                <\/a>\n\n                <span class='text_holder'>\n    <span class='text_outer'>\n        <span class='text_inner'>\n            <span class='feature_holder'>\n                            <span class=\"feature_holder_icons\">';\n                            <a itemprop='image' class='lightbox qbutton small white' title='*Canada*' href='https:\/\/www.thegardenofpeace.org\/wp-content\/uploads\/2023\/11\/canada.png' data-rel='prettyPhoto[pretty_photo_gallery]'>zoom<\/a>\n    \n                            <a itemprop='url' class='preview qbutton small white' href='https:\/\/www.thegardenofpeace.org\/es\/thegarden\/canada\/' target='_self'>view<\/i><\/a>\n    \n                                            <\/span>\n        <\/span>\n    <\/span>\n<\/span>            <\/div>\n                <div class='portfolio_description ' >\n\n        \n    <h5 itemprop=\"name\" class=\"portfolio_title entry_title\"><a itemprop=\"url\" href=\"https:\/\/www.thegardenofpeace.org\/es\/thegarden\/canada\/\"  target=\"_self\"> *Canada*<\/a><\/h5>\n\n\n        \n            <span class=\"project_category\"  >\n    Statistics    <\/span>\n\n    <\/div>\n        \n<\/article>\n<article class='mix default' style=''>\n    \n    \n    \n                <div class='image_holder'>\n                <a itemprop='url' class='portfolio_link_for_touch' href='https:\/\/www.thegardenofpeace.org\/es\/thegarden\/italia-moraiolo\/' target=''>\n                    \n<span class='image'><img loading=\"lazy\" decoding=\"async\" width=\"534\" height=\"400\" src=\"https:\/\/www.thegardenofpeace.org\/wp-content\/uploads\/2024\/05\/moraiolo_4_3.jpg\" class=\"attachment-portfolio-landscape size-portfolio-landscape wp-post-image\" alt=\"\" srcset=\"https:\/\/www.thegardenofpeace.org\/wp-content\/uploads\/2024\/05\/moraiolo_4_3.jpg 534w, https:\/\/www.thegardenofpeace.org\/wp-content\/uploads\/2024\/05\/moraiolo_4_3-300x225.jpg 300w\" sizes=\"auto, (max-width: 534px) 100vw, 534px\" \/><\/span>                <\/a>\n\n                <span class='text_holder'>\n    <span class='text_outer'>\n        <span class='text_inner'>\n            <span class='feature_holder'>\n                            <span class=\"feature_holder_icons\">';\n                            <a itemprop='image' class='lightbox qbutton small white' title='MORAIOLO' href='https:\/\/www.thegardenofpeace.org\/wp-content\/uploads\/2024\/05\/moraiolo_4_3.jpg' data-rel='prettyPhoto[pretty_photo_gallery]'>zoom<\/a>\n    \n                            <a itemprop='url' class='preview qbutton small white' href='https:\/\/www.thegardenofpeace.org\/es\/thegarden\/italia-moraiolo\/' target='_self'>view<\/i><\/a>\n    \n                                            <\/span>\n        <\/span>\n    <\/span>\n<\/span>            <\/div>\n                <div class='portfolio_description ' >\n\n        \n    <h5 itemprop=\"name\" class=\"portfolio_title entry_title\"><a itemprop=\"url\" href=\"https:\/\/www.thegardenofpeace.org\/es\/thegarden\/italia-moraiolo\/\"  target=\"_self\"> MORAIOLO<\/a><\/h5>\n\n\n        \n            <span class=\"project_category\"  >\n        <\/span>\n\n    <\/div>\n        \n<\/article>\n<article class='mix default' style=''>\n    \n    \n    \n                <div class='image_holder'>\n                <a itemprop='url' class='portfolio_link_for_touch' href='https:\/\/www.thegardenofpeace.org\/es\/thegarden\/spagna\/' target=''>\n                    \n<span class='image'><img loading=\"lazy\" decoding=\"async\" width=\"534\" height=\"400\" src=\"https:\/\/www.thegardenofpeace.org\/wp-content\/uploads\/2024\/05\/hojiblanca_4_3.jpg\" class=\"attachment-portfolio-landscape size-portfolio-landscape wp-post-image\" alt=\"\" srcset=\"https:\/\/www.thegardenofpeace.org\/wp-content\/uploads\/2024\/05\/hojiblanca_4_3.jpg 534w, https:\/\/www.thegardenofpeace.org\/wp-content\/uploads\/2024\/05\/hojiblanca_4_3-300x225.jpg 300w\" sizes=\"auto, (max-width: 534px) 100vw, 534px\" \/><\/span>                <\/a>\n\n                <span class='text_holder'>\n    <span class='text_outer'>\n        <span class='text_inner'>\n            <span class='feature_holder'>\n                            <span class=\"feature_holder_icons\">';\n                            <a itemprop='image' class='lightbox qbutton small white' title='HOJIBLANCA da tradurre' href='https:\/\/www.thegardenofpeace.org\/wp-content\/uploads\/2024\/05\/hojiblanca_4_3.jpg' data-rel='prettyPhoto[pretty_photo_gallery]'>zoom<\/a>\n    \n                            <a itemprop='url' class='preview qbutton small white' href='https:\/\/www.thegardenofpeace.org\/es\/thegarden\/spagna\/' target='_self'>view<\/i><\/a>\n    \n                                            <\/span>\n        <\/span>\n    <\/span>\n<\/span>            <\/div>\n                <div class='portfolio_description ' >\n\n        \n    <h5 itemprop=\"name\" class=\"portfolio_title entry_title\"><a itemprop=\"url\" href=\"https:\/\/www.thegardenofpeace.org\/es\/thegarden\/spagna\/\"  target=\"_self\"> HOJIBLANCA da tradurre<\/a><\/h5>\n\n\n        \n            <span class=\"project_category\"  >\n        <\/span>\n\n    <\/div>\n        \n<\/article>\n<article class='mix portfolio_category_166 default' style=''>\n    \n    \n    \n                <div class='image_holder'>\n                <a itemprop='url' class='portfolio_link_for_touch' href='https:\/\/www.thegardenofpeace.org\/es\/thegarden\/arbequina\/' target=''>\n                    \n<span class='image'><img loading=\"lazy\" decoding=\"async\" width=\"800\" height=\"600\" src=\"https:\/\/www.thegardenofpeace.org\/wp-content\/uploads\/2025\/02\/lucio-e1740523285374-800x600.jpg\" class=\"attachment-portfolio-landscape size-portfolio-landscape wp-post-image\" alt=\"\" \/><\/span>                <\/a>\n\n                <span class='text_holder'>\n    <span class='text_outer'>\n        <span class='text_inner'>\n            <span class='feature_holder'>\n                            <span class=\"feature_holder_icons\">';\n                            <a itemprop='image' class='lightbox qbutton small white' title='ARBEQUINA da tradurre' href='https:\/\/www.thegardenofpeace.org\/wp-content\/uploads\/2025\/02\/lucio-e1740523285374.jpg' data-rel='prettyPhoto[pretty_photo_gallery]'>zoom<\/a>\n    \n                            <a itemprop='url' class='preview qbutton small white' href='https:\/\/www.thegardenofpeace.org\/es\/thegarden\/arbequina\/' target='_self'>view<\/i><\/a>\n    \n                                            <\/span>\n        <\/span>\n    <\/span>\n<\/span>            <\/div>\n                <div class='portfolio_description ' >\n\n        \n    <h5 itemprop=\"name\" class=\"portfolio_title entry_title\"><a itemprop=\"url\" href=\"https:\/\/www.thegardenofpeace.org\/es\/thegarden\/arbequina\/\"  target=\"_self\"> ARBEQUINA da tradurre<\/a><\/h5>\n\n\n        \n            <span class=\"project_category\"  >\n    non visibili    <\/span>\n\n    <\/div>\n        \n<\/article>\n<article class='mix portfolio_category_166 default' style=''>\n    \n    \n    \n                <div class='image_holder'>\n                <a itemprop='url' class='portfolio_link_for_touch' href='https:\/\/www.thegardenofpeace.org\/es\/thegarden\/spain\/' target=''>\n                    \n<span class='image'><img loading=\"lazy\" decoding=\"async\" width=\"800\" height=\"600\" src=\"https:\/\/www.thegardenofpeace.org\/wp-content\/uploads\/2025\/02\/lucio-e1740523285374-800x600.jpg\" class=\"attachment-portfolio-landscape size-portfolio-landscape wp-post-image\" alt=\"\" \/><\/span>                <\/a>\n\n                <span class='text_holder'>\n    <span class='text_outer'>\n        <span class='text_inner'>\n            <span class='feature_holder'>\n                            <span class=\"feature_holder_icons\">';\n                            <a itemprop='image' class='lightbox qbutton small white' title='LUCIO' href='https:\/\/www.thegardenofpeace.org\/wp-content\/uploads\/2025\/02\/lucio-e1740523285374.jpg' data-rel='prettyPhoto[pretty_photo_gallery]'>zoom<\/a>\n    \n                            <a itemprop='url' class='preview qbutton small white' href='https:\/\/www.thegardenofpeace.org\/es\/thegarden\/spain\/' target='_self'>view<\/i><\/a>\n    \n                                            <\/span>\n        <\/span>\n    <\/span>\n<\/span>            <\/div>\n                <div class='portfolio_description ' >\n\n        \n    <h5 itemprop=\"name\" class=\"portfolio_title entry_title\"><a itemprop=\"url\" href=\"https:\/\/www.thegardenofpeace.org\/es\/thegarden\/spain\/\"  target=\"_self\"> LUCIO<\/a><\/h5>\n\n\n        \n            <span class=\"project_category\"  >\n    non visibili    <\/span>\n\n    <\/div>\n        \n<\/article>\n        <div class='filler'><\/div>\n            <div class='filler'><\/div>\n            <div class='filler'><\/div>\n        <\/div>\n\n    \n    <\/div>[\/vc_column][\/vc_row][vc_row css_animation=\u00bb\u00bb row_type=\u00bbrow\u00bb use_row_as_full_screen_section=\u00bbno\u00bb type=\u00bbfull_width\u00bb angled_section=\u00bbno\u00bb text_align=\u00bbleft\u00bb background_image_as_pattern=\u00bbwithout_pattern\u00bb][vc_column width=\u00bb1\/3&#8243;][vc_column_text el_class=\u00bbpad-scheda-tit-olivi\u00bb]<\/p>\n<h2 class=\"p1\">Mixani<\/h2>\n<p>[\/vc_column_text][vc_single_image image=\u00bb219&#8243; img_size=\u00bb600&#215;400&#8243; alignment=\u00bbcenter\u00bb qode_css_animation=\u00bb\u00bb][vc_column_text el_class=\u00bbpad-scheda-olivi\u00bb]<b>Pa\u00eds<\/b>: Albania<\/p>\n<p><b>Destino<\/b>: Aceite<\/p>\n<p align=\"JUSTIFY\"><b>Difusi\u00f3n<\/b>: Principalmente difundida en la zona central del pa\u00eds, en particular en el distrito de Elbasan, se encuentra adem\u00e1s difundida en el distrito de Lushnj\u00eb, Tiran\u00eb y Durr\u00ebs. Tambi\u00e9n est\u00e1 presente en China.<\/p>\n<p><b>Sinonimia<\/b>: \u201cBixa\u201d; \u201cCorra\u201d; \u201cMixa\u201d; \u201cMixaj\u201d; \u201cMixani\u201d; \u201cMixanj\u201d; \u201cMizan\u201d.<\/p>\n<p align=\"JUSTIFY\"><a name=\"_Hlk74766550\"><\/a> <b>Consideraciones agron\u00f3micas y comerciales<\/b>: Es un cultivar autocompatible con floraci\u00f3n. De bajo vigor y porte abierto, tiene una alta productividad y una producci\u00f3n casi regular, no siendo muy alternante. Tiene una buena capacidad de enraizamiento y un alto rendimiento en aceite, puede llegar al 29%. Se considera resistente al fr\u00edo y a las altas temperaturas. Tolerante a la lepra (<i>Gleosporium olivarum<\/i>), mientras que resulta susceptible al repilo (<i>Cycloconium oleaginum<\/i>) y a los ataques de la mosca del olivo (<i>Bactrocera oleae<\/i>). Tiene una resistencia media a la verticilosis (<i>Verticillium Dahliae<\/i>) y a la tuberculosis (<i>Pseudomonas savastanoi<\/i>).<\/p>\n<p>[\/vc_column_text][vc_empty_space][\/vc_column][vc_column width=\u00bb1\/3&#8243;][vc_column_text el_class=\u00bbpad-scheda-tit-olivi\u00bb]<\/p>\n<h2>Verdale De L\u00b4H\u00e9rault<\/h2>\n<p>[\/vc_column_text][vc_single_image image=\u00bb291&#8243; img_size=\u00bb600&#215;400&#8243; alignment=\u00bbcenter\u00bb qode_css_animation=\u00bb\u00bb][vc_column_text el_class=\u00bbpad-scheda-olivi\u00bb]<b>Pa\u00eds<\/b>: Francia<\/p>\n<p><b>Destino<\/b>: Aceite<\/p>\n<p><b>Difusi\u00f3n<\/b>: Muy difundida en la regi\u00f3n de H\u00e9rault<\/p>\n<p align=\"JUSTIFY\"><span lang=\"fr-FR\"><b>Sinon\u00edmias<\/b><\/span><span lang=\"fr-FR\">: \u201cPourridale\u201d, \u201cCul Blanc\u201d, \u201cGangeole\u201d, \u201cGrosse Ronde\u201d, \u201cGroussaldo\u201d, \u201cOlive de Ganges\u201d, \u201cOlive Verte\u201d, \u201cPourridale\u201d, \u201cRedounale\u201d, \u201cRedonale\u201d,\u201dVerdaou\u201d, \u201cVerdau\u201d, \u201cVerdava\u201d, \u201cVerdeau\u201d, \u201cVereau\u201d.<\/span><b> <\/b><\/p>\n<p align=\"JUSTIFY\"><a name=\"_Hlk27063399\"><\/a> <b>Consideraciones agron\u00f3micas y comerciales:<\/b> \u00c1rbol de bajo vigor con porte erguido. Es una variedad con producci\u00f3n constante y por eso poco alternante. Parcialmente autocompatible, las variedades Pecholine, Grossane y Arbequina son excelentes polinizadores. Es una de las principales variedades de aceite francesas, pero tambi\u00e9n se utiliza para la preparaci\u00f3n de aceitunas verdes. El aceite es muy dulce, y ligeramente picante. Los frutos deben ser procesados \u200b\u200binmediatamente dada su baja tolerancia a las manipulaciones debido a un epicarpio muy fino y sensible. Muy resistente al fr\u00edo, sensible a la verticilosis (<i>Verticillium dahliae<\/i>), al repilo (<i>Cycloconium oleagineum<\/i>) y al ataque de la mosca (<i>Bactrocera oleae<\/i>).<\/p>\n<p>[\/vc_column_text][vc_empty_space][\/vc_column][vc_column width=\u00bb1\/3&#8243;][vc_column_text el_class=\u00bbpad-scheda-tit-olivi\u00bb]<\/p>\n<h2>Picholine Marocaine<\/h2>\n<p>[\/vc_column_text][vc_single_image image=\u00bb259&#8243; img_size=\u00bb600&#215;400&#8243; alignment=\u00bbcenter\u00bb qode_css_animation=\u00bb\u00bb][vc_column_text el_class=\u00bbpad-scheda-olivi\u00bb]<b>Pa\u00eds<\/b>: Marruecos<\/p>\n<p><b>Destino<\/b>: Doble aptitud (mesa y aceite)<\/p>\n<p><b>Difusi\u00f3n<\/b>: Representa m\u00e1s del 96% de la producci\u00f3n total de aceitunas de Marruecos.<\/p>\n<p><b>Sinonimias<\/b>: \u201cBeldi\u201d, \u201cBouchouika\u201d, \u201cBousbina\u201d, \u201cZit\u201d, \u201cZitoun\u201d.<\/p>\n<p align=\"JUSTIFY\"><a name=\"_Hlk27063399\"><\/a> <b>Consideraciones agron\u00f3micas y comerciales<\/b>: Se adapta bien a las condiciones edafol\u00f3gicas y clim\u00e1ticas de todo Marruecos Esta variedad se considera r\u00fastica con una entrada en producci\u00f3n media. Florece en \u00e9pocas intermedias y es parcialmente autocompatible. Tiene una productividad alta sin embargo es una variedad alternante. Es un cultivar de doble aptitud, para la mesa proporciona todo tipo de productos, desde la aceituna verde partida hasta la negra madura. La separaci\u00f3n de la pulpa del hueso es f\u00e1cil y el aceite es de excelente calidad. Una caracter\u00edstica del aceite producido por la \u201cPicholine Marocaine\u201d es su resistencia a la congelaci\u00f3n, de hecho, alcanza una consistencia pastosa de -12 \u00baC, por lo que tambi\u00e9n se utiliza para conservas. El cultivar es resistente a la sequ\u00eda, pero sensible al repilo (<i>Cycloconium oleaginum<\/i>).<\/p>\n<p>[\/vc_column_text][vc_empty_space][\/vc_column][\/vc_row][vc_row css_animation=\u00bb\u00bb row_type=\u00bbrow\u00bb use_row_as_full_screen_section=\u00bbno\u00bb type=\u00bbfull_width\u00bb angled_section=\u00bbno\u00bb text_align=\u00bbleft\u00bb background_image_as_pattern=\u00bbwithout_pattern\u00bb][vc_column width=\u00bb1\/3&#8243;][vc_column_text el_class=\u00bbpad-scheda-tit-olivi\u00bb]<\/p>\n<h2 class=\"p1\">Ch\u00e9toui<\/h2>\n<p>[\/vc_column_text][vc_single_image image=\u00bb111&#8243; img_size=\u00bb600&#215;400&#8243; alignment=\u00bbcenter\u00bb qode_css_animation=\u00bb\u00bb][vc_column_text el_class=\u00bbpad-scheda-olivi\u00bb]<b>Pa\u00eds<\/b>: T\u00fanez<\/p>\n<p><b>Destino<\/b>: Doble aptitud (mesa y aceite)<\/p>\n<p><span style=\"font-family: Courier New, serif;\"><span style=\"font-size: small;\"><span style=\"font-family: Calibri, serif;\"><b>Difusi\u00f3n:<\/b><\/span><span style=\"font-family: Calibri, serif;\"> En particular<\/span> <span style=\"font-family: Calibri, serif;\">en la zona costera septentrional de T\u00fanez, ocupa el 35% de la superficie olivarera del pa\u00eds<\/span><\/span><\/span><\/p>\n<p><span lang=\"it-IT\"><b>Sinonimias: <\/b><\/span><span lang=\"it-IT\">\u201cBeldi\u201d, \u201cChaibi\u201d, \u201cTounsia\u201d, \u201cZaiati\u201d<\/span><\/p>\n<p align=\"JUSTIFY\"><a name=\"_Hlk27063399\"><\/a> <b>Consideraciones agron\u00f3micas y comerciales<\/b>: cultivar de rusticidad media con una alta capacidad de enraizamiento. La entrada en producci\u00f3n es media al igual que el per\u00edodo de floraci\u00f3n. Cultivar autocompatible, de productividad baja pero constante. Madura en diciembre y, aunque se considera de doble aptitud por la producci\u00f3n de aceitunas negras de mesa, es una de las variedades de aceite m\u00e1s importantes de T\u00fanez. Est\u00e1 presente en casi toda la regi\u00f3n olivarera del norte del pa\u00eds donde domina en la proporci\u00f3n del 90-95%. Se adapta especialmente bien a las llanuras costeras del norte, donde la pluviometr\u00eda media nunca es inferior a 400 mm por a\u00f1o. El rendimiento de aceite es medio y el desprendimiento de la pulpa del hueso es f\u00e1cil. Es tolerante al fr\u00edo y la salinidad, pero necesita un buen aporte h\u00eddrico. Es resistente a las fetopat\u00edas m\u00e1s comunes, aunque es sensible al repilo <i>(Cycloconium oleagineum)<\/i>.<\/p>\n<p>[\/vc_column_text][vc_empty_space][\/vc_column][vc_column width=\u00bb1\/3&#8243;][vc_column_text el_class=\u00bbpad-scheda-tit-olivi\u00bb]<\/p>\n<h2>Chemlal de Kabylie<\/h2>\n<p>[\/vc_column_text][vc_single_image image=\u00bb99&#8243; img_size=\u00bb600&#215;400&#8243; alignment=\u00bbcenter\u00bb qode_css_animation=\u00bb\u00bb][vc_column_text el_class=\u00bbpad-scheda-olivi\u00bb]<b>Pa\u00eds: <\/b>Argelia<\/p>\n<p><b>Destino: <\/b>Aceite<\/p>\n<p><b>Difusi\u00f3n: <\/b>Centro-este de Argelia (Gran Cabilia). Presente en ambas vertientes del Djurdjura entre Khemis y Akbou pasando por Tizi Ouzou, Bou\u00efra. Ocupa aproximadamente el 30% de la superficie olivarera del pa\u00eds.<\/p>\n<p><b>Sin\u00f3nimos: <\/b>\u201cAchamlal\u201d, \u201cAchamli\u201d; \u201cAchemlal\u201d, \u201cChemlal Blanche d\u2019Ali-Ch\u00e9rif\u201d, \u201cChemlal\u201d, \u201cChemlal de L\u2019Oued-Aissi\u201d, \u201cChemlal de Tizi-Ouzou\u201d, \u201cChemlal Pr\u00e9coce de Tazmalt\u201d, \u201cPetit Chemlal Pendant\u201d.<\/p>\n<p align=\"JUSTIFY\"><b>Consideraciones agron\u00f3micas y comerciales<\/b>: Cultivar de la Grande Cabilia, ha colonizado las vertientes m\u00e1s dif\u00edciles. Es un cultivar autoincompatible con floraci\u00f3n precoz, por lo que requiere polinizadores de floraci\u00f3n relativamente temprana. El cultivar m\u00e1s utilizado para este prop\u00f3sito es el \u201cAzeradj\u201d, con floraci\u00f3n contempor\u00e1nea. Es una variedad vigorosa de porte abierto, de elevada productividad afectada sin embargo por el fen\u00f3meno de la alternancia. El cultivar tiene una baja capacidad de enraizamiento, pero la respuesta al injerto es buena, incluso en acebuches y esto probablemente explica la gran difusi\u00f3n y multiplicidad de formas. La maduraci\u00f3n es tard\u00eda y la resistencia al desprendimiento del fruto es elevada. El aceite producido es de excelente calidad incluso si el rendimiento es bajo. Es una variedad resistente al fr\u00edo y a las altas temperaturas. Se considera moderadamente tolerante al repilo (<i>Cycloconium oleagineum<\/i>), pero es sensible a la verticilosis (<i>Verticillium Dahliae<\/i>) y la tuberculosis (<i>Pseudomonas savastanoi<\/i>).<\/p>\n<p>[\/vc_column_text][vc_empty_space][\/vc_column][vc_column width=\u00bb1\/3&#8243;][vc_column_text el_class=\u00bbpad-scheda-tit-olivi\u00bb]<\/p>\n<h2>Kalamata<\/h2>\n<p>[\/vc_column_text][vc_single_image image=\u00bb191&#8243; img_size=\u00bb600&#215;400&#8243; alignment=\u00bbcenter\u00bb qode_css_animation=\u00bb\u00bb][vc_column_text el_class=\u00bbpad-scheda-olivi\u00bb]<b>Pa\u00eds<\/b> : Grecia<\/p>\n<p><b>Destino<\/b>: Mesa<\/p>\n<p><b>Difusi\u00f3n<\/b>: Messenia, Laconia, Lamia. Representa alrededor del 20% de la superficie ole\u00edcola del pa\u00eds<\/p>\n<p><b>Sinonimia<\/b>: \u201cAetonychalea\u201d, \u201cAetonychi\u201d, \u201cAetonycholia\u201d, \u201cChondrolia\u201d, \u201cKalamon\u201d, \u201cKalamatiani\u201d<\/p>\n<p align=\"JUSTIFY\"><a name=\"_Hlk27063399\"><\/a> <b>Consideraciones agron\u00f3micas y comerciales<\/b>: Variedad de maturaci\u00f3n tard\u00eda, la cosecha tiene lugar cuando el fruto ha completado su envero. Aunque es una variedad de doble aptitud, se cultiva principalmente como aceituna negra de mesa. Es una variedad muy productiva, aunque alternante. El fruto es resistente a los tratamientos y manipulaciones y se puede ser aderezado de manieras distintas, pero siempre como aceituna negra. La relaci\u00f3n pulpa\/hueso es elevada y la separaci\u00f3n de la pulpa del hueso es f\u00e1cil. El rendimiento en aceite es medio y el producto es de excelente calidad. Ofrece una resistencia media a los climas fr\u00edos, pero es poco tolerante a los climas excesivamente c\u00e1lidos. Es moderadamente sensible al repilo (<i>Cycloconium oleaginum<\/i>) mientras que es resistente a la tuberculosis (<i>Pseudomonas savastanoi<\/i>).<\/p>\n<p>[\/vc_column_text][vc_empty_space][\/vc_column][\/vc_row][vc_row css_animation=\u00bb\u00bb row_type=\u00bbrow\u00bb use_row_as_full_screen_section=\u00bbno\u00bb type=\u00bbfull_width\u00bb angled_section=\u00bbno\u00bb text_align=\u00bbleft\u00bb background_image_as_pattern=\u00bbwithout_pattern\u00bb][vc_column width=\u00bb1\/3&#8243;][vc_column_text el_class=\u00bbpad-scheda-tit-olivi\u00bb]<\/p>\n<h2>Nabala Baladi<\/h2>\n<p>[\/vc_column_text][vc_single_image image=\u00bb223&#8243; img_size=\u00bb600&#215;400&#8243; alignment=\u00bbcenter\u00bb qode_css_animation=\u00bb\u00bb][vc_column_text el_class=\u00bbpad-scheda-olivi\u00bb]<b>Pa\u00eds<\/b>: Palestina<\/p>\n<p><b>Destino<\/b>: Doble aptitud (mesa y aceite)<\/p>\n<p><b>Difusi\u00f3n<\/b>: Palestina, Jordania y L\u00edbano<\/p>\n<p><b>Sinonimias<\/b>: \u201cNabala Baladi\u201d, \u201cBaladi\u201d, \u201cBathni\u201d, \u201cKhudr\u201d, \u201cKrari\u201d, \u201cKteit\u201d, \u201cNabala\u201d, \u201cRoman\u201d, \u201cSouri\u201d.<\/p>\n<p align=\"JUSTIFY\"><a name=\"_Hlk27063399\"><\/a> <b>Consideraciones agron\u00f3micas y comerciales<\/b>: Variedad perteneciente al grupo \u00abSouri\u00bb. Es t\u00edpica de las tierras de Cisjordania donde a veces se le llama \u00abroman\u00bb como testimonio de la antig\u00fcedad de su cultivo. Representa el 90% de los olivos en producci\u00f3n en Palestina. El cultivo est\u00e1 muy extendido principalmente en las zonas monta\u00f1osas del norte y centro de Cisjordania. De crecimiento lento en condiciones de secano, se considera r\u00fastica con una entrada en producci\u00f3n media. Parcialmente autocompatible con productividad elevada y alternante. Tiene un alto contenido en aceite y se cultiva tambi\u00e9n como aceituna de mesa verde. Es resistente al fr\u00edo y la sequ\u00eda, sin embargo, teme a la mosca (<i>Bactrocera oleae<\/i>) y resulta sensible al repilo (<i>Cycloconium oleaginum<\/i><span style=\"color: #4d5156;\"><span style=\"font-family: Arial, serif;\"><span style=\"font-size: small;\">).<\/span><\/span><\/span><\/p>\n<p>[\/vc_column_text][vc_empty_space][\/vc_column][vc_column width=\u00bb1\/3&#8243;][vc_column_text el_class=\u00bbpad-scheda-tit-olivi\u00bb]<\/p>\n<h2>Gemlik<\/h2>\n<p>[\/vc_column_text][vc_single_image image=\u00bb163&#8243; img_size=\u00bb600&#215;400&#8243; alignment=\u00bbcenter\u00bb qode_css_animation=\u00bb\u00bb][vc_column_text el_class=\u00bbpad-scheda-olivi\u00bb]<b>Pa\u00eds<\/b>: Turqu\u00eda<\/p>\n<p><b>Destino<\/b>: Doble aptitud (mesa y aceite)<\/p>\n<p><b>Difusi\u00f3n<\/b>: Difundida en el litoral egeo y mediterr\u00e1neo, ocupa casi el 80% de los olivares de la zona de M\u00e1rmara y el 11% de la superficie olivarera del pa\u00eds<\/p>\n<p><b>Sinonimias<\/b>: \u201cKaplik\u201d, \u201cKara\u201d, \u201cKiviricik\u201d, \u201cTrilye\u201d<\/p>\n<p align=\"JUSTIFY\"><a name=\"_Hlk27063399\"><\/a><a name=\"_Hlk61941858\"><\/a> <b>Consideraciones agron\u00f3micas y comerciales<\/b> La ciudad de Gemlik est\u00e1 situada en la costa del M\u00e1rmara, al noroeste del pa\u00eds, en la regi\u00f3n que tiene el mismo nombre y que se extiende hasta Bursa. Esta regi\u00f3n es conocida por ser el origen de la variedad m\u00e1s famosa y consumida del pa\u00eds, la variedad \u00abGemlik\u00bb, con su particular caracter\u00edsticas de \u00abdulzor\u00bb ya que, una vez madura, pierde su amargor natural. Una textura excelente de la pulpa y una piel muy fina, la hacen la variedad m\u00e1s popular para las aceitunas negras estilo Gemlik. Tiene una alta capacidad de enraizamiento y es considerada cultivar parcialmente autocompatible, excelentes polinizadores son la variedades \u201cAyvalik\u201d, \u201c\u00c7akir\u201d y \u201cErkence\u201d. La entrada en producci\u00f3n y la maduraci\u00f3n, sea en verde o en negro, es precoz; tiene una productividad alta y constante. Es una variedad de doble aptitud ya que, adem\u00e1s de las caracter\u00edsticas antes mencionadas como aceituna de mesa, tiene un alto contenido en aceite (29%). Es parcialmente resistente a las bajas temperaturas.<\/p>\n<p>[\/vc_column_text][vc_empty_space][\/vc_column][vc_column width=\u00bb1\/3&#8243;][vc_column_text el_class=\u00bbpad-scheda-tit-olivi\u00bb]<\/p>\n<h2>Arauco<\/h2>\n<p>[\/vc_column_text][vc_single_image image=\u00bb75&#8243; img_size=\u00bb600&#215;400&#8243; alignment=\u00bbcenter\u00bb qode_css_animation=\u00bb\u00bb][vc_column_text el_class=\u00bbpad-scheda-olivi\u00bb]<b>Pa\u00eds<\/b>: Argentina<\/p>\n<p><b>Destino<\/b>: Doble aptitud (mesa y aceite)<\/p>\n<p><b>Difusi\u00f3n<\/b>: Principalmente extendida en las provincias de La Rioja e Catamarca<\/p>\n<p><b>Sin\u00f3nimos<\/b>: \u201cCriolla\u201d; \u201cOlivo viejo\u201d<\/p>\n<p align=\"JUSTIFY\"><a name=\"_Hlk27063399\"><\/a> <b>Consideraciones agron\u00f3micas y comerciales<\/b>: Esta variedad probablemente se obtuvo de la selecci\u00f3n de plantones de olivo introducidos en Argentina desde Espa\u00f1a. Variedad que se adapta bien en ambientes c\u00e1lidos-\u00e1ridos. Se ha extendido por la excelente calidad de su producci\u00f3n (tama\u00f1o y color del fruto) as\u00ed como por una alta relaci\u00f3n pulpa \/ hueso. Parcialmente autof\u00e9rtil, su epoca de floraci\u00f3n es media as\u00ed como su entrada en producci\u00f3n. El polen tiene una alta capacidad germinativa. La productividad es alta aunque alternante. Los frutos tienen una alta resistencia al desprendimiento y, al tener una alta consistencia de la pulpa, se pueden utilizar en diferentes m\u00e9todos de preparaci\u00f3n, teniendo como caracter\u00edstica un f\u00e1cil desprendimiento de la pulpa del hueso. Es una variedad vigorosa pero sensible al fr\u00edo y a numerosas enfermedades como la verticillosis (<i>Verticillium Dahliae<\/i>) y la tubercolosis (<i>Pseudomonas savastanoi<\/i>) entre otras. Sin embargo es tolerante a los suelos aridos, salinos y calizos.<\/p>\n<p>[\/vc_column_text][vc_empty_space][\/vc_column][\/vc_row][vc_row css_animation=\u00bb\u00bb row_type=\u00bbrow\u00bb use_row_as_full_screen_section=\u00bbno\u00bb type=\u00bbfull_width\u00bb angled_section=\u00bbno\u00bb text_align=\u00bbleft\u00bb background_image_as_pattern=\u00bbwithout_pattern\u00bb][vc_column width=\u00bb1\/3&#8243;][vc_column_text el_class=\u00bbpad-scheda-tit-olivi\u00bb]<\/p>\n<h2>Zard<\/h2>\n<p>[\/vc_column_text][vc_single_image image=\u00bb295&#8243; img_size=\u00bb600&#215;400&#8243; alignment=\u00bbcenter\u00bb qode_css_animation=\u00bb\u00bb][vc_column_text el_class=\u00bbpad-scheda-olivi\u00bb]<b>Pa\u00eds<\/b>: Ir\u00e1n<\/p>\n<p><b>Destino<\/b>: Doble aptitud (mesa y aceite)<\/p>\n<p><b>Difusi\u00f3n<\/b>: Principalmente difundida en la provincia de Zilan e Zanjan<\/p>\n<p><b>Sinon\u00edmia<\/b>: \u201cZard Zeytun\u201d<\/p>\n<p align=\"JUSTIFY\"><b>Considerazioni agronomiche e commerciali<\/b>: Es la principal variedad en Ir\u00e1n. Cultivar de alta productividad, aunque resulta alternante. Parcialmente autocompatible. La \u00e9poca de la cosecha coincide con el comienzo del oto\u00f1o. Cultivar resistente al fr\u00edo y a la sequ\u00eda. Tolerante a la verticilosis (<i>Verticillium dahliae<\/i>). Es la principal variedad de olivo en Ir\u00e1n. El fruto tiene la particularidad de que presenta dos l\u00edneas laterales prominentes y apreciables al tacto.<\/p>\n<p>[\/vc_column_text][vc_empty_space][\/vc_column][vc_column width=\u00bb1\/3&#8243;][vc_column_text el_class=\u00bbpad-scheda-tit-olivi\u00bb]<\/p>\n<h2>Cobran\u00e7osa<\/h2>\n<p>[\/vc_column_text][vc_single_image image=\u00bb115&#8243; img_size=\u00bb600&#215;400&#8243; alignment=\u00bbcenter\u00bb qode_css_animation=\u00bb\u00bb][vc_column_text el_class=\u00bbpad-scheda-olivi\u00bb]<b>Pa\u00eds<\/b>: Portugal<\/p>\n<p><b>Destino<\/b>: Aceite<\/p>\n<p><b>Difusi\u00f3n<\/b>: Tr\u00e1s-os-Montes.<\/p>\n<p><b>Sinonimias<\/b>: \u201cVerdal Cobran\u00e7osa\u201d, \u201cQuebran\u00e7osa\u201d, \u201cSalgueira\u201d.<\/p>\n<p align=\"JUSTIFY\"><a name=\"_Hlk27063399\"><\/a> <b>Consideraciones agron\u00f3micas y comerciales<\/b>: Variedad muy apreciada por su tolerancia al fr\u00edo y a la clorosis f\u00e9rrica provocada por suelos calizo. Sin embargo, se considera sensible a la sequ\u00eda y a los suelos salinos. La entrada en producci\u00f3n es media al igual que el per\u00edodo de floraci\u00f3n. Variedad autocompatible de elevada y constante productividad. El per\u00edodo de maduraci\u00f3n es medio al igual que el contenido de aceite. Aunque los frutos presentan una baja resistencia al desprendimiento, caracter\u00edstica que tambi\u00e9n facilita su mecanizaci\u00f3n, la ca\u00edda natural es limitada. Se considera sensible a la tubercolosis (<i>Pseudomonas savastanoi<\/i>) y la lepra (<i>Gleosporium olivarum<\/i><span lang=\"it-IT\">)<\/span>).<\/p>\n<p>[\/vc_column_text][vc_empty_space][\/vc_column][vc_column width=\u00bb1\/3&#8243;][vc_column_text el_class=\u00bbpad-scheda-tit-olivi\u00bb]<\/p>\n<h2>Mission<\/h2>\n<p>[\/vc_column_text][vc_single_image image=\u00bb215&#8243; img_size=\u00bb600&#215;400&#8243; alignment=\u00bbcenter\u00bb qode_css_animation=\u00bb\u00bb][vc_column_text el_class=\u00bbpad-scheda-olivi\u00bb]<b>Pa\u00eds<\/b>: Estados Unidos de Am\u00e9rica<\/p>\n<p><b>Destino<\/b>: Doble aptitud (mesa y aceite)<\/p>\n<p><b>Difusi\u00f3n<\/b>: California, especialmente en el Valle de Sacramento.<\/p>\n<p><b>Sinonimias<\/b>: \u201cMammoth\u201d, \u201cMisionera\u201d, \u201cMisiones\u201d, \u201cTrilye\u201d<\/p>\n<p align=\"JUSTIFY\"><a name=\"_Hlk27063399\"><\/a> <b>Consideraciones agron\u00f3micas y comerciales:<\/b> <b>Consideraciones agron\u00f3micas y comerciales:<\/b> Se ha convertido en la variedad de mesa m\u00e1s importante de California, con el 50% de la producci\u00f3n. Nos encontramos con el olivo de la Misi\u00f3n por primera vez en los huertos de las misiones jesuitas y franciscanas fundadas hace varios siglos en diferentes zonas de la California. El aceite se extra\u00eda en las ciudades que surgieron entorno a las misiones, donde se utiliz\u00f3 para cocinar, curar heridas y lubricar m\u00e1quinas, al igual que en Europa a lo largo de su historia. La \u00e9poca de floraci\u00f3n es media y es parcialmente autocompatible. El porte erguido de esta variedad facilita su recolecci\u00f3n mecanizada. Su maduraci\u00f3n es tard\u00eda. Tiene una elevada productividad, pero resulta ser una variedad alternante. Es un cultivar de doble aptitud, la separaci\u00f3n de la pulpa del hueso es f\u00e1cil y el aceite es de excelente calidad, especialmente el que se produce en el condado de Butte (Valle de Sacramento). El cultivar es resistente a la sequ\u00eda, pero sensible al repilo <i>(Cycloconium oleaginum)<\/i> y a la verticilosis <i>(Verticillium dahliae)<\/i> mientras que muestra cierta tolerancia a la tubercolosis (<i>Pseudomonas savastanoi<\/i>).<\/p>\n<p>[\/vc_column_text][vc_empty_space][\/vc_column][\/vc_row][vc_row css_animation=\u00bb\u00bb row_type=\u00bbrow\u00bb use_row_as_full_screen_section=\u00bbno\u00bb type=\u00bbfull_width\u00bb angled_section=\u00bbno\u00bb text_align=\u00bbleft\u00bb background_image_as_pattern=\u00bbwithout_pattern\u00bb][vc_column width=\u00bb1\/3&#8243;][vc_column_text el_class=\u00bbpad-scheda-tit-olivi\u00bb]<\/p>\n<h2>Lastovka<\/h2>\n<p>[\/vc_column_text][vc_single_image image=\u00bb203&#8243; img_size=\u00bb600&#215;400&#8243; alignment=\u00bbcenter\u00bb qode_css_animation=\u00bb\u00bb][vc_column_text el_class=\u00bbpad-scheda-olivi\u00bb]<b>Pa\u00eds<\/b> : Croacia<\/p>\n<p><b>Destino<\/b>: Aceite<\/p>\n<p align=\"JUSTIFY\"><b>Difusi\u00f3n:<\/b> Ocupa el 5% de la superficie olivarera del pa\u00eds. En la isla de Kor\u010dula es la variedad m\u00e1s cultivada donde cubre aproximadamente el 50% de la superficie utilizada para el cultivo del olivo.<\/p>\n<p><b>Sinonimias<\/b>: \u201cVelica\u201d; \u201cLastova \u201d.<\/p>\n<p align=\"JUSTIFY\"><a name=\"_Hlk27063399\"><\/a> <b>Consideraciones agron\u00f3micas y comerciales<\/b>: Variedad de rusticidad media y con alta capacidad rizog\u00e9nica. Es autocompatible, florece temprano mientras que la maduraci\u00f3n es tard\u00eda. La productividad es alta y constante. Los frutos tienen una alta resistencia al desprendimiento. <span lang=\"it-IT\">La variedad se considera resistente al fr\u00edo. <\/span><\/p>\n<p>[\/vc_column_text][vc_empty_space][\/vc_column][vc_column width=\u00bb1\/3&#8243;][vc_column_text el_class=\u00bbpad-scheda-tit-olivi\u00bb]<\/p>\n<h2>Barnea<\/h2>\n<p>[\/vc_column_text][vc_single_image image=\u00bb79&#8243; img_size=\u00bb600&#215;400&#8243; alignment=\u00bbcenter\u00bb qode_css_animation=\u00bb\u00bb][vc_column_text el_class=\u00bbpad-scheda-olivi\u00bb]<b>Pa\u00eds<\/b>: Israel<\/p>\n<p><b>Destino<\/b>: Doble aptitud<\/p>\n<p><b>Difusi\u00f3n<\/b>: Cultivada principalmente en Galilea, sin embargo, por sus caracter\u00edsticas, se ha difundido tambi\u00e9n en otros pa\u00edses<\/p>\n<p><b>Sinon\u00edmias<\/b>: K18<\/p>\n<p align=\"JUSTIFY\"><a name=\"_Hlk27063399\"><\/a> <b>Consideraciones agron\u00f3micas y comerciales<\/b>: Variedad de reciente creaci\u00f3n, tambi\u00e9n conocida como <i>K18<\/i> por su n\u00famero de cultivo. Es el cultivar predominante en las nuevas plantaciones de regad\u00edo israel\u00edes debido a su alta y constante productividad, as\u00ed como a su adaptabilidad a la recolecci\u00f3n mecanizada. Desarrolladas para la producci\u00f3n de aceite, los frutos tambi\u00e9n se pueden utilizar, despu\u00e9s de una adecuada poda de aclareo, como aceitunas de mesa tanto en verde como en negro, siendo esta \u00faltima muy apreciada. En condiciones de riego, la planta, si est\u00e1 autoenraizada, entra en producci\u00f3n precozmente, a partir del tercer a\u00f1o. Es parcialmente autocompatible y su maduraci\u00f3n en verde es relativamente temprana. En ausencia de riego, es fuertemente alternante. Tolerante al repilo (<i>Cycloconium oleaginum<\/i>).<\/p>\n<p>[\/vc_column_text][vc_empty_space][\/vc_column][vc_column width=\u00bb1\/3&#8243;][vc_column_text el_class=\u00bbpad-scheda-tit-olivi\u00bb]<\/p>\n<h2>Buga<\/h2>\n<p>[\/vc_column_text][vc_single_image image=\u00bb91&#8243; img_size=\u00bb600&#215;400&#8243; alignment=\u00bbcenter\u00bb qode_css_animation=\u00bb\u00bb][vc_column_text el_class=\u00bbpad-scheda-olivi\u00bb]<span lang=\"it-IT\"><b>Pa\u00eds<\/b><\/span><span lang=\"it-IT\">: Eslovenia<\/span><\/p>\n<p><span lang=\"it-IT\"><b>Destino<\/b><\/span><span lang=\"it-IT\">: Aceite<\/span><\/p>\n<p><span lang=\"it-IT\"><b>Difusi\u00f3n<\/b><\/span><span lang=\"it-IT\">: Eslovenia, Istria, Croacia, Fruili-Venecia Julia<\/span><span style=\"color: #1b1b1b;\"><span lang=\"it-IT\">, <\/span><\/span><\/p>\n<p><span lang=\"it-IT\"><b>Sin\u00f3nimos<\/b><\/span><span style=\"color: #1b1b1b;\"><span lang=\"it-IT\">: <\/span><\/span><span lang=\"it-IT\">\u201cBelica\u201d, \u201cCampeglio\u201d, \u201cMedeazza\u201d, \u201cSan Rocco\u201d, \u201cIstarsk Belica\u201d, \u201cTonda di Villa\u201d, \u201cFiaschetti\u201d, \u201cSbusa\u201d, \u201cFeminskula\u201d, \u201cBusiaro\u201d, \u201cBoga\u201d, \u201cBusa\u201d, \u201cBuza\u201d.<\/span><\/p>\n<p><a name=\"_Hlk27063399\"><\/a><b>Consideraciones agron\u00f3micas y comerciales<\/b>: se trata de una variedad autoincompatible. Florece al mismo tiempo que la \u201cBianchera\u201d y \u201cRocca Bernarda\u201d, aunque termina antes. Tiene una buena productividad, pero el contenido de aceite es muy bajo. La sensibilidad a las heladas invernales es media, por lo que la fertilizaci\u00f3n nitrogenada debe ser cuidadosa. Los frutos son de tama\u00f1o medio y maduran r\u00e1pidamente, hacia finales de octubre. Fructifica en a\u00f1os alternos y es resistente a los ataques de la mosca del olivo y al repilo.<\/p>\n<p>La precocidad y la elevada productividad, junto con el alto grado de compatibilidad ambiental, hacen que la variedad sea adecuada para nuevas plantaciones en entornos al l\u00edmite del cultivo de la especie. Hay que tener en cuenta, sin embargo, su limitada capacidad de extracci\u00f3n de aceite. En general, es sensible a la mosca del olivo (<i>Bactrocera oleae<\/i>), al repilo (<i>Cycloconium oleaginum<\/i>) y a la tuberculosis (<i>Pseudomonas savastanoi<\/i>).[\/vc_column_text][vc_empty_space][\/vc_column][\/vc_row][vc_row css_animation=\u00bb\u00bb row_type=\u00bbrow\u00bb use_row_as_full_screen_section=\u00bbno\u00bb type=\u00bbfull_width\u00bb angled_section=\u00bbno\u00bb text_align=\u00bbleft\u00bb background_image_as_pattern=\u00bbwithout_pattern\u00bb][vc_column width=\u00bb1\/3&#8243;][vc_column_text el_class=\u00bbpad-scheda-tit-olivi\u00bb]<\/p>\n<h2>Kato Drys<\/h2>\n<p>[\/vc_column_text][vc_single_image image=\u00bb195&#8243; img_size=\u00bb600&#215;400&#8243; alignment=\u00bbcenter\u00bb qode_css_animation=\u00bb\u00bb][vc_column_text el_class=\u00bbpad-scheda-olivi\u00bb]<b>Pa\u00eds: <\/b>Chipre<\/p>\n<p><b>Destino<\/b>: Doble aptitud (mesa y aceite)<\/p>\n<p><b>Difusi\u00f3n<\/b>: Se est\u00e1 diffundiendo especialmente en las nuevas plantaciones de Chipre.<\/p>\n<p><b>Sinonimias<\/b>: Clon de la variedad \u201cLocal\u201d.<\/p>\n<p align=\"JUSTIFY\"><b>Consideraciones agron\u00f3micas y comerciales:<\/b> Las excavaciones arqueol\u00f3gicas han sacado a la luz en los yacimientos neol\u00edticos los restos de antiguos molinos de piedra y los restos del procesamiento de la aceituna ya en la Edad del Bronce tard\u00eda y el per\u00edodo helen\u00edstico. El olivo y sus productos siempre han jugado un papel fundamental en la familia chipriota tanto en la nutrici\u00f3n, como es l\u00f3gico, como en los rituales religiosos. De hecho, la palabra \u00abOlivo\u00bb aparece en los nombres de lugares, monumentos, etc. por toda la isla, lo que demuestra a\u00fan m\u00e1s su importancia. La variedad \u00abKato Drys\u00bb es un clon de la variedad m\u00e1s com\u00fan en Chipre, el cultivar \u00abLocal\u00bb. La necesidad de crear un coln mejorado se debe a la aceptaci\u00f3n por parte del mercado local de la mencionada variedad \u00abLocal\u00bb por lo que, respetando sus par\u00e1metros organol\u00e9pticos, este clon fue creado para mejorar ciertas caracter\u00edsticas como el crecimiento, el rendimiento, el peso del fruto, el contenido de aceite, la relaci\u00f3n pulpa \/ hueso, la conservaci\u00f3n de la aceituna de mesa, la capacidad rizog\u00e9nica de los esquejes y la resistencia a factores bi\u00f3ticos (tambi\u00e9n llamados biol\u00f3gicos que son aquellos viventes) y abi\u00f3ticos (luz, tierra, agua, aire y el conjunto de los factores clim\u00e1ticos.).<\/p>\n<p>[\/vc_column_text][vc_empty_space][\/vc_column][vc_column width=\u00bb1\/3&#8243;][vc_column_text el_class=\u00bbpad-scheda-tit-olivi\u00bb]<\/p>\n<h2>Frantoio<\/h2>\n<p>[\/vc_column_text][vc_single_image image=\u00bb155&#8243; img_size=\u00bb600&#215;400&#8243; alignment=\u00bbcenter\u00bb qode_css_animation=\u00bb\u00bb][vc_column_text el_class=\u00bbpad-scheda-olivi\u00bb]<b>Pa\u00eds<\/b> : Italia<\/p>\n<p><b>Destino<\/b>: Aceite<\/p>\n<p><b>Difusi\u00f3n<\/b>: Italia central, tambi\u00e9n difundida en muchos otros pa\u00edses.<\/p>\n<p><span lang=\"it-IT\"><b>Sin\u00f3nimos<\/b><\/span><span lang=\"it-IT\">: \u201cBresa fina\u201d, \u201cComune\u201d, \u201cCorreggiolo\u201d, \u201cCrognolo\u201d, \u201cFrantoiano\u201d, \u201cGentile\u201d, \u201cInfrantoio\u201d, \u201cLaurino\u201d, \u201cNostrato\u201d, \u201cOliva lunga\u201d, \u201cPendaglio\u201d, \u201cPignattello\u201d, \u201cRaggio\u201d, \u201cRaggiolo\u201d, \u201cRajo\u201d, \u201cRazza\u201d, \u201cRazzo\u201d, \u201cSolciaro\u201d, \u201cStringona\u201d. <\/span><\/p>\n<p align=\"JUSTIFY\"><a name=\"_Hlk27063399\"><\/a> <b>Consideraciones agron\u00f3micas y comerciales<\/b>: Variedad de alta y constante productividad. Apreciada por su adaptabilidad, elevada rizog\u00e9nesis y con una entrada temprana en producci\u00f3n. Autocompatible, sin embargo, mejora su productividad con la presencia de polinizadores adecuados como la variedad \u201cLeccino\u201d o \u201cMoraiolo\u201d. El per\u00edodo de maduraci\u00f3n es tard\u00edo y gradual. El contenido de aceite es medio, pero con un frutado muy apreciado y estable en el tiempo. Tiene una fructificaci\u00f3n bastante vigorosa y, al mismo tiempo, muy abundante. Es una planta sensible al repilo (<i>Cycloconium oleaginum<\/i>), a la tubercolosis (<i>Pseudomonas savastanoi<\/i>), a la mosca (<i>Bactrocera oleae<\/i>) y al fr\u00edo.<\/p>\n<p>[\/vc_column_text][vc_empty_space][\/vc_column][vc_column width=\u00bb1\/3&#8243;][vc_column_text el_class=\u00bbpad-scheda-tit-olivi\u00bb]<\/p>\n<h2>Picual<\/h2>\n<p>[\/vc_column_text][vc_single_image image=\u00bb263&#8243; img_size=\u00bb600&#215;400&#8243; alignment=\u00bbcenter\u00bb qode_css_animation=\u00bb\u00bb][vc_column_text el_class=\u00bbpad-scheda-olivi\u00bb]<b>Pa\u00eds<\/b>: Espa\u00f1a<\/p>\n<p><b>Destino<\/b>: Aceite<\/p>\n<p align=\"JUSTIFY\"><b>Difusi\u00f3n<\/b>: Es la variedad m\u00e1s importante en Espa\u00f1a en t\u00e9rminos de difusi\u00f3n. Ocupa m\u00e1s de 700.000 hect\u00e1reas<\/p>\n<p align=\"JUSTIFY\"><a name=\"_GoBack\"><\/a><b>Son\u00f3nimos<\/b>: \u201cAndaluza\u201d, \u201cBlanco\u201d, \u201cCorriente\u201d, \u201cDe aceite\u201d, \u201cDe calidad\u201d, \u201cFina\u201d, \u201cJabata\u201d, \u201cLopere\u00f1o\u201d, \u201cMarte\u00f1o\u201d, \u201cMorcona\u201d, \u201cNevadillo\u201d, \u201cNevadillo blanco\u201d, \u201cNevado\u201d, \u201cNevado blanco\u201d, \u201cPic\u00faa\u201d, \u201cSalgar\u201d, \u201cTemprana\u201d.<\/p>\n<p align=\"JUSTIFY\"><a name=\"_Hlk27063399\"><\/a> <b>Consideraciones agron\u00f3micas y comerciales<\/b>: Variedad considerada r\u00fastica por su adaptaci\u00f3n a diferentes condiciones de clima y suelo; en particular, se considera tolerante al fr\u00edo a la salinidad y a la excesiva humedad del suelo, sin embargo, se considerada sensible a la sequ\u00eda y a los terrenos calizos. La entrada en producci\u00f3n es precoz. El per\u00edodo de floraci\u00f3n es medio y se considera una variedad autocompatible. La maduraci\u00f3n es precoz y el fruto tiene una baja fuerza de retenci\u00f3n al desprendimiento lo que facilita la recolecci\u00f3n mecanizada. Es muy apreciada por su elevada y constante productividad con un alto rendimiento de aceite. El aceite tiene un alto \u00edndice de estabilidad con un elevado porcentaje de \u00e1cido oleico. Tolerante a la tuberculosis (<i>Pseudomonas savastanoi<\/i>) y a la lepra <i>(Gleosporium olivarum<\/i>), sensible al repilo <i>(Cycloconium oleagineum<\/i>), a la verticilosis (<i>Verticillium dahliae<\/i>) y la mosca (<i>Bactrocera oleae<\/i>).<\/p>\n<p>[\/vc_column_text][vc_empty_space][\/vc_column][\/vc_row][vc_row css_animation=\u00bb\u00bb row_type=\u00bbrow\u00bb use_row_as_full_screen_section=\u00bbno\u00bb type=\u00bbfull_width\u00bb angled_section=\u00bbno\u00bb text_align=\u00bbleft\u00bb background_image_as_pattern=\u00bbwithout_pattern\u00bb][vc_column width=\u00bb1\/3&#8243;][vc_column_text el_class=\u00bbpad-scheda-tit-olivi\u00bb]<\/p>\n<h2>Toffahi<\/h2>\n<p>[\/vc_column_text][vc_single_image image=\u00bb279&#8243; img_size=\u00bb600&#215;400&#8243; alignment=\u00bbcenter\u00bb qode_css_animation=\u00bb\u00bb][vc_column_text el_class=\u00bbpad-scheda-olivi\u00bb]<b>Pa\u00eds<\/b>: Egipto<\/p>\n<p><b>Destino<\/b>: Mesa<\/p>\n<p align=\"JUSTIFY\"><b>Difusi\u00f3n<\/b>: Giza, Al-Fayyum, Ban-Suwaif. Se ha difundido tambi\u00e9n en T\u00fanez, Argelia, Siria y Argentina<\/p>\n<p align=\"JUSTIFY\"><b>Sinonimias<\/b>: \u201cTeffahi\u201d, \u201cOlivo Mela\u201d, \u201cPomme\u201d, \u201cPommette\u201d, \u201cTefahi\u201d, \u201cTefha\u201d, \u201cTafahi\u201d, \u201cTitah\u201d, \u201cTofahi\u201d, \u201cToffai\u201d, \u201cTouffahi\u201d<\/p>\n<p align=\"JUSTIFY\"><a name=\"_Hlk27063399\"><\/a> <b>Consideraciones agron\u00f3micas y comerciales<\/b>: Planta r\u00fastica con capacidad riz\u00f3gena media. Es una variedad autocompatible con floraci\u00f3n precoz, as\u00ed como precoz es la entrada en producci\u00f3n. La productividad es constante. Tiene frutos grandes con un bajo porcentaje de aceite, alrededor del 7%. Una caracter\u00edstica positiva es la facilidad de desprendimiento de la pulpa del hueso. Es sensible a los ataques de la mosca (<i>Bactrocera oleae<\/i>).<\/p>\n<p>[\/vc_column_text][vc_empty_space][\/vc_column][vc_column width=\u00bb1\/3&#8243;][vc_column_text el_class=\u00bbpad-scheda-tit-olivi\u00bb]<\/p>\n<h2>Soury<\/h2>\n<p>[\/vc_column_text][vc_single_image image=\u00bb275&#8243; img_size=\u00bb600&#215;400&#8243; alignment=\u00bbcenter\u00bb qode_css_animation=\u00bb\u00bb][vc_column_text el_class=\u00bbpad-scheda-olivi\u00bb]<strong>Country:<\/strong>\u00a0Lebanon<br \/>\n<strong>Purpose:<\/strong>\u00a0Dual-purpose (table and oil)<br \/>\n<strong>Diffusion:<\/strong>\u00a0Native to northern Lebanon, also widespread in neighboring countries such as Israel, Jordan and Syria.<br \/>\n<strong>Synonyms:<\/strong>\u00a0\u201cGrande Ayrouni\u201d, \u201cHai Youdi\u201d, \u201cHedai\u201d, \u201cHidri\u201d, \u201cRasisi\u201d, \u201cSferhi\u201d, \u201cShouri\u201d, \u201cSouri Folino\u201d, \u201cSouri Lod\u201d, \u201cSurry\u201d, \u201cSury\u201d, \u201cBayadi\u201d, \u201cBeladi\u201d.<br \/>\n<strong>Agronomic and commercial considerations:<\/strong> The name Soury derives from the word Sour, which is a city located on the southern coast of Lebanon, one of the port cities where the Phoenicians began their trades. It is the most important variety in Lebanon. It has an upright habit and is partially self-compatible. Productivity is medium and alternate. It is a dual-purpose variety with high oil content. It is resistant to cold and drought, as well as to saline soils. It is susceptible to the olive fruit fly (Bactrocera oleae) and also the to peacock leaf spot (Cycloconium oleaginum), olive knot (Pseudomonas savastanoi) and verticillium wilt (Verticillium dahliae).[\/vc_column_text][vc_empty_space][\/vc_column][vc_column width=\u00bb1\/3&#8243;][vc_column_text el_class=\u00bbpad-scheda-tit-olivi\u00bb]<\/p>\n<h2>Doebli<\/h2>\n<p>[\/vc_column_text][vc_single_image image=\u00bb143&#8243; img_size=\u00bb600&#215;400&#8243; alignment=\u00bbcenter\u00bb qode_css_animation=\u00bb\u00bb][vc_column_text el_class=\u00bbpad-scheda-olivi\u00bb]<b>Pa\u00eds<\/b>: Siria<\/p>\n<p><b>Destino<\/b>: Doble aptitud (mesa y aceite)<\/p>\n<p><b>Difusi\u00f3n<\/b>: Latakia, Tartus y Tel-Kalakh, ocupa m\u00e1s del 10 % de la superficie olivarera del pa\u00eds<\/p>\n<p><a name=\"_Hlk27063399\"><\/a> <span lang=\"it-IT\"><b>Sinon\u00edmias<\/b><\/span><span lang=\"it-IT\">: \u201cDaebli\u201d, \u201cDaibli\u201d, \u201cDermlali\u201d, \u201cDhremlali\u201d, \u201cTamrani\u201d, \u201cTemprani\u201d<\/span><\/p>\n<p align=\"JUSTIFY\"><b>Consideraciones agron\u00f3micas y comerciales<\/b>: Variedad que se adapta bien a zonas h\u00famedas, sin embargo, es poco tolerante a la sequ\u00eda. Su capacidad de enraizamiento es media. Entra en producci\u00f3n en \u00e9poca tard\u00eda. Su \u00e9poca de floraci\u00f3n es temprana. Se considera autocompatible. La productividad es elevada y alternante. La maduraci\u00f3n es temprana. Se le considera resistente al repilo (<i>Cycloconium oleaginum<\/i>), a la tuberculosis (<i>Pseudomonas savastanoi<\/i>) y a la verticilosis<i> <\/i>(<i>Verticillium dahliae<\/i>).<\/p>\n<p>[\/vc_column_text][vc_empty_space][\/vc_column][\/vc_row][vc_row css_animation=\u00bb\u00bb row_type=\u00bbrow\u00bb use_row_as_full_screen_section=\u00bbno\u00bb type=\u00bbfull_width\u00bb angled_section=\u00bbno\u00bb text_align=\u00bbleft\u00bb background_image_as_pattern=\u00bbwithout_pattern\u00bb][vc_column][vc_empty_space][vc_column_text]<\/p>\n<p style=\"text-align: center;\"><a  itemprop=\"url\" href=\"https:\/\/www.thegardenofpeace.org\/wp-content\/uploads\/2022\/07\/Bibliografia_en.pdf\" target=\"_blank\"  class=\"qbutton  medium default\" style=\"\">References<i class=\"qode_icon_font_awesome fa fa-download qode_button_icon_element\" style=\"\" ><\/i><\/a> &#8211; <a  itemprop=\"url\" href=\"https:\/\/www.thegardenofpeace.org\/wp-content\/uploads\/2022\/07\/Methodology_en.pdf\" target=\"_blank\"  class=\"qbutton  medium default\" style=\"\">Methodology<i class=\"qode_icon_font_awesome fa fa-download qode_button_icon_element\" style=\"\" ><\/i><\/a><\/p>\n<p>[\/vc_column_text][vc_empty_space][\/vc_column][\/vc_row]<\/p>\n","protected":false},"excerpt":{"rendered":"<p>[vc_row css_animation=\u00bb\u00bb row_type=\u00bbrow\u00bb use_row_as_full_screen_section=\u00bbno\u00bb type=\u00bbfull_width\u00bb angled_section=\u00bbno\u00bb text_align=\u00bbleft\u00bb background_image_as_pattern=\u00bbwithout_pattern\u00bb][vc_column][vc_empty_space height=\u00bb90px\u00bb][vc_column_text] VARIEDAD [\/vc_column_text][vc_empty_space height=\u00bb90px\u00bb][\/vc_column][\/vc_row][vc_row css_animation=\u00bb\u00bb row_type=\u00bbrow\u00bb use_row_as_full_screen_section=\u00bbno\u00bb type=\u00bbfull_width\u00bb angled_section=\u00bbno\u00bb text_align=\u00bbleft\u00bb background_image_as_pattern=\u00bbwithout_pattern\u00bb][vc_column][\/vc_column][\/vc_row][vc_row css_animation=\u00bb\u00bb row_type=\u00bbrow\u00bb use_row_as_full_screen_section=\u00bbno\u00bb type=\u00bbfull_width\u00bb angled_section=\u00bbno\u00bb text_align=\u00bbleft\u00bb background_image_as_pattern=\u00bbwithout_pattern\u00bb][vc_column width=\u00bb1\/3&#8243;][vc_column_text el_class=\u00bbpad-scheda-tit-olivi\u00bb] Mixani [\/vc_column_text][vc_single_image image=\u00bb219&#8243; img_size=\u00bb600&#215;400&#8243; alignment=\u00bbcenter\u00bb qode_css_animation=\u00bb\u00bb][vc_column_text el_class=\u00bbpad-scheda-olivi\u00bb]Pa\u00eds: Albania Destino: Aceite Difusi\u00f3n: Principalmente difundida en la zona central&#8230;<\/p>\n","protected":false},"author":1,"featured_media":0,"parent":0,"menu_order":0,"comment_status":"closed","ping_status":"closed","template":"","meta":{"footnotes":""},"class_list":["post-1015","page","type-page","status-publish","hentry"],"yoast_head":"<!-- This site is optimized with the Yoast SEO plugin v27.1.1 - https:\/\/yoast.com\/product\/yoast-seo-wordpress\/ -->\n<title>Bozza variet\u00e0 - The Garden of Peace<\/title>\n<meta name=\"robots\" content=\"index, follow, max-snippet:-1, max-image-preview:large, max-video-preview:-1\" \/>\n<link rel=\"canonical\" href=\"https:\/\/www.thegardenofpeace.org\/bozza-varieta\/\" \/>\n<meta property=\"og:locale\" content=\"es_ES\" \/>\n<meta property=\"og:type\" content=\"article\" \/>\n<meta property=\"og:title\" content=\"Bozza variet\u00e0 - The Garden of Peace\" \/>\n<meta property=\"og:description\" content=\"[vc_row css_animation=\u00bb\u00bb row_type=\u00bbrow\u00bb use_row_as_full_screen_section=\u00bbno\u00bb type=\u00bbfull_width\u00bb angled_section=\u00bbno\u00bb text_align=\u00bbleft\u00bb background_image_as_pattern=\u00bbwithout_pattern\u00bb][vc_column][vc_empty_space height=\u00bb90px\u00bb][vc_column_text] VARIEDAD [\/vc_column_text][vc_empty_space height=\u00bb90px\u00bb][\/vc_column][\/vc_row][vc_row css_animation=\u00bb\u00bb row_type=\u00bbrow\u00bb use_row_as_full_screen_section=\u00bbno\u00bb type=\u00bbfull_width\u00bb angled_section=\u00bbno\u00bb text_align=\u00bbleft\u00bb background_image_as_pattern=\u00bbwithout_pattern\u00bb][vc_column][\/vc_column][\/vc_row][vc_row css_animation=\u00bb\u00bb row_type=\u00bbrow\u00bb use_row_as_full_screen_section=\u00bbno\u00bb type=\u00bbfull_width\u00bb angled_section=\u00bbno\u00bb text_align=\u00bbleft\u00bb background_image_as_pattern=\u00bbwithout_pattern\u00bb][vc_column width=\u00bb1\/3&#8243;][vc_column_text el_class=\u00bbpad-scheda-tit-olivi\u00bb] Mixani [\/vc_column_text][vc_single_image image=\u00bb219&#8243; img_size=\u00bb600&#215;400&#8243; alignment=\u00bbcenter\u00bb qode_css_animation=\u00bb\u00bb][vc_column_text el_class=\u00bbpad-scheda-olivi\u00bb]Pa\u00eds: Albania Destino: Aceite Difusi\u00f3n: Principalmente difundida en la zona central...\" \/>\n<meta property=\"og:url\" content=\"https:\/\/www.thegardenofpeace.org\/bozza-varieta\/\" \/>\n<meta property=\"og:site_name\" content=\"The Garden of Peace\" \/>\n<meta property=\"article:modified_time\" content=\"2023-01-13T14:17:18+00:00\" \/>\n<meta property=\"og:image\" content=\"https:\/\/www.thegardenofpeace.org\/wp-content\/uploads\/2025\/12\/manos-olivos-con-mano-de-mujer-alta-definizione-scaled.jpg\" \/>\n\t<meta property=\"og:image:width\" content=\"2560\" \/>\n\t<meta property=\"og:image:height\" content=\"290\" \/>\n\t<meta property=\"og:image:type\" content=\"image\/jpeg\" \/>\n<meta name=\"twitter:card\" content=\"summary_large_image\" \/>\n<meta name=\"twitter:label1\" content=\"Tiempo de lectura\" \/>\n\t<meta name=\"twitter:data1\" content=\"24 minutos\" \/>\n<script type=\"application\/ld+json\" class=\"yoast-schema-graph\">{\"@context\":\"https:\/\/schema.org\",\"@graph\":[{\"@type\":\"WebPage\",\"@id\":\"https:\/\/www.thegardenofpeace.org\/bozza-varieta\/\",\"url\":\"https:\/\/www.thegardenofpeace.org\/bozza-varieta\/\",\"name\":\"Bozza variet\u00e0 - The Garden of Peace\",\"isPartOf\":{\"@id\":\"https:\/\/www.thegardenofpeace.org\/fr\/#website\"},\"datePublished\":\"2022-07-14T13:33:54+00:00\",\"dateModified\":\"2023-01-13T14:17:18+00:00\",\"breadcrumb\":{\"@id\":\"https:\/\/www.thegardenofpeace.org\/bozza-varieta\/#breadcrumb\"},\"inLanguage\":\"es\",\"potentialAction\":[{\"@type\":\"ReadAction\",\"target\":[\"https:\/\/www.thegardenofpeace.org\/bozza-varieta\/\"]}]},{\"@type\":\"BreadcrumbList\",\"@id\":\"https:\/\/www.thegardenofpeace.org\/bozza-varieta\/#breadcrumb\",\"itemListElement\":[{\"@type\":\"ListItem\",\"position\":1,\"name\":\"Home\",\"item\":\"https:\/\/www.thegardenofpeace.org\/es\/\"},{\"@type\":\"ListItem\",\"position\":2,\"name\":\"Bozza variet\u00e0\"}]},{\"@type\":\"WebSite\",\"@id\":\"https:\/\/www.thegardenofpeace.org\/fr\/#website\",\"url\":\"https:\/\/www.thegardenofpeace.org\/fr\/\",\"name\":\"The Garden of Peace\",\"description\":\"The Garden of Peace\",\"alternateName\":\"TGoP\",\"potentialAction\":[{\"@type\":\"SearchAction\",\"target\":{\"@type\":\"EntryPoint\",\"urlTemplate\":\"https:\/\/www.thegardenofpeace.org\/fr\/?s={search_term_string}\"},\"query-input\":{\"@type\":\"PropertyValueSpecification\",\"valueRequired\":true,\"valueName\":\"search_term_string\"}}],\"inLanguage\":\"es\"}]}<\/script>\n<!-- \/ Yoast SEO plugin. -->","yoast_head_json":{"title":"Bozza variet\u00e0 - The Garden of Peace","robots":{"index":"index","follow":"follow","max-snippet":"max-snippet:-1","max-image-preview":"max-image-preview:large","max-video-preview":"max-video-preview:-1"},"canonical":"https:\/\/www.thegardenofpeace.org\/bozza-varieta\/","og_locale":"es_ES","og_type":"article","og_title":"Bozza variet\u00e0 - The Garden of Peace","og_description":"[vc_row css_animation=\u00bb\u00bb row_type=\u00bbrow\u00bb use_row_as_full_screen_section=\u00bbno\u00bb type=\u00bbfull_width\u00bb angled_section=\u00bbno\u00bb text_align=\u00bbleft\u00bb background_image_as_pattern=\u00bbwithout_pattern\u00bb][vc_column][vc_empty_space height=\u00bb90px\u00bb][vc_column_text] VARIEDAD [\/vc_column_text][vc_empty_space height=\u00bb90px\u00bb][\/vc_column][\/vc_row][vc_row css_animation=\u00bb\u00bb row_type=\u00bbrow\u00bb use_row_as_full_screen_section=\u00bbno\u00bb type=\u00bbfull_width\u00bb angled_section=\u00bbno\u00bb text_align=\u00bbleft\u00bb background_image_as_pattern=\u00bbwithout_pattern\u00bb][vc_column][\/vc_column][\/vc_row][vc_row css_animation=\u00bb\u00bb row_type=\u00bbrow\u00bb use_row_as_full_screen_section=\u00bbno\u00bb type=\u00bbfull_width\u00bb angled_section=\u00bbno\u00bb text_align=\u00bbleft\u00bb background_image_as_pattern=\u00bbwithout_pattern\u00bb][vc_column width=\u00bb1\/3&#8243;][vc_column_text el_class=\u00bbpad-scheda-tit-olivi\u00bb] Mixani [\/vc_column_text][vc_single_image image=\u00bb219&#8243; img_size=\u00bb600&#215;400&#8243; alignment=\u00bbcenter\u00bb qode_css_animation=\u00bb\u00bb][vc_column_text el_class=\u00bbpad-scheda-olivi\u00bb]Pa\u00eds: Albania Destino: Aceite Difusi\u00f3n: Principalmente difundida en la zona central...","og_url":"https:\/\/www.thegardenofpeace.org\/bozza-varieta\/","og_site_name":"The Garden of Peace","article_modified_time":"2023-01-13T14:17:18+00:00","og_image":[{"width":2560,"height":290,"url":"https:\/\/www.thegardenofpeace.org\/wp-content\/uploads\/2025\/12\/manos-olivos-con-mano-de-mujer-alta-definizione-scaled.jpg","type":"image\/jpeg"}],"twitter_card":"summary_large_image","twitter_misc":{"Tiempo de lectura":"24 minutos"},"schema":{"@context":"https:\/\/schema.org","@graph":[{"@type":"WebPage","@id":"https:\/\/www.thegardenofpeace.org\/bozza-varieta\/","url":"https:\/\/www.thegardenofpeace.org\/bozza-varieta\/","name":"Bozza variet\u00e0 - The Garden of Peace","isPartOf":{"@id":"https:\/\/www.thegardenofpeace.org\/fr\/#website"},"datePublished":"2022-07-14T13:33:54+00:00","dateModified":"2023-01-13T14:17:18+00:00","breadcrumb":{"@id":"https:\/\/www.thegardenofpeace.org\/bozza-varieta\/#breadcrumb"},"inLanguage":"es","potentialAction":[{"@type":"ReadAction","target":["https:\/\/www.thegardenofpeace.org\/bozza-varieta\/"]}]},{"@type":"BreadcrumbList","@id":"https:\/\/www.thegardenofpeace.org\/bozza-varieta\/#breadcrumb","itemListElement":[{"@type":"ListItem","position":1,"name":"Home","item":"https:\/\/www.thegardenofpeace.org\/es\/"},{"@type":"ListItem","position":2,"name":"Bozza variet\u00e0"}]},{"@type":"WebSite","@id":"https:\/\/www.thegardenofpeace.org\/fr\/#website","url":"https:\/\/www.thegardenofpeace.org\/fr\/","name":"The Garden of Peace","description":"The Garden of Peace","alternateName":"TGoP","potentialAction":[{"@type":"SearchAction","target":{"@type":"EntryPoint","urlTemplate":"https:\/\/www.thegardenofpeace.org\/fr\/?s={search_term_string}"},"query-input":{"@type":"PropertyValueSpecification","valueRequired":true,"valueName":"search_term_string"}}],"inLanguage":"es"}]}},"_links":{"self":[{"href":"https:\/\/www.thegardenofpeace.org\/es\/wp-json\/wp\/v2\/pages\/1015","targetHints":{"allow":["GET"]}}],"collection":[{"href":"https:\/\/www.thegardenofpeace.org\/es\/wp-json\/wp\/v2\/pages"}],"about":[{"href":"https:\/\/www.thegardenofpeace.org\/es\/wp-json\/wp\/v2\/types\/page"}],"author":[{"embeddable":true,"href":"https:\/\/www.thegardenofpeace.org\/es\/wp-json\/wp\/v2\/users\/1"}],"replies":[{"embeddable":true,"href":"https:\/\/www.thegardenofpeace.org\/es\/wp-json\/wp\/v2\/comments?post=1015"}],"version-history":[{"count":3,"href":"https:\/\/www.thegardenofpeace.org\/es\/wp-json\/wp\/v2\/pages\/1015\/revisions"}],"predecessor-version":[{"id":8201,"href":"https:\/\/www.thegardenofpeace.org\/es\/wp-json\/wp\/v2\/pages\/1015\/revisions\/8201"}],"wp:attachment":[{"href":"https:\/\/www.thegardenofpeace.org\/es\/wp-json\/wp\/v2\/media?parent=1015"}],"curies":[{"name":"wp","href":"https:\/\/api.w.org\/{rel}","templated":true}]}}