{"id":13401,"date":"2022-07-06T16:37:42","date_gmt":"2022-07-06T14:37:42","guid":{"rendered":"https:\/\/www.thegardenofpeace.org\/progettare\/"},"modified":"2025-11-11T11:40:37","modified_gmt":"2025-11-11T10:40:37","slug":"progettare","status":"publish","type":"page","link":"https:\/\/www.thegardenofpeace.org\/es\/progettare\/","title":{"rendered":"Progettare un Giardino della Pace copia"},"content":{"rendered":"<p>[vc_row css_animation=\u00bb\u00bb row_type=\u00bbrow\u00bb use_row_as_full_screen_section=\u00bbno\u00bb type=\u00bbgrid\u00bb angled_section=\u00bbno\u00bb text_align=\u00bbcenter\u00bb background_image_as_pattern=\u00bbwithout_pattern\u00bb z_index=\u00bb\u00bb background_color=\u00bb#ffffff\u00bb][vc_column][vc_empty_space height=\u00bb60px\u00bb][vc_column_text]<\/p>\n<h1 style=\"text-align: center;\"><strong>DISE\u00d1AR UN JARD\u00cdN DE LA PAZ<\/strong><\/h1>\n<h4 style=\"text-align: center;\"><\/h4>\n<p>[\/vc_column_text][vc_empty_space height=\u00bb36px\u00bb][vc_column_text]<\/p>\n<h2 style=\"text-align: center;\"><strong>POSIBILIDADES Y L\u00cdMITES PARA UN USO RESPONSABLE<\/strong><\/h2>\n<p>[\/vc_column_text][vc_empty_space height=\u00bb36px\u00bb]<span class=\"separator_with_icon\" style='color:#707070;'><i class=\"fa fa-tree\"><\/i><\/span>[vc_empty_space height=\u00bb60px\u00bb][\/vc_column][\/vc_row][vc_row css_animation=\u00bb\u00bb row_type=\u00bbrow\u00bb use_row_as_full_screen_section=\u00bbno\u00bb type=\u00bbfull_width\u00bb angled_section=\u00bbno\u00bb text_align=\u00bbleft\u00bb background_image_as_pattern=\u00bbwithout_pattern\u00bb z_index=\u00bb\u00bb background_color=\u00bb#ffffff\u00bb][vc_column][qode_elements_holder background_color=\u00bb#ffffff\u00bb number_of_columns=\u00bbtwo_columns\u00bb][qode_elements_holder_item vertical_alignment=\u00bbmiddle\u00bb horizontal_alignment=\u00bbcenter\u00bb advanced_animations=\u00bbno\u00bb background_color=\u00bb#ffffff\u00bb][vc_single_image image=\u00bb4309&#8243; img_size=\u00bbfull\u00bb alignment=\u00bbcenter\u00bb qode_css_animation=\u00bb\u00bb][\/qode_elements_holder_item][qode_elements_holder_item vertical_alignment=\u00bbmiddle\u00bb advanced_animations=\u00bbno\u00bb background_color=\u00bb#ffffff\u00bb][vc_column_text el_class=\u00bbmw600&#8243;]<\/p>\n<h3 data-start=\"138\" data-end=\"193\"><em><strong data-start=\"138\" data-end=\"193\">El Jard\u00edn de la Paz \u2013 dos recorridos, una sola ra\u00edz<\/strong><\/em><\/h3>\n<p data-start=\"195\" data-end=\"313\">El Jard\u00edn de la Paz es un proyecto abierto y flexible que ofrece a las comunidades dos posibilidades de participaci\u00f3n:<\/p>\n<h3 data-start=\"315\" data-end=\"349\"><em><strong data-start=\"315\" data-end=\"349\">1\ufe0f\u20e3 Di\u00e1logo entre las Naciones<\/strong><\/em><\/h3>\n<p data-start=\"351\" data-end=\"713\">En este recorrido se utilizan 21 variedades de olivo, cada una originaria de un pa\u00eds diferente.<br data-start=\"446\" data-end=\"449\" \/>Simbolizan el encuentro entre culturas y la diplomacia de la paz.<br data-start=\"514\" data-end=\"517\" \/>Cada \u00e1rbol est\u00e1 acompa\u00f1ado por un panel explicativo que indica claramente su origen, como testimonio de la unidad en la diversidad y del di\u00e1logo entre los pueblos a trav\u00e9s de la cultura del olivo.<\/p>\n<h3 data-start=\"715\" data-end=\"755\"><em><strong data-start=\"715\" data-end=\"755\">2\ufe0f\u20e3 Territorios de la Sostenibilidad<\/strong><\/em><\/h3>\n<p data-start=\"757\" data-end=\"1093\">Este recorrido representa la difusi\u00f3n mundial del olivo a trav\u00e9s de 25 variedades representativas, cinco por cada uno de los cinco continentes.<br data-start=\"900\" data-end=\"903\" \/>En este caso, no se indica el pa\u00eds de origen, sino la zona de desarrollo y difusi\u00f3n de cada variedad, expresi\u00f3n de la paz con la Tierra y del compromiso colectivo hacia un futuro sostenible.<\/p>\n<p data-start=\"1095\" data-end=\"1382\">\ud83d\udce9 Para conocer mejor estos dos recorridos o para iniciar tu propio Jard\u00edn de la Paz, puedes escribir directamente a:<br data-start=\"1212\" data-end=\"1215\" \/><strong data-start=\"1215\" data-end=\"1292\">Francesco Serafini \u2013 Presidente de TGoP \u2022 <a class=\"decorated-link cursor-pointer\" href=\"mailto:f.serafini@thegardenofpeace.org\" target=\"_blank\" rel=\"noopener\" data-start=\"1259\" data-end=\"1290\">f.serafini@thegardenofpeace.org<\/a><\/strong><br data-start=\"1292\" data-end=\"1295\" \/>Estar\u00e1 encantado de ofrecerte informaci\u00f3n y acompa\u00f1arte en la realizaci\u00f3n del proyecto.<\/p>\n<p>[\/vc_column_text][vc_empty_space height=\u00bb15px\u00bb][\/qode_elements_holder_item][\/qode_elements_holder][\/vc_column][\/vc_row][vc_row css_animation=\u00bb\u00bb row_type=\u00bbrow\u00bb use_row_as_full_screen_section=\u00bbno\u00bb type=\u00bbfull_width\u00bb angled_section=\u00bbno\u00bb text_align=\u00bbleft\u00bb background_image_as_pattern=\u00bbwithout_pattern\u00bb z_index=\u00bb\u00bb background_color=\u00bb#ececec\u00bb][vc_column offset=\u00bbvc_hidden-xs\u00bb][qode_elements_holder background_color=\u00bb#ffffff\u00bb number_of_columns=\u00bbtwo_columns\u00bb][qode_elements_holder_item vertical_alignment=\u00bbmiddle\u00bb advanced_animations=\u00bbno\u00bb][vc_empty_space height=\u00bb15px\u00bb][vc_column_text el_class=\u00bbmw600&#8243;]<\/p>\n<h3 data-start=\"126\" data-end=\"161\"><em><strong data-start=\"126\" data-end=\"161\">Espacios de encuentro y belleza<\/strong><\/em><\/h3>\n<p data-start=\"163\" data-end=\"393\">Cada Jard\u00edn de la Paz es un espacio de convivencia donde la naturaleza y la cultura se encuentran.<br data-start=\"261\" data-end=\"264\" \/>Acoge talleres, eventos y ceremonias, convirti\u00e9ndose en un lugar vivo, capaz de unir educaci\u00f3n, arte y participaci\u00f3n comunitaria.<\/p>\n<h3 data-start=\"395\" data-end=\"433\"><em><strong data-start=\"395\" data-end=\"433\">\u00c9tica y responsabilidad compartida<\/strong><\/em><\/h3>\n<p data-start=\"435\" data-end=\"813\">Para preservar su integridad, el uso del jard\u00edn est\u00e1 reservado exclusivamente a fines educativos, cient\u00edficos, ambientales y sociales.<br data-start=\"569\" data-end=\"572\" \/>Quedan prohibidos los usos con fines pol\u00edticos, comerciales o propagand\u00edsticos.<br data-start=\"651\" data-end=\"654\" \/>El incumplimiento de estos principios conlleva la revocaci\u00f3n del reconocimiento oficial y la retirada del jard\u00edn de la red internacional <em data-start=\"791\" data-end=\"812\">The Garden of Peace<\/em>.<\/p>\n<p>[\/vc_column_text][vc_empty_space height=\u00bb15px\u00bb][\/qode_elements_holder_item][qode_elements_holder_item vertical_alignment=\u00bbmiddle\u00bb horizontal_alignment=\u00bbcenter\u00bb advanced_animations=\u00bbno\u00bb][vc_single_image image=\u00bb4313&#8243; img_size=\u00bbfull\u00bb alignment=\u00bbcenter\u00bb qode_css_animation=\u00bb\u00bb][\/qode_elements_holder_item][\/qode_elements_holder][\/vc_column][\/vc_row][vc_row css_animation=\u00bb\u00bb row_type=\u00bbrow\u00bb use_row_as_full_screen_section=\u00bbno\u00bb type=\u00bbfull_width\u00bb angled_section=\u00bbno\u00bb text_align=\u00bbleft\u00bb background_image_as_pattern=\u00bbwithout_pattern\u00bb z_index=\u00bb\u00bb background_color=\u00bb#ececec\u00bb][vc_column offset=\u00bbvc_hidden-lg vc_hidden-md vc_hidden-sm\u00bb][qode_elements_holder number_of_columns=\u00bbtwo_columns\u00bb][qode_elements_holder_item vertical_alignment=\u00bbmiddle\u00bb horizontal_alignment=\u00bbcenter\u00bb advanced_animations=\u00bbno\u00bb background_color=\u00bb#ffffff\u00bb][vc_single_image image=\u00bb4313&#8243; img_size=\u00bbfull\u00bb alignment=\u00bbcenter\u00bb qode_css_animation=\u00bb\u00bb][\/qode_elements_holder_item][qode_elements_holder_item vertical_alignment=\u00bbmiddle\u00bb advanced_animations=\u00bbno\u00bb][vc_empty_space height=\u00bb15px\u00bb][vc_column_text el_class=\u00bbmw600&#8243;]<\/p>\n<h3 data-start=\"126\" data-end=\"161\"><em><strong data-start=\"126\" data-end=\"161\">Espacios de encuentro y belleza<\/strong><\/em><\/h3>\n<p data-start=\"163\" data-end=\"393\">Cada Jard\u00edn de la Paz es un espacio de convivencia donde la naturaleza y la cultura se encuentran.<br data-start=\"261\" data-end=\"264\" \/>Acoge talleres, eventos y ceremonias, convirti\u00e9ndose en un lugar vivo, capaz de unir educaci\u00f3n, arte y participaci\u00f3n comunitaria.<\/p>\n<h3 data-start=\"395\" data-end=\"433\"><em><strong data-start=\"395\" data-end=\"433\">\u00c9tica y responsabilidad compartida<\/strong><\/em><\/h3>\n<p data-start=\"435\" data-end=\"813\">Para preservar su integridad, el uso del jard\u00edn est\u00e1 reservado exclusivamente a fines educativos, cient\u00edficos, ambientales y sociales.<br data-start=\"569\" data-end=\"572\" \/>Quedan prohibidos los usos con fines pol\u00edticos, comerciales o propagand\u00edsticos.<br data-start=\"651\" data-end=\"654\" \/>El incumplimiento de estos principios conlleva la revocaci\u00f3n del reconocimiento oficial y la retirada del jard\u00edn de la red internacional <em data-start=\"791\" data-end=\"812\">The Garden of Peace<\/em>.<\/p>\n<p>[\/vc_column_text][vc_empty_space height=\u00bb15px\u00bb][\/qode_elements_holder_item][\/qode_elements_holder][\/vc_column][\/vc_row][vc_row css_animation=\u00bb\u00bb row_type=\u00bbrow\u00bb use_row_as_full_screen_section=\u00bbno\u00bb type=\u00bbfull_width\u00bb angled_section=\u00bbno\u00bb text_align=\u00bbleft\u00bb background_image_as_pattern=\u00bbwithout_pattern\u00bb z_index=\u00bb\u00bb background_color=\u00bb#ffffff\u00bb][vc_column][qode_elements_holder background_color=\u00bb#ffffff\u00bb number_of_columns=\u00bbtwo_columns\u00bb][qode_elements_holder_item vertical_alignment=\u00bbmiddle\u00bb advanced_animations=\u00bbno\u00bb background_image=\u00bb1077&#8243; background_color=\u00bb#ffffff\u00bb][vc_single_image image=\u00bb4318&#8243; img_size=\u00bbfull\u00bb alignment=\u00bbcenter\u00bb qode_css_animation=\u00bb\u00bb][\/qode_elements_holder_item][qode_elements_holder_item vertical_alignment=\u00bbmiddle\u00bb horizontal_alignment=\u00bbleft\u00bb advanced_animations=\u00bbno\u00bb background_color=\u00bb#ffffff\u00bb][vc_empty_space height=\u00bb15px\u00bb][vc_column_text el_class=\u00bbmw600&#8243;]<\/p>\n<h3 data-start=\"121\" data-end=\"161\"><em><strong data-start=\"121\" data-end=\"161\">Las comunidades guardianas de la paz<\/strong><\/em><\/h3>\n<p data-start=\"163\" data-end=\"465\">La asociaci\u00f3n presta especial atenci\u00f3n a las peque\u00f1as realidades territoriales, a menudo guardianas de tradiciones y paisajes valiosos.<br data-start=\"298\" data-end=\"301\" \/>Por ello, promueve la creaci\u00f3n de espacios polifuncionales donde puedan desarrollarse actividades culturales, conciertos, ferias o talleres abiertos a la comunidad.<\/p>\n<h3 data-start=\"467\" data-end=\"500\"><em><strong data-start=\"467\" data-end=\"500\">Memoria, futuro y territorios<\/strong><\/em><\/h3>\n<p data-start=\"502\" data-end=\"998\">Durante la creaci\u00f3n de un Jard\u00edn de la Paz, la colaboraci\u00f3n intergeneracional es fundamental: los j\u00f3venes plantan el futuro, mientras que los mayores custodian la memoria del olivo.<br data-start=\"683\" data-end=\"686\" \/>En los <em data-start=\"693\" data-end=\"727\">Territorios de la Sostenibilidad<\/em>, la atenci\u00f3n se centra en la puesta en valor de los paisajes naturales y culturales, y no en los pol\u00edticos: monta\u00f1as, desiertos, costas y llanuras pasan a formar parte de un relato global de armon\u00eda, donde la paz echa ra\u00edces en la tierra y crece con quienes la cultivan.<\/p>\n<p>[\/vc_column_text][vc_empty_space height=\u00bb15px\u00bb][\/qode_elements_holder_item][\/qode_elements_holder][vc_empty_space height=\u00bb36px\u00bb]<span class=\"separator_with_icon\" style='color:#707070;'><i class=\"fa fa-tree\"><\/i><\/span>[\/vc_column][\/vc_row]<\/p>\n","protected":false},"excerpt":{"rendered":"<p>[vc_row css_animation=\u00bb\u00bb row_type=\u00bbrow\u00bb use_row_as_full_screen_section=\u00bbno\u00bb type=\u00bbgrid\u00bb angled_section=\u00bbno\u00bb text_align=\u00bbcenter\u00bb background_image_as_pattern=\u00bbwithout_pattern\u00bb z_index=\u00bb\u00bb background_color=\u00bb#ffffff\u00bb][vc_column][vc_empty_space height=\u00bb60px\u00bb][vc_column_text] DISE\u00d1AR UN JARD\u00cdN DE LA PAZ [\/vc_column_text][vc_empty_space height=\u00bb36px\u00bb][vc_column_text] POSIBILIDADES Y L\u00cdMITES PARA UN USO RESPONSABLE [\/vc_column_text][vc_empty_space height=\u00bb36px\u00bb][vc_empty_space height=\u00bb60px\u00bb][\/vc_column][\/vc_row][vc_row css_animation=\u00bb\u00bb row_type=\u00bbrow\u00bb use_row_as_full_screen_section=\u00bbno\u00bb type=\u00bbfull_width\u00bb angled_section=\u00bbno\u00bb text_align=\u00bbleft\u00bb background_image_as_pattern=\u00bbwithout_pattern\u00bb z_index=\u00bb\u00bb background_color=\u00bb#ffffff\u00bb][vc_column][qode_elements_holder background_color=\u00bb#ffffff\u00bb number_of_columns=\u00bbtwo_columns\u00bb][qode_elements_holder_item vertical_alignment=\u00bbmiddle\u00bb horizontal_alignment=\u00bbcenter\u00bb advanced_animations=\u00bbno\u00bb background_color=\u00bb#ffffff\u00bb][vc_single_image image=\u00bb4309&#8243;&#8230;<\/p>\n","protected":false},"author":3,"featured_media":0,"parent":0,"menu_order":0,"comment_status":"closed","ping_status":"closed","template":"full_width.php","meta":{"footnotes":""},"class_list":["post-13401","page","type-page","status-publish","hentry"],"yoast_head":"<!-- This site is optimized with the Yoast SEO plugin v27.1.1 - https:\/\/yoast.com\/product\/yoast-seo-wordpress\/ -->\n<title>Progettare un Giardino della Pace copia - The Garden of Peace<\/title>\n<meta name=\"robots\" content=\"index, follow, max-snippet:-1, max-image-preview:large, max-video-preview:-1\" \/>\n<link rel=\"canonical\" href=\"https:\/\/www.thegardenofpeace.org\/es\/progettare\/\" \/>\n<meta property=\"og:locale\" content=\"es_ES\" \/>\n<meta property=\"og:type\" content=\"article\" \/>\n<meta property=\"og:title\" content=\"Progettare un Giardino della Pace copia - The Garden of Peace\" \/>\n<meta property=\"og:description\" content=\"[vc_row css_animation=\u00bb\u00bb row_type=\u00bbrow\u00bb use_row_as_full_screen_section=\u00bbno\u00bb type=\u00bbgrid\u00bb angled_section=\u00bbno\u00bb text_align=\u00bbcenter\u00bb background_image_as_pattern=\u00bbwithout_pattern\u00bb z_index=\u00bb\u00bb background_color=\u00bb#ffffff\u00bb][vc_column][vc_empty_space height=\u00bb60px\u00bb][vc_column_text] DISE\u00d1AR UN JARD\u00cdN DE LA PAZ [\/vc_column_text][vc_empty_space height=\u00bb36px\u00bb][vc_column_text] POSIBILIDADES Y L\u00cdMITES PARA UN USO RESPONSABLE [\/vc_column_text][vc_empty_space height=\u00bb36px\u00bb][vc_empty_space height=\u00bb60px\u00bb][\/vc_column][\/vc_row][vc_row css_animation=\u00bb\u00bb row_type=\u00bbrow\u00bb use_row_as_full_screen_section=\u00bbno\u00bb type=\u00bbfull_width\u00bb angled_section=\u00bbno\u00bb text_align=\u00bbleft\u00bb background_image_as_pattern=\u00bbwithout_pattern\u00bb z_index=\u00bb\u00bb background_color=\u00bb#ffffff\u00bb][vc_column][qode_elements_holder background_color=\u00bb#ffffff\u00bb number_of_columns=\u00bbtwo_columns\u00bb][qode_elements_holder_item vertical_alignment=\u00bbmiddle\u00bb horizontal_alignment=\u00bbcenter\u00bb advanced_animations=\u00bbno\u00bb background_color=\u00bb#ffffff\u00bb][vc_single_image image=\u00bb4309&#8243;...\" \/>\n<meta property=\"og:url\" content=\"https:\/\/www.thegardenofpeace.org\/es\/progettare\/\" \/>\n<meta property=\"og:site_name\" content=\"The Garden of Peace\" \/>\n<meta property=\"article:modified_time\" content=\"2025-11-11T10:40:37+00:00\" \/>\n<meta property=\"og:image\" content=\"https:\/\/www.thegardenofpeace.org\/wp-content\/uploads\/2025\/12\/manos-olivos-con-mano-de-mujer-alta-definizione-scaled.jpg\" \/>\n\t<meta property=\"og:image:width\" content=\"2560\" \/>\n\t<meta property=\"og:image:height\" content=\"290\" \/>\n\t<meta property=\"og:image:type\" content=\"image\/jpeg\" \/>\n<meta name=\"twitter:card\" content=\"summary_large_image\" \/>\n<meta name=\"twitter:label1\" content=\"Tiempo de lectura\" \/>\n\t<meta name=\"twitter:data1\" content=\"6 minutos\" \/>\n<script type=\"application\/ld+json\" class=\"yoast-schema-graph\">{\"@context\":\"https:\/\/schema.org\",\"@graph\":[{\"@type\":\"WebPage\",\"@id\":\"https:\/\/www.thegardenofpeace.org\/es\/progettare\/\",\"url\":\"https:\/\/www.thegardenofpeace.org\/es\/progettare\/\",\"name\":\"Progettare un Giardino della Pace copia - The Garden of Peace\",\"isPartOf\":{\"@id\":\"https:\/\/www.thegardenofpeace.org\/fr\/#website\"},\"datePublished\":\"2022-07-06T14:37:42+00:00\",\"dateModified\":\"2025-11-11T10:40:37+00:00\",\"breadcrumb\":{\"@id\":\"https:\/\/www.thegardenofpeace.org\/es\/progettare\/#breadcrumb\"},\"inLanguage\":\"es\",\"potentialAction\":[{\"@type\":\"ReadAction\",\"target\":[\"https:\/\/www.thegardenofpeace.org\/es\/progettare\/\"]}]},{\"@type\":\"BreadcrumbList\",\"@id\":\"https:\/\/www.thegardenofpeace.org\/es\/progettare\/#breadcrumb\",\"itemListElement\":[{\"@type\":\"ListItem\",\"position\":1,\"name\":\"Home\",\"item\":\"https:\/\/www.thegardenofpeace.org\/es\/\"},{\"@type\":\"ListItem\",\"position\":2,\"name\":\"Progettare un Giardino della Pace copia\"}]},{\"@type\":\"WebSite\",\"@id\":\"https:\/\/www.thegardenofpeace.org\/fr\/#website\",\"url\":\"https:\/\/www.thegardenofpeace.org\/fr\/\",\"name\":\"The Garden of Peace\",\"description\":\"The Garden of Peace\",\"alternateName\":\"TGoP\",\"potentialAction\":[{\"@type\":\"SearchAction\",\"target\":{\"@type\":\"EntryPoint\",\"urlTemplate\":\"https:\/\/www.thegardenofpeace.org\/fr\/?s={search_term_string}\"},\"query-input\":{\"@type\":\"PropertyValueSpecification\",\"valueRequired\":true,\"valueName\":\"search_term_string\"}}],\"inLanguage\":\"es\"}]}<\/script>\n<!-- \/ Yoast SEO plugin. -->","yoast_head_json":{"title":"Progettare un Giardino della Pace copia - The Garden of Peace","robots":{"index":"index","follow":"follow","max-snippet":"max-snippet:-1","max-image-preview":"max-image-preview:large","max-video-preview":"max-video-preview:-1"},"canonical":"https:\/\/www.thegardenofpeace.org\/es\/progettare\/","og_locale":"es_ES","og_type":"article","og_title":"Progettare un Giardino della Pace copia - The Garden of Peace","og_description":"[vc_row css_animation=\u00bb\u00bb row_type=\u00bbrow\u00bb use_row_as_full_screen_section=\u00bbno\u00bb type=\u00bbgrid\u00bb angled_section=\u00bbno\u00bb text_align=\u00bbcenter\u00bb background_image_as_pattern=\u00bbwithout_pattern\u00bb z_index=\u00bb\u00bb background_color=\u00bb#ffffff\u00bb][vc_column][vc_empty_space height=\u00bb60px\u00bb][vc_column_text] DISE\u00d1AR UN JARD\u00cdN DE LA PAZ [\/vc_column_text][vc_empty_space height=\u00bb36px\u00bb][vc_column_text] POSIBILIDADES Y L\u00cdMITES PARA UN USO RESPONSABLE [\/vc_column_text][vc_empty_space height=\u00bb36px\u00bb][vc_empty_space height=\u00bb60px\u00bb][\/vc_column][\/vc_row][vc_row css_animation=\u00bb\u00bb row_type=\u00bbrow\u00bb use_row_as_full_screen_section=\u00bbno\u00bb type=\u00bbfull_width\u00bb angled_section=\u00bbno\u00bb text_align=\u00bbleft\u00bb background_image_as_pattern=\u00bbwithout_pattern\u00bb z_index=\u00bb\u00bb background_color=\u00bb#ffffff\u00bb][vc_column][qode_elements_holder background_color=\u00bb#ffffff\u00bb number_of_columns=\u00bbtwo_columns\u00bb][qode_elements_holder_item vertical_alignment=\u00bbmiddle\u00bb horizontal_alignment=\u00bbcenter\u00bb advanced_animations=\u00bbno\u00bb background_color=\u00bb#ffffff\u00bb][vc_single_image image=\u00bb4309&#8243;...","og_url":"https:\/\/www.thegardenofpeace.org\/es\/progettare\/","og_site_name":"The Garden of Peace","article_modified_time":"2025-11-11T10:40:37+00:00","og_image":[{"width":2560,"height":290,"url":"https:\/\/www.thegardenofpeace.org\/wp-content\/uploads\/2025\/12\/manos-olivos-con-mano-de-mujer-alta-definizione-scaled.jpg","type":"image\/jpeg"}],"twitter_card":"summary_large_image","twitter_misc":{"Tiempo de lectura":"6 minutos"},"schema":{"@context":"https:\/\/schema.org","@graph":[{"@type":"WebPage","@id":"https:\/\/www.thegardenofpeace.org\/es\/progettare\/","url":"https:\/\/www.thegardenofpeace.org\/es\/progettare\/","name":"Progettare un Giardino della Pace copia - The Garden of Peace","isPartOf":{"@id":"https:\/\/www.thegardenofpeace.org\/fr\/#website"},"datePublished":"2022-07-06T14:37:42+00:00","dateModified":"2025-11-11T10:40:37+00:00","breadcrumb":{"@id":"https:\/\/www.thegardenofpeace.org\/es\/progettare\/#breadcrumb"},"inLanguage":"es","potentialAction":[{"@type":"ReadAction","target":["https:\/\/www.thegardenofpeace.org\/es\/progettare\/"]}]},{"@type":"BreadcrumbList","@id":"https:\/\/www.thegardenofpeace.org\/es\/progettare\/#breadcrumb","itemListElement":[{"@type":"ListItem","position":1,"name":"Home","item":"https:\/\/www.thegardenofpeace.org\/es\/"},{"@type":"ListItem","position":2,"name":"Progettare un Giardino della Pace copia"}]},{"@type":"WebSite","@id":"https:\/\/www.thegardenofpeace.org\/fr\/#website","url":"https:\/\/www.thegardenofpeace.org\/fr\/","name":"The Garden of Peace","description":"The Garden of Peace","alternateName":"TGoP","potentialAction":[{"@type":"SearchAction","target":{"@type":"EntryPoint","urlTemplate":"https:\/\/www.thegardenofpeace.org\/fr\/?s={search_term_string}"},"query-input":{"@type":"PropertyValueSpecification","valueRequired":true,"valueName":"search_term_string"}}],"inLanguage":"es"}]}},"_links":{"self":[{"href":"https:\/\/www.thegardenofpeace.org\/es\/wp-json\/wp\/v2\/pages\/13401","targetHints":{"allow":["GET"]}}],"collection":[{"href":"https:\/\/www.thegardenofpeace.org\/es\/wp-json\/wp\/v2\/pages"}],"about":[{"href":"https:\/\/www.thegardenofpeace.org\/es\/wp-json\/wp\/v2\/types\/page"}],"author":[{"embeddable":true,"href":"https:\/\/www.thegardenofpeace.org\/es\/wp-json\/wp\/v2\/users\/3"}],"replies":[{"embeddable":true,"href":"https:\/\/www.thegardenofpeace.org\/es\/wp-json\/wp\/v2\/comments?post=13401"}],"version-history":[{"count":3,"href":"https:\/\/www.thegardenofpeace.org\/es\/wp-json\/wp\/v2\/pages\/13401\/revisions"}],"predecessor-version":[{"id":13455,"href":"https:\/\/www.thegardenofpeace.org\/es\/wp-json\/wp\/v2\/pages\/13401\/revisions\/13455"}],"wp:attachment":[{"href":"https:\/\/www.thegardenofpeace.org\/es\/wp-json\/wp\/v2\/media?parent=13401"}],"curies":[{"name":"wp","href":"https:\/\/api.w.org\/{rel}","templated":true}]}}