{"id":613,"date":"2022-07-06T16:37:42","date_gmt":"2022-07-06T14:37:42","guid":{"rendered":"https:\/\/www.thegardenofpeace.org\/symbol\/"},"modified":"2025-03-17T17:05:12","modified_gmt":"2025-03-17T16:05:12","slug":"symbol","status":"publish","type":"page","link":"https:\/\/www.thegardenofpeace.org\/es\/symbol\/","title":{"rendered":"DISE\u00d1AR UN JARD\u00cdN DE LA PAZ"},"content":{"rendered":"<p>[vc_row css_animation=\u00bb\u00bb row_type=\u00bbrow\u00bb use_row_as_full_screen_section=\u00bbno\u00bb type=\u00bbgrid\u00bb angled_section=\u00bbno\u00bb text_align=\u00bbcenter\u00bb background_image_as_pattern=\u00bbwithout_pattern\u00bb z_index=\u00bb\u00bb background_color=\u00bb#ffffff\u00bb][vc_column][vc_empty_space height=\u00bb60px\u00bb][vc_column_text]<\/p>\n<h1 style=\"text-align: center;\"><strong>DISE\u00d1ANDO UN JARD\u00cdN DE LA PAZ<\/strong><\/h1>\n<p>[\/vc_column_text][vc_empty_space height=\u00bb36px\u00bb][vc_column_text]<\/p>\n<h2 style=\"text-align: center;\"><strong>POSIBILIDADES Y L\u00cdMITES PARA UN USO RESPONSABLE<\/strong><\/h2>\n<p>[\/vc_column_text][vc_empty_space]<span class=\"separator_with_icon\" style='color:#6d6d6d;'><i class=\"fa fa-tree\"><\/i><\/span>[vc_empty_space height=\u00bb36px\u00bb][\/vc_column][\/vc_row][vc_row css_animation=\u00bb\u00bb row_type=\u00bbrow\u00bb use_row_as_full_screen_section=\u00bbno\u00bb type=\u00bbfull_width\u00bb angled_section=\u00bbno\u00bb text_align=\u00bbleft\u00bb background_image_as_pattern=\u00bbwithout_pattern\u00bb z_index=\u00bb\u00bb background_color=\u00bb#ffffff\u00bb][vc_column][qode_elements_holder background_color=\u00bb#ffffff\u00bb number_of_columns=\u00bbtwo_columns\u00bb][qode_elements_holder_item vertical_alignment=\u00bbmiddle\u00bb horizontal_alignment=\u00bbcenter\u00bb advanced_animations=\u00bbno\u00bb][vc_single_image image=\u00bb4312&#8243; img_size=\u00bbfull\u00bb qode_css_animation=\u00bb\u00bb][\/qode_elements_holder_item][qode_elements_holder_item vertical_alignment=\u00bbmiddle\u00bb advanced_animations=\u00bbno\u00bb background_color=\u00bb#ffffff\u00bb][vc_empty_space height=\u00bb15px\u00bb][vc_column_text el_class=\u00bbmw600&#8243;]<\/p>\n<h3><em><strong>Un proyecto abierto a la personalizaci\u00f3n<\/strong><\/em><\/h3>\n<p>El Jard\u00edn de la Paz es un proyecto abierto que ofrece la posibilidad de personalizaci\u00f3n por parte de las comunidades participantes, siempre respetando los l\u00edmites establecidos en el acuerdo firmado entre el depositario y la asociaci\u00f3n The Garden of Peace. La asociaci\u00f3n proporciona la informaci\u00f3n necesaria para tomar decisiones conscientes, permitiendo la caracterizaci\u00f3n del jard\u00edn en armon\u00eda con el territorio, los habitantes y el mensaje a transmitir. Su realizaci\u00f3n requiere una planificaci\u00f3n cuidadosa y la participaci\u00f3n de la comunidad.<\/p>\n<p>El jard\u00edn ofrece diferentes posibilidades de uso, generando una sensaci\u00f3n de paz a trav\u00e9s de un paseo entre los olivos provenientes de diferentes naciones mediterr\u00e1neas y m\u00e1s all\u00e1. Sin embargo, el uso del jard\u00edn est\u00e1 regulado para garantizar la coherencia e integridad del proyecto, prohibiendo prop\u00f3sitos propagand\u00edsticos, comerciales o pol\u00edticos. La asociaci\u00f3n se centra en apoyar a peque\u00f1as comunidades locales, recomendando la creaci\u00f3n de un espacio multifuncional junto al jard\u00edn para promover la identidad y la participaci\u00f3n de la comunidad. Este espacio se puede utilizar para cualquier tipo de evento, desde exposiciones hasta conciertos, conferencias y m\u00e1s.<\/p>\n<p>Durante la fase de implementaci\u00f3n, es fundamental la participaci\u00f3n de los estudiantes, quienes pueden involucrarse en todos los aspectos del proyecto, desde el dise\u00f1o hasta la plantaci\u00f3n de las variedades de olivo. Los ancianos de la comunidad pueden contribuir con su experiencia, apoyando en la plantaci\u00f3n de los olivos y compartiendo conocimientos tradicionales relacionados con la olivicultura que de lo contrario podr\u00edan perderse.<\/p>\n<p>&nbsp;<\/p>\n<h3><em><strong>Realizaci\u00f3n del jard\u00edn de la paz<\/strong><\/em><\/h3>\n<p>La realizaci\u00f3n del Jard\u00edn de la Paz requiere una planificaci\u00f3n cuidadosa y la participaci\u00f3n activa de toda la comunidad. Durante la fase de dise\u00f1o, se multiplican las 21 variedades de olivos del BMGO (Banco Mundial de Germoplasma del Olivo) de C\u00f3rdoba, Espa\u00f1a. Las pl\u00e1ntulas se env\u00edan acompa\u00f1adas de un pasaporte fitosanitario que, en cumplimiento con el reglamento de la UE, garantiza la ausencia de pat\u00f3genos establecidos por dicha normativa. Esto asegura la integridad de las plantas y su idoneidad para la creaci\u00f3n del jard\u00edn.[\/vc_column_text][vc_empty_space height=\u00bb15px\u00bb][\/qode_elements_holder_item][\/qode_elements_holder][\/vc_column][\/vc_row][vc_row css_animation=\u00bb\u00bb row_type=\u00bbrow\u00bb use_row_as_full_screen_section=\u00bbno\u00bb type=\u00bbfull_width\u00bb angled_section=\u00bbno\u00bb text_align=\u00bbleft\u00bb background_image_as_pattern=\u00bbwithout_pattern\u00bb z_index=\u00bb\u00bb background_color=\u00bb#ececec\u00bb][vc_column offset=\u00bbvc_hidden-xs\u00bb][qode_elements_holder background_color=\u00bb#ffffff\u00bb number_of_columns=\u00bbtwo_columns\u00bb][qode_elements_holder_item vertical_alignment=\u00bbmiddle\u00bb advanced_animations=\u00bbno\u00bb][vc_empty_space height=\u00bb15px\u00bb][vc_column_text el_class=\u00bbmw600&#8243;]<\/p>\n<h3><em><strong>Posibilidades de uso del jard\u00edn de la paz<\/strong><\/em><\/h3>\n<p>La creaci\u00f3n de un Jard\u00edn de la Paz ofrece diversas posibilidades de uso, permitiendo la creaci\u00f3n de un espacio de encuentro f\u00e1cil de realizar y disfrutar. A trav\u00e9s de un paseo por el jard\u00edn, entre los olivos provenientes de 21 naciones del Mediterr\u00e1neo y m\u00e1s all\u00e1, es posible generar una sensaci\u00f3n de paz y sentar las bases para una visi\u00f3n positiva hacia el mundo y la humanidad. El proyecto se adapta a cualquier soluci\u00f3n urbana, ofreciendo la flexibilidad necesaria para integrarse en los contextos locales. Sin embargo, el proyecto tiene restricciones y el incumplimiento por parte del depositario conlleva la eliminaci\u00f3n de la web de The Garden of Peace y de todas las iniciativas relacionadas.<\/p>\n<p>&nbsp;<\/p>\n<h3><em><strong>L\u00edmites de uso del jard\u00edn de la paz<\/strong><\/em><\/h3>\n<p>El uso del Jard\u00edn de la Paz est\u00e1 regulado por los estatutos de The Garden of Peace, que establecen ciertos l\u00edmites. Los usos permitidos incluyen fines informativos, educativos, divulgativos, cient\u00edficos y la promoci\u00f3n del territorio. Sin embargo, el uso del jard\u00edn est\u00e1 prohibido para fines propagand\u00edsticos, comerciales y lucrativos, pol\u00edticos, personales o para cualquier otro fin que evite el esp\u00edritu \u00e9tico del proyecto a discreci\u00f3n de la asociaci\u00f3n.[\/vc_column_text][vc_empty_space height=\u00bb15px\u00bb][\/qode_elements_holder_item][qode_elements_holder_item vertical_alignment=\u00bbmiddle\u00bb horizontal_alignment=\u00bbcenter\u00bb advanced_animations=\u00bbno\u00bb][vc_single_image image=\u00bb4304&#8243; img_size=\u00bbfull\u00bb qode_css_animation=\u00bb\u00bb][\/qode_elements_holder_item][\/qode_elements_holder][\/vc_column][\/vc_row][vc_row css_animation=\u00bb\u00bb row_type=\u00bbrow\u00bb use_row_as_full_screen_section=\u00bbno\u00bb type=\u00bbfull_width\u00bb angled_section=\u00bbno\u00bb text_align=\u00bbleft\u00bb background_image_as_pattern=\u00bbwithout_pattern\u00bb z_index=\u00bb\u00bb background_color=\u00bb#ececec\u00bb][vc_column offset=\u00bbvc_hidden-lg vc_hidden-md vc_hidden-sm\u00bb][qode_elements_holder background_color=\u00bb#ffffff\u00bb number_of_columns=\u00bbtwo_columns\u00bb][qode_elements_holder_item vertical_alignment=\u00bbmiddle\u00bb horizontal_alignment=\u00bbcenter\u00bb advanced_animations=\u00bbno\u00bb][vc_single_image image=\u00bb4304&#8243; img_size=\u00bbfull\u00bb qode_css_animation=\u00bb\u00bb][\/qode_elements_holder_item][qode_elements_holder_item vertical_alignment=\u00bbmiddle\u00bb advanced_animations=\u00bbno\u00bb][vc_empty_space height=\u00bb15px\u00bb][vc_column_text el_class=\u00bbmw600&#8243;]<\/p>\n<h3><em>Posibilidades de uso del jard\u00edn de la paz<\/em><\/h3>\n<p>La creaci\u00f3n de un Jard\u00edn de la Paz ofrece diversas posibilidades de uso, permitiendo la creaci\u00f3n de un espacio de encuentro f\u00e1cil de realizar y disfrutar. A trav\u00e9s de un paseo por el jard\u00edn, entre los olivos provenientes de 21 naciones del Mediterr\u00e1neo y m\u00e1s all\u00e1, es posible generar una sensaci\u00f3n de paz y sentar las bases para una visi\u00f3n positiva hacia el mundo y la humanidad. El proyecto se adapta a cualquier soluci\u00f3n urbana, ofreciendo la flexibilidad necesaria para integrarse en los contextos locales. Sin embargo, el proyecto tiene restricciones y el incumplimiento por parte del depositario conlleva la eliminaci\u00f3n de la web de The Garden of Peace y de todas las iniciativas relacionadas.<\/p>\n<p>&nbsp;<\/p>\n<h3><em><strong>L\u00edmites de uso del jard\u00edn de la paz<\/strong><\/em><\/h3>\n<p>El uso del Jard\u00edn de la Paz est\u00e1 regulado por los estatutos de The Garden of Peace, que establecen ciertos l\u00edmites. Los usos permitidos incluyen fines informativos, educativos, divulgativos, cient\u00edficos y la promoci\u00f3n del territorio. Sin embargo, el uso del jard\u00edn est\u00e1 prohibido para fines propagand\u00edsticos, comerciales y lucrativos, pol\u00edticos, personales o para cualquier otro fin que evite el esp\u00edritu \u00e9tico del proyecto a discreci\u00f3n de la asociaci\u00f3n.[\/vc_column_text][vc_empty_space height=\u00bb15px\u00bb][\/qode_elements_holder_item][\/qode_elements_holder][\/vc_column][\/vc_row][vc_row css_animation=\u00bb\u00bb row_type=\u00bbrow\u00bb use_row_as_full_screen_section=\u00bbno\u00bb type=\u00bbfull_width\u00bb angled_section=\u00bbno\u00bb text_align=\u00bbleft\u00bb background_image_as_pattern=\u00bbwithout_pattern\u00bb z_index=\u00bb\u00bb background_color=\u00bb#ffffff\u00bb][vc_column][qode_elements_holder number_of_columns=\u00bbtwo_columns\u00bb][qode_elements_holder_item vertical_alignment=\u00bbmiddle\u00bb advanced_animations=\u00bbno\u00bb background_image=\u00bb1077&#8243;][vc_single_image image=\u00bb4334&#8243; img_size=\u00bbfull\u00bb qode_css_animation=\u00bb\u00bb][\/qode_elements_holder_item][qode_elements_holder_item vertical_alignment=\u00bbmiddle\u00bb horizontal_alignment=\u00bbleft\u00bb advanced_animations=\u00bbno\u00bb background_color=\u00bb#ffffff\u00bb][vc_empty_space height=\u00bb15px\u00bb][vc_column_text el_class=\u00bbmw600&#8243;]<\/p>\n<h3><em><strong>Enfoque en las peque\u00f1as comunidades locales<\/strong><\/em><\/h3>\n<p>La asociaci\u00f3n The Garden of Peace, una organizaci\u00f3n sin fines de lucro, presta especial atenci\u00f3n a las peque\u00f1as comunidades a menudo perif\u00e9ricas y con recursos limitados, buscando satisfacer sus necesidades y posibilidades. Con el objetivo de fomentar la participaci\u00f3n activa de la comunidad y valorar el territorio, se propone crear un espacio polifuncional junto al jard\u00edn, que pueda albergar conciertos, exposiciones, ferias y actividades l\u00fadicas para ni\u00f1os, contribuyendo as\u00ed a fortalecer el sentido de identidad y promover la permanencia de los j\u00f3venes.[\/vc_column_text][vc_empty_space height=\u00bb15px\u00bb][\/qode_elements_holder_item][\/qode_elements_holder][\/vc_column][\/vc_row][vc_row css_animation=\u00bb\u00bb row_type=\u00bbrow\u00bb use_row_as_full_screen_section=\u00bbno\u00bb type=\u00bbfull_width\u00bb angled_section=\u00bbno\u00bb text_align=\u00bbleft\u00bb background_image_as_pattern=\u00bbwithout_pattern\u00bb z_index=\u00bb\u00bb background_color=\u00bb#ffffff\u00bb][vc_column][vc_empty_space height=\u00bb36px\u00bb]<span class=\"separator_with_icon\" style='color:#6d6d6d;'><i class=\"fa fa-tree\"><\/i><\/span>[\/vc_column][\/vc_row]<\/p>\n","protected":false},"excerpt":{"rendered":"<p>[vc_row css_animation=\u00bb\u00bb row_type=\u00bbrow\u00bb use_row_as_full_screen_section=\u00bbno\u00bb type=\u00bbgrid\u00bb angled_section=\u00bbno\u00bb text_align=\u00bbcenter\u00bb background_image_as_pattern=\u00bbwithout_pattern\u00bb z_index=\u00bb\u00bb background_color=\u00bb#ffffff\u00bb][vc_column][vc_empty_space height=\u00bb60px\u00bb][vc_column_text] DISE\u00d1ANDO UN JARD\u00cdN DE LA PAZ [\/vc_column_text][vc_empty_space height=\u00bb36px\u00bb][vc_column_text] POSIBILIDADES Y L\u00cdMITES PARA UN USO RESPONSABLE [\/vc_column_text][vc_empty_space][vc_empty_space height=\u00bb36px\u00bb][\/vc_column][\/vc_row][vc_row css_animation=\u00bb\u00bb row_type=\u00bbrow\u00bb use_row_as_full_screen_section=\u00bbno\u00bb type=\u00bbfull_width\u00bb angled_section=\u00bbno\u00bb text_align=\u00bbleft\u00bb background_image_as_pattern=\u00bbwithout_pattern\u00bb z_index=\u00bb\u00bb background_color=\u00bb#ffffff\u00bb][vc_column][qode_elements_holder background_color=\u00bb#ffffff\u00bb number_of_columns=\u00bbtwo_columns\u00bb][qode_elements_holder_item vertical_alignment=\u00bbmiddle\u00bb horizontal_alignment=\u00bbcenter\u00bb advanced_animations=\u00bbno\u00bb][vc_single_image image=\u00bb4312&#8243; img_size=\u00bbfull\u00bb qode_css_animation=\u00bb\u00bb][\/qode_elements_holder_item][qode_elements_holder_item&#8230;<\/p>\n","protected":false},"author":1,"featured_media":0,"parent":0,"menu_order":0,"comment_status":"closed","ping_status":"closed","template":"full_width.php","meta":{"footnotes":""},"class_list":["post-613","page","type-page","status-publish","hentry"],"yoast_head":"<!-- This site is optimized with the Yoast SEO plugin v27.1.1 - https:\/\/yoast.com\/product\/yoast-seo-wordpress\/ -->\n<title>DISE\u00d1AR UN JARD\u00cdN DE LA PAZ - The Garden of Peace<\/title>\n<meta name=\"robots\" content=\"index, follow, max-snippet:-1, max-image-preview:large, max-video-preview:-1\" \/>\n<link rel=\"canonical\" href=\"https:\/\/www.thegardenofpeace.org\/symbol\/\" \/>\n<meta property=\"og:locale\" content=\"es_ES\" \/>\n<meta property=\"og:type\" content=\"article\" \/>\n<meta property=\"og:title\" content=\"DISE\u00d1AR UN JARD\u00cdN DE LA PAZ - The Garden of Peace\" \/>\n<meta property=\"og:description\" content=\"[vc_row css_animation=\u00bb\u00bb row_type=\u00bbrow\u00bb use_row_as_full_screen_section=\u00bbno\u00bb type=\u00bbgrid\u00bb angled_section=\u00bbno\u00bb text_align=\u00bbcenter\u00bb background_image_as_pattern=\u00bbwithout_pattern\u00bb z_index=\u00bb\u00bb background_color=\u00bb#ffffff\u00bb][vc_column][vc_empty_space height=\u00bb60px\u00bb][vc_column_text] DISE\u00d1ANDO UN JARD\u00cdN DE LA PAZ [\/vc_column_text][vc_empty_space height=\u00bb36px\u00bb][vc_column_text] POSIBILIDADES Y L\u00cdMITES PARA UN USO RESPONSABLE [\/vc_column_text][vc_empty_space][vc_empty_space height=\u00bb36px\u00bb][\/vc_column][\/vc_row][vc_row css_animation=\u00bb\u00bb row_type=\u00bbrow\u00bb use_row_as_full_screen_section=\u00bbno\u00bb type=\u00bbfull_width\u00bb angled_section=\u00bbno\u00bb text_align=\u00bbleft\u00bb background_image_as_pattern=\u00bbwithout_pattern\u00bb z_index=\u00bb\u00bb background_color=\u00bb#ffffff\u00bb][vc_column][qode_elements_holder background_color=\u00bb#ffffff\u00bb number_of_columns=\u00bbtwo_columns\u00bb][qode_elements_holder_item vertical_alignment=\u00bbmiddle\u00bb horizontal_alignment=\u00bbcenter\u00bb advanced_animations=\u00bbno\u00bb][vc_single_image image=\u00bb4312&#8243; img_size=\u00bbfull\u00bb qode_css_animation=\u00bb\u00bb][\/qode_elements_holder_item][qode_elements_holder_item...\" \/>\n<meta property=\"og:url\" content=\"https:\/\/www.thegardenofpeace.org\/symbol\/\" \/>\n<meta property=\"og:site_name\" content=\"The Garden of Peace\" \/>\n<meta property=\"article:modified_time\" content=\"2025-03-17T16:05:12+00:00\" \/>\n<meta property=\"og:image\" content=\"https:\/\/www.thegardenofpeace.org\/wp-content\/uploads\/2025\/12\/manos-olivos-con-mano-de-mujer-alta-definizione-scaled.jpg\" \/>\n\t<meta property=\"og:image:width\" content=\"2560\" \/>\n\t<meta property=\"og:image:height\" content=\"290\" \/>\n\t<meta property=\"og:image:type\" content=\"image\/jpeg\" \/>\n<meta name=\"twitter:card\" content=\"summary_large_image\" \/>\n<meta name=\"twitter:label1\" content=\"Tiempo de lectura\" \/>\n\t<meta name=\"twitter:data1\" content=\"8 minutos\" \/>\n<script type=\"application\/ld+json\" class=\"yoast-schema-graph\">{\"@context\":\"https:\/\/schema.org\",\"@graph\":[{\"@type\":\"WebPage\",\"@id\":\"https:\/\/www.thegardenofpeace.org\/symbol\/\",\"url\":\"https:\/\/www.thegardenofpeace.org\/symbol\/\",\"name\":\"DISE\u00d1AR UN JARD\u00cdN DE LA PAZ - The Garden of Peace\",\"isPartOf\":{\"@id\":\"https:\/\/www.thegardenofpeace.org\/fr\/#website\"},\"datePublished\":\"2022-07-06T14:37:42+00:00\",\"dateModified\":\"2025-03-17T16:05:12+00:00\",\"breadcrumb\":{\"@id\":\"https:\/\/www.thegardenofpeace.org\/symbol\/#breadcrumb\"},\"inLanguage\":\"es\",\"potentialAction\":[{\"@type\":\"ReadAction\",\"target\":[\"https:\/\/www.thegardenofpeace.org\/symbol\/\"]}]},{\"@type\":\"BreadcrumbList\",\"@id\":\"https:\/\/www.thegardenofpeace.org\/symbol\/#breadcrumb\",\"itemListElement\":[{\"@type\":\"ListItem\",\"position\":1,\"name\":\"Home\",\"item\":\"https:\/\/www.thegardenofpeace.org\/es\/\"},{\"@type\":\"ListItem\",\"position\":2,\"name\":\"DISE\u00d1AR UN JARD\u00cdN DE LA PAZ\"}]},{\"@type\":\"WebSite\",\"@id\":\"https:\/\/www.thegardenofpeace.org\/fr\/#website\",\"url\":\"https:\/\/www.thegardenofpeace.org\/fr\/\",\"name\":\"The Garden of Peace\",\"description\":\"The Garden of Peace\",\"alternateName\":\"TGoP\",\"potentialAction\":[{\"@type\":\"SearchAction\",\"target\":{\"@type\":\"EntryPoint\",\"urlTemplate\":\"https:\/\/www.thegardenofpeace.org\/fr\/?s={search_term_string}\"},\"query-input\":{\"@type\":\"PropertyValueSpecification\",\"valueRequired\":true,\"valueName\":\"search_term_string\"}}],\"inLanguage\":\"es\"}]}<\/script>\n<!-- \/ Yoast SEO plugin. -->","yoast_head_json":{"title":"DISE\u00d1AR UN JARD\u00cdN DE LA PAZ - The Garden of Peace","robots":{"index":"index","follow":"follow","max-snippet":"max-snippet:-1","max-image-preview":"max-image-preview:large","max-video-preview":"max-video-preview:-1"},"canonical":"https:\/\/www.thegardenofpeace.org\/symbol\/","og_locale":"es_ES","og_type":"article","og_title":"DISE\u00d1AR UN JARD\u00cdN DE LA PAZ - The Garden of Peace","og_description":"[vc_row css_animation=\u00bb\u00bb row_type=\u00bbrow\u00bb use_row_as_full_screen_section=\u00bbno\u00bb type=\u00bbgrid\u00bb angled_section=\u00bbno\u00bb text_align=\u00bbcenter\u00bb background_image_as_pattern=\u00bbwithout_pattern\u00bb z_index=\u00bb\u00bb background_color=\u00bb#ffffff\u00bb][vc_column][vc_empty_space height=\u00bb60px\u00bb][vc_column_text] DISE\u00d1ANDO UN JARD\u00cdN DE LA PAZ [\/vc_column_text][vc_empty_space height=\u00bb36px\u00bb][vc_column_text] POSIBILIDADES Y L\u00cdMITES PARA UN USO RESPONSABLE [\/vc_column_text][vc_empty_space][vc_empty_space height=\u00bb36px\u00bb][\/vc_column][\/vc_row][vc_row css_animation=\u00bb\u00bb row_type=\u00bbrow\u00bb use_row_as_full_screen_section=\u00bbno\u00bb type=\u00bbfull_width\u00bb angled_section=\u00bbno\u00bb text_align=\u00bbleft\u00bb background_image_as_pattern=\u00bbwithout_pattern\u00bb z_index=\u00bb\u00bb background_color=\u00bb#ffffff\u00bb][vc_column][qode_elements_holder background_color=\u00bb#ffffff\u00bb number_of_columns=\u00bbtwo_columns\u00bb][qode_elements_holder_item vertical_alignment=\u00bbmiddle\u00bb horizontal_alignment=\u00bbcenter\u00bb advanced_animations=\u00bbno\u00bb][vc_single_image image=\u00bb4312&#8243; img_size=\u00bbfull\u00bb qode_css_animation=\u00bb\u00bb][\/qode_elements_holder_item][qode_elements_holder_item...","og_url":"https:\/\/www.thegardenofpeace.org\/symbol\/","og_site_name":"The Garden of Peace","article_modified_time":"2025-03-17T16:05:12+00:00","og_image":[{"width":2560,"height":290,"url":"https:\/\/www.thegardenofpeace.org\/wp-content\/uploads\/2025\/12\/manos-olivos-con-mano-de-mujer-alta-definizione-scaled.jpg","type":"image\/jpeg"}],"twitter_card":"summary_large_image","twitter_misc":{"Tiempo de lectura":"8 minutos"},"schema":{"@context":"https:\/\/schema.org","@graph":[{"@type":"WebPage","@id":"https:\/\/www.thegardenofpeace.org\/symbol\/","url":"https:\/\/www.thegardenofpeace.org\/symbol\/","name":"DISE\u00d1AR UN JARD\u00cdN DE LA PAZ - The Garden of Peace","isPartOf":{"@id":"https:\/\/www.thegardenofpeace.org\/fr\/#website"},"datePublished":"2022-07-06T14:37:42+00:00","dateModified":"2025-03-17T16:05:12+00:00","breadcrumb":{"@id":"https:\/\/www.thegardenofpeace.org\/symbol\/#breadcrumb"},"inLanguage":"es","potentialAction":[{"@type":"ReadAction","target":["https:\/\/www.thegardenofpeace.org\/symbol\/"]}]},{"@type":"BreadcrumbList","@id":"https:\/\/www.thegardenofpeace.org\/symbol\/#breadcrumb","itemListElement":[{"@type":"ListItem","position":1,"name":"Home","item":"https:\/\/www.thegardenofpeace.org\/es\/"},{"@type":"ListItem","position":2,"name":"DISE\u00d1AR UN JARD\u00cdN DE LA PAZ"}]},{"@type":"WebSite","@id":"https:\/\/www.thegardenofpeace.org\/fr\/#website","url":"https:\/\/www.thegardenofpeace.org\/fr\/","name":"The Garden of Peace","description":"The Garden of Peace","alternateName":"TGoP","potentialAction":[{"@type":"SearchAction","target":{"@type":"EntryPoint","urlTemplate":"https:\/\/www.thegardenofpeace.org\/fr\/?s={search_term_string}"},"query-input":{"@type":"PropertyValueSpecification","valueRequired":true,"valueName":"search_term_string"}}],"inLanguage":"es"}]}},"_links":{"self":[{"href":"https:\/\/www.thegardenofpeace.org\/es\/wp-json\/wp\/v2\/pages\/613","targetHints":{"allow":["GET"]}}],"collection":[{"href":"https:\/\/www.thegardenofpeace.org\/es\/wp-json\/wp\/v2\/pages"}],"about":[{"href":"https:\/\/www.thegardenofpeace.org\/es\/wp-json\/wp\/v2\/types\/page"}],"author":[{"embeddable":true,"href":"https:\/\/www.thegardenofpeace.org\/es\/wp-json\/wp\/v2\/users\/1"}],"replies":[{"embeddable":true,"href":"https:\/\/www.thegardenofpeace.org\/es\/wp-json\/wp\/v2\/comments?post=613"}],"version-history":[{"count":19,"href":"https:\/\/www.thegardenofpeace.org\/es\/wp-json\/wp\/v2\/pages\/613\/revisions"}],"predecessor-version":[{"id":9469,"href":"https:\/\/www.thegardenofpeace.org\/es\/wp-json\/wp\/v2\/pages\/613\/revisions\/9469"}],"wp:attachment":[{"href":"https:\/\/www.thegardenofpeace.org\/es\/wp-json\/wp\/v2\/media?parent=613"}],"curies":[{"name":"wp","href":"https:\/\/api.w.org\/{rel}","templated":true}]}}