{"id":1013,"date":"2022-07-14T15:33:54","date_gmt":"2022-07-14T13:33:54","guid":{"rendered":"https:\/\/www.thegardenofpeace.org\/?page_id=1013"},"modified":"2022-11-04T11:47:02","modified_gmt":"2022-11-04T10:47:02","slug":"bozza-varieta","status":"publish","type":"page","link":"https:\/\/www.thegardenofpeace.org\/fr\/bozza-varieta\/","title":{"rendered":"Bozza variet\u00e0"},"content":{"rendered":"<p>[vc_row css_animation=\u00a0\u00bb\u00a0\u00bb row_type=\u00a0\u00bbrow\u00a0\u00bb use_row_as_full_screen_section=\u00a0\u00bbno\u00a0\u00bb type=\u00a0\u00bbfull_width\u00a0\u00bb angled_section=\u00a0\u00bbno\u00a0\u00bb text_align=\u00a0\u00bbleft\u00a0\u00bb background_image_as_pattern=\u00a0\u00bbwithout_pattern\u00a0\u00bb][vc_column][vc_empty_space height=\u00a0\u00bb90px\u00a0\u00bb][vc_column_text]<\/p>\n<h1 style=\"text-align: center;\">VARI\u00c9T\u00c9S<\/h1>\n<p>[\/vc_column_text][vc_empty_space height=\u00a0\u00bb90px\u00a0\u00bb][\/vc_column][\/vc_row][vc_row css_animation=\u00a0\u00bb\u00a0\u00bb row_type=\u00a0\u00bbrow\u00a0\u00bb use_row_as_full_screen_section=\u00a0\u00bbno\u00a0\u00bb type=\u00a0\u00bbfull_width\u00a0\u00bb angled_section=\u00a0\u00bbno\u00a0\u00bb text_align=\u00a0\u00bbleft\u00a0\u00bb background_image_as_pattern=\u00a0\u00bbwithout_pattern\u00a0\u00bb][vc_column]<div class='projects_holder_outer v3 portfolio_with_space portfolio_standard'>\n        <div class='projects_holder portfolio_main_holder clearfix v3 standard portfolio_landscape_image '>\n        \n        <article class='mix portfolio_category_132 portfolio_category_122 portfolio_category_51 portfolio_category_31 portfolio_category_28 portfolio_category_29 portfolio_category_124 portfolio_category_30 portfolio_category_87 portfolio_category_83 portfolio_category_123 portfolio_category_55 default' style=''>\n    \n    \n    \n                <div class='image_holder'>\n                <a itemprop='url' class='portfolio_link_for_touch' href='https:\/\/www.thegardenofpeace.org\/fr\/thegarden\/arauco\/' target=''>\n                    \n<span class='image'><img loading=\"lazy\" decoding=\"async\" width=\"534\" height=\"400\" src=\"https:\/\/www.thegardenofpeace.org\/wp-content\/uploads\/2024\/05\/arauco_4_3_v2.jpg\" class=\"attachment-portfolio-landscape size-portfolio-landscape wp-post-image\" alt=\"\" srcset=\"https:\/\/www.thegardenofpeace.org\/wp-content\/uploads\/2024\/05\/arauco_4_3_v2.jpg 534w, https:\/\/www.thegardenofpeace.org\/wp-content\/uploads\/2024\/05\/arauco_4_3_v2-300x225.jpg 300w\" sizes=\"auto, (max-width: 534px) 100vw, 534px\" \/><\/span>                <\/a>\n\n                <span class='text_holder'>\n    <span class='text_outer'>\n        <span class='text_inner'>\n            <span class='feature_holder'>\n                            <span class=\"feature_holder_icons\">';\n                            <a itemprop='image' class='lightbox qbutton small white' title='ARAUCO' href='https:\/\/www.thegardenofpeace.org\/wp-content\/uploads\/2024\/05\/arauco_4_3_v2.jpg' data-rel='prettyPhoto[pretty_photo_gallery]'>zoom<\/a>\n    \n                            <a itemprop='url' class='preview qbutton small white' href='https:\/\/www.thegardenofpeace.org\/fr\/thegarden\/arauco\/' target='_self'>view<\/i><\/a>\n    \n                                            <\/span>\n        <\/span>\n    <\/span>\n<\/span>            <\/div>\n                <div class='portfolio_description ' >\n\n        \n    <h5 itemprop=\"name\" class=\"portfolio_title entry_title\"><a itemprop=\"url\" href=\"https:\/\/www.thegardenofpeace.org\/fr\/thegarden\/arauco\/\"  target=\"_self\"> ARAUCO<\/a><\/h5>\n\n\n        \n            <span class=\"project_category\"  >\n    Jardin Canada Toronto, Jard\u00edn Chipre Nicosia, Jardin COI Madrid, Jardin Espagne Cogollos, Jardin Gr\u00e8ce Creta, Jardin Gr\u00e8ce Trifylia, Jard\u00edn Italia Trani, Jardin Italie Paciano, Jardin Italie Vall\u00e9e des Temples, Jardin Maroc Tanger, Jard\u00edn Reino Unido Treemenere, Jardin Zaragoza    <\/span>\n\n    <\/div>\n        \n<\/article>\n<article class='mix portfolio_category_132 portfolio_category_122 portfolio_category_51 portfolio_category_31 portfolio_category_28 portfolio_category_29 portfolio_category_124 portfolio_category_30 portfolio_category_87 portfolio_category_83 portfolio_category_123 portfolio_category_55 default' style=''>\n    \n    \n    \n                <div class='image_holder'>\n                <a itemprop='url' class='portfolio_link_for_touch' href='https:\/\/www.thegardenofpeace.org\/fr\/thegarden\/mixani\/' target=''>\n                    \n<span class='image'><img loading=\"lazy\" decoding=\"async\" width=\"534\" height=\"400\" src=\"https:\/\/www.thegardenofpeace.org\/wp-content\/uploads\/2024\/05\/mixani_4_3.jpg\" class=\"attachment-portfolio-landscape size-portfolio-landscape wp-post-image\" alt=\"\" srcset=\"https:\/\/www.thegardenofpeace.org\/wp-content\/uploads\/2024\/05\/mixani_4_3.jpg 534w, https:\/\/www.thegardenofpeace.org\/wp-content\/uploads\/2024\/05\/mixani_4_3-300x225.jpg 300w\" sizes=\"auto, (max-width: 534px) 100vw, 534px\" \/><\/span>                <\/a>\n\n                <span class='text_holder'>\n    <span class='text_outer'>\n        <span class='text_inner'>\n            <span class='feature_holder'>\n                            <span class=\"feature_holder_icons\">';\n                            <a itemprop='image' class='lightbox qbutton small white' title='MIXANI' href='https:\/\/www.thegardenofpeace.org\/wp-content\/uploads\/2024\/05\/mixani_4_3.jpg' data-rel='prettyPhoto[pretty_photo_gallery]'>zoom<\/a>\n    \n                            <a itemprop='url' class='preview qbutton small white' href='https:\/\/www.thegardenofpeace.org\/fr\/thegarden\/mixani\/' target='_self'>view<\/i><\/a>\n    \n                                            <\/span>\n        <\/span>\n    <\/span>\n<\/span>            <\/div>\n                <div class='portfolio_description ' >\n\n        \n    <h5 itemprop=\"name\" class=\"portfolio_title entry_title\"><a itemprop=\"url\" href=\"https:\/\/www.thegardenofpeace.org\/fr\/thegarden\/mixani\/\"  target=\"_self\"> MIXANI<\/a><\/h5>\n\n\n        \n            <span class=\"project_category\"  >\n    Jardin Canada Toronto, Jard\u00edn Chipre Nicosia, Jardin COI Madrid, Jardin Espagne Cogollos, Jardin Gr\u00e8ce Creta, Jardin Gr\u00e8ce Trifylia, Jard\u00edn Italia Trani, Jardin Italie Paciano, Jardin Italie Vall\u00e9e des Temples, Jardin Maroc Tanger, Jard\u00edn Reino Unido Treemenere, Jardin Zaragoza    <\/span>\n\n    <\/div>\n        \n<\/article>\n<article class='mix portfolio_category_132 portfolio_category_122 portfolio_category_51 portfolio_category_31 portfolio_category_28 portfolio_category_29 portfolio_category_124 portfolio_category_30 portfolio_category_87 portfolio_category_83 portfolio_category_123 portfolio_category_55 default' style=''>\n    \n    \n    \n                <div class='image_holder'>\n                <a itemprop='url' class='portfolio_link_for_touch' href='https:\/\/www.thegardenofpeace.org\/fr\/thegarden\/verdale-de-lherault\/' target=''>\n                    \n<span class='image'><img loading=\"lazy\" decoding=\"async\" width=\"534\" height=\"400\" src=\"https:\/\/www.thegardenofpeace.org\/wp-content\/uploads\/2024\/05\/verdale_4_3.jpg\" class=\"attachment-portfolio-landscape size-portfolio-landscape wp-post-image\" alt=\"\" srcset=\"https:\/\/www.thegardenofpeace.org\/wp-content\/uploads\/2024\/05\/verdale_4_3.jpg 534w, https:\/\/www.thegardenofpeace.org\/wp-content\/uploads\/2024\/05\/verdale_4_3-300x225.jpg 300w\" sizes=\"auto, (max-width: 534px) 100vw, 534px\" \/><\/span>                <\/a>\n\n                <span class='text_holder'>\n    <span class='text_outer'>\n        <span class='text_inner'>\n            <span class='feature_holder'>\n                            <span class=\"feature_holder_icons\">';\n                            <a itemprop='image' class='lightbox qbutton small white' title='VERDALE DE L\u00b4H\u00c9RAULT' href='https:\/\/www.thegardenofpeace.org\/wp-content\/uploads\/2024\/05\/verdale_4_3.jpg' data-rel='prettyPhoto[pretty_photo_gallery]'>zoom<\/a>\n    \n                            <a itemprop='url' class='preview qbutton small white' href='https:\/\/www.thegardenofpeace.org\/fr\/thegarden\/verdale-de-lherault\/' target='_self'>view<\/i><\/a>\n    \n                                            <\/span>\n        <\/span>\n    <\/span>\n<\/span>            <\/div>\n                <div class='portfolio_description ' >\n\n        \n    <h5 itemprop=\"name\" class=\"portfolio_title entry_title\"><a itemprop=\"url\" href=\"https:\/\/www.thegardenofpeace.org\/fr\/thegarden\/verdale-de-lherault\/\"  target=\"_self\"> VERDALE DE L\u00b4H\u00c9RAULT<\/a><\/h5>\n\n\n        \n            <span class=\"project_category\"  >\n    Jardin Canada Toronto, Jard\u00edn Chipre Nicosia, Jardin COI Madrid, Jardin Espagne Cogollos, Jardin Gr\u00e8ce Creta, Jardin Gr\u00e8ce Trifylia, Jard\u00edn Italia Trani, Jardin Italie Paciano, Jardin Italie Vall\u00e9e des Temples, Jardin Maroc Tanger, Jard\u00edn Reino Unido Treemenere, Jardin Zaragoza    <\/span>\n\n    <\/div>\n        \n<\/article>\n<article class='mix portfolio_category_132 portfolio_category_122 portfolio_category_51 portfolio_category_31 portfolio_category_28 portfolio_category_29 portfolio_category_124 portfolio_category_30 portfolio_category_87 portfolio_category_83 portfolio_category_123 portfolio_category_55 default' style=''>\n    \n    \n    \n                <div class='image_holder'>\n                <a itemprop='url' class='portfolio_link_for_touch' href='https:\/\/www.thegardenofpeace.org\/fr\/thegarden\/picholine-marocaine\/' target=''>\n                    \n<span class='image'><img loading=\"lazy\" decoding=\"async\" width=\"534\" height=\"400\" src=\"https:\/\/www.thegardenofpeace.org\/wp-content\/uploads\/2024\/05\/picholine_marocaine_4_3.jpg\" class=\"attachment-portfolio-landscape size-portfolio-landscape wp-post-image\" alt=\"\" srcset=\"https:\/\/www.thegardenofpeace.org\/wp-content\/uploads\/2024\/05\/picholine_marocaine_4_3.jpg 534w, https:\/\/www.thegardenofpeace.org\/wp-content\/uploads\/2024\/05\/picholine_marocaine_4_3-300x225.jpg 300w\" sizes=\"auto, (max-width: 534px) 100vw, 534px\" \/><\/span>                <\/a>\n\n                <span class='text_holder'>\n    <span class='text_outer'>\n        <span class='text_inner'>\n            <span class='feature_holder'>\n                            <span class=\"feature_holder_icons\">';\n                            <a itemprop='image' class='lightbox qbutton small white' title='PICHOLINE MAROCAINE' href='https:\/\/www.thegardenofpeace.org\/wp-content\/uploads\/2024\/05\/picholine_marocaine_4_3.jpg' data-rel='prettyPhoto[pretty_photo_gallery]'>zoom<\/a>\n    \n                            <a itemprop='url' class='preview qbutton small white' href='https:\/\/www.thegardenofpeace.org\/fr\/thegarden\/picholine-marocaine\/' target='_self'>view<\/i><\/a>\n    \n                                            <\/span>\n        <\/span>\n    <\/span>\n<\/span>            <\/div>\n                <div class='portfolio_description ' >\n\n        \n    <h5 itemprop=\"name\" class=\"portfolio_title entry_title\"><a itemprop=\"url\" href=\"https:\/\/www.thegardenofpeace.org\/fr\/thegarden\/picholine-marocaine\/\"  target=\"_self\"> PICHOLINE MAROCAINE<\/a><\/h5>\n\n\n        \n            <span class=\"project_category\"  >\n    Jardin Canada Toronto, Jard\u00edn Chipre Nicosia, Jardin COI Madrid, Jardin Espagne Cogollos, Jardin Gr\u00e8ce Creta, Jardin Gr\u00e8ce Trifylia, Jard\u00edn Italia Trani, Jardin Italie Paciano, Jardin Italie Vall\u00e9e des Temples, Jardin Maroc Tanger, Jard\u00edn Reino Unido Treemenere, Jardin Zaragoza    <\/span>\n\n    <\/div>\n        \n<\/article>\n<article class='mix portfolio_category_132 portfolio_category_122 portfolio_category_31 portfolio_category_28 portfolio_category_29 portfolio_category_124 portfolio_category_30 portfolio_category_87 portfolio_category_83 portfolio_category_123 portfolio_category_55 default' style=''>\n    \n    \n    \n                <div class='image_holder'>\n                <a itemprop='url' class='portfolio_link_for_touch' href='https:\/\/www.thegardenofpeace.org\/fr\/thegarden\/chetoui\/' target=''>\n                    \n<span class='image'><img loading=\"lazy\" decoding=\"async\" width=\"534\" height=\"400\" src=\"https:\/\/www.thegardenofpeace.org\/wp-content\/uploads\/2024\/05\/chetoui_4_3.jpg\" class=\"attachment-portfolio-landscape size-portfolio-landscape wp-post-image\" alt=\"\" srcset=\"https:\/\/www.thegardenofpeace.org\/wp-content\/uploads\/2024\/05\/chetoui_4_3.jpg 534w, https:\/\/www.thegardenofpeace.org\/wp-content\/uploads\/2024\/05\/chetoui_4_3-300x225.jpg 300w\" sizes=\"auto, (max-width: 534px) 100vw, 534px\" \/><\/span>                <\/a>\n\n                <span class='text_holder'>\n    <span class='text_outer'>\n        <span class='text_inner'>\n            <span class='feature_holder'>\n                            <span class=\"feature_holder_icons\">';\n                            <a itemprop='image' class='lightbox qbutton small white' title='CH\u00c9TOUI' href='https:\/\/www.thegardenofpeace.org\/wp-content\/uploads\/2024\/05\/chetoui_4_3.jpg' data-rel='prettyPhoto[pretty_photo_gallery]'>zoom<\/a>\n    \n                            <a itemprop='url' class='preview qbutton small white' href='https:\/\/www.thegardenofpeace.org\/fr\/thegarden\/chetoui\/' target='_self'>view<\/i><\/a>\n    \n                                            <\/span>\n        <\/span>\n    <\/span>\n<\/span>            <\/div>\n                <div class='portfolio_description ' >\n\n        \n    <h5 itemprop=\"name\" class=\"portfolio_title entry_title\"><a itemprop=\"url\" href=\"https:\/\/www.thegardenofpeace.org\/fr\/thegarden\/chetoui\/\"  target=\"_self\"> CH\u00c9TOUI<\/a><\/h5>\n\n\n        \n            <span class=\"project_category\"  >\n    Jardin Canada Toronto, Jard\u00edn Chipre Nicosia, Jardin Espagne Cogollos, Jardin Gr\u00e8ce Creta, Jardin Gr\u00e8ce Trifylia, Jard\u00edn Italia Trani, Jardin Italie Paciano, Jardin Italie Vall\u00e9e des Temples, Jardin Maroc Tanger, Jard\u00edn Reino Unido Treemenere, Jardin Zaragoza    <\/span>\n\n    <\/div>\n        \n<\/article>\n<article class='mix portfolio_category_132 portfolio_category_122 portfolio_category_51 portfolio_category_31 portfolio_category_28 portfolio_category_29 portfolio_category_124 portfolio_category_30 portfolio_category_87 portfolio_category_83 portfolio_category_123 portfolio_category_55 default' style=''>\n    \n    \n    \n                <div class='image_holder'>\n                <a itemprop='url' class='portfolio_link_for_touch' href='https:\/\/www.thegardenofpeace.org\/fr\/thegarden\/chemlal-de-kabylie\/' target=''>\n                    \n<span class='image'><img loading=\"lazy\" decoding=\"async\" width=\"534\" height=\"400\" src=\"https:\/\/www.thegardenofpeace.org\/wp-content\/uploads\/2024\/05\/chemlal_4_3.jpg\" class=\"attachment-portfolio-landscape size-portfolio-landscape wp-post-image\" alt=\"\" srcset=\"https:\/\/www.thegardenofpeace.org\/wp-content\/uploads\/2024\/05\/chemlal_4_3.jpg 534w, https:\/\/www.thegardenofpeace.org\/wp-content\/uploads\/2024\/05\/chemlal_4_3-300x225.jpg 300w\" sizes=\"auto, (max-width: 534px) 100vw, 534px\" \/><\/span>                <\/a>\n\n                <span class='text_holder'>\n    <span class='text_outer'>\n        <span class='text_inner'>\n            <span class='feature_holder'>\n                            <span class=\"feature_holder_icons\">';\n                            <a itemprop='image' class='lightbox qbutton small white' title='CHEMLAL DE KABYLIE' href='https:\/\/www.thegardenofpeace.org\/wp-content\/uploads\/2024\/05\/chemlal_4_3.jpg' data-rel='prettyPhoto[pretty_photo_gallery]'>zoom<\/a>\n    \n                            <a itemprop='url' class='preview qbutton small white' href='https:\/\/www.thegardenofpeace.org\/fr\/thegarden\/chemlal-de-kabylie\/' target='_self'>view<\/i><\/a>\n    \n                                            <\/span>\n        <\/span>\n    <\/span>\n<\/span>            <\/div>\n                <div class='portfolio_description ' >\n\n        \n    <h5 itemprop=\"name\" class=\"portfolio_title entry_title\"><a itemprop=\"url\" href=\"https:\/\/www.thegardenofpeace.org\/fr\/thegarden\/chemlal-de-kabylie\/\"  target=\"_self\"> CHEMLAL DE KABYLIE<\/a><\/h5>\n\n\n        \n            <span class=\"project_category\"  >\n    Jardin Canada Toronto, Jard\u00edn Chipre Nicosia, Jardin COI Madrid, Jardin Espagne Cogollos, Jardin Gr\u00e8ce Creta, Jardin Gr\u00e8ce Trifylia, Jard\u00edn Italia Trani, Jardin Italie Paciano, Jardin Italie Vall\u00e9e des Temples, Jardin Maroc Tanger, Jard\u00edn Reino Unido Treemenere, Jardin Zaragoza    <\/span>\n\n    <\/div>\n        \n<\/article>\n<article class='mix portfolio_category_31 portfolio_category_29 portfolio_category_30 default' style=''>\n    \n    \n    \n                <div class='image_holder'>\n                <a itemprop='url' class='portfolio_link_for_touch' href='https:\/\/www.thegardenofpeace.org\/fr\/thegarden\/kalamata\/' target=''>\n                    \n<span class='image'><img loading=\"lazy\" decoding=\"async\" width=\"534\" height=\"400\" src=\"https:\/\/www.thegardenofpeace.org\/wp-content\/uploads\/2024\/05\/kalamata_4_3.jpg\" class=\"attachment-portfolio-landscape size-portfolio-landscape wp-post-image\" alt=\"\" srcset=\"https:\/\/www.thegardenofpeace.org\/wp-content\/uploads\/2024\/05\/kalamata_4_3.jpg 534w, https:\/\/www.thegardenofpeace.org\/wp-content\/uploads\/2024\/05\/kalamata_4_3-300x225.jpg 300w\" sizes=\"auto, (max-width: 534px) 100vw, 534px\" \/><\/span>                <\/a>\n\n                <span class='text_holder'>\n    <span class='text_outer'>\n        <span class='text_inner'>\n            <span class='feature_holder'>\n                            <span class=\"feature_holder_icons\">';\n                            <a itemprop='image' class='lightbox qbutton small white' title='KALAMATA' href='https:\/\/www.thegardenofpeace.org\/wp-content\/uploads\/2024\/05\/kalamata_4_3.jpg' data-rel='prettyPhoto[pretty_photo_gallery]'>zoom<\/a>\n    \n                            <a itemprop='url' class='preview qbutton small white' href='https:\/\/www.thegardenofpeace.org\/fr\/thegarden\/kalamata\/' target='_self'>view<\/i><\/a>\n    \n                                            <\/span>\n        <\/span>\n    <\/span>\n<\/span>            <\/div>\n                <div class='portfolio_description ' >\n\n        \n    <h5 itemprop=\"name\" class=\"portfolio_title entry_title\"><a itemprop=\"url\" href=\"https:\/\/www.thegardenofpeace.org\/fr\/thegarden\/kalamata\/\"  target=\"_self\"> KALAMATA<\/a><\/h5>\n\n\n        \n            <span class=\"project_category\"  >\n    Jardin Espagne Cogollos, Jardin Gr\u00e8ce Trifylia, Jardin Italie Paciano    <\/span>\n\n    <\/div>\n        \n<\/article>\n<article class='mix portfolio_category_132 portfolio_category_122 portfolio_category_51 portfolio_category_31 portfolio_category_28 portfolio_category_29 portfolio_category_124 portfolio_category_30 portfolio_category_87 portfolio_category_83 portfolio_category_123 portfolio_category_55 default' style=''>\n    \n    \n    \n                <div class='image_holder'>\n                <a itemprop='url' class='portfolio_link_for_touch' href='https:\/\/www.thegardenofpeace.org\/fr\/thegarden\/nabala-baladi\/' target=''>\n                    \n<span class='image'><img loading=\"lazy\" decoding=\"async\" width=\"534\" height=\"400\" src=\"https:\/\/www.thegardenofpeace.org\/wp-content\/uploads\/2024\/05\/nabala_baladi_4_3.jpg\" class=\"attachment-portfolio-landscape size-portfolio-landscape wp-post-image\" alt=\"\" srcset=\"https:\/\/www.thegardenofpeace.org\/wp-content\/uploads\/2024\/05\/nabala_baladi_4_3.jpg 534w, https:\/\/www.thegardenofpeace.org\/wp-content\/uploads\/2024\/05\/nabala_baladi_4_3-300x225.jpg 300w\" sizes=\"auto, (max-width: 534px) 100vw, 534px\" \/><\/span>                <\/a>\n\n                <span class='text_holder'>\n    <span class='text_outer'>\n        <span class='text_inner'>\n            <span class='feature_holder'>\n                            <span class=\"feature_holder_icons\">';\n                            <a itemprop='image' class='lightbox qbutton small white' title='NABALA BALADI' href='https:\/\/www.thegardenofpeace.org\/wp-content\/uploads\/2024\/05\/nabala_baladi_4_3.jpg' data-rel='prettyPhoto[pretty_photo_gallery]'>zoom<\/a>\n    \n                            <a itemprop='url' class='preview qbutton small white' href='https:\/\/www.thegardenofpeace.org\/fr\/thegarden\/nabala-baladi\/' target='_self'>view<\/i><\/a>\n    \n                                            <\/span>\n        <\/span>\n    <\/span>\n<\/span>            <\/div>\n                <div class='portfolio_description ' >\n\n        \n    <h5 itemprop=\"name\" class=\"portfolio_title entry_title\"><a itemprop=\"url\" href=\"https:\/\/www.thegardenofpeace.org\/fr\/thegarden\/nabala-baladi\/\"  target=\"_self\"> NABALA BALADI<\/a><\/h5>\n\n\n        \n            <span class=\"project_category\"  >\n    Jardin Canada Toronto, Jard\u00edn Chipre Nicosia, Jardin COI Madrid, Jardin Espagne Cogollos, Jardin Gr\u00e8ce Creta, Jardin Gr\u00e8ce Trifylia, Jard\u00edn Italia Trani, Jardin Italie Paciano, Jardin Italie Vall\u00e9e des Temples, Jardin Maroc Tanger, Jard\u00edn Reino Unido Treemenere, Jardin Zaragoza    <\/span>\n\n    <\/div>\n        \n<\/article>\n<article class='mix portfolio_category_132 portfolio_category_122 portfolio_category_51 portfolio_category_31 portfolio_category_28 portfolio_category_29 portfolio_category_124 portfolio_category_30 portfolio_category_87 portfolio_category_83 portfolio_category_123 portfolio_category_55 default' style=''>\n    \n    \n    \n                <div class='image_holder'>\n                <a itemprop='url' class='portfolio_link_for_touch' href='https:\/\/www.thegardenofpeace.org\/fr\/thegarden\/gemlik\/' target=''>\n                    \n<span class='image'><img loading=\"lazy\" decoding=\"async\" width=\"534\" height=\"400\" src=\"https:\/\/www.thegardenofpeace.org\/wp-content\/uploads\/2024\/05\/gemlik_4_3.jpg\" class=\"attachment-portfolio-landscape size-portfolio-landscape wp-post-image\" alt=\"\" srcset=\"https:\/\/www.thegardenofpeace.org\/wp-content\/uploads\/2024\/05\/gemlik_4_3.jpg 534w, https:\/\/www.thegardenofpeace.org\/wp-content\/uploads\/2024\/05\/gemlik_4_3-300x225.jpg 300w\" sizes=\"auto, (max-width: 534px) 100vw, 534px\" \/><\/span>                <\/a>\n\n                <span class='text_holder'>\n    <span class='text_outer'>\n        <span class='text_inner'>\n            <span class='feature_holder'>\n                            <span class=\"feature_holder_icons\">';\n                            <a itemprop='image' class='lightbox qbutton small white' title='GEMLIK' href='https:\/\/www.thegardenofpeace.org\/wp-content\/uploads\/2024\/05\/gemlik_4_3.jpg' data-rel='prettyPhoto[pretty_photo_gallery]'>zoom<\/a>\n    \n                            <a itemprop='url' class='preview qbutton small white' href='https:\/\/www.thegardenofpeace.org\/fr\/thegarden\/gemlik\/' target='_self'>view<\/i><\/a>\n    \n                                            <\/span>\n        <\/span>\n    <\/span>\n<\/span>            <\/div>\n                <div class='portfolio_description ' >\n\n        \n    <h5 itemprop=\"name\" class=\"portfolio_title entry_title\"><a itemprop=\"url\" href=\"https:\/\/www.thegardenofpeace.org\/fr\/thegarden\/gemlik\/\"  target=\"_self\"> GEMLIK<\/a><\/h5>\n\n\n        \n            <span class=\"project_category\"  >\n    Jardin Canada Toronto, Jard\u00edn Chipre Nicosia, Jardin COI Madrid, Jardin Espagne Cogollos, Jardin Gr\u00e8ce Creta, Jardin Gr\u00e8ce Trifylia, Jard\u00edn Italia Trani, Jardin Italie Paciano, Jardin Italie Vall\u00e9e des Temples, Jardin Maroc Tanger, Jard\u00edn Reino Unido Treemenere, Jardin Zaragoza    <\/span>\n\n    <\/div>\n        \n<\/article>\n<article class='mix portfolio_category_132 portfolio_category_122 portfolio_category_51 portfolio_category_31 portfolio_category_28 portfolio_category_29 portfolio_category_124 portfolio_category_30 portfolio_category_87 portfolio_category_83 portfolio_category_123 portfolio_category_55 default' style=''>\n    \n    \n    \n                <div class='image_holder'>\n                <a itemprop='url' class='portfolio_link_for_touch' href='https:\/\/www.thegardenofpeace.org\/fr\/thegarden\/zard\/' target=''>\n                    \n<span class='image'><img loading=\"lazy\" decoding=\"async\" width=\"534\" height=\"400\" src=\"https:\/\/www.thegardenofpeace.org\/wp-content\/uploads\/2024\/05\/zard_4_3.jpg\" class=\"attachment-portfolio-landscape size-portfolio-landscape wp-post-image\" alt=\"\" srcset=\"https:\/\/www.thegardenofpeace.org\/wp-content\/uploads\/2024\/05\/zard_4_3.jpg 534w, https:\/\/www.thegardenofpeace.org\/wp-content\/uploads\/2024\/05\/zard_4_3-300x225.jpg 300w\" sizes=\"auto, (max-width: 534px) 100vw, 534px\" \/><\/span>                <\/a>\n\n                <span class='text_holder'>\n    <span class='text_outer'>\n        <span class='text_inner'>\n            <span class='feature_holder'>\n                            <span class=\"feature_holder_icons\">';\n                            <a itemprop='image' class='lightbox qbutton small white' title='ZARD' href='https:\/\/www.thegardenofpeace.org\/wp-content\/uploads\/2024\/05\/zard_4_3.jpg' data-rel='prettyPhoto[pretty_photo_gallery]'>zoom<\/a>\n    \n                            <a itemprop='url' class='preview qbutton small white' href='https:\/\/www.thegardenofpeace.org\/fr\/thegarden\/zard\/' target='_self'>view<\/i><\/a>\n    \n                                            <\/span>\n        <\/span>\n    <\/span>\n<\/span>            <\/div>\n                <div class='portfolio_description ' >\n\n        \n    <h5 itemprop=\"name\" class=\"portfolio_title entry_title\"><a itemprop=\"url\" href=\"https:\/\/www.thegardenofpeace.org\/fr\/thegarden\/zard\/\"  target=\"_self\"> ZARD<\/a><\/h5>\n\n\n        \n            <span class=\"project_category\"  >\n    Jardin Canada Toronto, Jard\u00edn Chipre Nicosia, Jardin COI Madrid, Jardin Espagne Cogollos, Jardin Gr\u00e8ce Creta, Jardin Gr\u00e8ce Trifylia, Jard\u00edn Italia Trani, Jardin Italie Paciano, Jardin Italie Vall\u00e9e des Temples, Jardin Maroc Tanger, Jard\u00edn Reino Unido Treemenere, Jardin Zaragoza    <\/span>\n\n    <\/div>\n        \n<\/article>\n<article class='mix portfolio_category_132 portfolio_category_122 portfolio_category_51 portfolio_category_31 portfolio_category_28 portfolio_category_29 portfolio_category_124 portfolio_category_30 portfolio_category_87 portfolio_category_83 portfolio_category_123 portfolio_category_55 default' style=''>\n    \n    \n    \n                <div class='image_holder'>\n                <a itemprop='url' class='portfolio_link_for_touch' href='https:\/\/www.thegardenofpeace.org\/fr\/thegarden\/cobrancosa\/' target=''>\n                    \n<span class='image'><img loading=\"lazy\" decoding=\"async\" width=\"534\" height=\"400\" src=\"https:\/\/www.thegardenofpeace.org\/wp-content\/uploads\/2024\/05\/cobrancosa_4_3.jpg\" class=\"attachment-portfolio-landscape size-portfolio-landscape wp-post-image\" alt=\"\" srcset=\"https:\/\/www.thegardenofpeace.org\/wp-content\/uploads\/2024\/05\/cobrancosa_4_3.jpg 534w, https:\/\/www.thegardenofpeace.org\/wp-content\/uploads\/2024\/05\/cobrancosa_4_3-300x225.jpg 300w\" sizes=\"auto, (max-width: 534px) 100vw, 534px\" \/><\/span>                <\/a>\n\n                <span class='text_holder'>\n    <span class='text_outer'>\n        <span class='text_inner'>\n            <span class='feature_holder'>\n                            <span class=\"feature_holder_icons\">';\n                            <a itemprop='image' class='lightbox qbutton small white' title='COBRAN\u00c7OSA' href='https:\/\/www.thegardenofpeace.org\/wp-content\/uploads\/2024\/05\/cobrancosa_4_3.jpg' data-rel='prettyPhoto[pretty_photo_gallery]'>zoom<\/a>\n    \n                            <a itemprop='url' class='preview qbutton small white' href='https:\/\/www.thegardenofpeace.org\/fr\/thegarden\/cobrancosa\/' target='_self'>view<\/i><\/a>\n    \n                                            <\/span>\n        <\/span>\n    <\/span>\n<\/span>            <\/div>\n                <div class='portfolio_description ' >\n\n        \n    <h5 itemprop=\"name\" class=\"portfolio_title entry_title\"><a itemprop=\"url\" href=\"https:\/\/www.thegardenofpeace.org\/fr\/thegarden\/cobrancosa\/\"  target=\"_self\"> COBRAN\u00c7OSA<\/a><\/h5>\n\n\n        \n            <span class=\"project_category\"  >\n    Jardin Canada Toronto, Jard\u00edn Chipre Nicosia, Jardin COI Madrid, Jardin Espagne Cogollos, Jardin Gr\u00e8ce Creta, Jardin Gr\u00e8ce Trifylia, Jard\u00edn Italia Trani, Jardin Italie Paciano, Jardin Italie Vall\u00e9e des Temples, Jardin Maroc Tanger, Jard\u00edn Reino Unido Treemenere, Jardin Zaragoza    <\/span>\n\n    <\/div>\n        \n<\/article>\n<article class='mix portfolio_category_132 portfolio_category_122 portfolio_category_124 portfolio_category_87 portfolio_category_83 portfolio_category_123 default' style=''>\n    \n    \n    \n                <div class='image_holder'>\n                <a itemprop='url' class='portfolio_link_for_touch' href='https:\/\/www.thegardenofpeace.org\/fr\/thegarden\/cobrancosa-3-3\/' target=''>\n                    \n<span class='image'><img loading=\"lazy\" decoding=\"async\" width=\"534\" height=\"400\" src=\"https:\/\/www.thegardenofpeace.org\/wp-content\/uploads\/2024\/05\/cobrancosa_4_3.jpg\" class=\"attachment-portfolio-landscape size-portfolio-landscape wp-post-image\" alt=\"\" srcset=\"https:\/\/www.thegardenofpeace.org\/wp-content\/uploads\/2024\/05\/cobrancosa_4_3.jpg 534w, https:\/\/www.thegardenofpeace.org\/wp-content\/uploads\/2024\/05\/cobrancosa_4_3-300x225.jpg 300w\" sizes=\"auto, (max-width: 534px) 100vw, 534px\" \/><\/span>                <\/a>\n\n                <span class='text_holder'>\n    <span class='text_outer'>\n        <span class='text_inner'>\n            <span class='feature_holder'>\n                            <span class=\"feature_holder_icons\">';\n                            <a itemprop='image' class='lightbox qbutton small white' title='COBRAN\u00c7OSA' href='https:\/\/www.thegardenofpeace.org\/wp-content\/uploads\/2024\/05\/cobrancosa_4_3.jpg' data-rel='prettyPhoto[pretty_photo_gallery]'>zoom<\/a>\n    \n                            <a itemprop='url' class='preview qbutton small white' href='https:\/\/www.thegardenofpeace.org\/fr\/thegarden\/cobrancosa-3-3\/' target='_self'>view<\/i><\/a>\n    \n                                            <\/span>\n        <\/span>\n    <\/span>\n<\/span>            <\/div>\n                <div class='portfolio_description ' >\n\n        \n    <h5 itemprop=\"name\" class=\"portfolio_title entry_title\"><a itemprop=\"url\" href=\"https:\/\/www.thegardenofpeace.org\/fr\/thegarden\/cobrancosa-3-3\/\"  target=\"_self\"> COBRAN\u00c7OSA<\/a><\/h5>\n\n\n        \n            <span class=\"project_category\"  >\n    Jardin Canada Toronto, Jard\u00edn Chipre Nicosia, Jard\u00edn Italia Trani, Jardin Italie Vall\u00e9e des Temples, Jardin Maroc Tanger, Jard\u00edn Reino Unido Treemenere    <\/span>\n\n    <\/div>\n        \n<\/article>\n<article class='mix portfolio_category_132 portfolio_category_122 portfolio_category_124 portfolio_category_87 portfolio_category_83 portfolio_category_123 default' style=''>\n    \n    \n    \n                <div class='image_holder'>\n                <a itemprop='url' class='portfolio_link_for_touch' href='https:\/\/www.thegardenofpeace.org\/fr\/thegarden\/cobrancosa-3\/' target=''>\n                    \n<span class='image'><img loading=\"lazy\" decoding=\"async\" width=\"534\" height=\"400\" src=\"https:\/\/www.thegardenofpeace.org\/wp-content\/uploads\/2024\/05\/cobrancosa_4_3.jpg\" class=\"attachment-portfolio-landscape size-portfolio-landscape wp-post-image\" alt=\"\" srcset=\"https:\/\/www.thegardenofpeace.org\/wp-content\/uploads\/2024\/05\/cobrancosa_4_3.jpg 534w, https:\/\/www.thegardenofpeace.org\/wp-content\/uploads\/2024\/05\/cobrancosa_4_3-300x225.jpg 300w\" sizes=\"auto, (max-width: 534px) 100vw, 534px\" \/><\/span>                <\/a>\n\n                <span class='text_holder'>\n    <span class='text_outer'>\n        <span class='text_inner'>\n            <span class='feature_holder'>\n                            <span class=\"feature_holder_icons\">';\n                            <a itemprop='image' class='lightbox qbutton small white' title='COBRAN\u00c7OSA' href='https:\/\/www.thegardenofpeace.org\/wp-content\/uploads\/2024\/05\/cobrancosa_4_3.jpg' data-rel='prettyPhoto[pretty_photo_gallery]'>zoom<\/a>\n    \n                            <a itemprop='url' class='preview qbutton small white' href='https:\/\/www.thegardenofpeace.org\/fr\/thegarden\/cobrancosa-3\/' target='_self'>view<\/i><\/a>\n    \n                                            <\/span>\n        <\/span>\n    <\/span>\n<\/span>            <\/div>\n                <div class='portfolio_description ' >\n\n        \n    <h5 itemprop=\"name\" class=\"portfolio_title entry_title\"><a itemprop=\"url\" href=\"https:\/\/www.thegardenofpeace.org\/fr\/thegarden\/cobrancosa-3\/\"  target=\"_self\"> COBRAN\u00c7OSA<\/a><\/h5>\n\n\n        \n            <span class=\"project_category\"  >\n    Jardin Canada Toronto, Jard\u00edn Chipre Nicosia, Jard\u00edn Italia Trani, Jardin Italie Vall\u00e9e des Temples, Jardin Maroc Tanger, Jard\u00edn Reino Unido Treemenere    <\/span>\n\n    <\/div>\n        \n<\/article>\n<article class='mix portfolio_category_132 portfolio_category_122 portfolio_category_124 portfolio_category_87 portfolio_category_83 portfolio_category_123 default' style=''>\n    \n    \n    \n                <div class='image_holder'>\n                <a itemprop='url' class='portfolio_link_for_touch' href='https:\/\/www.thegardenofpeace.org\/fr\/thegarden\/cobrancosa-3-2\/' target=''>\n                    \n<span class='image'><img loading=\"lazy\" decoding=\"async\" width=\"534\" height=\"400\" src=\"https:\/\/www.thegardenofpeace.org\/wp-content\/uploads\/2024\/05\/cobrancosa_4_3.jpg\" class=\"attachment-portfolio-landscape size-portfolio-landscape wp-post-image\" alt=\"\" srcset=\"https:\/\/www.thegardenofpeace.org\/wp-content\/uploads\/2024\/05\/cobrancosa_4_3.jpg 534w, https:\/\/www.thegardenofpeace.org\/wp-content\/uploads\/2024\/05\/cobrancosa_4_3-300x225.jpg 300w\" sizes=\"auto, (max-width: 534px) 100vw, 534px\" \/><\/span>                <\/a>\n\n                <span class='text_holder'>\n    <span class='text_outer'>\n        <span class='text_inner'>\n            <span class='feature_holder'>\n                            <span class=\"feature_holder_icons\">';\n                            <a itemprop='image' class='lightbox qbutton small white' title='COBRAN\u00c7OSA' href='https:\/\/www.thegardenofpeace.org\/wp-content\/uploads\/2024\/05\/cobrancosa_4_3.jpg' data-rel='prettyPhoto[pretty_photo_gallery]'>zoom<\/a>\n    \n                            <a itemprop='url' class='preview qbutton small white' href='https:\/\/www.thegardenofpeace.org\/fr\/thegarden\/cobrancosa-3-2\/' target='_self'>view<\/i><\/a>\n    \n                                            <\/span>\n        <\/span>\n    <\/span>\n<\/span>            <\/div>\n                <div class='portfolio_description ' >\n\n        \n    <h5 itemprop=\"name\" class=\"portfolio_title entry_title\"><a itemprop=\"url\" href=\"https:\/\/www.thegardenofpeace.org\/fr\/thegarden\/cobrancosa-3-2\/\"  target=\"_self\"> COBRAN\u00c7OSA<\/a><\/h5>\n\n\n        \n            <span class=\"project_category\"  >\n    Jardin Canada Toronto, Jard\u00edn Chipre Nicosia, Jard\u00edn Italia Trani, Jardin Italie Vall\u00e9e des Temples, Jardin Maroc Tanger, Jard\u00edn Reino Unido Treemenere    <\/span>\n\n    <\/div>\n        \n<\/article>\n<article class='mix portfolio_category_132 portfolio_category_122 portfolio_category_51 portfolio_category_31 portfolio_category_28 portfolio_category_29 portfolio_category_124 portfolio_category_30 portfolio_category_87 portfolio_category_83 portfolio_category_123 portfolio_category_55 default' style=''>\n    \n    \n    \n                <div class='image_holder'>\n                <a itemprop='url' class='portfolio_link_for_touch' href='https:\/\/www.thegardenofpeace.org\/fr\/thegarden\/mission\/' target=''>\n                    \n<span class='image'><img loading=\"lazy\" decoding=\"async\" width=\"534\" height=\"400\" src=\"https:\/\/www.thegardenofpeace.org\/wp-content\/uploads\/2024\/05\/mission_4_3.jpg\" class=\"attachment-portfolio-landscape size-portfolio-landscape wp-post-image\" alt=\"\" srcset=\"https:\/\/www.thegardenofpeace.org\/wp-content\/uploads\/2024\/05\/mission_4_3.jpg 534w, https:\/\/www.thegardenofpeace.org\/wp-content\/uploads\/2024\/05\/mission_4_3-300x225.jpg 300w\" sizes=\"auto, (max-width: 534px) 100vw, 534px\" \/><\/span>                <\/a>\n\n                <span class='text_holder'>\n    <span class='text_outer'>\n        <span class='text_inner'>\n            <span class='feature_holder'>\n                            <span class=\"feature_holder_icons\">';\n                            <a itemprop='image' class='lightbox qbutton small white' title='MISSION' href='https:\/\/www.thegardenofpeace.org\/wp-content\/uploads\/2024\/05\/mission_4_3.jpg' data-rel='prettyPhoto[pretty_photo_gallery]'>zoom<\/a>\n    \n                            <a itemprop='url' class='preview qbutton small white' href='https:\/\/www.thegardenofpeace.org\/fr\/thegarden\/mission\/' target='_self'>view<\/i><\/a>\n    \n                                            <\/span>\n        <\/span>\n    <\/span>\n<\/span>            <\/div>\n                <div class='portfolio_description ' >\n\n        \n    <h5 itemprop=\"name\" class=\"portfolio_title entry_title\"><a itemprop=\"url\" href=\"https:\/\/www.thegardenofpeace.org\/fr\/thegarden\/mission\/\"  target=\"_self\"> MISSION<\/a><\/h5>\n\n\n        \n            <span class=\"project_category\"  >\n    Jardin Canada Toronto, Jard\u00edn Chipre Nicosia, Jardin COI Madrid, Jardin Espagne Cogollos, Jardin Gr\u00e8ce Creta, Jardin Gr\u00e8ce Trifylia, Jard\u00edn Italia Trani, Jardin Italie Paciano, Jardin Italie Vall\u00e9e des Temples, Jardin Maroc Tanger, Jard\u00edn Reino Unido Treemenere, Jardin Zaragoza    <\/span>\n\n    <\/div>\n        \n<\/article>\n<article class='mix portfolio_category_132 portfolio_category_122 portfolio_category_51 portfolio_category_31 portfolio_category_28 portfolio_category_29 portfolio_category_124 portfolio_category_30 portfolio_category_87 portfolio_category_83 portfolio_category_123 portfolio_category_55 default' style=''>\n    \n    \n    \n                <div class='image_holder'>\n                <a itemprop='url' class='portfolio_link_for_touch' href='https:\/\/www.thegardenofpeace.org\/fr\/thegarden\/lastovka\/' target=''>\n                    \n<span class='image'><img loading=\"lazy\" decoding=\"async\" width=\"534\" height=\"400\" src=\"https:\/\/www.thegardenofpeace.org\/wp-content\/uploads\/2024\/05\/lastovka_4_3.jpg\" class=\"attachment-portfolio-landscape size-portfolio-landscape wp-post-image\" alt=\"\" srcset=\"https:\/\/www.thegardenofpeace.org\/wp-content\/uploads\/2024\/05\/lastovka_4_3.jpg 534w, https:\/\/www.thegardenofpeace.org\/wp-content\/uploads\/2024\/05\/lastovka_4_3-300x225.jpg 300w\" sizes=\"auto, (max-width: 534px) 100vw, 534px\" \/><\/span>                <\/a>\n\n                <span class='text_holder'>\n    <span class='text_outer'>\n        <span class='text_inner'>\n            <span class='feature_holder'>\n                            <span class=\"feature_holder_icons\">';\n                            <a itemprop='image' class='lightbox qbutton small white' title='LASTOVKA' href='https:\/\/www.thegardenofpeace.org\/wp-content\/uploads\/2024\/05\/lastovka_4_3.jpg' data-rel='prettyPhoto[pretty_photo_gallery]'>zoom<\/a>\n    \n                            <a itemprop='url' class='preview qbutton small white' href='https:\/\/www.thegardenofpeace.org\/fr\/thegarden\/lastovka\/' target='_self'>view<\/i><\/a>\n    \n                                            <\/span>\n        <\/span>\n    <\/span>\n<\/span>            <\/div>\n                <div class='portfolio_description ' >\n\n        \n    <h5 itemprop=\"name\" class=\"portfolio_title entry_title\"><a itemprop=\"url\" href=\"https:\/\/www.thegardenofpeace.org\/fr\/thegarden\/lastovka\/\"  target=\"_self\"> LASTOVKA<\/a><\/h5>\n\n\n        \n            <span class=\"project_category\"  >\n    Jardin Canada Toronto, Jard\u00edn Chipre Nicosia, Jardin COI Madrid, Jardin Espagne Cogollos, Jardin Gr\u00e8ce Creta, Jardin Gr\u00e8ce Trifylia, Jard\u00edn Italia Trani, Jardin Italie Paciano, Jardin Italie Vall\u00e9e des Temples, Jardin Maroc Tanger, Jard\u00edn Reino Unido Treemenere, Jardin Zaragoza    <\/span>\n\n    <\/div>\n        \n<\/article>\n<article class='mix portfolio_category_132 portfolio_category_122 portfolio_category_51 portfolio_category_31 portfolio_category_28 portfolio_category_29 portfolio_category_124 portfolio_category_30 portfolio_category_87 portfolio_category_83 portfolio_category_123 portfolio_category_55 default' style=''>\n    \n    \n    \n                <div class='image_holder'>\n                <a itemprop='url' class='portfolio_link_for_touch' href='https:\/\/www.thegardenofpeace.org\/fr\/thegarden\/barnea\/' target=''>\n                    \n<span class='image'><img loading=\"lazy\" decoding=\"async\" width=\"534\" height=\"400\" src=\"https:\/\/www.thegardenofpeace.org\/wp-content\/uploads\/2024\/05\/barnea_4_3.jpg\" class=\"attachment-portfolio-landscape size-portfolio-landscape wp-post-image\" alt=\"\" srcset=\"https:\/\/www.thegardenofpeace.org\/wp-content\/uploads\/2024\/05\/barnea_4_3.jpg 534w, https:\/\/www.thegardenofpeace.org\/wp-content\/uploads\/2024\/05\/barnea_4_3-300x225.jpg 300w\" sizes=\"auto, (max-width: 534px) 100vw, 534px\" \/><\/span>                <\/a>\n\n                <span class='text_holder'>\n    <span class='text_outer'>\n        <span class='text_inner'>\n            <span class='feature_holder'>\n                            <span class=\"feature_holder_icons\">';\n                            <a itemprop='image' class='lightbox qbutton small white' title='BARNEA' href='https:\/\/www.thegardenofpeace.org\/wp-content\/uploads\/2024\/05\/barnea_4_3.jpg' data-rel='prettyPhoto[pretty_photo_gallery]'>zoom<\/a>\n    \n                            <a itemprop='url' class='preview qbutton small white' href='https:\/\/www.thegardenofpeace.org\/fr\/thegarden\/barnea\/' target='_self'>view<\/i><\/a>\n    \n                                            <\/span>\n        <\/span>\n    <\/span>\n<\/span>            <\/div>\n                <div class='portfolio_description ' >\n\n        \n    <h5 itemprop=\"name\" class=\"portfolio_title entry_title\"><a itemprop=\"url\" href=\"https:\/\/www.thegardenofpeace.org\/fr\/thegarden\/barnea\/\"  target=\"_self\"> BARNEA<\/a><\/h5>\n\n\n        \n            <span class=\"project_category\"  >\n    Jardin Canada Toronto, Jard\u00edn Chipre Nicosia, Jardin COI Madrid, Jardin Espagne Cogollos, Jardin Gr\u00e8ce Creta, Jardin Gr\u00e8ce Trifylia, Jard\u00edn Italia Trani, Jardin Italie Paciano, Jardin Italie Vall\u00e9e des Temples, Jardin Maroc Tanger, Jard\u00edn Reino Unido Treemenere, Jardin Zaragoza    <\/span>\n\n    <\/div>\n        \n<\/article>\n<article class='mix portfolio_category_132 portfolio_category_122 portfolio_category_51 portfolio_category_31 portfolio_category_28 portfolio_category_29 portfolio_category_124 portfolio_category_30 portfolio_category_87 portfolio_category_83 portfolio_category_123 portfolio_category_55 default' style=''>\n    \n    \n    \n                <div class='image_holder'>\n                <a itemprop='url' class='portfolio_link_for_touch' href='https:\/\/www.thegardenofpeace.org\/fr\/thegarden\/buga\/' target=''>\n                    \n<span class='image'><img loading=\"lazy\" decoding=\"async\" width=\"534\" height=\"400\" src=\"https:\/\/www.thegardenofpeace.org\/wp-content\/uploads\/2024\/05\/buga_4_3.jpg\" class=\"attachment-portfolio-landscape size-portfolio-landscape wp-post-image\" alt=\"\" srcset=\"https:\/\/www.thegardenofpeace.org\/wp-content\/uploads\/2024\/05\/buga_4_3.jpg 534w, https:\/\/www.thegardenofpeace.org\/wp-content\/uploads\/2024\/05\/buga_4_3-300x225.jpg 300w\" sizes=\"auto, (max-width: 534px) 100vw, 534px\" \/><\/span>                <\/a>\n\n                <span class='text_holder'>\n    <span class='text_outer'>\n        <span class='text_inner'>\n            <span class='feature_holder'>\n                            <span class=\"feature_holder_icons\">';\n                            <a itemprop='image' class='lightbox qbutton small white' title='BUGA' href='https:\/\/www.thegardenofpeace.org\/wp-content\/uploads\/2024\/05\/buga_4_3.jpg' data-rel='prettyPhoto[pretty_photo_gallery]'>zoom<\/a>\n    \n                            <a itemprop='url' class='preview qbutton small white' href='https:\/\/www.thegardenofpeace.org\/fr\/thegarden\/buga\/' target='_self'>view<\/i><\/a>\n    \n                                            <\/span>\n        <\/span>\n    <\/span>\n<\/span>            <\/div>\n                <div class='portfolio_description ' >\n\n        \n    <h5 itemprop=\"name\" class=\"portfolio_title entry_title\"><a itemprop=\"url\" href=\"https:\/\/www.thegardenofpeace.org\/fr\/thegarden\/buga\/\"  target=\"_self\"> BUGA<\/a><\/h5>\n\n\n        \n            <span class=\"project_category\"  >\n    Jardin Canada Toronto, Jard\u00edn Chipre Nicosia, Jardin COI Madrid, Jardin Espagne Cogollos, Jardin Gr\u00e8ce Creta, Jardin Gr\u00e8ce Trifylia, Jard\u00edn Italia Trani, Jardin Italie Paciano, Jardin Italie Vall\u00e9e des Temples, Jardin Maroc Tanger, Jard\u00edn Reino Unido Treemenere, Jardin Zaragoza    <\/span>\n\n    <\/div>\n        \n<\/article>\n<article class='mix portfolio_category_132 portfolio_category_122 portfolio_category_51 portfolio_category_31 portfolio_category_28 portfolio_category_29 portfolio_category_124 portfolio_category_30 portfolio_category_87 portfolio_category_83 portfolio_category_123 portfolio_category_55 default' style=''>\n    \n    \n    \n                <div class='image_holder'>\n                <a itemprop='url' class='portfolio_link_for_touch' href='https:\/\/www.thegardenofpeace.org\/fr\/thegarden\/kato-drys\/' target=''>\n                    \n<span class='image'><img loading=\"lazy\" decoding=\"async\" width=\"534\" height=\"400\" src=\"https:\/\/www.thegardenofpeace.org\/wp-content\/uploads\/2024\/05\/katodrys_4_3.jpg\" class=\"attachment-portfolio-landscape size-portfolio-landscape wp-post-image\" alt=\"\" srcset=\"https:\/\/www.thegardenofpeace.org\/wp-content\/uploads\/2024\/05\/katodrys_4_3.jpg 534w, https:\/\/www.thegardenofpeace.org\/wp-content\/uploads\/2024\/05\/katodrys_4_3-300x225.jpg 300w\" sizes=\"auto, (max-width: 534px) 100vw, 534px\" \/><\/span>                <\/a>\n\n                <span class='text_holder'>\n    <span class='text_outer'>\n        <span class='text_inner'>\n            <span class='feature_holder'>\n                            <span class=\"feature_holder_icons\">';\n                            <a itemprop='image' class='lightbox qbutton small white' title='KATO DRYS' href='https:\/\/www.thegardenofpeace.org\/wp-content\/uploads\/2024\/05\/katodrys_4_3.jpg' data-rel='prettyPhoto[pretty_photo_gallery]'>zoom<\/a>\n    \n                            <a itemprop='url' class='preview qbutton small white' href='https:\/\/www.thegardenofpeace.org\/fr\/thegarden\/kato-drys\/' target='_self'>view<\/i><\/a>\n    \n                                            <\/span>\n        <\/span>\n    <\/span>\n<\/span>            <\/div>\n                <div class='portfolio_description ' >\n\n        \n    <h5 itemprop=\"name\" class=\"portfolio_title entry_title\"><a itemprop=\"url\" href=\"https:\/\/www.thegardenofpeace.org\/fr\/thegarden\/kato-drys\/\"  target=\"_self\"> KATO DRYS<\/a><\/h5>\n\n\n        \n            <span class=\"project_category\"  >\n    Jardin Canada Toronto, Jard\u00edn Chipre Nicosia, Jardin COI Madrid, Jardin Espagne Cogollos, Jardin Gr\u00e8ce Creta, Jardin Gr\u00e8ce Trifylia, Jard\u00edn Italia Trani, Jardin Italie Paciano, Jardin Italie Vall\u00e9e des Temples, Jardin Maroc Tanger, Jard\u00edn Reino Unido Treemenere, Jardin Zaragoza    <\/span>\n\n    <\/div>\n        \n<\/article>\n<article class='mix portfolio_category_132 portfolio_category_122 portfolio_category_51 portfolio_category_31 portfolio_category_28 portfolio_category_29 portfolio_category_124 portfolio_category_30 portfolio_category_87 portfolio_category_83 portfolio_category_123 portfolio_category_55 default' style=''>\n    \n    \n    \n                <div class='image_holder'>\n                <a itemprop='url' class='portfolio_link_for_touch' href='https:\/\/www.thegardenofpeace.org\/fr\/thegarden\/frantoio\/' target=''>\n                    \n<span class='image'><img loading=\"lazy\" decoding=\"async\" width=\"534\" height=\"400\" src=\"https:\/\/www.thegardenofpeace.org\/wp-content\/uploads\/2024\/05\/frantoio_4_3.jpg\" class=\"attachment-portfolio-landscape size-portfolio-landscape wp-post-image\" alt=\"\" srcset=\"https:\/\/www.thegardenofpeace.org\/wp-content\/uploads\/2024\/05\/frantoio_4_3.jpg 534w, https:\/\/www.thegardenofpeace.org\/wp-content\/uploads\/2024\/05\/frantoio_4_3-300x225.jpg 300w\" sizes=\"auto, (max-width: 534px) 100vw, 534px\" \/><\/span>                <\/a>\n\n                <span class='text_holder'>\n    <span class='text_outer'>\n        <span class='text_inner'>\n            <span class='feature_holder'>\n                            <span class=\"feature_holder_icons\">';\n                            <a itemprop='image' class='lightbox qbutton small white' title='FRANTOIO' href='https:\/\/www.thegardenofpeace.org\/wp-content\/uploads\/2024\/05\/frantoio_4_3.jpg' data-rel='prettyPhoto[pretty_photo_gallery]'>zoom<\/a>\n    \n                            <a itemprop='url' class='preview qbutton small white' href='https:\/\/www.thegardenofpeace.org\/fr\/thegarden\/frantoio\/' target='_self'>view<\/i><\/a>\n    \n                                            <\/span>\n        <\/span>\n    <\/span>\n<\/span>            <\/div>\n                <div class='portfolio_description ' >\n\n        \n    <h5 itemprop=\"name\" class=\"portfolio_title entry_title\"><a itemprop=\"url\" href=\"https:\/\/www.thegardenofpeace.org\/fr\/thegarden\/frantoio\/\"  target=\"_self\"> FRANTOIO<\/a><\/h5>\n\n\n        \n            <span class=\"project_category\"  >\n    Jardin Canada Toronto, Jard\u00edn Chipre Nicosia, Jardin COI Madrid, Jardin Espagne Cogollos, Jardin Gr\u00e8ce Creta, Jardin Gr\u00e8ce Trifylia, Jard\u00edn Italia Trani, Jardin Italie Paciano, Jardin Italie Vall\u00e9e des Temples, Jardin Maroc Tanger, Jard\u00edn Reino Unido Treemenere, Jardin Zaragoza    <\/span>\n\n    <\/div>\n        \n<\/article>\n<article class='mix portfolio_category_132 portfolio_category_122 portfolio_category_51 portfolio_category_31 portfolio_category_28 portfolio_category_29 portfolio_category_124 portfolio_category_30 portfolio_category_87 portfolio_category_83 portfolio_category_123 portfolio_category_55 default' style=''>\n    \n    \n    \n                <div class='image_holder'>\n                <a itemprop='url' class='portfolio_link_for_touch' href='https:\/\/www.thegardenofpeace.org\/fr\/thegarden\/picual\/' target=''>\n                    \n<span class='image'><img loading=\"lazy\" decoding=\"async\" width=\"534\" height=\"400\" src=\"https:\/\/www.thegardenofpeace.org\/wp-content\/uploads\/2024\/05\/picual_4_3.jpg\" class=\"attachment-portfolio-landscape size-portfolio-landscape wp-post-image\" alt=\"\" srcset=\"https:\/\/www.thegardenofpeace.org\/wp-content\/uploads\/2024\/05\/picual_4_3.jpg 534w, https:\/\/www.thegardenofpeace.org\/wp-content\/uploads\/2024\/05\/picual_4_3-300x225.jpg 300w\" sizes=\"auto, (max-width: 534px) 100vw, 534px\" \/><\/span>                <\/a>\n\n                <span class='text_holder'>\n    <span class='text_outer'>\n        <span class='text_inner'>\n            <span class='feature_holder'>\n                            <span class=\"feature_holder_icons\">';\n                            <a itemprop='image' class='lightbox qbutton small white' title='PICUAL' href='https:\/\/www.thegardenofpeace.org\/wp-content\/uploads\/2024\/05\/picual_4_3.jpg' data-rel='prettyPhoto[pretty_photo_gallery]'>zoom<\/a>\n    \n                            <a itemprop='url' class='preview qbutton small white' href='https:\/\/www.thegardenofpeace.org\/fr\/thegarden\/picual\/' target='_self'>view<\/i><\/a>\n    \n                                            <\/span>\n        <\/span>\n    <\/span>\n<\/span>            <\/div>\n                <div class='portfolio_description ' >\n\n        \n    <h5 itemprop=\"name\" class=\"portfolio_title entry_title\"><a itemprop=\"url\" href=\"https:\/\/www.thegardenofpeace.org\/fr\/thegarden\/picual\/\"  target=\"_self\"> PICUAL<\/a><\/h5>\n\n\n        \n            <span class=\"project_category\"  >\n    Jardin Canada Toronto, Jard\u00edn Chipre Nicosia, Jardin COI Madrid, Jardin Espagne Cogollos, Jardin Gr\u00e8ce Creta, Jardin Gr\u00e8ce Trifylia, Jard\u00edn Italia Trani, Jardin Italie Paciano, Jardin Italie Vall\u00e9e des Temples, Jardin Maroc Tanger, Jard\u00edn Reino Unido Treemenere, Jardin Zaragoza    <\/span>\n\n    <\/div>\n        \n<\/article>\n<article class='mix portfolio_category_132 portfolio_category_122 portfolio_category_51 portfolio_category_31 portfolio_category_28 portfolio_category_29 portfolio_category_124 portfolio_category_30 portfolio_category_87 portfolio_category_83 portfolio_category_123 portfolio_category_55 default' style=''>\n    \n    \n    \n                <div class='image_holder'>\n                <a itemprop='url' class='portfolio_link_for_touch' href='https:\/\/www.thegardenofpeace.org\/fr\/thegarden\/toffahi\/' target=''>\n                    \n<span class='image'><img loading=\"lazy\" decoding=\"async\" width=\"534\" height=\"400\" src=\"https:\/\/www.thegardenofpeace.org\/wp-content\/uploads\/2024\/05\/toffhai_4_3.jpg\" class=\"attachment-portfolio-landscape size-portfolio-landscape wp-post-image\" alt=\"\" srcset=\"https:\/\/www.thegardenofpeace.org\/wp-content\/uploads\/2024\/05\/toffhai_4_3.jpg 534w, https:\/\/www.thegardenofpeace.org\/wp-content\/uploads\/2024\/05\/toffhai_4_3-300x225.jpg 300w\" sizes=\"auto, (max-width: 534px) 100vw, 534px\" \/><\/span>                <\/a>\n\n                <span class='text_holder'>\n    <span class='text_outer'>\n        <span class='text_inner'>\n            <span class='feature_holder'>\n                            <span class=\"feature_holder_icons\">';\n                            <a itemprop='image' class='lightbox qbutton small white' title='TOFFAHI' href='https:\/\/www.thegardenofpeace.org\/wp-content\/uploads\/2024\/05\/toffhai_4_3.jpg' data-rel='prettyPhoto[pretty_photo_gallery]'>zoom<\/a>\n    \n                            <a itemprop='url' class='preview qbutton small white' href='https:\/\/www.thegardenofpeace.org\/fr\/thegarden\/toffahi\/' target='_self'>view<\/i><\/a>\n    \n                                            <\/span>\n        <\/span>\n    <\/span>\n<\/span>            <\/div>\n                <div class='portfolio_description ' >\n\n        \n    <h5 itemprop=\"name\" class=\"portfolio_title entry_title\"><a itemprop=\"url\" href=\"https:\/\/www.thegardenofpeace.org\/fr\/thegarden\/toffahi\/\"  target=\"_self\"> TOFFAHI<\/a><\/h5>\n\n\n        \n            <span class=\"project_category\"  >\n    Jardin Canada Toronto, Jard\u00edn Chipre Nicosia, Jardin COI Madrid, Jardin Espagne Cogollos, Jardin Gr\u00e8ce Creta, Jardin Gr\u00e8ce Trifylia, Jard\u00edn Italia Trani, Jardin Italie Paciano, Jardin Italie Vall\u00e9e des Temples, Jardin Maroc Tanger, Jard\u00edn Reino Unido Treemenere, Jardin Zaragoza    <\/span>\n\n    <\/div>\n        \n<\/article>\n<article class='mix portfolio_category_132 portfolio_category_122 portfolio_category_51 portfolio_category_31 portfolio_category_28 portfolio_category_29 portfolio_category_124 portfolio_category_30 portfolio_category_87 portfolio_category_83 portfolio_category_123 portfolio_category_55 default' style=''>\n    \n    \n    \n                <div class='image_holder'>\n                <a itemprop='url' class='portfolio_link_for_touch' href='https:\/\/www.thegardenofpeace.org\/fr\/thegarden\/soury\/' target=''>\n                    \n<span class='image'><img loading=\"lazy\" decoding=\"async\" width=\"534\" height=\"400\" src=\"https:\/\/www.thegardenofpeace.org\/wp-content\/uploads\/2024\/05\/soury_4_3.jpg\" class=\"attachment-portfolio-landscape size-portfolio-landscape wp-post-image\" alt=\"\" srcset=\"https:\/\/www.thegardenofpeace.org\/wp-content\/uploads\/2024\/05\/soury_4_3.jpg 534w, https:\/\/www.thegardenofpeace.org\/wp-content\/uploads\/2024\/05\/soury_4_3-300x225.jpg 300w\" sizes=\"auto, (max-width: 534px) 100vw, 534px\" \/><\/span>                <\/a>\n\n                <span class='text_holder'>\n    <span class='text_outer'>\n        <span class='text_inner'>\n            <span class='feature_holder'>\n                            <span class=\"feature_holder_icons\">';\n                            <a itemprop='image' class='lightbox qbutton small white' title='SOURY 1' href='https:\/\/www.thegardenofpeace.org\/wp-content\/uploads\/2024\/05\/soury_4_3.jpg' data-rel='prettyPhoto[pretty_photo_gallery]'>zoom<\/a>\n    \n                            <a itemprop='url' class='preview qbutton small white' href='https:\/\/www.thegardenofpeace.org\/fr\/thegarden\/soury\/' target='_self'>view<\/i><\/a>\n    \n                                            <\/span>\n        <\/span>\n    <\/span>\n<\/span>            <\/div>\n                <div class='portfolio_description ' >\n\n        \n    <h5 itemprop=\"name\" class=\"portfolio_title entry_title\"><a itemprop=\"url\" href=\"https:\/\/www.thegardenofpeace.org\/fr\/thegarden\/soury\/\"  target=\"_self\"> SOURY 1<\/a><\/h5>\n\n\n        \n            <span class=\"project_category\"  >\n    Jardin Canada Toronto, Jard\u00edn Chipre Nicosia, Jardin COI Madrid, Jardin Espagne Cogollos, Jardin Gr\u00e8ce Creta, Jardin Gr\u00e8ce Trifylia, Jard\u00edn Italia Trani, Jardin Italie Paciano, Jardin Italie Vall\u00e9e des Temples, Jardin Maroc Tanger, Jard\u00edn Reino Unido Treemenere, Jardin Zaragoza    <\/span>\n\n    <\/div>\n        \n<\/article>\n<article class='mix portfolio_category_132 portfolio_category_31 portfolio_category_28 portfolio_category_29 portfolio_category_124 portfolio_category_30 portfolio_category_87 portfolio_category_83 default' style=''>\n    \n    \n    \n                <div class='image_holder'>\n                <a itemprop='url' class='portfolio_link_for_touch' href='https:\/\/www.thegardenofpeace.org\/fr\/thegarden\/doebli\/' target=''>\n                    \n<span class='image'><img loading=\"lazy\" decoding=\"async\" width=\"534\" height=\"400\" src=\"https:\/\/www.thegardenofpeace.org\/wp-content\/uploads\/2024\/05\/doebli_resized.jpg\" class=\"attachment-portfolio-landscape size-portfolio-landscape wp-post-image\" alt=\"\" srcset=\"https:\/\/www.thegardenofpeace.org\/wp-content\/uploads\/2024\/05\/doebli_resized.jpg 534w, https:\/\/www.thegardenofpeace.org\/wp-content\/uploads\/2024\/05\/doebli_resized-300x225.jpg 300w\" sizes=\"auto, (max-width: 534px) 100vw, 534px\" \/><\/span>                <\/a>\n\n                <span class='text_holder'>\n    <span class='text_outer'>\n        <span class='text_inner'>\n            <span class='feature_holder'>\n                            <span class=\"feature_holder_icons\">';\n                            <a itemprop='image' class='lightbox qbutton small white' title='DOEBLI' href='https:\/\/www.thegardenofpeace.org\/wp-content\/uploads\/2024\/05\/doebli_resized.jpg' data-rel='prettyPhoto[pretty_photo_gallery]'>zoom<\/a>\n    \n                            <a itemprop='url' class='preview qbutton small white' href='https:\/\/www.thegardenofpeace.org\/fr\/thegarden\/doebli\/' target='_self'>view<\/i><\/a>\n    \n                                            <\/span>\n        <\/span>\n    <\/span>\n<\/span>            <\/div>\n                <div class='portfolio_description ' >\n\n        \n    <h5 itemprop=\"name\" class=\"portfolio_title entry_title\"><a itemprop=\"url\" href=\"https:\/\/www.thegardenofpeace.org\/fr\/thegarden\/doebli\/\"  target=\"_self\"> DOEBLI<\/a><\/h5>\n\n\n        \n            <span class=\"project_category\"  >\n    Jardin Canada Toronto, Jardin Espagne Cogollos, Jardin Gr\u00e8ce Creta, Jardin Gr\u00e8ce Trifylia, Jard\u00edn Italia Trani, Jardin Italie Paciano, Jardin Italie Vall\u00e9e des Temples, Jardin Maroc Tanger    <\/span>\n\n    <\/div>\n        \n<\/article>\n<article class='mix portfolio_category_132 portfolio_category_122 portfolio_category_51 portfolio_category_28 portfolio_category_124 portfolio_category_87 portfolio_category_83 portfolio_category_123 portfolio_category_55 default' style=''>\n    \n    \n    \n                <div class='image_holder'>\n                <a itemprop='url' class='portfolio_link_for_touch' href='https:\/\/www.thegardenofpeace.org\/fr\/thegarden\/koroneiki\/' target=''>\n                    \n<span class='image'><img loading=\"lazy\" decoding=\"async\" width=\"534\" height=\"400\" src=\"https:\/\/www.thegardenofpeace.org\/wp-content\/uploads\/2024\/05\/ritagliata_e_ridimensionata.jpg\" class=\"attachment-portfolio-landscape size-portfolio-landscape wp-post-image\" alt=\"\" srcset=\"https:\/\/www.thegardenofpeace.org\/wp-content\/uploads\/2024\/05\/ritagliata_e_ridimensionata.jpg 534w, https:\/\/www.thegardenofpeace.org\/wp-content\/uploads\/2024\/05\/ritagliata_e_ridimensionata-300x225.jpg 300w\" sizes=\"auto, (max-width: 534px) 100vw, 534px\" \/><\/span>                <\/a>\n\n                <span class='text_holder'>\n    <span class='text_outer'>\n        <span class='text_inner'>\n            <span class='feature_holder'>\n                            <span class=\"feature_holder_icons\">';\n                            <a itemprop='image' class='lightbox qbutton small white' title='KORONEIKI' href='https:\/\/www.thegardenofpeace.org\/wp-content\/uploads\/2024\/05\/ritagliata_e_ridimensionata.jpg' data-rel='prettyPhoto[pretty_photo_gallery]'>zoom<\/a>\n    \n                            <a itemprop='url' class='preview qbutton small white' href='https:\/\/www.thegardenofpeace.org\/fr\/thegarden\/koroneiki\/' target='_self'>view<\/i><\/a>\n    \n                                            <\/span>\n        <\/span>\n    <\/span>\n<\/span>            <\/div>\n                <div class='portfolio_description ' >\n\n        \n    <h5 itemprop=\"name\" class=\"portfolio_title entry_title\"><a itemprop=\"url\" href=\"https:\/\/www.thegardenofpeace.org\/fr\/thegarden\/koroneiki\/\"  target=\"_self\"> KORONEIKI<\/a><\/h5>\n\n\n        \n            <span class=\"project_category\"  >\n    Jardin Canada Toronto, Jard\u00edn Chipre Nicosia, Jardin COI Madrid, Jardin Gr\u00e8ce Creta, Jard\u00edn Italia Trani, Jardin Italie Vall\u00e9e des Temples, Jardin Maroc Tanger, Jard\u00edn Reino Unido Treemenere, Jardin Zaragoza    <\/span>\n\n    <\/div>\n        \n<\/article>\n<article class='mix portfolio_category_132 portfolio_category_122 portfolio_category_124 portfolio_category_87 portfolio_category_83 portfolio_category_123 default' style=''>\n    \n    \n    \n                <div class='image_holder'>\n                <a itemprop='url' class='portfolio_link_for_touch' href='https:\/\/www.thegardenofpeace.org\/fr\/thegarden\/koroneiki-3\/' target=''>\n                    \n<span class='image'><img loading=\"lazy\" decoding=\"async\" width=\"534\" height=\"400\" src=\"https:\/\/www.thegardenofpeace.org\/wp-content\/uploads\/2024\/05\/ritagliata_e_ridimensionata.jpg\" class=\"attachment-portfolio-landscape size-portfolio-landscape wp-post-image\" alt=\"\" srcset=\"https:\/\/www.thegardenofpeace.org\/wp-content\/uploads\/2024\/05\/ritagliata_e_ridimensionata.jpg 534w, https:\/\/www.thegardenofpeace.org\/wp-content\/uploads\/2024\/05\/ritagliata_e_ridimensionata-300x225.jpg 300w\" sizes=\"auto, (max-width: 534px) 100vw, 534px\" \/><\/span>                <\/a>\n\n                <span class='text_holder'>\n    <span class='text_outer'>\n        <span class='text_inner'>\n            <span class='feature_holder'>\n                            <span class=\"feature_holder_icons\">';\n                            <a itemprop='image' class='lightbox qbutton small white' title='KORONEIKI' href='https:\/\/www.thegardenofpeace.org\/wp-content\/uploads\/2024\/05\/ritagliata_e_ridimensionata.jpg' data-rel='prettyPhoto[pretty_photo_gallery]'>zoom<\/a>\n    \n                            <a itemprop='url' class='preview qbutton small white' href='https:\/\/www.thegardenofpeace.org\/fr\/thegarden\/koroneiki-3\/' target='_self'>view<\/i><\/a>\n    \n                                            <\/span>\n        <\/span>\n    <\/span>\n<\/span>            <\/div>\n                <div class='portfolio_description ' >\n\n        \n    <h5 itemprop=\"name\" class=\"portfolio_title entry_title\"><a itemprop=\"url\" href=\"https:\/\/www.thegardenofpeace.org\/fr\/thegarden\/koroneiki-3\/\"  target=\"_self\"> KORONEIKI<\/a><\/h5>\n\n\n        \n            <span class=\"project_category\"  >\n    Jardin Canada Toronto, Jard\u00edn Chipre Nicosia, Jard\u00edn Italia Trani, Jardin Italie Vall\u00e9e des Temples, Jardin Maroc Tanger, Jard\u00edn Reino Unido Treemenere    <\/span>\n\n    <\/div>\n        \n<\/article>\n<article class='mix portfolio_category_132 portfolio_category_122 portfolio_category_124 portfolio_category_87 portfolio_category_83 portfolio_category_123 default' style=''>\n    \n    \n    \n                <div class='image_holder'>\n                <a itemprop='url' class='portfolio_link_for_touch' href='https:\/\/www.thegardenofpeace.org\/fr\/thegarden\/koroneiki-3-2\/' target=''>\n                    \n<span class='image'><img loading=\"lazy\" decoding=\"async\" width=\"534\" height=\"400\" src=\"https:\/\/www.thegardenofpeace.org\/wp-content\/uploads\/2024\/05\/ritagliata_e_ridimensionata.jpg\" class=\"attachment-portfolio-landscape size-portfolio-landscape wp-post-image\" alt=\"\" srcset=\"https:\/\/www.thegardenofpeace.org\/wp-content\/uploads\/2024\/05\/ritagliata_e_ridimensionata.jpg 534w, https:\/\/www.thegardenofpeace.org\/wp-content\/uploads\/2024\/05\/ritagliata_e_ridimensionata-300x225.jpg 300w\" sizes=\"auto, (max-width: 534px) 100vw, 534px\" \/><\/span>                <\/a>\n\n                <span class='text_holder'>\n    <span class='text_outer'>\n        <span class='text_inner'>\n            <span class='feature_holder'>\n                            <span class=\"feature_holder_icons\">';\n                            <a itemprop='image' class='lightbox qbutton small white' title='KORONEIKI' href='https:\/\/www.thegardenofpeace.org\/wp-content\/uploads\/2024\/05\/ritagliata_e_ridimensionata.jpg' data-rel='prettyPhoto[pretty_photo_gallery]'>zoom<\/a>\n    \n                            <a itemprop='url' class='preview qbutton small white' href='https:\/\/www.thegardenofpeace.org\/fr\/thegarden\/koroneiki-3-2\/' target='_self'>view<\/i><\/a>\n    \n                                            <\/span>\n        <\/span>\n    <\/span>\n<\/span>            <\/div>\n                <div class='portfolio_description ' >\n\n        \n    <h5 itemprop=\"name\" class=\"portfolio_title entry_title\"><a itemprop=\"url\" href=\"https:\/\/www.thegardenofpeace.org\/fr\/thegarden\/koroneiki-3-2\/\"  target=\"_self\"> KORONEIKI<\/a><\/h5>\n\n\n        \n            <span class=\"project_category\"  >\n    Jardin Canada Toronto, Jard\u00edn Chipre Nicosia, Jard\u00edn Italia Trani, Jardin Italie Vall\u00e9e des Temples, Jardin Maroc Tanger, Jard\u00edn Reino Unido Treemenere    <\/span>\n\n    <\/div>\n        \n<\/article>\n<article class='mix portfolio_category_31 default' style=''>\n    \n    \n    \n                <div class='image_holder'>\n                <a itemprop='url' class='portfolio_link_for_touch' href='https:\/\/www.thegardenofpeace.org\/fr\/thegarden\/loaime\/' target=''>\n                    \n<span class='image'><img loading=\"lazy\" decoding=\"async\" width=\"534\" height=\"400\" src=\"https:\/\/www.thegardenofpeace.org\/wp-content\/uploads\/2024\/05\/loaime_4_3.jpg\" class=\"attachment-portfolio-landscape size-portfolio-landscape wp-post-image\" alt=\"\" srcset=\"https:\/\/www.thegardenofpeace.org\/wp-content\/uploads\/2024\/05\/loaime_4_3.jpg 534w, https:\/\/www.thegardenofpeace.org\/wp-content\/uploads\/2024\/05\/loaime_4_3-300x225.jpg 300w\" sizes=\"auto, (max-width: 534px) 100vw, 534px\" \/><\/span>                <\/a>\n\n                <span class='text_holder'>\n    <span class='text_outer'>\n        <span class='text_inner'>\n            <span class='feature_holder'>\n                            <span class=\"feature_holder_icons\">';\n                            <a itemprop='image' class='lightbox qbutton small white' title='LOAIME' href='https:\/\/www.thegardenofpeace.org\/wp-content\/uploads\/2024\/05\/loaime_4_3.jpg' data-rel='prettyPhoto[pretty_photo_gallery]'>zoom<\/a>\n    \n                            <a itemprop='url' class='preview qbutton small white' href='https:\/\/www.thegardenofpeace.org\/fr\/thegarden\/loaime\/' target='_self'>view<\/i><\/a>\n    \n                                            <\/span>\n        <\/span>\n    <\/span>\n<\/span>            <\/div>\n                <div class='portfolio_description ' >\n\n        \n    <h5 itemprop=\"name\" class=\"portfolio_title entry_title\"><a itemprop=\"url\" href=\"https:\/\/www.thegardenofpeace.org\/fr\/thegarden\/loaime\/\"  target=\"_self\"> LOAIME<\/a><\/h5>\n\n\n        \n            <span class=\"project_category\"  >\n    Jardin Espagne Cogollos    <\/span>\n\n    <\/div>\n        \n<\/article>\n<article class='mix portfolio_category_51 portfolio_category_47 default' style=''>\n    \n    \n    \n                <div class='image_holder'>\n                <a itemprop='url' class='portfolio_link_for_touch' href='https:\/\/www.thegardenofpeace.org\/fr\/thegarden\/zutica\/' target=''>\n                    \n<span class='image'><img loading=\"lazy\" decoding=\"async\" width=\"800\" height=\"600\" src=\"https:\/\/www.thegardenofpeace.org\/wp-content\/uploads\/2022\/11\/zutica-800x600.jpg\" class=\"attachment-portfolio-landscape size-portfolio-landscape wp-post-image\" alt=\"\" \/><\/span>                <\/a>\n\n                <span class='text_holder'>\n    <span class='text_outer'>\n        <span class='text_inner'>\n            <span class='feature_holder'>\n                            <span class=\"feature_holder_icons\">';\n                            <a itemprop='image' class='lightbox qbutton small white' title='Z\u030cUTICA' href='https:\/\/www.thegardenofpeace.org\/wp-content\/uploads\/2022\/11\/zutica.jpg' data-rel='prettyPhoto[pretty_photo_gallery]'>zoom<\/a>\n    \n                            <a itemprop='url' class='preview qbutton small white' href='https:\/\/www.thegardenofpeace.org\/fr\/thegarden\/zutica\/' target='_self'>view<\/i><\/a>\n    \n                                            <\/span>\n        <\/span>\n    <\/span>\n<\/span>            <\/div>\n                <div class='portfolio_description ' >\n\n        \n    <h5 itemprop=\"name\" class=\"portfolio_title entry_title\"><a itemprop=\"url\" href=\"https:\/\/www.thegardenofpeace.org\/fr\/thegarden\/zutica\/\"  target=\"_self\"> Z\u030cUTICA<\/a><\/h5>\n\n\n        \n            <span class=\"project_category\"  >\n    Jardin COI Madrid, misto    <\/span>\n\n    <\/div>\n        \n<\/article>\n<article class='mix portfolio_category_51 portfolio_category_47 default' style=''>\n    \n    \n    \n                <div class='image_holder'>\n                <a itemprop='url' class='portfolio_link_for_touch' href='https:\/\/www.thegardenofpeace.org\/fr\/thegarden\/chemlali\/' target=''>\n                    \n<span class='image'><img loading=\"lazy\" decoding=\"async\" width=\"800\" height=\"600\" src=\"https:\/\/www.thegardenofpeace.org\/wp-content\/uploads\/2022\/11\/chemlali-800x600.jpg\" class=\"attachment-portfolio-landscape size-portfolio-landscape wp-post-image\" alt=\"\" \/><\/span>                <\/a>\n\n                <span class='text_holder'>\n    <span class='text_outer'>\n        <span class='text_inner'>\n            <span class='feature_holder'>\n                            <span class=\"feature_holder_icons\">';\n                            <a itemprop='image' class='lightbox qbutton small white' title='CHEMLALI' href='https:\/\/www.thegardenofpeace.org\/wp-content\/uploads\/2022\/11\/chemlali.jpg' data-rel='prettyPhoto[pretty_photo_gallery]'>zoom<\/a>\n    \n                            <a itemprop='url' class='preview qbutton small white' href='https:\/\/www.thegardenofpeace.org\/fr\/thegarden\/chemlali\/' target='_self'>view<\/i><\/a>\n    \n                                            <\/span>\n        <\/span>\n    <\/span>\n<\/span>            <\/div>\n                <div class='portfolio_description ' >\n\n        \n    <h5 itemprop=\"name\" class=\"portfolio_title entry_title\"><a itemprop=\"url\" href=\"https:\/\/www.thegardenofpeace.org\/fr\/thegarden\/chemlali\/\"  target=\"_self\"> CHEMLALI<\/a><\/h5>\n\n\n        \n            <span class=\"project_category\"  >\n    Jardin COI Madrid, misto    <\/span>\n\n    <\/div>\n        \n<\/article>\n<article class='mix portfolio_category_51 default' style=''>\n    \n    \n    \n                <div class='image_holder'>\n                <a itemprop='url' class='portfolio_link_for_touch' href='https:\/\/www.thegardenofpeace.org\/fr\/thegarden\/tripolitane\/' target=''>\n                    \n<span class='image'><img loading=\"lazy\" decoding=\"async\" width=\"800\" height=\"600\" src=\"https:\/\/www.thegardenofpeace.org\/wp-content\/uploads\/2022\/11\/placeholder-800x600.jpg\" class=\"attachment-portfolio-landscape size-portfolio-landscape wp-post-image\" alt=\"\" \/><\/span>                <\/a>\n\n                <span class='text_holder'>\n    <span class='text_outer'>\n        <span class='text_inner'>\n            <span class='feature_holder'>\n                            <span class=\"feature_holder_icons\">';\n                            <a itemprop='image' class='lightbox qbutton small white' title='Libye' href='https:\/\/www.thegardenofpeace.org\/wp-content\/uploads\/2022\/11\/placeholder.jpg' data-rel='prettyPhoto[pretty_photo_gallery]'>zoom<\/a>\n    \n                            <a itemprop='url' class='preview qbutton small white' href='https:\/\/www.thegardenofpeace.org\/fr\/thegarden\/tripolitane\/' target='_self'>view<\/i><\/a>\n    \n                                            <\/span>\n        <\/span>\n    <\/span>\n<\/span>            <\/div>\n                <div class='portfolio_description ' >\n\n        \n    <h5 itemprop=\"name\" class=\"portfolio_title entry_title\"><a itemprop=\"url\" href=\"https:\/\/www.thegardenofpeace.org\/fr\/thegarden\/tripolitane\/\"  target=\"_self\"> Libye<\/a><\/h5>\n\n\n        \n            <span class=\"project_category\"  >\n    Jardin COI Madrid    <\/span>\n\n    <\/div>\n        \n<\/article>\n<article class='mix portfolio_category_51 portfolio_category_47 default' style=''>\n    \n    \n    \n                <div class='image_holder'>\n                <a itemprop='url' class='portfolio_link_for_touch' href='https:\/\/www.thegardenofpeace.org\/fr\/thegarden\/al-mehras\/' target=''>\n                    \n<span class='image'><img loading=\"lazy\" decoding=\"async\" width=\"800\" height=\"600\" src=\"https:\/\/www.thegardenofpeace.org\/wp-content\/uploads\/2022\/11\/meras--800x600.jpg\" class=\"attachment-portfolio-landscape size-portfolio-landscape wp-post-image\" alt=\"\" \/><\/span>                <\/a>\n\n                <span class='text_holder'>\n    <span class='text_outer'>\n        <span class='text_inner'>\n            <span class='feature_holder'>\n                            <span class=\"feature_holder_icons\">';\n                            <a itemprop='image' class='lightbox qbutton small white' title='MEHRAS' href='https:\/\/www.thegardenofpeace.org\/wp-content\/uploads\/2022\/11\/meras--e1723121858985.jpg' data-rel='prettyPhoto[pretty_photo_gallery]'>zoom<\/a>\n    \n                            <a itemprop='url' class='preview qbutton small white' href='https:\/\/www.thegardenofpeace.org\/fr\/thegarden\/al-mehras\/' target='_self'>view<\/i><\/a>\n    \n                                            <\/span>\n        <\/span>\n    <\/span>\n<\/span>            <\/div>\n                <div class='portfolio_description ' >\n\n        \n    <h5 itemprop=\"name\" class=\"portfolio_title entry_title\"><a itemprop=\"url\" href=\"https:\/\/www.thegardenofpeace.org\/fr\/thegarden\/al-mehras\/\"  target=\"_self\"> MEHRAS<\/a><\/h5>\n\n\n        \n            <span class=\"project_category\"  >\n    Jardin COI Madrid, misto    <\/span>\n\n    <\/div>\n        \n<\/article>\n<article class='mix portfolio_category_51 portfolio_category_46 default' style=''>\n    \n    \n    \n                <div class='image_holder'>\n                <a itemprop='url' class='portfolio_link_for_touch' href='https:\/\/www.thegardenofpeace.org\/fr\/thegarden\/uruguay\/' target=''>\n                    \n<span class='image'><img loading=\"lazy\" decoding=\"async\" width=\"800\" height=\"600\" src=\"https:\/\/www.thegardenofpeace.org\/wp-content\/uploads\/2022\/11\/placeholder-800x600.jpg\" class=\"attachment-portfolio-landscape size-portfolio-landscape wp-post-image\" alt=\"\" \/><\/span>                <\/a>\n\n                <span class='text_holder'>\n    <span class='text_outer'>\n        <span class='text_inner'>\n            <span class='feature_holder'>\n                            <span class=\"feature_holder_icons\">';\n                            <a itemprop='image' class='lightbox qbutton small white' title='Uruguay' href='https:\/\/www.thegardenofpeace.org\/wp-content\/uploads\/2022\/11\/placeholder.jpg' data-rel='prettyPhoto[pretty_photo_gallery]'>zoom<\/a>\n    \n                            <a itemprop='url' class='preview qbutton small white' href='https:\/\/www.thegardenofpeace.org\/fr\/thegarden\/uruguay\/' target='_self'>view<\/i><\/a>\n    \n                                            <\/span>\n        <\/span>\n    <\/span>\n<\/span>            <\/div>\n                <div class='portfolio_description ' >\n\n        \n    <h5 itemprop=\"name\" class=\"portfolio_title entry_title\"><a itemprop=\"url\" href=\"https:\/\/www.thegardenofpeace.org\/fr\/thegarden\/uruguay\/\"  target=\"_self\"> Uruguay<\/a><\/h5>\n\n\n        \n            <span class=\"project_category\"  >\n    Jardin COI Madrid, Misto    <\/span>\n\n    <\/div>\n        \n<\/article>\n<article class='mix portfolio_category_51 default' style=''>\n    \n    \n    \n                <div class='image_holder'>\n                <a itemprop='url' class='portfolio_link_for_touch' href='https:\/\/www.thegardenofpeace.org\/fr\/thegarden\/saudi-arabia\/' target=''>\n                    \n<span class='image'><img loading=\"lazy\" decoding=\"async\" width=\"800\" height=\"600\" src=\"https:\/\/www.thegardenofpeace.org\/wp-content\/uploads\/2022\/11\/placeholder-800x600.jpg\" class=\"attachment-portfolio-landscape size-portfolio-landscape wp-post-image\" alt=\"\" \/><\/span>                <\/a>\n\n                <span class='text_holder'>\n    <span class='text_outer'>\n        <span class='text_inner'>\n            <span class='feature_holder'>\n                            <span class=\"feature_holder_icons\">';\n                            <a itemprop='image' class='lightbox qbutton small white' title='Arabie Saoudite' href='https:\/\/www.thegardenofpeace.org\/wp-content\/uploads\/2022\/11\/placeholder.jpg' data-rel='prettyPhoto[pretty_photo_gallery]'>zoom<\/a>\n    \n                            <a itemprop='url' class='preview qbutton small white' href='https:\/\/www.thegardenofpeace.org\/fr\/thegarden\/saudi-arabia\/' target='_self'>view<\/i><\/a>\n    \n                                            <\/span>\n        <\/span>\n    <\/span>\n<\/span>            <\/div>\n                <div class='portfolio_description ' >\n\n        \n    <h5 itemprop=\"name\" class=\"portfolio_title entry_title\"><a itemprop=\"url\" href=\"https:\/\/www.thegardenofpeace.org\/fr\/thegarden\/saudi-arabia\/\"  target=\"_self\"> Arabie Saoudite<\/a><\/h5>\n\n\n        \n            <span class=\"project_category\"  >\n    Jardin COI Madrid    <\/span>\n\n    <\/div>\n        \n<\/article>\n<article class='mix portfolio_category_51 default' style=''>\n    \n    \n    \n                <div class='image_holder'>\n                <a itemprop='url' class='portfolio_link_for_touch' href='https:\/\/www.thegardenofpeace.org\/fr\/thegarden\/georgia\/' target=''>\n                    \n<span class='image'><img loading=\"lazy\" decoding=\"async\" width=\"800\" height=\"600\" src=\"https:\/\/www.thegardenofpeace.org\/wp-content\/uploads\/2022\/11\/placeholder-800x600.jpg\" class=\"attachment-portfolio-landscape size-portfolio-landscape wp-post-image\" alt=\"\" \/><\/span>                <\/a>\n\n                <span class='text_holder'>\n    <span class='text_outer'>\n        <span class='text_inner'>\n            <span class='feature_holder'>\n                            <span class=\"feature_holder_icons\">';\n                            <a itemprop='image' class='lightbox qbutton small white' title='G\u00e9orgie' href='https:\/\/www.thegardenofpeace.org\/wp-content\/uploads\/2022\/11\/placeholder.jpg' data-rel='prettyPhoto[pretty_photo_gallery]'>zoom<\/a>\n    \n                            <a itemprop='url' class='preview qbutton small white' href='https:\/\/www.thegardenofpeace.org\/fr\/thegarden\/georgia\/' target='_self'>view<\/i><\/a>\n    \n                                            <\/span>\n        <\/span>\n    <\/span>\n<\/span>            <\/div>\n                <div class='portfolio_description ' >\n\n        \n    <h5 itemprop=\"name\" class=\"portfolio_title entry_title\"><a itemprop=\"url\" href=\"https:\/\/www.thegardenofpeace.org\/fr\/thegarden\/georgia\/\"  target=\"_self\"> G\u00e9orgie<\/a><\/h5>\n\n\n        \n            <span class=\"project_category\"  >\n    Jardin COI Madrid    <\/span>\n\n    <\/div>\n        \n<\/article>\n<article class='mix portfolio_category_51 default' style=''>\n    \n    \n    \n                <div class='image_holder'>\n                <a itemprop='url' class='portfolio_link_for_touch' href='https:\/\/www.thegardenofpeace.org\/fr\/thegarden\/uzbekistan\/' target=''>\n                    \n<span class='image'><img loading=\"lazy\" decoding=\"async\" width=\"800\" height=\"600\" src=\"https:\/\/www.thegardenofpeace.org\/wp-content\/uploads\/2022\/11\/placeholder-800x600.jpg\" class=\"attachment-portfolio-landscape size-portfolio-landscape wp-post-image\" alt=\"\" \/><\/span>                <\/a>\n\n                <span class='text_holder'>\n    <span class='text_outer'>\n        <span class='text_inner'>\n            <span class='feature_holder'>\n                            <span class=\"feature_holder_icons\">';\n                            <a itemprop='image' class='lightbox qbutton small white' title='Ouzb\u00e9kistan' href='https:\/\/www.thegardenofpeace.org\/wp-content\/uploads\/2022\/11\/placeholder.jpg' data-rel='prettyPhoto[pretty_photo_gallery]'>zoom<\/a>\n    \n                            <a itemprop='url' class='preview qbutton small white' href='https:\/\/www.thegardenofpeace.org\/fr\/thegarden\/uzbekistan\/' target='_self'>view<\/i><\/a>\n    \n                                            <\/span>\n        <\/span>\n    <\/span>\n<\/span>            <\/div>\n                <div class='portfolio_description ' >\n\n        \n    <h5 itemprop=\"name\" class=\"portfolio_title entry_title\"><a itemprop=\"url\" href=\"https:\/\/www.thegardenofpeace.org\/fr\/thegarden\/uzbekistan\/\"  target=\"_self\"> Ouzb\u00e9kistan<\/a><\/h5>\n\n\n        \n            <span class=\"project_category\"  >\n    Jardin COI Madrid    <\/span>\n\n    <\/div>\n        \n<\/article>\n<article class='mix portfolio_category_51 default' style=''>\n    \n    \n    \n                <div class='image_holder'>\n                <a itemprop='url' class='portfolio_link_for_touch' href='https:\/\/www.thegardenofpeace.org\/fr\/thegarden\/azerbaijan\/' target=''>\n                    \n<span class='image'><img loading=\"lazy\" decoding=\"async\" width=\"800\" height=\"600\" src=\"https:\/\/www.thegardenofpeace.org\/wp-content\/uploads\/2022\/11\/placeholder-800x600.jpg\" class=\"attachment-portfolio-landscape size-portfolio-landscape wp-post-image\" alt=\"\" \/><\/span>                <\/a>\n\n                <span class='text_holder'>\n    <span class='text_outer'>\n        <span class='text_inner'>\n            <span class='feature_holder'>\n                            <span class=\"feature_holder_icons\">';\n                            <a itemprop='image' class='lightbox qbutton small white' title='Azerba\u00efdjan' href='https:\/\/www.thegardenofpeace.org\/wp-content\/uploads\/2022\/11\/placeholder.jpg' data-rel='prettyPhoto[pretty_photo_gallery]'>zoom<\/a>\n    \n                            <a itemprop='url' class='preview qbutton small white' href='https:\/\/www.thegardenofpeace.org\/fr\/thegarden\/azerbaijan\/' target='_self'>view<\/i><\/a>\n    \n                                            <\/span>\n        <\/span>\n    <\/span>\n<\/span>            <\/div>\n                <div class='portfolio_description ' >\n\n        \n    <h5 itemprop=\"name\" class=\"portfolio_title entry_title\"><a itemprop=\"url\" href=\"https:\/\/www.thegardenofpeace.org\/fr\/thegarden\/azerbaijan\/\"  target=\"_self\"> Azerba\u00efdjan<\/a><\/h5>\n\n\n        \n            <span class=\"project_category\"  >\n    Jardin COI Madrid    <\/span>\n\n    <\/div>\n        \n<\/article>\n<article class='mix portfolio_category_51 default' style=''>\n    \n    \n    \n                <div class='image_holder'>\n                <a itemprop='url' class='portfolio_link_for_touch' href='https:\/\/www.thegardenofpeace.org\/fr\/thegarden\/malta\/' target=''>\n                    \n<span class='image'><img loading=\"lazy\" decoding=\"async\" width=\"800\" height=\"600\" src=\"https:\/\/www.thegardenofpeace.org\/wp-content\/uploads\/2022\/11\/placeholder-800x600.jpg\" class=\"attachment-portfolio-landscape size-portfolio-landscape wp-post-image\" alt=\"\" \/><\/span>                <\/a>\n\n                <span class='text_holder'>\n    <span class='text_outer'>\n        <span class='text_inner'>\n            <span class='feature_holder'>\n                            <span class=\"feature_holder_icons\">';\n                            <a itemprop='image' class='lightbox qbutton small white' title='Malte' href='https:\/\/www.thegardenofpeace.org\/wp-content\/uploads\/2022\/11\/placeholder.jpg' data-rel='prettyPhoto[pretty_photo_gallery]'>zoom<\/a>\n    \n                            <a itemprop='url' class='preview qbutton small white' href='https:\/\/www.thegardenofpeace.org\/fr\/thegarden\/malta\/' target='_self'>view<\/i><\/a>\n    \n                                            <\/span>\n        <\/span>\n    <\/span>\n<\/span>            <\/div>\n                <div class='portfolio_description ' >\n\n        \n    <h5 itemprop=\"name\" class=\"portfolio_title entry_title\"><a itemprop=\"url\" href=\"https:\/\/www.thegardenofpeace.org\/fr\/thegarden\/malta\/\"  target=\"_self\"> Malte<\/a><\/h5>\n\n\n        \n            <span class=\"project_category\"  >\n    Jardin COI Madrid    <\/span>\n\n    <\/div>\n        \n<\/article>\n<article class='mix portfolio_category_55 default' style=''>\n    \n    \n    \n                <div class='image_holder'>\n                <a itemprop='url' class='portfolio_link_for_touch' href='https:\/\/www.thegardenofpeace.org\/fr\/thegarden\/empeltre\/' target=''>\n                    \n<span class='image'><img loading=\"lazy\" decoding=\"async\" width=\"534\" height=\"400\" src=\"https:\/\/www.thegardenofpeace.org\/wp-content\/uploads\/2024\/05\/empeltre_4_3.jpg\" class=\"attachment-portfolio-landscape size-portfolio-landscape wp-post-image\" alt=\"\" srcset=\"https:\/\/www.thegardenofpeace.org\/wp-content\/uploads\/2024\/05\/empeltre_4_3.jpg 534w, https:\/\/www.thegardenofpeace.org\/wp-content\/uploads\/2024\/05\/empeltre_4_3-300x225.jpg 300w\" sizes=\"auto, (max-width: 534px) 100vw, 534px\" \/><\/span>                <\/a>\n\n                <span class='text_holder'>\n    <span class='text_outer'>\n        <span class='text_inner'>\n            <span class='feature_holder'>\n                            <span class=\"feature_holder_icons\">';\n                            <a itemprop='image' class='lightbox qbutton small white' title='EMPELTRE' href='https:\/\/www.thegardenofpeace.org\/wp-content\/uploads\/2024\/05\/empeltre_4_3.jpg' data-rel='prettyPhoto[pretty_photo_gallery]'>zoom<\/a>\n    \n                            <a itemprop='url' class='preview qbutton small white' href='https:\/\/www.thegardenofpeace.org\/fr\/thegarden\/empeltre\/' target='_self'>view<\/i><\/a>\n    \n                                            <\/span>\n        <\/span>\n    <\/span>\n<\/span>            <\/div>\n                <div class='portfolio_description ' >\n\n        \n    <h5 itemprop=\"name\" class=\"portfolio_title entry_title\"><a itemprop=\"url\" href=\"https:\/\/www.thegardenofpeace.org\/fr\/thegarden\/empeltre\/\"  target=\"_self\"> EMPELTRE<\/a><\/h5>\n\n\n        \n            <span class=\"project_category\"  >\n    Jardin Zaragoza    <\/span>\n\n    <\/div>\n        \n<\/article>\n<article class='mix portfolio_category_122 portfolio_category_123 portfolio_category_55 default' style=''>\n    \n    \n    \n                <div class='image_holder'>\n                <a itemprop='url' class='portfolio_link_for_touch' href='https:\/\/www.thegardenofpeace.org\/fr\/thegarden\/zaity\/' target=''>\n                    \n<span class='image'><img loading=\"lazy\" decoding=\"async\" width=\"534\" height=\"400\" src=\"https:\/\/www.thegardenofpeace.org\/wp-content\/uploads\/2024\/05\/zaity_4_3.jpg\" class=\"attachment-portfolio-landscape size-portfolio-landscape wp-post-image\" alt=\"\" srcset=\"https:\/\/www.thegardenofpeace.org\/wp-content\/uploads\/2024\/05\/zaity_4_3.jpg 534w, https:\/\/www.thegardenofpeace.org\/wp-content\/uploads\/2024\/05\/zaity_4_3-300x225.jpg 300w\" sizes=\"auto, (max-width: 534px) 100vw, 534px\" \/><\/span>                <\/a>\n\n                <span class='text_holder'>\n    <span class='text_outer'>\n        <span class='text_inner'>\n            <span class='feature_holder'>\n                            <span class=\"feature_holder_icons\">';\n                            <a itemprop='image' class='lightbox qbutton small white' title='ZAITY' href='https:\/\/www.thegardenofpeace.org\/wp-content\/uploads\/2024\/05\/zaity_4_3.jpg' data-rel='prettyPhoto[pretty_photo_gallery]'>zoom<\/a>\n    \n                            <a itemprop='url' class='preview qbutton small white' href='https:\/\/www.thegardenofpeace.org\/fr\/thegarden\/zaity\/' target='_self'>view<\/i><\/a>\n    \n                                            <\/span>\n        <\/span>\n    <\/span>\n<\/span>            <\/div>\n                <div class='portfolio_description ' >\n\n        \n    <h5 itemprop=\"name\" class=\"portfolio_title entry_title\"><a itemprop=\"url\" href=\"https:\/\/www.thegardenofpeace.org\/fr\/thegarden\/zaity\/\"  target=\"_self\"> ZAITY<\/a><\/h5>\n\n\n        \n            <span class=\"project_category\"  >\n    Jard\u00edn Chipre Nicosia, Jard\u00edn Reino Unido Treemenere, Jardin Zaragoza    <\/span>\n\n    <\/div>\n        \n<\/article>\n<article class='mix portfolio_category_90 default' style=''>\n    \n    \n    \n                <div class='image_holder'>\n                <a itemprop='url' class='portfolio_link_for_touch' href='https:\/\/www.thegardenofpeace.org\/fr\/thegarden\/australia-statistics\/' target=''>\n                    \n<span class='image'><img loading=\"lazy\" decoding=\"async\" width=\"800\" height=\"600\" src=\"https:\/\/www.thegardenofpeace.org\/wp-content\/uploads\/2023\/11\/australia-2-800x600.png\" class=\"attachment-portfolio-landscape size-portfolio-landscape wp-post-image\" alt=\"\" \/><\/span>                <\/a>\n\n                <span class='text_holder'>\n    <span class='text_outer'>\n        <span class='text_inner'>\n            <span class='feature_holder'>\n                            <span class=\"feature_holder_icons\">';\n                            <a itemprop='image' class='lightbox qbutton small white' title='*Australia*' href='https:\/\/www.thegardenofpeace.org\/wp-content\/uploads\/2023\/11\/australia-2.png' data-rel='prettyPhoto[pretty_photo_gallery]'>zoom<\/a>\n    \n                            <a itemprop='url' class='preview qbutton small white' href='https:\/\/www.thegardenofpeace.org\/fr\/thegarden\/australia-statistics\/' target='_self'>view<\/i><\/a>\n    \n                                            <\/span>\n        <\/span>\n    <\/span>\n<\/span>            <\/div>\n                <div class='portfolio_description ' >\n\n        \n    <h5 itemprop=\"name\" class=\"portfolio_title entry_title\"><a itemprop=\"url\" href=\"https:\/\/www.thegardenofpeace.org\/fr\/thegarden\/australia-statistics\/\"  target=\"_self\"> *Australia*<\/a><\/h5>\n\n\n        \n            <span class=\"project_category\"  >\n    Statistics    <\/span>\n\n    <\/div>\n        \n<\/article>\n<article class='mix portfolio_category_90 default' style=''>\n    \n    \n    \n                <div class='image_holder'>\n                <a itemprop='url' class='portfolio_link_for_touch' href='https:\/\/www.thegardenofpeace.org\/fr\/thegarden\/chile-statistics\/' target=''>\n                    \n<span class='image'><img loading=\"lazy\" decoding=\"async\" width=\"800\" height=\"600\" src=\"https:\/\/www.thegardenofpeace.org\/wp-content\/uploads\/2023\/11\/Chile-2-800x600.png\" class=\"attachment-portfolio-landscape size-portfolio-landscape wp-post-image\" alt=\"\" \/><\/span>                <\/a>\n\n                <span class='text_holder'>\n    <span class='text_outer'>\n        <span class='text_inner'>\n            <span class='feature_holder'>\n                            <span class=\"feature_holder_icons\">';\n                            <a itemprop='image' class='lightbox qbutton small white' title='*Chile*' href='https:\/\/www.thegardenofpeace.org\/wp-content\/uploads\/2023\/11\/Chile-2.png' data-rel='prettyPhoto[pretty_photo_gallery]'>zoom<\/a>\n    \n                            <a itemprop='url' class='preview qbutton small white' href='https:\/\/www.thegardenofpeace.org\/fr\/thegarden\/chile-statistics\/' target='_self'>view<\/i><\/a>\n    \n                                            <\/span>\n        <\/span>\n    <\/span>\n<\/span>            <\/div>\n                <div class='portfolio_description ' >\n\n        \n    <h5 itemprop=\"name\" class=\"portfolio_title entry_title\"><a itemprop=\"url\" href=\"https:\/\/www.thegardenofpeace.org\/fr\/thegarden\/chile-statistics\/\"  target=\"_self\"> *Chile*<\/a><\/h5>\n\n\n        \n            <span class=\"project_category\"  >\n    Statistics    <\/span>\n\n    <\/div>\n        \n<\/article>\n<article class='mix portfolio_category_90 default' style=''>\n    \n    \n    \n                <div class='image_holder'>\n                <a itemprop='url' class='portfolio_link_for_touch' href='https:\/\/www.thegardenofpeace.org\/fr\/thegarden\/albania-statistics\/' target=''>\n                    \n<span class='image'><img loading=\"lazy\" decoding=\"async\" width=\"800\" height=\"600\" src=\"https:\/\/www.thegardenofpeace.org\/wp-content\/uploads\/2023\/11\/albania-5-800x600.png\" class=\"attachment-portfolio-landscape size-portfolio-landscape wp-post-image\" alt=\"\" \/><\/span>                <\/a>\n\n                <span class='text_holder'>\n    <span class='text_outer'>\n        <span class='text_inner'>\n            <span class='feature_holder'>\n                            <span class=\"feature_holder_icons\">';\n                            <a itemprop='image' class='lightbox qbutton small white' title='*Albania*' href='https:\/\/www.thegardenofpeace.org\/wp-content\/uploads\/2023\/11\/albania-5.png' data-rel='prettyPhoto[pretty_photo_gallery]'>zoom<\/a>\n    \n                            <a itemprop='url' class='preview qbutton small white' href='https:\/\/www.thegardenofpeace.org\/fr\/thegarden\/albania-statistics\/' target='_self'>view<\/i><\/a>\n    \n                                            <\/span>\n        <\/span>\n    <\/span>\n<\/span>            <\/div>\n                <div class='portfolio_description ' >\n\n        \n    <h5 itemprop=\"name\" class=\"portfolio_title entry_title\"><a itemprop=\"url\" href=\"https:\/\/www.thegardenofpeace.org\/fr\/thegarden\/albania-statistics\/\"  target=\"_self\"> *Albania*<\/a><\/h5>\n\n\n        \n            <span class=\"project_category\"  >\n    Statistics    <\/span>\n\n    <\/div>\n        \n<\/article>\n<article class='mix portfolio_category_90 default' style=''>\n    \n    \n    \n                <div class='image_holder'>\n                <a itemprop='url' class='portfolio_link_for_touch' href='https:\/\/www.thegardenofpeace.org\/fr\/thegarden\/spagna-statistics\/' target=''>\n                    \n<span class='image'><img loading=\"lazy\" decoding=\"async\" width=\"800\" height=\"600\" src=\"https:\/\/www.thegardenofpeace.org\/wp-content\/uploads\/2023\/11\/spagna-1-800x600.png\" class=\"attachment-portfolio-landscape size-portfolio-landscape wp-post-image\" alt=\"\" \/><\/span>                <\/a>\n\n                <span class='text_holder'>\n    <span class='text_outer'>\n        <span class='text_inner'>\n            <span class='feature_holder'>\n                            <span class=\"feature_holder_icons\">';\n                            <a itemprop='image' class='lightbox qbutton small white' title='*spagna' href='https:\/\/www.thegardenofpeace.org\/wp-content\/uploads\/2023\/11\/spagna-1.png' data-rel='prettyPhoto[pretty_photo_gallery]'>zoom<\/a>\n    \n                            <a itemprop='url' class='preview qbutton small white' href='https:\/\/www.thegardenofpeace.org\/fr\/thegarden\/spagna-statistics\/' target='_self'>view<\/i><\/a>\n    \n                                            <\/span>\n        <\/span>\n    <\/span>\n<\/span>            <\/div>\n                <div class='portfolio_description ' >\n\n        \n    <h5 itemprop=\"name\" class=\"portfolio_title entry_title\"><a itemprop=\"url\" href=\"https:\/\/www.thegardenofpeace.org\/fr\/thegarden\/spagna-statistics\/\"  target=\"_self\"> *spagna<\/a><\/h5>\n\n\n        \n            <span class=\"project_category\"  >\n    Statistics    <\/span>\n\n    <\/div>\n        \n<\/article>\n<article class='mix portfolio_category_90 default' style=''>\n    \n    \n    \n                <div class='image_holder'>\n                <a itemprop='url' class='portfolio_link_for_touch' href='https:\/\/www.thegardenofpeace.org\/fr\/thegarden\/algeria-statistics\/' target=''>\n                    \n<span class='image'><img loading=\"lazy\" decoding=\"async\" width=\"800\" height=\"600\" src=\"https:\/\/www.thegardenofpeace.org\/wp-content\/uploads\/2023\/11\/algeria-3-800x600.png\" class=\"attachment-portfolio-landscape size-portfolio-landscape wp-post-image\" alt=\"\" \/><\/span>                <\/a>\n\n                <span class='text_holder'>\n    <span class='text_outer'>\n        <span class='text_inner'>\n            <span class='feature_holder'>\n                            <span class=\"feature_holder_icons\">';\n                            <a itemprop='image' class='lightbox qbutton small white' title='*Algeria*' href='https:\/\/www.thegardenofpeace.org\/wp-content\/uploads\/2023\/11\/algeria-3.png' data-rel='prettyPhoto[pretty_photo_gallery]'>zoom<\/a>\n    \n                            <a itemprop='url' class='preview qbutton small white' href='https:\/\/www.thegardenofpeace.org\/fr\/thegarden\/algeria-statistics\/' target='_self'>view<\/i><\/a>\n    \n                                            <\/span>\n        <\/span>\n    <\/span>\n<\/span>            <\/div>\n                <div class='portfolio_description ' >\n\n        \n    <h5 itemprop=\"name\" class=\"portfolio_title entry_title\"><a itemprop=\"url\" href=\"https:\/\/www.thegardenofpeace.org\/fr\/thegarden\/algeria-statistics\/\"  target=\"_self\"> *Algeria*<\/a><\/h5>\n\n\n        \n            <span class=\"project_category\"  >\n    Statistics    <\/span>\n\n    <\/div>\n        \n<\/article>\n<article class='mix portfolio_category_90 default' style=''>\n    \n    \n    \n                <div class='image_holder'>\n                <a itemprop='url' class='portfolio_link_for_touch' href='https:\/\/www.thegardenofpeace.org\/fr\/thegarden\/argentina-statistics\/' target=''>\n                    \n<span class='image'><img loading=\"lazy\" decoding=\"async\" width=\"800\" height=\"600\" src=\"https:\/\/www.thegardenofpeace.org\/wp-content\/uploads\/2023\/11\/argentina-800x600.png\" class=\"attachment-portfolio-landscape size-portfolio-landscape wp-post-image\" alt=\"\" \/><\/span>                <\/a>\n\n                <span class='text_holder'>\n    <span class='text_outer'>\n        <span class='text_inner'>\n            <span class='feature_holder'>\n                            <span class=\"feature_holder_icons\">';\n                            <a itemprop='image' class='lightbox qbutton small white' title='*Argentina*' href='https:\/\/www.thegardenofpeace.org\/wp-content\/uploads\/2023\/11\/argentina.png' data-rel='prettyPhoto[pretty_photo_gallery]'>zoom<\/a>\n    \n                            <a itemprop='url' class='preview qbutton small white' href='https:\/\/www.thegardenofpeace.org\/fr\/thegarden\/argentina-statistics\/' target='_self'>view<\/i><\/a>\n    \n                                            <\/span>\n        <\/span>\n    <\/span>\n<\/span>            <\/div>\n                <div class='portfolio_description ' >\n\n        \n    <h5 itemprop=\"name\" class=\"portfolio_title entry_title\"><a itemprop=\"url\" href=\"https:\/\/www.thegardenofpeace.org\/fr\/thegarden\/argentina-statistics\/\"  target=\"_self\"> *Argentina*<\/a><\/h5>\n\n\n        \n            <span class=\"project_category\"  >\n    Statistics    <\/span>\n\n    <\/div>\n        \n<\/article>\n<article class='mix portfolio_category_90 default' style=''>\n    \n    \n    \n                <div class='image_holder'>\n                <a itemprop='url' class='portfolio_link_for_touch' href='https:\/\/www.thegardenofpeace.org\/fr\/thegarden\/china-statistics\/' target=''>\n                    \n<span class='image'><img loading=\"lazy\" decoding=\"async\" width=\"800\" height=\"600\" src=\"https:\/\/www.thegardenofpeace.org\/wp-content\/uploads\/2023\/11\/China-800x600.png\" class=\"attachment-portfolio-landscape size-portfolio-landscape wp-post-image\" alt=\"\" \/><\/span>                <\/a>\n\n                <span class='text_holder'>\n    <span class='text_outer'>\n        <span class='text_inner'>\n            <span class='feature_holder'>\n                            <span class=\"feature_holder_icons\">';\n                            <a itemprop='image' class='lightbox qbutton small white' title='*China*' href='https:\/\/www.thegardenofpeace.org\/wp-content\/uploads\/2023\/11\/China.png' data-rel='prettyPhoto[pretty_photo_gallery]'>zoom<\/a>\n    \n                            <a itemprop='url' class='preview qbutton small white' href='https:\/\/www.thegardenofpeace.org\/fr\/thegarden\/china-statistics\/' target='_self'>view<\/i><\/a>\n    \n                                            <\/span>\n        <\/span>\n    <\/span>\n<\/span>            <\/div>\n                <div class='portfolio_description ' >\n\n        \n    <h5 itemprop=\"name\" class=\"portfolio_title entry_title\"><a itemprop=\"url\" href=\"https:\/\/www.thegardenofpeace.org\/fr\/thegarden\/china-statistics\/\"  target=\"_self\"> *China*<\/a><\/h5>\n\n\n        \n            <span class=\"project_category\"  >\n    Statistics    <\/span>\n\n    <\/div>\n        \n<\/article>\n<article class='mix portfolio_category_90 default' style=''>\n    \n    \n    \n                <div class='image_holder'>\n                <a itemprop='url' class='portfolio_link_for_touch' href='https:\/\/www.thegardenofpeace.org\/fr\/thegarden\/croatia-statistics\/' target=''>\n                    \n<span class='image'><img loading=\"lazy\" decoding=\"async\" width=\"800\" height=\"600\" src=\"https:\/\/www.thegardenofpeace.org\/wp-content\/uploads\/2023\/11\/Croatia-800x600.png\" class=\"attachment-portfolio-landscape size-portfolio-landscape wp-post-image\" alt=\"\" \/><\/span>                <\/a>\n\n                <span class='text_holder'>\n    <span class='text_outer'>\n        <span class='text_inner'>\n            <span class='feature_holder'>\n                            <span class=\"feature_holder_icons\">';\n                            <a itemprop='image' class='lightbox qbutton small white' title='*Croatia*' href='https:\/\/www.thegardenofpeace.org\/wp-content\/uploads\/2023\/11\/Croatia.png' data-rel='prettyPhoto[pretty_photo_gallery]'>zoom<\/a>\n    \n                            <a itemprop='url' class='preview qbutton small white' href='https:\/\/www.thegardenofpeace.org\/fr\/thegarden\/croatia-statistics\/' target='_self'>view<\/i><\/a>\n    \n                                            <\/span>\n        <\/span>\n    <\/span>\n<\/span>            <\/div>\n                <div class='portfolio_description ' >\n\n        \n    <h5 itemprop=\"name\" class=\"portfolio_title entry_title\"><a itemprop=\"url\" href=\"https:\/\/www.thegardenofpeace.org\/fr\/thegarden\/croatia-statistics\/\"  target=\"_self\"> *Croatia*<\/a><\/h5>\n\n\n        \n            <span class=\"project_category\"  >\n    Statistics    <\/span>\n\n    <\/div>\n        \n<\/article>\n<article class='mix portfolio_category_90 default' style=''>\n    \n    \n    \n                <div class='image_holder'>\n                <a itemprop='url' class='portfolio_link_for_touch' href='https:\/\/www.thegardenofpeace.org\/fr\/thegarden\/cyprus-statistics\/' target=''>\n                    \n<span class='image'><img loading=\"lazy\" decoding=\"async\" width=\"800\" height=\"600\" src=\"https:\/\/www.thegardenofpeace.org\/wp-content\/uploads\/2023\/11\/Cyprus-1-800x600.png\" class=\"attachment-portfolio-landscape size-portfolio-landscape wp-post-image\" alt=\"\" \/><\/span>                <\/a>\n\n                <span class='text_holder'>\n    <span class='text_outer'>\n        <span class='text_inner'>\n            <span class='feature_holder'>\n                            <span class=\"feature_holder_icons\">';\n                            <a itemprop='image' class='lightbox qbutton small white' title='*Cyprus*' href='https:\/\/www.thegardenofpeace.org\/wp-content\/uploads\/2023\/11\/Cyprus-1.png' data-rel='prettyPhoto[pretty_photo_gallery]'>zoom<\/a>\n    \n                            <a itemprop='url' class='preview qbutton small white' href='https:\/\/www.thegardenofpeace.org\/fr\/thegarden\/cyprus-statistics\/' target='_self'>view<\/i><\/a>\n    \n                                            <\/span>\n        <\/span>\n    <\/span>\n<\/span>            <\/div>\n                <div class='portfolio_description ' >\n\n        \n    <h5 itemprop=\"name\" class=\"portfolio_title entry_title\"><a itemprop=\"url\" href=\"https:\/\/www.thegardenofpeace.org\/fr\/thegarden\/cyprus-statistics\/\"  target=\"_self\"> *Cyprus*<\/a><\/h5>\n\n\n        \n            <span class=\"project_category\"  >\n    Statistics    <\/span>\n\n    <\/div>\n        \n<\/article>\n<article class='mix portfolio_category_90 default' style=''>\n    \n    \n    \n                <div class='image_holder'>\n                <a itemprop='url' class='portfolio_link_for_touch' href='https:\/\/www.thegardenofpeace.org\/fr\/thegarden\/egypt-statistics\/' target=''>\n                    \n<span class='image'><img loading=\"lazy\" decoding=\"async\" width=\"800\" height=\"600\" src=\"https:\/\/www.thegardenofpeace.org\/wp-content\/uploads\/2023\/11\/Egypt-1-800x600.png\" class=\"attachment-portfolio-landscape size-portfolio-landscape wp-post-image\" alt=\"\" \/><\/span>                <\/a>\n\n                <span class='text_holder'>\n    <span class='text_outer'>\n        <span class='text_inner'>\n            <span class='feature_holder'>\n                            <span class=\"feature_holder_icons\">';\n                            <a itemprop='image' class='lightbox qbutton small white' title='*Egypt*' href='https:\/\/www.thegardenofpeace.org\/wp-content\/uploads\/2023\/11\/Egypt-1.png' data-rel='prettyPhoto[pretty_photo_gallery]'>zoom<\/a>\n    \n                            <a itemprop='url' class='preview qbutton small white' href='https:\/\/www.thegardenofpeace.org\/fr\/thegarden\/egypt-statistics\/' target='_self'>view<\/i><\/a>\n    \n                                            <\/span>\n        <\/span>\n    <\/span>\n<\/span>            <\/div>\n                <div class='portfolio_description ' >\n\n        \n    <h5 itemprop=\"name\" class=\"portfolio_title entry_title\"><a itemprop=\"url\" href=\"https:\/\/www.thegardenofpeace.org\/fr\/thegarden\/egypt-statistics\/\"  target=\"_self\"> *Egypt*<\/a><\/h5>\n\n\n        \n            <span class=\"project_category\"  >\n    Statistics    <\/span>\n\n    <\/div>\n        \n<\/article>\n<article class='mix portfolio_category_90 default' style=''>\n    \n    \n    \n                <div class='image_holder'>\n                <a itemprop='url' class='portfolio_link_for_touch' href='https:\/\/www.thegardenofpeace.org\/fr\/thegarden\/france-statistics\/' target=''>\n                    \n<span class='image'><img loading=\"lazy\" decoding=\"async\" width=\"800\" height=\"600\" src=\"https:\/\/www.thegardenofpeace.org\/wp-content\/uploads\/2023\/11\/francia-800x600.png\" class=\"attachment-portfolio-landscape size-portfolio-landscape wp-post-image\" alt=\"\" \/><\/span>                <\/a>\n\n                <span class='text_holder'>\n    <span class='text_outer'>\n        <span class='text_inner'>\n            <span class='feature_holder'>\n                            <span class=\"feature_holder_icons\">';\n                            <a itemprop='image' class='lightbox qbutton small white' title='*France' href='https:\/\/www.thegardenofpeace.org\/wp-content\/uploads\/2023\/11\/francia.png' data-rel='prettyPhoto[pretty_photo_gallery]'>zoom<\/a>\n    \n                            <a itemprop='url' class='preview qbutton small white' href='https:\/\/www.thegardenofpeace.org\/fr\/thegarden\/france-statistics\/' target='_self'>view<\/i><\/a>\n    \n                                            <\/span>\n        <\/span>\n    <\/span>\n<\/span>            <\/div>\n                <div class='portfolio_description ' >\n\n        \n    <h5 itemprop=\"name\" class=\"portfolio_title entry_title\"><a itemprop=\"url\" href=\"https:\/\/www.thegardenofpeace.org\/fr\/thegarden\/france-statistics\/\"  target=\"_self\"> *France<\/a><\/h5>\n\n\n        \n            <span class=\"project_category\"  >\n    Statistics    <\/span>\n\n    <\/div>\n        \n<\/article>\n<article class='mix portfolio_category_90 default' style=''>\n    \n    \n    \n                <div class='image_holder'>\n                <a itemprop='url' class='portfolio_link_for_touch' href='https:\/\/www.thegardenofpeace.org\/fr\/thegarden\/greece-statistics\/' target=''>\n                    \n<span class='image'><img loading=\"lazy\" decoding=\"async\" width=\"800\" height=\"600\" src=\"https:\/\/www.thegardenofpeace.org\/wp-content\/uploads\/2023\/11\/Greece-1-800x600.png\" class=\"attachment-portfolio-landscape size-portfolio-landscape wp-post-image\" alt=\"\" \/><\/span>                <\/a>\n\n                <span class='text_holder'>\n    <span class='text_outer'>\n        <span class='text_inner'>\n            <span class='feature_holder'>\n                            <span class=\"feature_holder_icons\">';\n                            <a itemprop='image' class='lightbox qbutton small white' title='*Greece' href='https:\/\/www.thegardenofpeace.org\/wp-content\/uploads\/2023\/11\/Greece-1.png' data-rel='prettyPhoto[pretty_photo_gallery]'>zoom<\/a>\n    \n                            <a itemprop='url' class='preview qbutton small white' href='https:\/\/www.thegardenofpeace.org\/fr\/thegarden\/greece-statistics\/' target='_self'>view<\/i><\/a>\n    \n                                            <\/span>\n        <\/span>\n    <\/span>\n<\/span>            <\/div>\n                <div class='portfolio_description ' >\n\n        \n    <h5 itemprop=\"name\" class=\"portfolio_title entry_title\"><a itemprop=\"url\" href=\"https:\/\/www.thegardenofpeace.org\/fr\/thegarden\/greece-statistics\/\"  target=\"_self\"> *Greece<\/a><\/h5>\n\n\n        \n            <span class=\"project_category\"  >\n    Statistics    <\/span>\n\n    <\/div>\n        \n<\/article>\n<article class='mix portfolio_category_90 default' style=''>\n    \n    \n    \n                <div class='image_holder'>\n                <a itemprop='url' class='portfolio_link_for_touch' href='https:\/\/www.thegardenofpeace.org\/fr\/thegarden\/iran-statistics\/' target=''>\n                    \n<span class='image'><img loading=\"lazy\" decoding=\"async\" width=\"800\" height=\"600\" src=\"https:\/\/www.thegardenofpeace.org\/wp-content\/uploads\/2023\/11\/iran-800x600.png\" class=\"attachment-portfolio-landscape size-portfolio-landscape wp-post-image\" alt=\"\" \/><\/span>                <\/a>\n\n                <span class='text_holder'>\n    <span class='text_outer'>\n        <span class='text_inner'>\n            <span class='feature_holder'>\n                            <span class=\"feature_holder_icons\">';\n                            <a itemprop='image' class='lightbox qbutton small white' title='*Iran' href='https:\/\/www.thegardenofpeace.org\/wp-content\/uploads\/2023\/11\/iran.png' data-rel='prettyPhoto[pretty_photo_gallery]'>zoom<\/a>\n    \n                            <a itemprop='url' class='preview qbutton small white' href='https:\/\/www.thegardenofpeace.org\/fr\/thegarden\/iran-statistics\/' target='_self'>view<\/i><\/a>\n    \n                                            <\/span>\n        <\/span>\n    <\/span>\n<\/span>            <\/div>\n                <div class='portfolio_description ' >\n\n        \n    <h5 itemprop=\"name\" class=\"portfolio_title entry_title\"><a itemprop=\"url\" href=\"https:\/\/www.thegardenofpeace.org\/fr\/thegarden\/iran-statistics\/\"  target=\"_self\"> *Iran<\/a><\/h5>\n\n\n        \n            <span class=\"project_category\"  >\n    Statistics    <\/span>\n\n    <\/div>\n        \n<\/article>\n<article class='mix portfolio_category_90 default' style=''>\n    \n    \n    \n                <div class='image_holder'>\n                <a itemprop='url' class='portfolio_link_for_touch' href='https:\/\/www.thegardenofpeace.org\/fr\/thegarden\/israele-statistics\/' target=''>\n                    \n<span class='image'><img loading=\"lazy\" decoding=\"async\" width=\"800\" height=\"600\" src=\"https:\/\/www.thegardenofpeace.org\/wp-content\/uploads\/2023\/11\/israele-1-800x600.png\" class=\"attachment-portfolio-landscape size-portfolio-landscape wp-post-image\" alt=\"\" \/><\/span>                <\/a>\n\n                <span class='text_holder'>\n    <span class='text_outer'>\n        <span class='text_inner'>\n            <span class='feature_holder'>\n                            <span class=\"feature_holder_icons\">';\n                            <a itemprop='image' class='lightbox qbutton small white' title='*Israele' href='https:\/\/www.thegardenofpeace.org\/wp-content\/uploads\/2023\/11\/israele-1.png' data-rel='prettyPhoto[pretty_photo_gallery]'>zoom<\/a>\n    \n                            <a itemprop='url' class='preview qbutton small white' href='https:\/\/www.thegardenofpeace.org\/fr\/thegarden\/israele-statistics\/' target='_self'>view<\/i><\/a>\n    \n                                            <\/span>\n        <\/span>\n    <\/span>\n<\/span>            <\/div>\n                <div class='portfolio_description ' >\n\n        \n    <h5 itemprop=\"name\" class=\"portfolio_title entry_title\"><a itemprop=\"url\" href=\"https:\/\/www.thegardenofpeace.org\/fr\/thegarden\/israele-statistics\/\"  target=\"_self\"> *Israele<\/a><\/h5>\n\n\n        \n            <span class=\"project_category\"  >\n    Statistics    <\/span>\n\n    <\/div>\n        \n<\/article>\n<article class='mix portfolio_category_90 default' style=''>\n    \n    \n    \n                <div class='image_holder'>\n                <a itemprop='url' class='portfolio_link_for_touch' href='https:\/\/www.thegardenofpeace.org\/fr\/thegarden\/italy-statistics\/' target=''>\n                    \n<span class='image'><img loading=\"lazy\" decoding=\"async\" width=\"800\" height=\"600\" src=\"https:\/\/www.thegardenofpeace.org\/wp-content\/uploads\/2023\/11\/italy-1-800x600.png\" class=\"attachment-portfolio-landscape size-portfolio-landscape wp-post-image\" alt=\"\" \/><\/span>                <\/a>\n\n                <span class='text_holder'>\n    <span class='text_outer'>\n        <span class='text_inner'>\n            <span class='feature_holder'>\n                            <span class=\"feature_holder_icons\">';\n                            <a itemprop='image' class='lightbox qbutton small white' title='*Italy' href='https:\/\/www.thegardenofpeace.org\/wp-content\/uploads\/2023\/11\/italy-1.png' data-rel='prettyPhoto[pretty_photo_gallery]'>zoom<\/a>\n    \n                            <a itemprop='url' class='preview qbutton small white' href='https:\/\/www.thegardenofpeace.org\/fr\/thegarden\/italy-statistics\/' target='_self'>view<\/i><\/a>\n    \n                                            <\/span>\n        <\/span>\n    <\/span>\n<\/span>            <\/div>\n                <div class='portfolio_description ' >\n\n        \n    <h5 itemprop=\"name\" class=\"portfolio_title entry_title\"><a itemprop=\"url\" href=\"https:\/\/www.thegardenofpeace.org\/fr\/thegarden\/italy-statistics\/\"  target=\"_self\"> *Italy<\/a><\/h5>\n\n\n        \n            <span class=\"project_category\"  >\n    Statistics    <\/span>\n\n    <\/div>\n        \n<\/article>\n<article class='mix portfolio_category_90 default' style=''>\n    \n    \n    \n                <div class='image_holder'>\n                <a itemprop='url' class='portfolio_link_for_touch' href='https:\/\/www.thegardenofpeace.org\/fr\/thegarden\/japan-statistics\/' target=''>\n                    \n<span class='image'><img loading=\"lazy\" decoding=\"async\" width=\"800\" height=\"600\" src=\"https:\/\/www.thegardenofpeace.org\/wp-content\/uploads\/2023\/11\/japan-1-800x600.png\" class=\"attachment-portfolio-landscape size-portfolio-landscape wp-post-image\" alt=\"\" \/><\/span>                <\/a>\n\n                <span class='text_holder'>\n    <span class='text_outer'>\n        <span class='text_inner'>\n            <span class='feature_holder'>\n                            <span class=\"feature_holder_icons\">';\n                            <a itemprop='image' class='lightbox qbutton small white' title='*Japan' href='https:\/\/www.thegardenofpeace.org\/wp-content\/uploads\/2023\/11\/japan-1.png' data-rel='prettyPhoto[pretty_photo_gallery]'>zoom<\/a>\n    \n                            <a itemprop='url' class='preview qbutton small white' href='https:\/\/www.thegardenofpeace.org\/fr\/thegarden\/japan-statistics\/' target='_self'>view<\/i><\/a>\n    \n                                            <\/span>\n        <\/span>\n    <\/span>\n<\/span>            <\/div>\n                <div class='portfolio_description ' >\n\n        \n    <h5 itemprop=\"name\" class=\"portfolio_title entry_title\"><a itemprop=\"url\" href=\"https:\/\/www.thegardenofpeace.org\/fr\/thegarden\/japan-statistics\/\"  target=\"_self\"> *Japan<\/a><\/h5>\n\n\n        \n            <span class=\"project_category\"  >\n    Statistics    <\/span>\n\n    <\/div>\n        \n<\/article>\n<article class='mix portfolio_category_90 default' style=''>\n    \n    \n    \n                <div class='image_holder'>\n                <a itemprop='url' class='portfolio_link_for_touch' href='https:\/\/www.thegardenofpeace.org\/fr\/thegarden\/jordan-statistics\/' target=''>\n                    \n<span class='image'><img loading=\"lazy\" decoding=\"async\" width=\"800\" height=\"600\" src=\"https:\/\/www.thegardenofpeace.org\/wp-content\/uploads\/2023\/11\/Jordan-1-800x600.png\" class=\"attachment-portfolio-landscape size-portfolio-landscape wp-post-image\" alt=\"\" \/><\/span>                <\/a>\n\n                <span class='text_holder'>\n    <span class='text_outer'>\n        <span class='text_inner'>\n            <span class='feature_holder'>\n                            <span class=\"feature_holder_icons\">';\n                            <a itemprop='image' class='lightbox qbutton small white' title='*Jordan' href='https:\/\/www.thegardenofpeace.org\/wp-content\/uploads\/2023\/11\/Jordan-1.png' data-rel='prettyPhoto[pretty_photo_gallery]'>zoom<\/a>\n    \n                            <a itemprop='url' class='preview qbutton small white' href='https:\/\/www.thegardenofpeace.org\/fr\/thegarden\/jordan-statistics\/' target='_self'>view<\/i><\/a>\n    \n                                            <\/span>\n        <\/span>\n    <\/span>\n<\/span>            <\/div>\n                <div class='portfolio_description ' >\n\n        \n    <h5 itemprop=\"name\" class=\"portfolio_title entry_title\"><a itemprop=\"url\" href=\"https:\/\/www.thegardenofpeace.org\/fr\/thegarden\/jordan-statistics\/\"  target=\"_self\"> *Jordan<\/a><\/h5>\n\n\n        \n            <span class=\"project_category\"  >\n    Statistics    <\/span>\n\n    <\/div>\n        \n<\/article>\n<article class='mix portfolio_category_90 default' style=''>\n    \n    \n    \n                <div class='image_holder'>\n                <a itemprop='url' class='portfolio_link_for_touch' href='https:\/\/www.thegardenofpeace.org\/fr\/thegarden\/lebanon-statistics\/' target=''>\n                    \n<span class='image'><img loading=\"lazy\" decoding=\"async\" width=\"800\" height=\"600\" src=\"https:\/\/www.thegardenofpeace.org\/wp-content\/uploads\/2023\/11\/DALL\u00b7E-2023-11-22-10.42.36-A-peaceful-and-picturesque-landscape-of-Lebanon-featuring-a-large-olive-tree-and-a-white-dove-in-flight-symbolizing-peace.-The-scene-includes-the-Le-800x600.png\" class=\"attachment-portfolio-landscape size-portfolio-landscape wp-post-image\" alt=\"\" \/><\/span>                <\/a>\n\n                <span class='text_holder'>\n    <span class='text_outer'>\n        <span class='text_inner'>\n            <span class='feature_holder'>\n                            <span class=\"feature_holder_icons\">';\n                            <a itemprop='image' class='lightbox qbutton small white' title='*Lebanon' href='https:\/\/www.thegardenofpeace.org\/wp-content\/uploads\/2023\/11\/DALL\u00b7E-2023-11-22-10.42.36-A-peaceful-and-picturesque-landscape-of-Lebanon-featuring-a-large-olive-tree-and-a-white-dove-in-flight-symbolizing-peace.-The-scene-includes-the-Le.png' data-rel='prettyPhoto[pretty_photo_gallery]'>zoom<\/a>\n    \n                            <a itemprop='url' class='preview qbutton small white' href='https:\/\/www.thegardenofpeace.org\/fr\/thegarden\/lebanon-statistics\/' target='_self'>view<\/i><\/a>\n    \n                                            <\/span>\n        <\/span>\n    <\/span>\n<\/span>            <\/div>\n                <div class='portfolio_description ' >\n\n        \n    <h5 itemprop=\"name\" class=\"portfolio_title entry_title\"><a itemprop=\"url\" href=\"https:\/\/www.thegardenofpeace.org\/fr\/thegarden\/lebanon-statistics\/\"  target=\"_self\"> *Lebanon<\/a><\/h5>\n\n\n        \n            <span class=\"project_category\"  >\n    Statistics    <\/span>\n\n    <\/div>\n        \n<\/article>\n<article class='mix portfolio_category_90 default' style=''>\n    \n    \n    \n                <div class='image_holder'>\n                <a itemprop='url' class='portfolio_link_for_touch' href='https:\/\/www.thegardenofpeace.org\/fr\/thegarden\/libya-statistics\/' target=''>\n                    \n<span class='image'><img loading=\"lazy\" decoding=\"async\" width=\"800\" height=\"600\" src=\"https:\/\/www.thegardenofpeace.org\/wp-content\/uploads\/2023\/11\/Libia-800x600.png\" class=\"attachment-portfolio-landscape size-portfolio-landscape wp-post-image\" alt=\"\" \/><\/span>                <\/a>\n\n                <span class='text_holder'>\n    <span class='text_outer'>\n        <span class='text_inner'>\n            <span class='feature_holder'>\n                            <span class=\"feature_holder_icons\">';\n                            <a itemprop='image' class='lightbox qbutton small white' title='*Libya' href='https:\/\/www.thegardenofpeace.org\/wp-content\/uploads\/2023\/11\/Libia.png' data-rel='prettyPhoto[pretty_photo_gallery]'>zoom<\/a>\n    \n                            <a itemprop='url' class='preview qbutton small white' href='https:\/\/www.thegardenofpeace.org\/fr\/thegarden\/libya-statistics\/' target='_self'>view<\/i><\/a>\n    \n                                            <\/span>\n        <\/span>\n    <\/span>\n<\/span>            <\/div>\n                <div class='portfolio_description ' >\n\n        \n    <h5 itemprop=\"name\" class=\"portfolio_title entry_title\"><a itemprop=\"url\" href=\"https:\/\/www.thegardenofpeace.org\/fr\/thegarden\/libya-statistics\/\"  target=\"_self\"> *Libya<\/a><\/h5>\n\n\n        \n            <span class=\"project_category\"  >\n    Statistics    <\/span>\n\n    <\/div>\n        \n<\/article>\n<article class='mix portfolio_category_90 default' style=''>\n    \n    \n    \n                <div class='image_holder'>\n                <a itemprop='url' class='portfolio_link_for_touch' href='https:\/\/www.thegardenofpeace.org\/fr\/thegarden\/montenegro-statistics\/' target=''>\n                    \n<span class='image'><img loading=\"lazy\" decoding=\"async\" width=\"800\" height=\"600\" src=\"https:\/\/www.thegardenofpeace.org\/wp-content\/uploads\/2023\/11\/montenegro-800x600.png\" class=\"attachment-portfolio-landscape size-portfolio-landscape wp-post-image\" alt=\"\" \/><\/span>                <\/a>\n\n                <span class='text_holder'>\n    <span class='text_outer'>\n        <span class='text_inner'>\n            <span class='feature_holder'>\n                            <span class=\"feature_holder_icons\">';\n                            <a itemprop='image' class='lightbox qbutton small white' title='*Montenegro' href='https:\/\/www.thegardenofpeace.org\/wp-content\/uploads\/2023\/11\/montenegro.png' data-rel='prettyPhoto[pretty_photo_gallery]'>zoom<\/a>\n    \n                            <a itemprop='url' class='preview qbutton small white' href='https:\/\/www.thegardenofpeace.org\/fr\/thegarden\/montenegro-statistics\/' target='_self'>view<\/i><\/a>\n    \n                                            <\/span>\n        <\/span>\n    <\/span>\n<\/span>            <\/div>\n                <div class='portfolio_description ' >\n\n        \n    <h5 itemprop=\"name\" class=\"portfolio_title entry_title\"><a itemprop=\"url\" href=\"https:\/\/www.thegardenofpeace.org\/fr\/thegarden\/montenegro-statistics\/\"  target=\"_self\"> *Montenegro<\/a><\/h5>\n\n\n        \n            <span class=\"project_category\"  >\n    Statistics    <\/span>\n\n    <\/div>\n        \n<\/article>\n<article class='mix portfolio_category_90 default' style=''>\n    \n    \n    \n                <div class='image_holder'>\n                <a itemprop='url' class='portfolio_link_for_touch' href='https:\/\/www.thegardenofpeace.org\/fr\/thegarden\/5885\/' target=''>\n                    \n<span class='image'><img loading=\"lazy\" decoding=\"async\" width=\"800\" height=\"600\" src=\"https:\/\/www.thegardenofpeace.org\/wp-content\/uploads\/2023\/11\/DALL\u00b7E-2023-11-22-10.48.50-A-tranquil-and-mesmerizing-landscape-of-Morocco-featuring-a-large-olive-tree-and-a-white-dove-in-flight-symbolizing-peace.-The-scene-includes-the-Mo-800x600.png\" class=\"attachment-portfolio-landscape size-portfolio-landscape wp-post-image\" alt=\"\" \/><\/span>                <\/a>\n\n                <span class='text_holder'>\n    <span class='text_outer'>\n        <span class='text_inner'>\n            <span class='feature_holder'>\n                            <span class=\"feature_holder_icons\">';\n                            <a itemprop='image' class='lightbox qbutton small white' title='*Morocco' href='https:\/\/www.thegardenofpeace.org\/wp-content\/uploads\/2023\/11\/DALL\u00b7E-2023-11-22-10.48.50-A-tranquil-and-mesmerizing-landscape-of-Morocco-featuring-a-large-olive-tree-and-a-white-dove-in-flight-symbolizing-peace.-The-scene-includes-the-Mo.png' data-rel='prettyPhoto[pretty_photo_gallery]'>zoom<\/a>\n    \n                            <a itemprop='url' class='preview qbutton small white' href='https:\/\/www.thegardenofpeace.org\/fr\/thegarden\/5885\/' target='_self'>view<\/i><\/a>\n    \n                                            <\/span>\n        <\/span>\n    <\/span>\n<\/span>            <\/div>\n                <div class='portfolio_description ' >\n\n        \n    <h5 itemprop=\"name\" class=\"portfolio_title entry_title\"><a itemprop=\"url\" href=\"https:\/\/www.thegardenofpeace.org\/fr\/thegarden\/5885\/\"  target=\"_self\"> *Morocco<\/a><\/h5>\n\n\n        \n            <span class=\"project_category\"  >\n    Statistics    <\/span>\n\n    <\/div>\n        \n<\/article>\n<article class='mix portfolio_category_90 default' style=''>\n    \n    \n    \n                <div class='image_holder'>\n                <a itemprop='url' class='portfolio_link_for_touch' href='https:\/\/www.thegardenofpeace.org\/fr\/thegarden\/palestine-statistics\/' target=''>\n                    \n<span class='image'><img loading=\"lazy\" decoding=\"async\" width=\"800\" height=\"600\" src=\"https:\/\/www.thegardenofpeace.org\/wp-content\/uploads\/2023\/11\/palestina-800x600.png\" class=\"attachment-portfolio-landscape size-portfolio-landscape wp-post-image\" alt=\"\" \/><\/span>                <\/a>\n\n                <span class='text_holder'>\n    <span class='text_outer'>\n        <span class='text_inner'>\n            <span class='feature_holder'>\n                            <span class=\"feature_holder_icons\">';\n                            <a itemprop='image' class='lightbox qbutton small white' title='*Palestine' href='https:\/\/www.thegardenofpeace.org\/wp-content\/uploads\/2023\/11\/palestina.png' data-rel='prettyPhoto[pretty_photo_gallery]'>zoom<\/a>\n    \n                            <a itemprop='url' class='preview qbutton small white' href='https:\/\/www.thegardenofpeace.org\/fr\/thegarden\/palestine-statistics\/' target='_self'>view<\/i><\/a>\n    \n                                            <\/span>\n        <\/span>\n    <\/span>\n<\/span>            <\/div>\n                <div class='portfolio_description ' >\n\n        \n    <h5 itemprop=\"name\" class=\"portfolio_title entry_title\"><a itemprop=\"url\" href=\"https:\/\/www.thegardenofpeace.org\/fr\/thegarden\/palestine-statistics\/\"  target=\"_self\"> *Palestine<\/a><\/h5>\n\n\n        \n            <span class=\"project_category\"  >\n    Statistics    <\/span>\n\n    <\/div>\n        \n<\/article>\n<article class='mix portfolio_category_90 default' style=''>\n    \n    \n    \n                <div class='image_holder'>\n                <a itemprop='url' class='portfolio_link_for_touch' href='https:\/\/www.thegardenofpeace.org\/fr\/thegarden\/portugal-statistics\/' target=''>\n                    \n<span class='image'><img loading=\"lazy\" decoding=\"async\" width=\"800\" height=\"600\" src=\"https:\/\/www.thegardenofpeace.org\/wp-content\/uploads\/2023\/11\/portogallo-800x600.png\" class=\"attachment-portfolio-landscape size-portfolio-landscape wp-post-image\" alt=\"\" \/><\/span>                <\/a>\n\n                <span class='text_holder'>\n    <span class='text_outer'>\n        <span class='text_inner'>\n            <span class='feature_holder'>\n                            <span class=\"feature_holder_icons\">';\n                            <a itemprop='image' class='lightbox qbutton small white' title='*Portugal' href='https:\/\/www.thegardenofpeace.org\/wp-content\/uploads\/2023\/11\/portogallo.png' data-rel='prettyPhoto[pretty_photo_gallery]'>zoom<\/a>\n    \n                            <a itemprop='url' class='preview qbutton small white' href='https:\/\/www.thegardenofpeace.org\/fr\/thegarden\/portugal-statistics\/' target='_self'>view<\/i><\/a>\n    \n                                            <\/span>\n        <\/span>\n    <\/span>\n<\/span>            <\/div>\n                <div class='portfolio_description ' >\n\n        \n    <h5 itemprop=\"name\" class=\"portfolio_title entry_title\"><a itemprop=\"url\" href=\"https:\/\/www.thegardenofpeace.org\/fr\/thegarden\/portugal-statistics\/\"  target=\"_self\"> *Portugal<\/a><\/h5>\n\n\n        \n            <span class=\"project_category\"  >\n    Statistics    <\/span>\n\n    <\/div>\n        \n<\/article>\n<article class='mix portfolio_category_90 default' style=''>\n    \n    \n    \n                <div class='image_holder'>\n                <a itemprop='url' class='portfolio_link_for_touch' href='https:\/\/www.thegardenofpeace.org\/fr\/thegarden\/saudi-arabia-2\/' target=''>\n                    \n<span class='image'><img loading=\"lazy\" decoding=\"async\" width=\"800\" height=\"600\" src=\"https:\/\/www.thegardenofpeace.org\/wp-content\/uploads\/2023\/11\/arabia-saudita-800x600.png\" class=\"attachment-portfolio-landscape size-portfolio-landscape wp-post-image\" alt=\"\" \/><\/span>                <\/a>\n\n                <span class='text_holder'>\n    <span class='text_outer'>\n        <span class='text_inner'>\n            <span class='feature_holder'>\n                            <span class=\"feature_holder_icons\">';\n                            <a itemprop='image' class='lightbox qbutton small white' title='*Saudi Arabia' href='https:\/\/www.thegardenofpeace.org\/wp-content\/uploads\/2023\/11\/arabia-saudita.png' data-rel='prettyPhoto[pretty_photo_gallery]'>zoom<\/a>\n    \n                            <a itemprop='url' class='preview qbutton small white' href='https:\/\/www.thegardenofpeace.org\/fr\/thegarden\/saudi-arabia-2\/' target='_self'>view<\/i><\/a>\n    \n                                            <\/span>\n        <\/span>\n    <\/span>\n<\/span>            <\/div>\n                <div class='portfolio_description ' >\n\n        \n    <h5 itemprop=\"name\" class=\"portfolio_title entry_title\"><a itemprop=\"url\" href=\"https:\/\/www.thegardenofpeace.org\/fr\/thegarden\/saudi-arabia-2\/\"  target=\"_self\"> *Saudi Arabia<\/a><\/h5>\n\n\n        \n            <span class=\"project_category\"  >\n    Statistics    <\/span>\n\n    <\/div>\n        \n<\/article>\n<article class='mix portfolio_category_90 default' style=''>\n    \n    \n    \n                <div class='image_holder'>\n                <a itemprop='url' class='portfolio_link_for_touch' href='https:\/\/www.thegardenofpeace.org\/fr\/thegarden\/tunisia-statistics\/' target=''>\n                    \n<span class='image'><img loading=\"lazy\" decoding=\"async\" width=\"800\" height=\"600\" src=\"https:\/\/www.thegardenofpeace.org\/wp-content\/uploads\/2023\/11\/tunisia-800x600.png\" class=\"attachment-portfolio-landscape size-portfolio-landscape wp-post-image\" alt=\"\" \/><\/span>                <\/a>\n\n                <span class='text_holder'>\n    <span class='text_outer'>\n        <span class='text_inner'>\n            <span class='feature_holder'>\n                            <span class=\"feature_holder_icons\">';\n                            <a itemprop='image' class='lightbox qbutton small white' title='*Tunisia' href='https:\/\/www.thegardenofpeace.org\/wp-content\/uploads\/2023\/11\/tunisia.png' data-rel='prettyPhoto[pretty_photo_gallery]'>zoom<\/a>\n    \n                            <a itemprop='url' class='preview qbutton small white' href='https:\/\/www.thegardenofpeace.org\/fr\/thegarden\/tunisia-statistics\/' target='_self'>view<\/i><\/a>\n    \n                                            <\/span>\n        <\/span>\n    <\/span>\n<\/span>            <\/div>\n                <div class='portfolio_description ' >\n\n        \n    <h5 itemprop=\"name\" class=\"portfolio_title entry_title\"><a itemprop=\"url\" href=\"https:\/\/www.thegardenofpeace.org\/fr\/thegarden\/tunisia-statistics\/\"  target=\"_self\"> *Tunisia<\/a><\/h5>\n\n\n        \n            <span class=\"project_category\"  >\n    Statistics    <\/span>\n\n    <\/div>\n        \n<\/article>\n<article class='mix portfolio_category_90 default' style=''>\n    \n    \n    \n                <div class='image_holder'>\n                <a itemprop='url' class='portfolio_link_for_touch' href='https:\/\/www.thegardenofpeace.org\/fr\/thegarden\/turkey-statistics\/' target=''>\n                    \n<span class='image'><img loading=\"lazy\" decoding=\"async\" width=\"800\" height=\"600\" src=\"https:\/\/www.thegardenofpeace.org\/wp-content\/uploads\/2023\/11\/turchia-2-800x600.png\" class=\"attachment-portfolio-landscape size-portfolio-landscape wp-post-image\" alt=\"\" \/><\/span>                <\/a>\n\n                <span class='text_holder'>\n    <span class='text_outer'>\n        <span class='text_inner'>\n            <span class='feature_holder'>\n                            <span class=\"feature_holder_icons\">';\n                            <a itemprop='image' class='lightbox qbutton small white' title='*Turkey' href='https:\/\/www.thegardenofpeace.org\/wp-content\/uploads\/2023\/11\/turchia-2.png' data-rel='prettyPhoto[pretty_photo_gallery]'>zoom<\/a>\n    \n                            <a itemprop='url' class='preview qbutton small white' href='https:\/\/www.thegardenofpeace.org\/fr\/thegarden\/turkey-statistics\/' target='_self'>view<\/i><\/a>\n    \n                                            <\/span>\n        <\/span>\n    <\/span>\n<\/span>            <\/div>\n                <div class='portfolio_description ' >\n\n        \n    <h5 itemprop=\"name\" class=\"portfolio_title entry_title\"><a itemprop=\"url\" href=\"https:\/\/www.thegardenofpeace.org\/fr\/thegarden\/turkey-statistics\/\"  target=\"_self\"> *Turkey<\/a><\/h5>\n\n\n        \n            <span class=\"project_category\"  >\n    Statistics    <\/span>\n\n    <\/div>\n        \n<\/article>\n<article class='mix portfolio_category_90 default' style=''>\n    \n    \n    \n                <div class='image_holder'>\n                <a itemprop='url' class='portfolio_link_for_touch' href='https:\/\/www.thegardenofpeace.org\/fr\/thegarden\/uruguay-statistics\/' target=''>\n                    \n<span class='image'><img loading=\"lazy\" decoding=\"async\" width=\"800\" height=\"600\" src=\"https:\/\/www.thegardenofpeace.org\/wp-content\/uploads\/2023\/11\/uruguay-800x600.png\" class=\"attachment-portfolio-landscape size-portfolio-landscape wp-post-image\" alt=\"\" \/><\/span>                <\/a>\n\n                <span class='text_holder'>\n    <span class='text_outer'>\n        <span class='text_inner'>\n            <span class='feature_holder'>\n                            <span class=\"feature_holder_icons\">';\n                            <a itemprop='image' class='lightbox qbutton small white' title='*Uruguay' href='https:\/\/www.thegardenofpeace.org\/wp-content\/uploads\/2023\/11\/uruguay.png' data-rel='prettyPhoto[pretty_photo_gallery]'>zoom<\/a>\n    \n                            <a itemprop='url' class='preview qbutton small white' href='https:\/\/www.thegardenofpeace.org\/fr\/thegarden\/uruguay-statistics\/' target='_self'>view<\/i><\/a>\n    \n                                            <\/span>\n        <\/span>\n    <\/span>\n<\/span>            <\/div>\n                <div class='portfolio_description ' >\n\n        \n    <h5 itemprop=\"name\" class=\"portfolio_title entry_title\"><a itemprop=\"url\" href=\"https:\/\/www.thegardenofpeace.org\/fr\/thegarden\/uruguay-statistics\/\"  target=\"_self\"> *Uruguay<\/a><\/h5>\n\n\n        \n            <span class=\"project_category\"  >\n    Statistics    <\/span>\n\n    <\/div>\n        \n<\/article>\n<article class='mix portfolio_category_90 default' style=''>\n    \n    \n    \n                <div class='image_holder'>\n                <a itemprop='url' class='portfolio_link_for_touch' href='https:\/\/www.thegardenofpeace.org\/fr\/thegarden\/united-states\/' target=''>\n                    \n<span class='image'><img loading=\"lazy\" decoding=\"async\" width=\"800\" height=\"600\" src=\"https:\/\/www.thegardenofpeace.org\/wp-content\/uploads\/2023\/11\/USA-800x600.png\" class=\"attachment-portfolio-landscape size-portfolio-landscape wp-post-image\" alt=\"\" \/><\/span>                <\/a>\n\n                <span class='text_holder'>\n    <span class='text_outer'>\n        <span class='text_inner'>\n            <span class='feature_holder'>\n                            <span class=\"feature_holder_icons\">';\n                            <a itemprop='image' class='lightbox qbutton small white' title='*United States' href='https:\/\/www.thegardenofpeace.org\/wp-content\/uploads\/2023\/11\/USA.png' data-rel='prettyPhoto[pretty_photo_gallery]'>zoom<\/a>\n    \n                            <a itemprop='url' class='preview qbutton small white' href='https:\/\/www.thegardenofpeace.org\/fr\/thegarden\/united-states\/' target='_self'>view<\/i><\/a>\n    \n                                            <\/span>\n        <\/span>\n    <\/span>\n<\/span>            <\/div>\n                <div class='portfolio_description ' >\n\n        \n    <h5 itemprop=\"name\" class=\"portfolio_title entry_title\"><a itemprop=\"url\" href=\"https:\/\/www.thegardenofpeace.org\/fr\/thegarden\/united-states\/\"  target=\"_self\"> *United States<\/a><\/h5>\n\n\n        \n            <span class=\"project_category\"  >\n    Statistics    <\/span>\n\n    <\/div>\n        \n<\/article>\n<article class='mix portfolio_category_90 default' style=''>\n    \n    \n    \n                <div class='image_holder'>\n                <a itemprop='url' class='portfolio_link_for_touch' href='https:\/\/www.thegardenofpeace.org\/fr\/thegarden\/norway-stat-only-consumption\/' target=''>\n                    \n<span class='image'><img loading=\"lazy\" decoding=\"async\" width=\"800\" height=\"600\" src=\"https:\/\/www.thegardenofpeace.org\/wp-content\/uploads\/2023\/11\/norway-800x600.png\" class=\"attachment-portfolio-landscape size-portfolio-landscape wp-post-image\" alt=\"\" \/><\/span>                <\/a>\n\n                <span class='text_holder'>\n    <span class='text_outer'>\n        <span class='text_inner'>\n            <span class='feature_holder'>\n                            <span class=\"feature_holder_icons\">';\n                            <a itemprop='image' class='lightbox qbutton small white' title='*Norway' href='https:\/\/www.thegardenofpeace.org\/wp-content\/uploads\/2023\/11\/norway.png' data-rel='prettyPhoto[pretty_photo_gallery]'>zoom<\/a>\n    \n                            <a itemprop='url' class='preview qbutton small white' href='https:\/\/www.thegardenofpeace.org\/fr\/thegarden\/norway-stat-only-consumption\/' target='_self'>view<\/i><\/a>\n    \n                                            <\/span>\n        <\/span>\n    <\/span>\n<\/span>            <\/div>\n                <div class='portfolio_description ' >\n\n        \n    <h5 itemprop=\"name\" class=\"portfolio_title entry_title\"><a itemprop=\"url\" href=\"https:\/\/www.thegardenofpeace.org\/fr\/thegarden\/norway-stat-only-consumption\/\"  target=\"_self\"> *Norway<\/a><\/h5>\n\n\n        \n            <span class=\"project_category\"  >\n    Statistics    <\/span>\n\n    <\/div>\n        \n<\/article>\n<article class='mix portfolio_category_90 default' style=''>\n    \n    \n    \n                <div class='image_holder'>\n                <a itemprop='url' class='portfolio_link_for_touch' href='https:\/\/www.thegardenofpeace.org\/fr\/thegarden\/switzerland-stastistics-only-consumption\/' target=''>\n                    \n<span class='image'><img loading=\"lazy\" decoding=\"async\" width=\"800\" height=\"600\" src=\"https:\/\/www.thegardenofpeace.org\/wp-content\/uploads\/2023\/11\/svizzera-1-800x600.png\" class=\"attachment-portfolio-landscape size-portfolio-landscape wp-post-image\" alt=\"\" \/><\/span>                <\/a>\n\n                <span class='text_holder'>\n    <span class='text_outer'>\n        <span class='text_inner'>\n            <span class='feature_holder'>\n                            <span class=\"feature_holder_icons\">';\n                            <a itemprop='image' class='lightbox qbutton small white' title='*Switzerland' href='https:\/\/www.thegardenofpeace.org\/wp-content\/uploads\/2023\/11\/svizzera-1.png' data-rel='prettyPhoto[pretty_photo_gallery]'>zoom<\/a>\n    \n                            <a itemprop='url' class='preview qbutton small white' href='https:\/\/www.thegardenofpeace.org\/fr\/thegarden\/switzerland-stastistics-only-consumption\/' target='_self'>view<\/i><\/a>\n    \n                                            <\/span>\n        <\/span>\n    <\/span>\n<\/span>            <\/div>\n                <div class='portfolio_description ' >\n\n        \n    <h5 itemprop=\"name\" class=\"portfolio_title entry_title\"><a itemprop=\"url\" href=\"https:\/\/www.thegardenofpeace.org\/fr\/thegarden\/switzerland-stastistics-only-consumption\/\"  target=\"_self\"> *Switzerland<\/a><\/h5>\n\n\n        \n            <span class=\"project_category\"  >\n    Statistics    <\/span>\n\n    <\/div>\n        \n<\/article>\n<article class='mix portfolio_category_90 default' style=''>\n    \n    \n    \n                <div class='image_holder'>\n                <a itemprop='url' class='portfolio_link_for_touch' href='https:\/\/www.thegardenofpeace.org\/fr\/thegarden\/syria-statistics\/' target=''>\n                    \n<span class='image'><img loading=\"lazy\" decoding=\"async\" width=\"781\" height=\"600\" src=\"https:\/\/www.thegardenofpeace.org\/wp-content\/uploads\/2023\/11\/syria-ok-781x600.png\" class=\"attachment-portfolio-landscape size-portfolio-landscape wp-post-image\" alt=\"\" \/><\/span>                <\/a>\n\n                <span class='text_holder'>\n    <span class='text_outer'>\n        <span class='text_inner'>\n            <span class='feature_holder'>\n                            <span class=\"feature_holder_icons\">';\n                            <a itemprop='image' class='lightbox qbutton small white' title='*Syria' href='https:\/\/www.thegardenofpeace.org\/wp-content\/uploads\/2023\/11\/syria-ok-e1742905315912.png' data-rel='prettyPhoto[pretty_photo_gallery]'>zoom<\/a>\n    \n                            <a itemprop='url' class='preview qbutton small white' href='https:\/\/www.thegardenofpeace.org\/fr\/thegarden\/syria-statistics\/' target='_self'>view<\/i><\/a>\n    \n                                            <\/span>\n        <\/span>\n    <\/span>\n<\/span>            <\/div>\n                <div class='portfolio_description ' >\n\n        \n    <h5 itemprop=\"name\" class=\"portfolio_title entry_title\"><a itemprop=\"url\" href=\"https:\/\/www.thegardenofpeace.org\/fr\/thegarden\/syria-statistics\/\"  target=\"_self\"> *Syria<\/a><\/h5>\n\n\n        \n            <span class=\"project_category\"  >\n    Statistics    <\/span>\n\n    <\/div>\n        \n<\/article>\n<article class='mix portfolio_category_90 default' style=''>\n    \n    \n    \n                <div class='image_holder'>\n                <a itemprop='url' class='portfolio_link_for_touch' href='https:\/\/www.thegardenofpeace.org\/fr\/thegarden\/russia-only-consumption\/' target=''>\n                    \n<span class='image'><img loading=\"lazy\" decoding=\"async\" width=\"800\" height=\"600\" src=\"https:\/\/www.thegardenofpeace.org\/wp-content\/uploads\/2023\/11\/russia-800x600.png\" class=\"attachment-portfolio-landscape size-portfolio-landscape wp-post-image\" alt=\"\" \/><\/span>                <\/a>\n\n                <span class='text_holder'>\n    <span class='text_outer'>\n        <span class='text_inner'>\n            <span class='feature_holder'>\n                            <span class=\"feature_holder_icons\">';\n                            <a itemprop='image' class='lightbox qbutton small white' title='*Russia' href='https:\/\/www.thegardenofpeace.org\/wp-content\/uploads\/2023\/11\/russia.png' data-rel='prettyPhoto[pretty_photo_gallery]'>zoom<\/a>\n    \n                            <a itemprop='url' class='preview qbutton small white' href='https:\/\/www.thegardenofpeace.org\/fr\/thegarden\/russia-only-consumption\/' target='_self'>view<\/i><\/a>\n    \n                                            <\/span>\n        <\/span>\n    <\/span>\n<\/span>            <\/div>\n                <div class='portfolio_description ' >\n\n        \n    <h5 itemprop=\"name\" class=\"portfolio_title entry_title\"><a itemprop=\"url\" href=\"https:\/\/www.thegardenofpeace.org\/fr\/thegarden\/russia-only-consumption\/\"  target=\"_self\"> *Russia<\/a><\/h5>\n\n\n        \n            <span class=\"project_category\"  >\n    Statistics    <\/span>\n\n    <\/div>\n        \n<\/article>\n<article class='mix portfolio_category_90 default' style=''>\n    \n    \n    \n                <div class='image_holder'>\n                <a itemprop='url' class='portfolio_link_for_touch' href='https:\/\/www.thegardenofpeace.org\/fr\/thegarden\/taiwan-statistics-only-consumption\/' target=''>\n                    \n<span class='image'><img loading=\"lazy\" decoding=\"async\" width=\"800\" height=\"600\" src=\"https:\/\/www.thegardenofpeace.org\/wp-content\/uploads\/2023\/11\/taiwan-1-800x600.png\" class=\"attachment-portfolio-landscape size-portfolio-landscape wp-post-image\" alt=\"\" \/><\/span>                <\/a>\n\n                <span class='text_holder'>\n    <span class='text_outer'>\n        <span class='text_inner'>\n            <span class='feature_holder'>\n                            <span class=\"feature_holder_icons\">';\n                            <a itemprop='image' class='lightbox qbutton small white' title='*Taiwan' href='https:\/\/www.thegardenofpeace.org\/wp-content\/uploads\/2023\/11\/taiwan-1.png' data-rel='prettyPhoto[pretty_photo_gallery]'>zoom<\/a>\n    \n                            <a itemprop='url' class='preview qbutton small white' href='https:\/\/www.thegardenofpeace.org\/fr\/thegarden\/taiwan-statistics-only-consumption\/' target='_self'>view<\/i><\/a>\n    \n                                            <\/span>\n        <\/span>\n    <\/span>\n<\/span>            <\/div>\n                <div class='portfolio_description ' >\n\n        \n    <h5 itemprop=\"name\" class=\"portfolio_title entry_title\"><a itemprop=\"url\" href=\"https:\/\/www.thegardenofpeace.org\/fr\/thegarden\/taiwan-statistics-only-consumption\/\"  target=\"_self\"> *Taiwan<\/a><\/h5>\n\n\n        \n            <span class=\"project_category\"  >\n    Statistics    <\/span>\n\n    <\/div>\n        \n<\/article>\n<article class='mix portfolio_category_90 default' style=''>\n    \n    \n    \n                <div class='image_holder'>\n                <a itemprop='url' class='portfolio_link_for_touch' href='https:\/\/www.thegardenofpeace.org\/fr\/thegarden\/slovenia-statistics\/' target=''>\n                    \n<span class='image'><img loading=\"lazy\" decoding=\"async\" width=\"800\" height=\"600\" src=\"https:\/\/www.thegardenofpeace.org\/wp-content\/uploads\/2023\/11\/slovenia-1-1-800x600.png\" class=\"attachment-portfolio-landscape size-portfolio-landscape wp-post-image\" alt=\"\" \/><\/span>                <\/a>\n\n                <span class='text_holder'>\n    <span class='text_outer'>\n        <span class='text_inner'>\n            <span class='feature_holder'>\n                            <span class=\"feature_holder_icons\">';\n                            <a itemprop='image' class='lightbox qbutton small white' title='*Slovenia' href='https:\/\/www.thegardenofpeace.org\/wp-content\/uploads\/2023\/11\/slovenia-1-1.png' data-rel='prettyPhoto[pretty_photo_gallery]'>zoom<\/a>\n    \n                            <a itemprop='url' class='preview qbutton small white' href='https:\/\/www.thegardenofpeace.org\/fr\/thegarden\/slovenia-statistics\/' target='_self'>view<\/i><\/a>\n    \n                                            <\/span>\n        <\/span>\n    <\/span>\n<\/span>            <\/div>\n                <div class='portfolio_description ' >\n\n        \n    <h5 itemprop=\"name\" class=\"portfolio_title entry_title\"><a itemprop=\"url\" href=\"https:\/\/www.thegardenofpeace.org\/fr\/thegarden\/slovenia-statistics\/\"  target=\"_self\"> *Slovenia<\/a><\/h5>\n\n\n        \n            <span class=\"project_category\"  >\n    Statistics    <\/span>\n\n    <\/div>\n        \n<\/article>\n<article class='mix portfolio_category_90 default' style=''>\n    \n    \n    \n                <div class='image_holder'>\n                <a itemprop='url' class='portfolio_link_for_touch' href='https:\/\/www.thegardenofpeace.org\/fr\/thegarden\/mexico\/' target=''>\n                    \n<span class='image'><img loading=\"lazy\" decoding=\"async\" width=\"800\" height=\"600\" src=\"https:\/\/www.thegardenofpeace.org\/wp-content\/uploads\/2023\/11\/mexico-1-800x600.png\" class=\"attachment-portfolio-landscape size-portfolio-landscape wp-post-image\" alt=\"\" \/><\/span>                <\/a>\n\n                <span class='text_holder'>\n    <span class='text_outer'>\n        <span class='text_inner'>\n            <span class='feature_holder'>\n                            <span class=\"feature_holder_icons\">';\n                            <a itemprop='image' class='lightbox qbutton small white' title='*Mexico*' href='https:\/\/www.thegardenofpeace.org\/wp-content\/uploads\/2023\/11\/mexico-1.png' data-rel='prettyPhoto[pretty_photo_gallery]'>zoom<\/a>\n    \n                            <a itemprop='url' class='preview qbutton small white' href='https:\/\/www.thegardenofpeace.org\/fr\/thegarden\/mexico\/' target='_self'>view<\/i><\/a>\n    \n                                            <\/span>\n        <\/span>\n    <\/span>\n<\/span>            <\/div>\n                <div class='portfolio_description ' >\n\n        \n    <h5 itemprop=\"name\" class=\"portfolio_title entry_title\"><a itemprop=\"url\" href=\"https:\/\/www.thegardenofpeace.org\/fr\/thegarden\/mexico\/\"  target=\"_self\"> *Mexico*<\/a><\/h5>\n\n\n        \n            <span class=\"project_category\"  >\n    Statistics    <\/span>\n\n    <\/div>\n        \n<\/article>\n<article class='mix portfolio_category_91 default' style=''>\n    \n    \n    \n                <div class='image_holder'>\n                <a itemprop='url' class='portfolio_link_for_touch' href='https:\/\/www.thegardenofpeace.org\/fr\/thegarden\/world\/' target=''>\n                    \n<span class='image'><img loading=\"lazy\" decoding=\"async\" width=\"800\" height=\"600\" src=\"https:\/\/www.thegardenofpeace.org\/wp-content\/uploads\/2023\/11\/mondo-olivo-1-800x600.jpeg\" class=\"attachment-portfolio-landscape size-portfolio-landscape wp-post-image\" alt=\"\" \/><\/span>                <\/a>\n\n                <span class='text_holder'>\n    <span class='text_outer'>\n        <span class='text_inner'>\n            <span class='feature_holder'>\n                            <span class=\"feature_holder_icons\">';\n                            <a itemprop='image' class='lightbox qbutton small white' title='*world' href='https:\/\/www.thegardenofpeace.org\/wp-content\/uploads\/2023\/11\/mondo-olivo-1.jpeg' data-rel='prettyPhoto[pretty_photo_gallery]'>zoom<\/a>\n    \n                            <a itemprop='url' class='preview qbutton small white' href='https:\/\/www.thegardenofpeace.org\/fr\/thegarden\/world\/' target='_self'>view<\/i><\/a>\n    \n                                            <\/span>\n        <\/span>\n    <\/span>\n<\/span>            <\/div>\n                <div class='portfolio_description ' >\n\n        \n    <h5 itemprop=\"name\" class=\"portfolio_title entry_title\"><a itemprop=\"url\" href=\"https:\/\/www.thegardenofpeace.org\/fr\/thegarden\/world\/\"  target=\"_self\"> *world<\/a><\/h5>\n\n\n        \n            <span class=\"project_category\"  >\n    statistics in primo piano    <\/span>\n\n    <\/div>\n        \n<\/article>\n<article class='mix portfolio_category_90 default' style=''>\n    \n    \n    \n                <div class='image_holder'>\n                <a itemprop='url' class='portfolio_link_for_touch' href='https:\/\/www.thegardenofpeace.org\/fr\/thegarden\/eu\/' target=''>\n                    \n<span class='image'><img loading=\"lazy\" decoding=\"async\" width=\"800\" height=\"600\" src=\"https:\/\/www.thegardenofpeace.org\/wp-content\/uploads\/2023\/11\/EU-1-800x600.png\" class=\"attachment-portfolio-landscape size-portfolio-landscape wp-post-image\" alt=\"\" \/><\/span>                <\/a>\n\n                <span class='text_holder'>\n    <span class='text_outer'>\n        <span class='text_inner'>\n            <span class='feature_holder'>\n                            <span class=\"feature_holder_icons\">';\n                            <a itemprop='image' class='lightbox qbutton small white' title='*Europa' href='https:\/\/www.thegardenofpeace.org\/wp-content\/uploads\/2023\/11\/EU-1.png' data-rel='prettyPhoto[pretty_photo_gallery]'>zoom<\/a>\n    \n                            <a itemprop='url' class='preview qbutton small white' href='https:\/\/www.thegardenofpeace.org\/fr\/thegarden\/eu\/' target='_self'>view<\/i><\/a>\n    \n                                            <\/span>\n        <\/span>\n    <\/span>\n<\/span>            <\/div>\n                <div class='portfolio_description ' >\n\n        \n    <h5 itemprop=\"name\" class=\"portfolio_title entry_title\"><a itemprop=\"url\" href=\"https:\/\/www.thegardenofpeace.org\/fr\/thegarden\/eu\/\"  target=\"_self\"> *Europa<\/a><\/h5>\n\n\n        \n            <span class=\"project_category\"  >\n    Statistics    <\/span>\n\n    <\/div>\n        \n<\/article>\n<article class='mix portfolio_category_90 default' style=''>\n    \n    \n    \n                <div class='image_holder'>\n                <a itemprop='url' class='portfolio_link_for_touch' href='https:\/\/www.thegardenofpeace.org\/fr\/thegarden\/canada\/' target=''>\n                    \n<span class='image'><img loading=\"lazy\" decoding=\"async\" width=\"800\" height=\"600\" src=\"https:\/\/www.thegardenofpeace.org\/wp-content\/uploads\/2023\/11\/canada-800x600.png\" class=\"attachment-portfolio-landscape size-portfolio-landscape wp-post-image\" alt=\"\" \/><\/span>                <\/a>\n\n                <span class='text_holder'>\n    <span class='text_outer'>\n        <span class='text_inner'>\n            <span class='feature_holder'>\n                            <span class=\"feature_holder_icons\">';\n                            <a itemprop='image' class='lightbox qbutton small white' title='*Canada*' href='https:\/\/www.thegardenofpeace.org\/wp-content\/uploads\/2023\/11\/canada.png' data-rel='prettyPhoto[pretty_photo_gallery]'>zoom<\/a>\n    \n                            <a itemprop='url' class='preview qbutton small white' href='https:\/\/www.thegardenofpeace.org\/fr\/thegarden\/canada\/' target='_self'>view<\/i><\/a>\n    \n                                            <\/span>\n        <\/span>\n    <\/span>\n<\/span>            <\/div>\n                <div class='portfolio_description ' >\n\n        \n    <h5 itemprop=\"name\" class=\"portfolio_title entry_title\"><a itemprop=\"url\" href=\"https:\/\/www.thegardenofpeace.org\/fr\/thegarden\/canada\/\"  target=\"_self\"> *Canada*<\/a><\/h5>\n\n\n        \n            <span class=\"project_category\"  >\n    Statistics    <\/span>\n\n    <\/div>\n        \n<\/article>\n<article class='mix default' style=''>\n    \n    \n    \n                <div class='image_holder'>\n                <a itemprop='url' class='portfolio_link_for_touch' href='https:\/\/www.thegardenofpeace.org\/fr\/thegarden\/italia-moraiolo\/' target=''>\n                    \n<span class='image'><img loading=\"lazy\" decoding=\"async\" width=\"534\" height=\"400\" src=\"https:\/\/www.thegardenofpeace.org\/wp-content\/uploads\/2024\/05\/moraiolo_4_3.jpg\" class=\"attachment-portfolio-landscape size-portfolio-landscape wp-post-image\" alt=\"\" srcset=\"https:\/\/www.thegardenofpeace.org\/wp-content\/uploads\/2024\/05\/moraiolo_4_3.jpg 534w, https:\/\/www.thegardenofpeace.org\/wp-content\/uploads\/2024\/05\/moraiolo_4_3-300x225.jpg 300w\" sizes=\"auto, (max-width: 534px) 100vw, 534px\" \/><\/span>                <\/a>\n\n                <span class='text_holder'>\n    <span class='text_outer'>\n        <span class='text_inner'>\n            <span class='feature_holder'>\n                            <span class=\"feature_holder_icons\">';\n                            <a itemprop='image' class='lightbox qbutton small white' title='MORAIOLO' href='https:\/\/www.thegardenofpeace.org\/wp-content\/uploads\/2024\/05\/moraiolo_4_3.jpg' data-rel='prettyPhoto[pretty_photo_gallery]'>zoom<\/a>\n    \n                            <a itemprop='url' class='preview qbutton small white' href='https:\/\/www.thegardenofpeace.org\/fr\/thegarden\/italia-moraiolo\/' target='_self'>view<\/i><\/a>\n    \n                                            <\/span>\n        <\/span>\n    <\/span>\n<\/span>            <\/div>\n                <div class='portfolio_description ' >\n\n        \n    <h5 itemprop=\"name\" class=\"portfolio_title entry_title\"><a itemprop=\"url\" href=\"https:\/\/www.thegardenofpeace.org\/fr\/thegarden\/italia-moraiolo\/\"  target=\"_self\"> MORAIOLO<\/a><\/h5>\n\n\n        \n            <span class=\"project_category\"  >\n        <\/span>\n\n    <\/div>\n        \n<\/article>\n<article class='mix default' style=''>\n    \n    \n    \n                <div class='image_holder'>\n                <a itemprop='url' class='portfolio_link_for_touch' href='https:\/\/www.thegardenofpeace.org\/fr\/thegarden\/spagna\/' target=''>\n                    \n<span class='image'><img loading=\"lazy\" decoding=\"async\" width=\"534\" height=\"400\" src=\"https:\/\/www.thegardenofpeace.org\/wp-content\/uploads\/2024\/05\/hojiblanca_4_3.jpg\" class=\"attachment-portfolio-landscape size-portfolio-landscape wp-post-image\" alt=\"\" srcset=\"https:\/\/www.thegardenofpeace.org\/wp-content\/uploads\/2024\/05\/hojiblanca_4_3.jpg 534w, https:\/\/www.thegardenofpeace.org\/wp-content\/uploads\/2024\/05\/hojiblanca_4_3-300x225.jpg 300w\" sizes=\"auto, (max-width: 534px) 100vw, 534px\" \/><\/span>                <\/a>\n\n                <span class='text_holder'>\n    <span class='text_outer'>\n        <span class='text_inner'>\n            <span class='feature_holder'>\n                            <span class=\"feature_holder_icons\">';\n                            <a itemprop='image' class='lightbox qbutton small white' title='HOJIBLANCA da tradurre' href='https:\/\/www.thegardenofpeace.org\/wp-content\/uploads\/2024\/05\/hojiblanca_4_3.jpg' data-rel='prettyPhoto[pretty_photo_gallery]'>zoom<\/a>\n    \n                            <a itemprop='url' class='preview qbutton small white' href='https:\/\/www.thegardenofpeace.org\/fr\/thegarden\/spagna\/' target='_self'>view<\/i><\/a>\n    \n                                            <\/span>\n        <\/span>\n    <\/span>\n<\/span>            <\/div>\n                <div class='portfolio_description ' >\n\n        \n    <h5 itemprop=\"name\" class=\"portfolio_title entry_title\"><a itemprop=\"url\" href=\"https:\/\/www.thegardenofpeace.org\/fr\/thegarden\/spagna\/\"  target=\"_self\"> HOJIBLANCA da tradurre<\/a><\/h5>\n\n\n        \n            <span class=\"project_category\"  >\n        <\/span>\n\n    <\/div>\n        \n<\/article>\n<article class='mix portfolio_category_165 default' style=''>\n    \n    \n    \n                <div class='image_holder'>\n                <a itemprop='url' class='portfolio_link_for_touch' href='https:\/\/www.thegardenofpeace.org\/fr\/thegarden\/spain\/' target=''>\n                    \n<span class='image'><img loading=\"lazy\" decoding=\"async\" width=\"800\" height=\"600\" src=\"https:\/\/www.thegardenofpeace.org\/wp-content\/uploads\/2025\/02\/lucio-800x600.jpg\" class=\"attachment-portfolio-landscape size-portfolio-landscape wp-post-image\" alt=\"\" \/><\/span>                <\/a>\n\n                <span class='text_holder'>\n    <span class='text_outer'>\n        <span class='text_inner'>\n            <span class='feature_holder'>\n                            <span class=\"feature_holder_icons\">';\n                            <a itemprop='image' class='lightbox qbutton small white' title='LUCIO &#8211; 1 continente' href='https:\/\/www.thegardenofpeace.org\/wp-content\/uploads\/2025\/02\/lucio-e1740523647581.jpg' data-rel='prettyPhoto[pretty_photo_gallery]'>zoom<\/a>\n    \n                            <a itemprop='url' class='preview qbutton small white' href='https:\/\/www.thegardenofpeace.org\/fr\/thegarden\/spain\/' target='_self'>view<\/i><\/a>\n    \n                                            <\/span>\n        <\/span>\n    <\/span>\n<\/span>            <\/div>\n                <div class='portfolio_description ' >\n\n        \n    <h5 itemprop=\"name\" class=\"portfolio_title entry_title\"><a itemprop=\"url\" href=\"https:\/\/www.thegardenofpeace.org\/fr\/thegarden\/spain\/\"  target=\"_self\"> LUCIO &#8211; 1 continente<\/a><\/h5>\n\n\n        \n            <span class=\"project_category\"  >\n    non visibili    <\/span>\n\n    <\/div>\n        \n<\/article>\n<article class='mix portfolio_category_165 default' style=''>\n    \n    \n    \n                <div class='image_holder'>\n                <a itemprop='url' class='portfolio_link_for_touch' href='https:\/\/www.thegardenofpeace.org\/fr\/thegarden\/arbequina\/' target=''>\n                    \n<span class='image'><img loading=\"lazy\" decoding=\"async\" width=\"800\" height=\"600\" src=\"https:\/\/www.thegardenofpeace.org\/wp-content\/uploads\/2025\/02\/lucio-800x600.jpg\" class=\"attachment-portfolio-landscape size-portfolio-landscape wp-post-image\" alt=\"\" \/><\/span>                <\/a>\n\n                <span class='text_holder'>\n    <span class='text_outer'>\n        <span class='text_inner'>\n            <span class='feature_holder'>\n                            <span class=\"feature_holder_icons\">';\n                            <a itemprop='image' class='lightbox qbutton small white' title='ARBEQUINA 5 continenti' href='https:\/\/www.thegardenofpeace.org\/wp-content\/uploads\/2025\/02\/lucio-e1740523647581.jpg' data-rel='prettyPhoto[pretty_photo_gallery]'>zoom<\/a>\n    \n                            <a itemprop='url' class='preview qbutton small white' href='https:\/\/www.thegardenofpeace.org\/fr\/thegarden\/arbequina\/' target='_self'>view<\/i><\/a>\n    \n                                            <\/span>\n        <\/span>\n    <\/span>\n<\/span>            <\/div>\n                <div class='portfolio_description ' >\n\n        \n    <h5 itemprop=\"name\" class=\"portfolio_title entry_title\"><a itemprop=\"url\" href=\"https:\/\/www.thegardenofpeace.org\/fr\/thegarden\/arbequina\/\"  target=\"_self\"> ARBEQUINA 5 continenti<\/a><\/h5>\n\n\n        \n            <span class=\"project_category\"  >\n    non visibili    <\/span>\n\n    <\/div>\n        \n<\/article>\n        <div class='filler'><\/div>\n            <div class='filler'><\/div>\n            <div class='filler'><\/div>\n        <\/div>\n\n    \n    <\/div>[\/vc_column][\/vc_row][vc_row css_animation=\u00a0\u00bb\u00a0\u00bb row_type=\u00a0\u00bbrow\u00a0\u00bb use_row_as_full_screen_section=\u00a0\u00bbno\u00a0\u00bb type=\u00a0\u00bbfull_width\u00a0\u00bb angled_section=\u00a0\u00bbno\u00a0\u00bb text_align=\u00a0\u00bbleft\u00a0\u00bb background_image_as_pattern=\u00a0\u00bbwithout_pattern\u00a0\u00bb][vc_column width=\u00a0\u00bb1\/3&Prime;][vc_column_text el_class=\u00a0\u00bbpad-scheda-tit-olivi\u00a0\u00bb]<\/p>\n<h2 class=\"p1\">Mixani<\/h2>\n<p>[\/vc_column_text][vc_single_image image=\u00a0\u00bb219&Prime; img_size=\u00a0\u00bb600&#215;400&Prime; alignment=\u00a0\u00bbcenter\u00a0\u00bb qode_css_animation=\u00a0\u00bb\u00a0\u00bb][vc_column_text el_class=\u00a0\u00bbpad-scheda-olivi\u00a0\u00bb]<span lang=\"fr-FR\"><b>Pays\u00a0: <\/b><\/span><span lang=\"fr-FR\">Albanie<\/span><\/p>\n<p><span lang=\"fr-FR\"><b>Utilisation\u00a0: <\/b><\/span><span lang=\"fr-FR\"> huile<\/span><\/p>\n<p align=\"JUSTIFY\"><span lang=\"fr-FR\"><b>Diffusion\u00a0:<\/b><\/span><span lang=\"fr-FR\"> r\u00e9pandue dans la zone centrale du pays, principalement dans le district d\u2019Elbasan, mais aussi dans les districts de Lushnj\u00eb, Tiran\u00eb et Durr\u00ebs. Elle est \u00e9galement cultiv\u00e9e en Chine.<\/span><\/p>\n<p><span lang=\"fr-FR\"><b>Synonymes\u00a0:<\/b><\/span><span lang=\"fr-FR\"> Bixa, Corra, Mixa, Mixaj, Mixani, Mixanj, Mizan.<\/span><\/p>\n<p align=\"JUSTIFY\"><span lang=\"fr-FR\"><b>Consid\u00e9rations agronomiques et commerciales\u00a0:<\/b><\/span><span lang=\"fr-FR\"> vari\u00e9t\u00e9 auto-compatible caract\u00e9ris\u00e9e par une floraison pr\u00e9coce. De faible vigueur, avec un port \u00e9tal\u00e9, sa productivit\u00e9 est \u00e9lev\u00e9e et sa production est presque r\u00e9guli\u00e8re car elle est peu sensible au ph\u00e9nom\u00e8ne de l\u2019alternance. Elle a une bonne capacit\u00e9 rhizog\u00e8ne et un rendement \u00e9lev\u00e9 allant jusqu\u2019\u00e0 29%. C\u2019est une vari\u00e9t\u00e9 r\u00e9sistante au froid et tol\u00e9rante aux temp\u00e9ratures \u00e9lev\u00e9es. Elle est \u00e9galement tol\u00e9rante \u00e0 la l\u00e8pre (<\/span><span lang=\"fr-FR\"><i>Gleosporium olivarum), <\/i><\/span><span lang=\"fr-FR\">mais est sensible \u00e0 l\u2019\u0153il de paon (<\/span><span lang=\"fr-FR\"><i>Cycloconium oleaginum<\/i><\/span><span lang=\"fr-FR\">) et \u00e0 la mouche de l\u2019olive (<\/span><span lang=\"fr-FR\"><i>Bactrocera oleae<\/i><\/span><span lang=\"fr-FR\">). Elle est consid\u00e9r\u00e9e comme mod\u00e9r\u00e9ment r\u00e9sistante \u00e0 la verticilliose (<\/span><span lang=\"fr-FR\"><i>Verticillium Dahliae<\/i><\/span><span lang=\"fr-FR\">) et \u00e0 la tuberculose (<\/span><span lang=\"fr-FR\"><i>Pseudomonas savastanoi<\/i><\/span><span lang=\"fr-FR\">).<\/span><\/p>\n<p>[\/vc_column_text][vc_empty_space][\/vc_column][vc_column width=\u00a0\u00bb1\/3&Prime;][vc_column_text el_class=\u00a0\u00bbpad-scheda-tit-olivi\u00a0\u00bb]<\/p>\n<h2>Verdale De L\u00b4H\u00e9rault<\/h2>\n<p>[\/vc_column_text][vc_single_image image=\u00a0\u00bb291&Prime; img_size=\u00a0\u00bb600&#215;400&Prime; alignment=\u00a0\u00bbcenter\u00a0\u00bb qode_css_animation=\u00a0\u00bb\u00a0\u00bb][vc_column_text el_class=\u00a0\u00bbpad-scheda-olivi\u00a0\u00bb]<span lang=\"fr-FR\"><b>Pays\u00a0:<\/b><\/span><span lang=\"fr-FR\"> France<\/span><\/p>\n<p><span lang=\"fr-FR\"><b>Vari\u00e9t\u00e9\u00a0:<\/b><\/span><span lang=\"fr-FR\"> Verdale de l\u2019H\u00e9rault<\/span><\/p>\n<p><span lang=\"fr-FR\"><b>Utilisation\u00a0:<\/b><\/span><span lang=\"fr-FR\"> Huile<\/span><\/p>\n<p><span lang=\"fr-FR\"><b>Diffusion\u00a0: Elle est tr\u00e8s r\u00e9pandue <\/b><\/span><span lang=\"fr-FR\">dans l\u2019H\u00e9rault <\/span><\/p>\n<p align=\"JUSTIFY\"><span lang=\"fr-FR\"><b>Synonymes <\/b><\/span><span lang=\"fr-FR\">: Pourridale, Cul Blanc, Gangeole, Grosse Ronde, Groussaldo, Olive de Ganges, Olive Verte, Pourridale, Redounale, Redonale, Verdaou, Verdau, Verdava, Verdeau, Vereau<\/span><\/p>\n<p align=\"JUSTIFY\"><span lang=\"fr-FR\"><b>Consid\u00e9rations agronomiques et commerciales : <\/b><\/span><span lang=\"fr-FR\">son<\/span><b> <\/b><span lang=\"fr-FR\">arbre est caract\u00e9ris\u00e9 par une faible vigueur et un port \u00e9tal\u00e9. Peu sensible au ph\u00e9nom\u00e8ne de l\u2019alternance, sa production est constante. C\u2019est une vari\u00e9t\u00e9 partiellement auto-compatible. Les vari\u00e9t\u00e9s Picholine, Grossan et Arbequina sont d\u2019excellents pollinisateurs de la Verdale de l\u2019H\u00e9rault. C\u2019est l\u2019une des principales vari\u00e9t\u00e9s fran\u00e7aises pour la production d\u2019huile mais elle est \u00e9galement utilis\u00e9e pour la pr\u00e9paration des olives vertes. Son huile est tr\u00e8s douce, pratiquement sans amertume, mais l\u00e9g\u00e8rement piquante. Son fruit doit \u00eatre trait\u00e9 imm\u00e9diatement en raison de sa faible tol\u00e9rance \u00e0 la manipulation car sa peau est tr\u00e8s fine et sensible. Elle est \u00e9galement tr\u00e8s r\u00e9sistante au froid mais est susceptible \u00e0 la verticilliose (<\/span><span lang=\"fr-FR\"><i>Verticillium dahliae)<\/i><\/span><span lang=\"fr-FR\">, \u00e0 l\u2019\u0153il de paon <\/span><span style=\"color: #202122;\"><span style=\"font-family: Arial, serif;\"><span style=\"font-size: small;\"><span lang=\"fr-FR\">(<\/span><\/span><\/span><\/span><a href=\"https:\/\/fr.wikipedia.org\/w\/index.php?title=Cycloconium_oleagineum&amp;action=edit&amp;redlink=1\"><span lang=\"fr-FR\"><i>Cycloconium oleagineum<\/i><\/span><\/a><span style=\"color: #202122;\"><span style=\"font-family: Arial, serif;\"><span style=\"font-size: small;\"><span lang=\"fr-FR\">) <\/span><\/span><\/span><\/span><span lang=\"fr-FR\">et aux attaques de la mouche (<\/span><span lang=\"fr-FR\"><i>Bactrocera oleae<\/i><\/span><span style=\"color: #4d5156;\"><span style=\"font-family: Arial, serif;\"><span style=\"font-size: small;\"><span lang=\"fr-FR\">).<\/span><\/span><\/span><\/span><\/p>\n<p>[\/vc_column_text][vc_empty_space][\/vc_column][vc_column width=\u00a0\u00bb1\/3&Prime;][vc_column_text el_class=\u00a0\u00bbpad-scheda-tit-olivi\u00a0\u00bb]<\/p>\n<h2>Picholine Marocaine<\/h2>\n<p>[\/vc_column_text][vc_single_image image=\u00a0\u00bb259&Prime; img_size=\u00a0\u00bb600&#215;400&Prime; alignment=\u00a0\u00bbcenter\u00a0\u00bb qode_css_animation=\u00a0\u00bb\u00a0\u00bb][vc_column_text el_class=\u00a0\u00bbpad-scheda-olivi\u00a0\u00bb]<span lang=\"fr-FR\"><b>Pays <\/b><\/span><span lang=\"fr-FR\">: Maroc<\/span><\/p>\n<p><span lang=\"fr-FR\"><b>Vari\u00e9t\u00e9 <\/b><\/span><span lang=\"fr-FR\">: Picholine marocaine<\/span><\/p>\n<p><span lang=\"fr-FR\"><b>Utilisation\u00a0:<\/b><\/span><span lang=\"fr-FR\"> Double aptitude (huile d\u2019olive et olives de table)<\/span><\/p>\n<p><span lang=\"fr-FR\"><b>Synonymes <\/b><\/span><span lang=\"fr-FR\">: Beldi, Bouchouika, Bousbina, Zit, Zitoun<\/span><\/p>\n<p align=\"JUSTIFY\"><span lang=\"fr-FR\"><b>Consid\u00e9rations agronomiques et commerciales\u00a0:<\/b><\/span><span lang=\"fr-FR\"> bien adapt\u00e9e aux conditions p\u00e9doclimatiques du Maroc, o\u00f9 elle contribue \u00e0 plus de 96% de la production totale d\u2019olives du pays, c\u2019est une vari\u00e9t\u00e9 rustique avec une entr\u00e9e en production moyenne. Elle fleurit \u00e0 un stade interm\u00e9diaire et est partiellement autocompatible. Sa productivit\u00e9 \u00e9lev\u00e9e mais alternante. Vari\u00e9t\u00e9 \u00e0 double aptitude, elle est utilis\u00e9e pour l\u2019\u00e9laboration de diff\u00e9rents types d\u2019olives de table, des olives vertes cass\u00e9es aux olives noires m\u00fbres. Sa pulpe se d\u00e9tache facilement du noyau et son huile est d\u2019excellente qualit\u00e9. L\u2019une des caract\u00e9ristiques de l\u2019huile extraite de la Picholine Marocaine est sa r\u00e9sistance \u00e0 la cong\u00e9lation\u00a0: elle reste fluide jusqu\u2019\u00e0 -12 <\/span><span lang=\"fr-FR\">\u00b0<\/span><span lang=\"fr-FR\">C et est donc \u00e9galement utilis\u00e9e pour les conserves. Elle est r\u00e9sistante \u00e0 la s\u00e9cheresse mais sensible \u00e0 l\u2019\u0153il de paon <\/span><span lang=\"fr-FR\"><i>(Cycloconium oleaginum<\/i><\/span><span style=\"color: #4d5156;\"><span style=\"font-family: Arial, serif;\"><span style=\"font-size: small;\"><span lang=\"fr-FR\">). <\/span><\/span><\/span><\/span><\/p>\n<p>[\/vc_column_text][vc_empty_space][\/vc_column][\/vc_row][vc_row css_animation=\u00a0\u00bb\u00a0\u00bb row_type=\u00a0\u00bbrow\u00a0\u00bb use_row_as_full_screen_section=\u00a0\u00bbno\u00a0\u00bb type=\u00a0\u00bbfull_width\u00a0\u00bb angled_section=\u00a0\u00bbno\u00a0\u00bb text_align=\u00a0\u00bbleft\u00a0\u00bb background_image_as_pattern=\u00a0\u00bbwithout_pattern\u00a0\u00bb][vc_column width=\u00a0\u00bb1\/3&Prime;][vc_column_text el_class=\u00a0\u00bbpad-scheda-tit-olivi\u00a0\u00bb]<\/p>\n<h2 class=\"p1\">Ch\u00e9toui<\/h2>\n<p>[\/vc_column_text][vc_single_image image=\u00a0\u00bb111&Prime; img_size=\u00a0\u00bb600&#215;400&Prime; alignment=\u00a0\u00bbcenter\u00a0\u00bb qode_css_animation=\u00a0\u00bb\u00a0\u00bb][vc_column_text el_class=\u00a0\u00bbpad-scheda-olivi\u00a0\u00bb]<span lang=\"fr-FR\"><b>Pays <\/b><\/span><span lang=\"fr-FR\">: Tunisie<\/span><\/p>\n<p><span lang=\"fr-FR\"><b>Utilisation <\/b><\/span><span lang=\"fr-FR\">: double aptitude (huile et olives de table)<\/span><\/p>\n<p><span lang=\"fr-FR\"><b>Distribution <\/b><\/span><span lang=\"fr-FR\">: dans la zone c\u00f4ti\u00e8re nord de la Tunisie, elle occupe 35% de la surface ol\u00e9icole du pays. <\/span><\/p>\n<p><a name=\"_GoBack\"><\/a><span lang=\"fr-FR\"><b>Synonymes <\/b><\/span><span lang=\"fr-FR\">: Beld, Chaibi, Tounsia, Zaiati<\/span><\/p>\n<p align=\"JUSTIFY\"><span lang=\"fr-FR\"><b>Consid\u00e9rations agronomiques et commerciales <\/b><\/span><span lang=\"fr-FR\">: vari\u00e9t\u00e9 mod\u00e9r\u00e9ment rustique, sa capacit\u00e9 rhizog\u00e8ne est \u00e9lev\u00e9e et son entr\u00e9e en production et son \u00e9poque de floraison sont moyennes. Elle est autocompatible et sa productivit\u00e9 est faible mais constante. Ses fruits m\u00fbrissent en d\u00e9cembre. C\u2019est l\u2019une des vari\u00e9t\u00e9s ol\u00e9agineuses les plus importantes de Tunisie mais ses fruits sont \u00e9galement utilis\u00e9s pour la production d\u2019olives noires. Elle est pr\u00e9sente dans presque toute la r\u00e9gion ol\u00e9icole du nord du pays o\u00f9 elle domine dans la proportion de 90-95%. Elle est particuli\u00e8rement bien adapt\u00e9e aux plaines c\u00f4ti\u00e8res du nord, o\u00f9 les pr\u00e9cipitations annuelles moyennes ne sont jamais inf\u00e9rieures \u00e0 400 mm. Son rendement en huile est moyen et la pulpe de son fruit se s\u00e9pare facilement du noyau. Elle est r\u00e9sistante au froid et \u00e0 la salinit\u00e9 mais a besoin d\u2019un bon approvisionnement en eau. Elle est r\u00e9sistante aux maladies courantes, mais est sensible \u00e0 l\u2019\u0153il de paon <\/span><span style=\"color: #202122;\"><span lang=\"fr-FR\">(<\/span><\/span><a href=\"https:\/\/fr.wikipedia.org\/w\/index.php?title=Cycloconium_oleagineum&amp;action=edit&amp;redlink=1\"><span lang=\"fr-FR\"><i>Cycloconium oleagineum<\/i><\/span><\/a><span lang=\"fr-FR\">). <\/span><\/p>\n<p>[\/vc_column_text][vc_empty_space][\/vc_column][vc_column width=\u00a0\u00bb1\/3&Prime;][vc_column_text el_class=\u00a0\u00bbpad-scheda-tit-olivi\u00a0\u00bb]<\/p>\n<h2>Chemlal de Kabylie<\/h2>\n<p>[\/vc_column_text][vc_single_image image=\u00a0\u00bb99&Prime; img_size=\u00a0\u00bb600&#215;400&Prime; alignment=\u00a0\u00bbcenter\u00a0\u00bb qode_css_animation=\u00a0\u00bb\u00a0\u00bb][vc_column_text el_class=\u00a0\u00bbpad-scheda-olivi\u00a0\u00bb]<a name=\"_GoBack\"><\/a><span lang=\"fr-FR\"><b>Pays: <\/b><\/span><span lang=\"fr-FR\">Alg\u00e9rie<\/span><\/p>\n<p><span lang=\"fr-FR\"><b>Utilisation\u00a0:<\/b><\/span><span lang=\"fr-FR\"> huile<\/span><\/p>\n<p align=\"JUSTIFY\"><span lang=\"fr-FR\"><b>Diffusion\u00a0:<\/b><\/span><span lang=\"fr-FR\"> Centre-Est de l\u2019Alg\u00e9rie (Grande Kabylie) sur les deux versants du massif du Djurdjura, de Khemis \u00e0 Akbou en passant par Tizi Ouzou et Bou\u00efra. Occupe environ 30% de la surface ol\u00e9icole du pays.<\/span><\/p>\n<p align=\"JUSTIFY\"><span lang=\"fr-FR\"><b>Synonymes\u00a0:<\/b><\/span><span lang=\"fr-FR\"> Achamlal, Achamli, Achemlal, Chemlal Blanche d\u2019Ali-Ch\u00e9rif, Chemlal, Chemlal de l\u2019Oued-Aissi, Chemlal de Tizi-Ouzou, Chemlal pr\u00e9coce de Tazmalt, Petit Chemlal Pendant.<\/span><\/p>\n<p align=\"JUSTIFY\"><span lang=\"fr-FR\"><b>Consid\u00e9rations agronomiques et commerciales\u00a0:<\/b><\/span><span lang=\"fr-FR\"> vari\u00e9t\u00e9 auto-incompatible \u00e0 floraison pr\u00e9coce, elle a donc besoin de pollinisateurs caract\u00e9ris\u00e9s par leur pr\u00e9cocit\u00e9 de floraison. Le cultivar le plus utilis\u00e9 \u00e0 cet effet est l\u2019Azeradj, car il fleurit au m\u00eame moment. C\u2019est une vari\u00e9t\u00e9 vigoureuse au port dress\u00e9. Sa productivit\u00e9 est \u00e9lev\u00e9e et son rendement est moyen et affect\u00e9 par le ph\u00e9nom\u00e8ne d\u2019alternance. Sa capacit\u00e9 rhizog\u00e8ne est faible, alors que son greffage est bon, m\u00eame sur les ol\u00e9astres, ce qui explique probablement sa large diffusion et la diversit\u00e9 de ses formes. Ses fruits m\u00fbrissent tardivement, en d\u00e9cembre\/janvier. Ils sont tr\u00e8s r\u00e9sistants au d\u00e9tachement. Cette vari\u00e9t\u00e9 r\u00e9siste bien au froid et aux temp\u00e9ratures \u00e9lev\u00e9es mais est mod\u00e9r\u00e9ment r\u00e9sistante \u00e0 la verticilliose (<\/span><span lang=\"fr-FR\"><i>Verticillium Dahliae<\/i><\/span><span lang=\"fr-FR\">) et \u00e0 la tuberculose (<\/span><span lang=\"fr-FR\"><i>Pseudomonas savastanoi<\/i><\/span><span lang=\"fr-FR\">).<\/span><\/p>\n<p>[\/vc_column_text][vc_empty_space][\/vc_column][vc_column width=\u00a0\u00bb1\/3&Prime;][vc_column_text el_class=\u00a0\u00bbpad-scheda-tit-olivi\u00a0\u00bb]<\/p>\n<h2>Kalamata<\/h2>\n<p>[\/vc_column_text][vc_single_image image=\u00a0\u00bb191&Prime; img_size=\u00a0\u00bb600&#215;400&Prime; alignment=\u00a0\u00bbcenter\u00a0\u00bb qode_css_animation=\u00a0\u00bb\u00a0\u00bb][vc_column_text el_class=\u00a0\u00bbpad-scheda-olivi\u00a0\u00bb]<span lang=\"fr-FR\"><b>Pays\u00a0:<\/b><\/span><span lang=\"fr-FR\"> Gr\u00e8ce<\/span><\/p>\n<p><span lang=\"fr-FR\"><b>Utilisation\u00a0:<\/b><\/span><span lang=\"fr-FR\"> Olives de table<\/span><\/p>\n<p><span lang=\"fr-FR\"><b>Diffusion\u00a0:<\/b><\/span><span lang=\"fr-FR\"> Mess\u00e9nie, Laconie, Lamia. Elle couvre environ 20% de la surface ol\u00e9icole du pays.<\/span><\/p>\n<p><span lang=\"fr-FR\"><b>Synonymes\u00a0:<\/b><\/span><span lang=\"fr-FR\"> Aetonychalea. Aetonychi, Aetonycholia, Chondrolia, Kalamon, Kalamatiani<\/span><\/p>\n<p align=\"JUSTIFY\"><span lang=\"fr-FR\"><b>Consid\u00e9rations agronomiques et commerciales\u00a0:<\/b><\/span><span lang=\"fr-FR\"> caract\u00e9ris\u00e9e par une \u00e9poque de maturation tardive, la r\u00e9colte des fruits de cette vari\u00e9t\u00e9 a lieu lorsqu\u2019ils sont compl\u00e8tement m\u00fbrs. Bien qu\u2019elle soit de double aptitude, elle est principalement cultiv\u00e9e pour la confiserie d\u2019olives de table noires pr\u00e9par\u00e9es \u00ab\u00a0\u00e0 la grecque\u00a0\u00bb. C\u2019est une vari\u00e9t\u00e9 tr\u00e8s productive mais elle est sujette au ph\u00e9nom\u00e8ne de l\u2019alternance. Son fruit est r\u00e9sistant aux traitements et aux manipulations et peut \u00eatre confit de diff\u00e9rentes mani\u00e8res, mais toujours comme olive noire. Le rapport pulpe\/noyau de son fruit est \u00e9lev\u00e9 et la pulpe se d\u00e9tache facilement du noyau. Son rendement en huile est moyen mais celle-ci est d\u2019excellente qualit\u00e9. Cette vari\u00e9t\u00e9 est moyennement r\u00e9sistante aux climats froids et ne tol\u00e8re pas tr\u00e8s bien les climats excessivement chauds. Elle est mod\u00e9r\u00e9ment sensible \u00e0 l\u2019\u0153il de paon (<\/span><span lang=\"fr-FR\"><i>Cycloconium oleaginum<\/i><\/span><span style=\"color: #4d5156;\"><span style=\"font-family: Arial, serif;\"><span style=\"font-size: small;\"><span lang=\"fr-FR\">) <\/span><\/span><\/span><\/span><span lang=\"fr-FR\">et r\u00e9sistante \u00e0 la tuberculose (<\/span><span lang=\"fr-FR\"><i>Pseudomonas savastanoi<\/i><\/span><span lang=\"fr-FR\">).<\/span><\/p>\n<p>[\/vc_column_text][vc_empty_space][\/vc_column][\/vc_row][vc_row css_animation=\u00a0\u00bb\u00a0\u00bb row_type=\u00a0\u00bbrow\u00a0\u00bb use_row_as_full_screen_section=\u00a0\u00bbno\u00a0\u00bb type=\u00a0\u00bbfull_width\u00a0\u00bb angled_section=\u00a0\u00bbno\u00a0\u00bb text_align=\u00a0\u00bbleft\u00a0\u00bb background_image_as_pattern=\u00a0\u00bbwithout_pattern\u00a0\u00bb][vc_column width=\u00a0\u00bb1\/3&Prime;][vc_column_text el_class=\u00a0\u00bbpad-scheda-tit-olivi\u00a0\u00bb]<\/p>\n<h2>Nabala Baladi<\/h2>\n<p>[\/vc_column_text][vc_single_image image=\u00a0\u00bb223&Prime; img_size=\u00a0\u00bb600&#215;400&Prime; alignment=\u00a0\u00bbcenter\u00a0\u00bb qode_css_animation=\u00a0\u00bb\u00a0\u00bb][vc_column_text el_class=\u00a0\u00bbpad-scheda-olivi\u00a0\u00bb]<span lang=\"fr-FR\"><b>Pays <\/b><\/span><span lang=\"fr-FR\">: Palestine, Jordanie et Liban<\/span><\/p>\n<p><span lang=\"fr-FR\"><b>Utilisation\u00a0:<\/b><\/span><span lang=\"fr-FR\"> Double aptitude (huile d\u2019olive et olives de table)<\/span><\/p>\n<p><span lang=\"fr-FR\"><b>Diffusion <\/b><\/span><span lang=\"fr-FR\">: Palestine, Jordanie et Liban <\/span><\/p>\n<p><span lang=\"fr-FR\"><b>Synonymes <\/b><\/span><span lang=\"fr-FR\">: Nabala Baladi, Baladi, Bathni, Khudr, Krari, Kteit, Nabala, Roman, Soury<\/span><\/p>\n<p align=\"JUSTIFY\"><span lang=\"fr-FR\"><b>Consid\u00e9rations agronomiques et commerciales <\/b><\/span><span lang=\"fr-FR\">: vari\u00e9t\u00e9 appartenant au groupe \u2018Soury\u2019, elle est typique de la Cisjordanie, o\u00f9 elle est parfois appel\u00e9e \u00ab\u00a0romaine\u00a0\u00bb, t\u00e9moignant de l\u2019anciennet\u00e9 de sa culture. Elle repr\u00e9sente 90% des oliviers en production en Palestine. On la trouve principalement dans les zones de collines du nord et du centre de la Cisjordanie. A croissance lente sur des terrains non irrigu\u00e9s, c\u2019est une vari\u00e9t\u00e9 rustique caract\u00e9ris\u00e9e par une entr\u00e9e en production moyenne. Partiellement autocompatible, avec une productivit\u00e9 \u00e9lev\u00e9e et alternante, sa teneur en huile est \u00e9lev\u00e9e et elle est \u00e9galement utilis\u00e9e pour la production d\u2019olives de table vertes. Elle est r\u00e9sistante au froid et \u00e0 la s\u00e9cheresse mais est sensible \u00e0 la mouche (<\/span><span lang=\"fr-FR\"><i>Bactrocera oleae<\/i><\/span><span lang=\"fr-FR\">) et \u00e0 l\u2019\u0153il de paon (<\/span><span lang=\"fr-FR\"><i>Cycloconium oleaginum<\/i><\/span><span style=\"color: #4d5156;\"><span style=\"font-family: Arial, serif;\"><span style=\"font-size: small;\"><span lang=\"fr-FR\">). <\/span><\/span><\/span><\/span><\/p>\n<p>[\/vc_column_text][vc_empty_space][\/vc_column][vc_column width=\u00a0\u00bb1\/3&Prime;][vc_column_text el_class=\u00a0\u00bbpad-scheda-tit-olivi\u00a0\u00bb]<\/p>\n<h2>Gemlik<\/h2>\n<p>[\/vc_column_text][vc_single_image image=\u00a0\u00bb163&Prime; img_size=\u00a0\u00bb600&#215;400&Prime; alignment=\u00a0\u00bbcenter\u00a0\u00bb qode_css_animation=\u00a0\u00bb\u00a0\u00bb][vc_column_text el_class=\u00a0\u00bbpad-scheda-olivi\u00a0\u00bb]<span lang=\"fr-FR\"><b>Pays <\/b><\/span><span lang=\"fr-FR\">: Turquie<\/span><\/p>\n<p><span lang=\"fr-FR\"><b>Utilisation <\/b><\/span><span lang=\"fr-FR\">: Double aptitude (huile et olives de table)<\/span><\/p>\n<p><span lang=\"fr-FR\"><b>Distribution <\/b><\/span><span lang=\"fr-FR\">: Elle est diffus\u00e9e le long des c\u00f4tes \u00e9g\u00e9ennes et m\u00e9diterran\u00e9ennes du pays. Elle couvre pr\u00e8s de 80% des oliveraies de la r\u00e9gion de Marmara et 11% de la superficie ol\u00e9icole totale du pays. <\/span><\/p>\n<p><span lang=\"fr-FR\"><b>Synonymes <\/b><\/span><span lang=\"fr-FR\">: Kaplik, Kara, Kiviricik, Trilye<\/span><\/p>\n<p align=\"JUSTIFY\"><span lang=\"fr-FR\"><b>Consid\u00e9rations agronomiques et commerciales : <\/b><\/span><span lang=\"fr-FR\">La r\u00e9gion de Gemlik, situ\u00e9e sur la c\u00f4te de Marmara au nord-ouest du pays et s\u2019\u00e9tendant jusqu\u2019\u00e0 Bursa, est consid\u00e9r\u00e9e comme le berceau de la vari\u00e9t\u00e9 Gemlik, la plus connue et la plus consomm\u00e9e du pays. Avec ses caract\u00e9ristiques tr\u00e8s particuli\u00e8res de \u00ab\u00a0douceur\u00a0\u00bb &#8211; elle perd son amertume naturelle \u00e0 maturit\u00e9 &#8211; et son fruit \u00e0 la chair d\u2019excellente texture et \u00e0 la peau tr\u00e8s fine, cette vari\u00e9t\u00e9 est la plus appr\u00e9ci\u00e9e pour la confiserie des olives noires naturelles de type Gemlik. Elle a une capacit\u00e9 rhizog\u00e8ne \u00e9lev\u00e9e et est partiellement autocompatible. Les vari\u00e9t\u00e9s \u2018Ayvalik\u2019, \u2018\u00c7akir\u2019 et \u2018Erkence\u2019 sont d\u2019excellents pollinisateurs de cette vari\u00e9t\u00e9. Elle entre t\u00f4t en production et sa productivit\u00e9 est \u00e9lev\u00e9e et constante. Son \u00e9poque de maturit\u00e9 est tr\u00e8s pr\u00e9coce, tant en vert qu\u2019en noir. Il s\u2019agit d\u2019une vari\u00e9t\u00e9 \u00e0 double aptitude car, en plus de ses caract\u00e9ristiques d\u2019olive de table, elle a une teneur \u00e9lev\u00e9e en huile (29%). Elle est partiellement r\u00e9sistante aux basses temp\u00e9ratures.<\/span><\/p>\n<p>[\/vc_column_text][vc_empty_space][\/vc_column][vc_column width=\u00a0\u00bb1\/3&Prime;][vc_column_text el_class=\u00a0\u00bbpad-scheda-tit-olivi\u00a0\u00bb]<\/p>\n<h2>Arauco<\/h2>\n<p>[\/vc_column_text][vc_single_image image=\u00a0\u00bb75&Prime; img_size=\u00a0\u00bb600&#215;400&Prime; alignment=\u00a0\u00bbcenter\u00a0\u00bb qode_css_animation=\u00a0\u00bb\u00a0\u00bb][vc_column_text el_class=\u00a0\u00bbpad-scheda-olivi\u00a0\u00bb]<span lang=\"fr-FR\"><b>Pays\u00a0: <\/b><\/span><span lang=\"fr-FR\">Argentine<\/span><\/p>\n<p><span lang=\"fr-FR\"><b>Utilisation\u00a0:<\/b><\/span><span lang=\"fr-FR\"> Double aptitude (huile et olives de table)<\/span><\/p>\n<p><span lang=\"fr-FR\"><b>Diffusion\u00a0:<\/b><\/span><span lang=\"fr-FR\"> Provinces de La Rioja et Catamarca<\/span><\/p>\n<p><span lang=\"fr-FR\"><b>Synonymes\u00a0:<\/b><\/span><span lang=\"fr-FR\"> Criolla, Olivo viejo<\/span><\/p>\n<p align=\"JUSTIFY\"><a name=\"_Hlk27063399\"><\/a> <span lang=\"fr-FR\"><b>Consid\u00e9rations agronomiques et commerciales\u00a0:<\/b><\/span><span lang=\"fr-FR\"> cette vari\u00e9t\u00e9 est probablement issue de la s\u00e9lection de plants d\u2019olivier introduits en Argentine par les Espagnols. Adapt\u00e9e aux environnements chauds et arides, elle est particuli\u00e8rement appr\u00e9ci\u00e9e pour l\u2019excellente qualit\u00e9 de sa production (taille et couleur du fruit) et pour son rapport pulpe\/noyau \u00e9lev\u00e9. Partiellement auto-compatible, elle est caract\u00e9ris\u00e9e par une \u00e9poque de floraison et une entr\u00e9e en production moyennes. Sa productivit\u00e9 est \u00e9lev\u00e9e mais alternante. Son fruit pr\u00e9sente une grande r\u00e9sistance au d\u00e9tachement et, gr\u00e2ce \u00e0 la bonne consistance de sa pulpe et \u00e0 son d\u00e9tachement facile du noyau, il peut \u00eatre utilis\u00e9 dans diff\u00e9rentes modes de pr\u00e9paration. Il s\u2019agit d\u2019une vari\u00e9t\u00e9 vigoureuse, m\u00eame sil elle est sensible au froid et \u00e0 un certain nombre de maladies, comme la verticilliose (<\/span><span lang=\"fr-FR\"><i>Verticillium Dahliae<\/i><\/span><span lang=\"fr-FR\">), la tuberculose (<\/span><span lang=\"fr-FR\"><i>Pseudomonas savastanoi<\/i><\/span><span lang=\"fr-FR\">) et la l\u00e8pre (<\/span><span lang=\"fr-FR\"><i>Gleosporium olivarum<\/i><\/span><span lang=\"fr-FR\">). En revanche, elle tol\u00e8re bien les sols arides, salins et riches en calcaire. <\/span><\/p>\n<p>[\/vc_column_text][vc_empty_space][\/vc_column][\/vc_row][vc_row css_animation=\u00a0\u00bb\u00a0\u00bb row_type=\u00a0\u00bbrow\u00a0\u00bb use_row_as_full_screen_section=\u00a0\u00bbno\u00a0\u00bb type=\u00a0\u00bbfull_width\u00a0\u00bb angled_section=\u00a0\u00bbno\u00a0\u00bb text_align=\u00a0\u00bbleft\u00a0\u00bb background_image_as_pattern=\u00a0\u00bbwithout_pattern\u00a0\u00bb][vc_column width=\u00a0\u00bb1\/3&Prime;][vc_column_text el_class=\u00a0\u00bbpad-scheda-tit-olivi\u00a0\u00bb]<\/p>\n<h2>Zard<\/h2>\n<p>[\/vc_column_text][vc_single_image image=\u00a0\u00bb295&Prime; img_size=\u00a0\u00bb600&#215;400&Prime; alignment=\u00a0\u00bbcenter\u00a0\u00bb qode_css_animation=\u00a0\u00bb\u00a0\u00bb][vc_column_text el_class=\u00a0\u00bbpad-scheda-olivi\u00a0\u00bb]<span lang=\"fr-FR\"><b>Pays\u00a0:<\/b><\/span><span lang=\"fr-FR\"> Iran<\/span><\/p>\n<p><span lang=\"fr-FR\"><b>Utilisation\u00a0:<\/b><\/span><span lang=\"fr-FR\"> Double aptitude (huile d\u2019olive et olives de table)<\/span><\/p>\n<p><span lang=\"fr-FR\"><b>Diffusion\u00a0:<\/b><\/span><span lang=\"fr-FR\"> Principalement dans les provinces de Guilan et Zandjan. <\/span><\/p>\n<p><span lang=\"fr-FR\"><b>Synonymes\u00a0:<\/b><\/span><span lang=\"fr-FR\"> Zard Zeytun<\/span><\/p>\n<p align=\"JUSTIFY\"><span lang=\"fr-FR\"><b>Consid\u00e9rations agronomiques et commerciales\u00a0:<\/b><\/span><span lang=\"fr-FR\"> C\u2019est la principale vari\u00e9t\u00e9 cultiv\u00e9e en Iran. Sa productivit\u00e9 est \u00e9lev\u00e9e mais elle est sujette au ph\u00e9nom\u00e8ne de l\u2019alternance. Ses fruits sont r\u00e9colt\u00e9s au d\u00e9but de l\u2019automne. Partiellement autocompatible, elle est r\u00e9sistante au froid et \u00e0 la s\u00e9cheresse mais tol\u00e9rante \u00e0 la verticilliose (<\/span><span lang=\"fr-FR\"><i>Verticillium dahliae<\/i><\/span><span lang=\"fr-FR\">). Son fruit a une particularit\u00e9\u00a0: il poss\u00e8de deux lignes lat\u00e9rales pro\u00e9minentes qui sont perceptibles au toucher. <\/span><\/p>\n<p>[\/vc_column_text][vc_empty_space][\/vc_column][vc_column width=\u00a0\u00bb1\/3&Prime;][vc_column_text el_class=\u00a0\u00bbpad-scheda-tit-olivi\u00a0\u00bb]<\/p>\n<h2>Cobran\u00e7osa<\/h2>\n<p>[\/vc_column_text][vc_single_image image=\u00a0\u00bb115&Prime; img_size=\u00a0\u00bb600&#215;400&Prime; alignment=\u00a0\u00bbcenter\u00a0\u00bb qode_css_animation=\u00a0\u00bb\u00a0\u00bb][vc_column_text el_class=\u00a0\u00bbpad-scheda-olivi\u00a0\u00bb]<span lang=\"fr-FR\"><b>Pays <\/b><\/span><span lang=\"fr-FR\">: Portugal<\/span><\/p>\n<p><span lang=\"fr-FR\"><b>Utilisation <\/b><\/span><span lang=\"fr-FR\">: Huile<\/span><\/p>\n<p><span lang=\"fr-FR\"><b>Diffusion <\/b><\/span><span lang=\"fr-FR\">: Tr\u00e1s-os-Montes<\/span><\/p>\n<p><span lang=\"fr-FR\"><b>Synonymes <\/b><\/span><span lang=\"fr-FR\">: Verdal Cobran\u00e7osa, Quebran\u00e7osa, Salgueira<\/span><\/p>\n<p align=\"JUSTIFY\"><span lang=\"fr-FR\"><b>Consid\u00e9rations agronomiques et commerciales <\/b><\/span><span lang=\"fr-FR\">: cette vari\u00e9t\u00e9 est tr\u00e8s appr\u00e9ci\u00e9e pour sa r\u00e9sistance au froid et \u00e0 la chlorose ferrique caus\u00e9e par les sols calcaires. Cependant, elle est sensible \u00e0 la s\u00e9cheresse et aux sols salins. Son entr\u00e9e en production et son \u00e9poque de floraison sont moyennes. Vari\u00e9t\u00e9 autocompatible \u00e0 productivit\u00e9 \u00e9lev\u00e9e et constante, son \u00e9poque de maturation et la teneur en huile de ses fruits sont moyennes. Malgr\u00e9 leur faible r\u00e9sistance au d\u00e9tachement, caract\u00e9ristique qui facilite la m\u00e9canisation, la chute naturelle de ses fruits est limit\u00e9e. Cette vari\u00e9t\u00e9 est \u00e9galement consid\u00e9r\u00e9e comme sensible \u00e0 la tuberculose (<\/span><span lang=\"fr-FR\"><i>Pseudomonas savastanoi<\/i><\/span><span lang=\"fr-FR\">) et \u00e0 la l\u00e8pre (<\/span><span lang=\"fr-FR\"><i>Gleosporium olivarum<\/i><\/span><span lang=\"fr-FR\">). <\/span><\/p>\n<p>[\/vc_column_text][vc_empty_space][\/vc_column][vc_column width=\u00a0\u00bb1\/3&Prime;][vc_column_text el_class=\u00a0\u00bbpad-scheda-tit-olivi\u00a0\u00bb]<\/p>\n<h2>Mission<\/h2>\n<p>[\/vc_column_text][vc_single_image image=\u00a0\u00bb215&Prime; img_size=\u00a0\u00bb600&#215;400&Prime; alignment=\u00a0\u00bbcenter\u00a0\u00bb qode_css_animation=\u00a0\u00bb\u00a0\u00bb][vc_column_text el_class=\u00a0\u00bbpad-scheda-olivi\u00a0\u00bb]<span lang=\"fr-FR\"><b>Pays <\/b><\/span><span lang=\"fr-FR\">: \u00c9tats-Unis<\/span><\/p>\n<p><span lang=\"fr-FR\"><b>Destin\u00e9e <\/b><\/span><span lang=\"fr-FR\">: Double aptitude (huile et olives de table)<\/span><\/p>\n<p><span lang=\"fr-FR\"><b>Distribution <\/b><\/span><span lang=\"fr-FR\">: Californie, notamment dans la vall\u00e9e de Sacramento<\/span><\/p>\n<p><span lang=\"fr-FR\"><b>Synonymes <\/b><\/span><span lang=\"fr-FR\">: Mammoth, Misionera, Misiones, Trilye<\/span><\/p>\n<p align=\"JUSTIFY\"><span lang=\"fr-FR\"><b>Consid\u00e9rations agronomiques et commerciales\u00a0: <\/b><\/span><span lang=\"fr-FR\">C\u2019est la vari\u00e9t\u00e9 d\u2019olives de table la plus importante de Californie. Elle repr\u00e9sente 50% de la production. Elle appara\u00eet pour la premi\u00e8re fois dans les vergers des missions j\u00e9suites et franciscaines fond\u00e9es il y a plusieurs si\u00e8cles dans diff\u00e9rentes r\u00e9gions de Californie. L\u2019huile \u00e9tait extraite dans les villes qui se sont d\u00e9velopp\u00e9es autour des missions, o\u00f9 elle \u00e9tait utilis\u00e9e pour cuisiner, soigner les blessures et lubrifier les machines, tout comme en Europe tout au long de son histoire. <\/span><\/p>\n<p align=\"JUSTIFY\"><span lang=\"fr-FR\">Vari\u00e9t\u00e9 autocompatible, son \u00e9poque de floraison est moyenne et ses fruits m\u00fbrissent tardivement. Le port dress\u00e9 de son arbre facilite la r\u00e9colte m\u00e9canis\u00e9e. Sa productivit\u00e9 est \u00e9lev\u00e9e mais alternante. Vari\u00e9t\u00e9 \u00e0 double aptitude, sa pulpe se d\u00e9tache facilement du noyau et l\u2019huile qui en est extraite est d\u2019excellente qualit\u00e9, notamment celle produite dans le comt\u00e9 de Butte (Vall\u00e9e de Sacramento). Elle est r\u00e9sistante \u00e0 la s\u00e9cheresse et assez tol\u00e9rante \u00e0 la tuberculose (<\/span><span lang=\"fr-FR\"><i>Pseudomonas savastanoi) <\/i><\/span><span lang=\"fr-FR\">mais est sensible \u00e0 l\u2019\u0153il de paon <\/span><span lang=\"fr-FR\"><i>(Cycloconium oleaginum<\/i><\/span><span lang=\"fr-FR\">) et \u00e0 la verticilliose (<\/span><span lang=\"fr-FR\"><i>Verticillium dahliae<\/i><\/span><span lang=\"fr-FR\">)<\/span><span lang=\"fr-FR\"><i>. <\/i><\/span><\/p>\n<p>[\/vc_column_text][vc_empty_space][\/vc_column][\/vc_row][vc_row css_animation=\u00a0\u00bb\u00a0\u00bb row_type=\u00a0\u00bbrow\u00a0\u00bb use_row_as_full_screen_section=\u00a0\u00bbno\u00a0\u00bb type=\u00a0\u00bbfull_width\u00a0\u00bb angled_section=\u00a0\u00bbno\u00a0\u00bb text_align=\u00a0\u00bbleft\u00a0\u00bb background_image_as_pattern=\u00a0\u00bbwithout_pattern\u00a0\u00bb][vc_column width=\u00a0\u00bb1\/3&Prime;][vc_column_text el_class=\u00a0\u00bbpad-scheda-tit-olivi\u00a0\u00bb]<\/p>\n<h2>Lastovka<\/h2>\n<p>[\/vc_column_text][vc_single_image image=\u00a0\u00bb203&Prime; img_size=\u00a0\u00bb600&#215;400&Prime; alignment=\u00a0\u00bbcenter\u00a0\u00bb qode_css_animation=\u00a0\u00bb\u00a0\u00bb][vc_column_text el_class=\u00a0\u00bbpad-scheda-olivi\u00a0\u00bb]<a name=\"_GoBack\"><\/a><span lang=\"fr-FR\"><b>Pays :<\/b><\/span><span lang=\"fr-FR\"> Croatie<\/span><\/p>\n<p><span lang=\"fr-FR\"><b>Utilisation\u00a0:<\/b><\/span><span lang=\"fr-FR\"> Huile<\/span><\/p>\n<p><span lang=\"fr-FR\"><b>Diffusion\u00a0: <\/b><\/span><span lang=\"fr-FR\">Elle<\/span><b> <\/b><span lang=\"fr-FR\">occupe 5% de la surface ol\u00e9icole du pays. Sur l\u2019\u00eele de Kor\u010dula, c\u2019est la vari\u00e9t\u00e9 la plus cultiv\u00e9e, sur environ 50% de la surface ol\u00e9icole.<\/span><\/p>\n<p><span lang=\"fr-FR\"><b>Synonymes\u00a0:<\/b><\/span><span lang=\"fr-FR\"> Velica, Lastova<\/span><\/p>\n<p align=\"JUSTIFY\"><a name=\"_Hlk27063399\"><\/a> <span lang=\"fr-FR\"><b>Consid\u00e9rations agronomiques et commerciales\u00a0:<\/b><\/span><span lang=\"fr-FR\"> originaire de l\u2019<a href=\"http:\/\/www.vacanzecroazia24.com\/lisola-di-korcula\/\">\u00eele de Kor\u010dula<\/a>, elle s\u2019adapte parfaitement aux terrains pauvres. C\u2019est la deuxi\u00e8me vari\u00e9t\u00e9 la plus diffus\u00e9e dans le pays. Elle est caract\u00e9ris\u00e9e par une capacit\u00e9 rhizog\u00e8ne \u00e9lev\u00e9e et est auto-incompatible. Elle fleurit t\u00f4t et m\u00fbrit tard et offre une bonne r\u00e9sistance au froid. Sa productivit\u00e9 est \u00e9lev\u00e9e et constante. Son fruit pr\u00e9sente une grande r\u00e9sistance au d\u00e9tachement. <\/span><\/p>\n<p>[\/vc_column_text][vc_empty_space][\/vc_column][vc_column width=\u00a0\u00bb1\/3&Prime;][vc_column_text el_class=\u00a0\u00bbpad-scheda-tit-olivi\u00a0\u00bb]<\/p>\n<h2>Barnea<\/h2>\n<p>[\/vc_column_text][vc_single_image image=\u00a0\u00bb79&Prime; img_size=\u00a0\u00bb600&#215;400&Prime; alignment=\u00a0\u00bbcenter\u00a0\u00bb qode_css_animation=\u00a0\u00bb\u00a0\u00bb][vc_column_text el_class=\u00a0\u00bbpad-scheda-olivi\u00a0\u00bb]<a name=\"_GoBack\"><\/a><span lang=\"fr-FR\"><b>Pays:<\/b><\/span><span lang=\"fr-FR\"> Isra\u00ebl<\/span><\/p>\n<p><span lang=\"fr-FR\"><b>Utilisation\u00a0:<\/b><\/span><span lang=\"fr-FR\"> Double aptitude (huile d\u2019olive et olives de table)<\/span><\/p>\n<p><span lang=\"fr-FR\"><b>Diffusion\u00a0:<\/b><\/span><span lang=\"fr-FR\"> Principalement en Galil\u00e9e mais on la trouve \u00e9galement dans d\u2019autres pays. <\/span><\/p>\n<p><span lang=\"fr-FR\"><b>Synonymes\u00a0:<\/b><\/span><span lang=\"fr-FR\"> K18<\/span><\/p>\n<p align=\"JUSTIFY\"><span lang=\"fr-FR\"><b>Consid\u00e9rations agronomiques et commerciales\u00a0:<\/b><\/span><span lang=\"fr-FR\"> vari\u00e9t\u00e9 de cr\u00e9ation r\u00e9cente, elle est aussi connue sous le nom de K18, son num\u00e9ro de culture original. C\u2019est la vari\u00e9t\u00e9 la plus utilis\u00e9e dans les nouvelles plantations irrigu\u00e9es du pays, en raison de sa productivit\u00e9 \u00e9lev\u00e9e et constante et de sa compatibilit\u00e9 avec la r\u00e9colte m\u00e9canis\u00e9e. Cr\u00e9\u00e9e en principe pour la production d\u2019huile, si ses arbres sont taill\u00e9s de mani\u00e8re ad\u00e9quate (taille d\u2019\u00e9claircissement), cette vari\u00e9t\u00e9 donne des fruits qui peuvent aussi \u00eatre utilis\u00e9s pour la pr\u00e9paration d\u2019olives de table vertes et noires, \u00e9galement tr\u00e8s populaires. Lorsqu\u2019elle est cultiv\u00e9e sur un terrain irrigu\u00e9, la plante autoenracin\u00e9e entre t\u00f4t en production, d\u00e8s la troisi\u00e8me ann\u00e9e. C\u2019est une vari\u00e9t\u00e9 partiellement autocompatible, qui m\u00fbrit relativement t\u00f4t pour la confiserie en vert. En l\u2019absence d\u2019irrigation, sa production est alternante. Elle est tol\u00e9rante \u00e0 l\u2019\u0153il de paon (<\/span><span lang=\"fr-FR\"><i>Cycloconium oleaginum<\/i><\/span><span style=\"color: #4d5156;\"><span style=\"font-family: Arial, serif;\"><span style=\"font-size: small;\"><span lang=\"fr-FR\">).<\/span><\/span><\/span><\/span><\/p>\n<p>[\/vc_column_text][vc_empty_space][\/vc_column][vc_column width=\u00a0\u00bb1\/3&Prime;][vc_column_text el_class=\u00a0\u00bbpad-scheda-tit-olivi\u00a0\u00bb]<\/p>\n<h2>Buga<\/h2>\n<p>[\/vc_column_text][vc_single_image image=\u00a0\u00bb91&Prime; img_size=\u00a0\u00bb600&#215;400&Prime; alignment=\u00a0\u00bbcenter\u00a0\u00bb qode_css_animation=\u00a0\u00bb\u00a0\u00bb][vc_column_text el_class=\u00a0\u00bbpad-scheda-olivi\u00a0\u00bb]<span lang=\"fr-FR\"><b>Pays <\/b><\/span><span lang=\"fr-FR\">: Slov\u00e9nie<\/span><\/p>\n<p><span lang=\"fr-FR\"><b>Utilisation <\/b><\/span><span lang=\"fr-FR\">: Huile<\/span><\/p>\n<p><span lang=\"fr-FR\"><b>Distribution <\/b><\/span><span lang=\"fr-FR\">: <\/span><span style=\"color: #1b1b1b;\"><span lang=\"fr-FR\">Slov\u00e9nie, Istrie, Croatie, Frioul-V\u00e9n\u00e9tie julienne <\/span><\/span><\/p>\n<p><a name=\"_GoBack\"><\/a><span lang=\"it-IT\"><b>Synonymes <\/b><\/span><span style=\"color: #1b1b1b;\"><span lang=\"it-IT\">: Belica, Campeglio, Medeazza, San Rocco, Istarsk Belica, Tonda di Villa, Fiaschetti, Sbusa, Feminskula, Busiaro, Boga, Busa, Buza<\/span><\/span><\/p>\n<p align=\"JUSTIFY\"><span lang=\"fr-FR\"><b>Consid\u00e9rations agronomiques et commerciales : <\/b><\/span><span style=\"color: #1b1b1b;\"><span lang=\"fr-FR\">vari\u00e9t\u00e9 autost\u00e9rile qui fleurit en m\u00eame temps que les vari\u00e9t\u00e9s \u2018Bianchera\u2019 et \u2018Rocca Bernarda\u2019, mais dont la nouaison s\u2019ach\u00e8ve plus t\u00f4t. Sa productivit\u00e9 est bonne, mais sa teneur en huile est tr\u00e8s faible. Sa sensibilit\u00e9 aux gel\u00e9es hivernales est moyenne. Ses fruits sont de taille moyenne et m\u00fbrissent t\u00f4t, \u00e0 la fin du mois d\u2019octobre. <\/span><\/span><\/p>\n<p align=\"JUSTIFY\"><span style=\"color: #1b1b1b;\"><span lang=\"fr-FR\">La pr\u00e9cocit\u00e9 et la productivit\u00e9 \u00e9lev\u00e9e de cette vari\u00e9t\u00e9, ainsi que sa bonne compatibilit\u00e9 environnementale, la rendent particuli\u00e8rement apte aux nouvelles plantations dans des environnements situ\u00e9s \u00e0 la limite des zones ol\u00e9icoles. Cependant, il faut tenir compte de sa capacit\u00e9 limit\u00e9e de synth\u00e8se de l\u2019huile. Sa production est alternante et elle est mod\u00e9r\u00e9ment r\u00e9sistante \u00e0 l\u2019\u0153il de paon (<\/span><\/span><span lang=\"fr-FR\"><i>Spilocea oleagina) <\/i><\/span><span lang=\"fr-FR\">et \u00e0 la tuberculose (<\/span><span lang=\"fr-FR\"><i>Pseudomonas sevastanoi)<\/i><\/span><span style=\"color: #1b1b1b;\"><span lang=\"fr-FR\">, mais tol\u00e9rante aux attaques de la mouche de l\u2019olive (<\/span><\/span><span lang=\"fr-FR\"><i>Bactrocera oleae).<\/i><\/span><\/p>\n<p>[\/vc_column_text][vc_empty_space][\/vc_column][\/vc_row][vc_row css_animation=\u00a0\u00bb\u00a0\u00bb row_type=\u00a0\u00bbrow\u00a0\u00bb use_row_as_full_screen_section=\u00a0\u00bbno\u00a0\u00bb type=\u00a0\u00bbfull_width\u00a0\u00bb angled_section=\u00a0\u00bbno\u00a0\u00bb text_align=\u00a0\u00bbleft\u00a0\u00bb background_image_as_pattern=\u00a0\u00bbwithout_pattern\u00a0\u00bb][vc_column width=\u00a0\u00bb1\/3&Prime;][vc_column_text el_class=\u00a0\u00bbpad-scheda-tit-olivi\u00a0\u00bb]<\/p>\n<h2>Kato Drys<\/h2>\n<p>[\/vc_column_text][vc_single_image image=\u00a0\u00bb195&Prime; img_size=\u00a0\u00bb600&#215;400&Prime; alignment=\u00a0\u00bbcenter\u00a0\u00bb qode_css_animation=\u00a0\u00bb\u00a0\u00bb][vc_column_text el_class=\u00a0\u00bbpad-scheda-olivi\u00a0\u00bb]<a name=\"_GoBack\"><\/a><span lang=\"fr-FR\"><b>Pays: <\/b><\/span><span lang=\"fr-FR\">Chypre<\/span><\/p>\n<p><span lang=\"fr-FR\"><b>Utilisation\u00a0:<\/b><\/span><span lang=\"fr-FR\"> huile d\u2019olive et olives de table<\/span><\/p>\n<p><span lang=\"fr-FR\"><b>Diffusion\u00a0:<\/b><\/span><span lang=\"fr-FR\"> dans les nouvelles plantations de l\u2019\u00eele<\/span><\/p>\n<p><span lang=\"fr-FR\"><b>Synonymes\u00a0:<\/b><\/span><span lang=\"fr-FR\"> clone de la vari\u00e9t\u00e9 \u2018Local\u2019.<\/span><\/p>\n<p><a name=\"_Hlk27063399\"><\/a><span style=\"font-family: Calibri, serif;\"><span style=\"font-size: small;\"><span lang=\"fr-FR\"><b>Consid\u00e9rations agronomiques et commerciales\u00a0: <\/b><\/span><\/span><\/span><span style=\"font-family: Calibri, serif;\"><span style=\"font-size: small;\"><span lang=\"fr-FR\">des<\/span><\/span><\/span><b> <\/b><span style=\"font-family: Calibri, serif;\"><span style=\"font-size: small;\"><span lang=\"fr-FR\">fouilles arch\u00e9ologiques ont permis de retrouver les vestiges d\u2019anciens moulins de pierre dans des sites n\u00e9olithiques et les restes de la transformation des olives d\u00e8s la fin de l\u2019\u00e2ge du bronze et la p\u00e9riode hell\u00e9nistique. L\u2019olivier et ses produits ont toujours occup\u00e9 une place importante dans la vie des Chypriotes, \u00e0 la fois dans l\u2019alimentation bien s\u00fbr, mais \u00e9galement dans les rituels religieux. En effet, le mot <\/span><\/span><\/span><span lang=\"fr-FR\"><i>Olive<\/i><\/span><span style=\"font-family: Calibri, serif;\"><span style=\"font-size: small;\"><span lang=\"fr-FR\"> appara\u00eet dans les noms de nombreux monuments et lieux de l\u2019\u00eele, ce qui t\u00e9moigne de son importance. La vari\u00e9t\u00e9 \u2018Kato Drys\u2019 est un clone de la vari\u00e9t\u00e9 la plus appr\u00e9ci\u00e9e des Chypriotes, la \u2018Local\u2019. Ses param\u00e8tres organoleptiques ont \u00e9t\u00e9 respect\u00e9s mais son clonage a permis d\u2019am\u00e9liorer certaines de ses caract\u00e9ristiques agronomiques et commerciales, notamment sa croissance, son rendement, le poids de son fruit, sa teneur en huile, son rapport pulpe-noyau, la facilit\u00e9 de conservation des olives de table, la capacit\u00e9 rhizog\u00e8ne de ses boutures et sa r\u00e9sistance aux facteurs biotiques (les facteurs biologiques) et les facteurs abiotiques (lumi\u00e8re, sol, eau, air et tous les <a href=\"https:\/\/it.wikipedia.org\/wiki\/Clima\">facteurs climatiques<\/a>).<\/span><\/span><\/span>[\/vc_column_text][vc_empty_space][\/vc_column][vc_column width=\u00a0\u00bb1\/3&Prime;][vc_column_text el_class=\u00a0\u00bbpad-scheda-tit-olivi\u00a0\u00bb]<\/p>\n<h2>Frantoio<\/h2>\n<p>[\/vc_column_text][vc_single_image image=\u00a0\u00bb155&Prime; img_size=\u00a0\u00bb600&#215;400&Prime; alignment=\u00a0\u00bbcenter\u00a0\u00bb qode_css_animation=\u00a0\u00bb\u00a0\u00bb][vc_column_text el_class=\u00a0\u00bbpad-scheda-olivi\u00a0\u00bb]<span lang=\"fr-FR\"><b>Pays\u00a0:<\/b><\/span><span lang=\"fr-FR\"> Italie<\/span><\/p>\n<p><span lang=\"fr-FR\"><b>Utilisation\u00a0:<\/b><\/span><span lang=\"fr-FR\"> Huile d\u2019olive<\/span><\/p>\n<p align=\"JUSTIFY\"><span lang=\"fr-FR\"><b>Diffusion\u00a0:<\/b><\/span><span lang=\"fr-FR\"> Italie centrale mais en raison de ses caract\u00e9ristiques, on la trouve \u00e9galement dans de nombreux autres pays. <\/span><\/p>\n<p align=\"JUSTIFY\"><span lang=\"it-IT\"><b>Synonymes\u00a0:<\/b><\/span><span lang=\"it-IT\"> Bresa fina, Comune, Correggiolo, Crognolo, Frantoiano, Gentile, Infrantoio, Laurino, Nostrato, Oliva lunga, Pendaglio, Pignattello, Raggio, Raggiolo, Rajo, Razza, Razzo, Solciaro, Stringona<\/span><\/p>\n<p align=\"JUSTIFY\"><span lang=\"fr-FR\"><b>Consid\u00e9rations agronomiques et commerciales\u00a0:<\/b><\/span><span lang=\"fr-FR\"> vari\u00e9t\u00e9 \u00e0 productivit\u00e9 \u00e9lev\u00e9e et constante, appr\u00e9ci\u00e9e pour sa capacit\u00e9 d\u2019adaptation, sa forte capacit\u00e9 rhizog\u00e8ne et son entr\u00e9e pr\u00e9coce en production. Elle est autocompatible, mais sa productivit\u00e9 s\u2019am\u00e9liore avec la pr\u00e9sence de pollinisateurs appropri\u00e9s, comme les vari\u00e9t\u00e9s \u2018Leccino\u2019 ou \u2018Moraiolo\u2019. C\u2019est un arbre de taille moyenne, avec un d\u00e9veloppement r\u00e9solument vigoureux, une grande frondaison et une ramification principale tr\u00e8s dense. Ses fruits m\u00fbrissent tard et de fa\u00e7on \u00e9chelonn\u00e9e. Leur teneur en huile est moyenne mais leur fruit\u00e9 est tr\u00e8s appr\u00e9ci\u00e9 et stable dans le temps. La fructification est plut\u00f4t vigoureuse et, en m\u00eame temps, abondante. C\u2019est une vari\u00e9t\u00e9 sensible \u00e0 l\u2019\u0153il de paon (<\/span><span lang=\"fr-FR\"><i>Cycloconium oleaginum<\/i><\/span><span style=\"color: #4d5156;\"><span lang=\"fr-FR\">), <\/span><\/span><span lang=\"fr-FR\">\u00e0 la tuberculose (<\/span><span lang=\"fr-FR\"><i>Pseudomonas savastanoi<\/i><\/span><span lang=\"fr-FR\">), \u00e0 la mouche (<\/span><span lang=\"fr-FR\"><i>Bactrocera oleae<\/i><\/span><span style=\"color: #4d5156;\"><span lang=\"fr-FR\">) <\/span><\/span><span lang=\"fr-FR\">et au froid. <\/span><\/p>\n<p>[\/vc_column_text][vc_empty_space][\/vc_column][vc_column width=\u00a0\u00bb1\/3&Prime;][vc_column_text el_class=\u00a0\u00bbpad-scheda-tit-olivi\u00a0\u00bb]<\/p>\n<h2>Picual<\/h2>\n<p>[\/vc_column_text][vc_single_image image=\u00a0\u00bb263&Prime; img_size=\u00a0\u00bb600&#215;400&Prime; alignment=\u00a0\u00bbcenter\u00a0\u00bb qode_css_animation=\u00a0\u00bb\u00a0\u00bb][vc_column_text el_class=\u00a0\u00bbpad-scheda-olivi\u00a0\u00bb]<span lang=\"fr-FR\"><b>Pays <\/b><\/span><span lang=\"fr-FR\">: Espagne<\/span><\/p>\n<p><span lang=\"fr-FR\"><b>Utilisation <\/b><\/span><span lang=\"fr-FR\">: Huile<\/span><\/p>\n<p><span lang=\"fr-FR\"><b>Distribution <\/b><\/span><span lang=\"fr-FR\">: C\u2019est la vari\u00e9t\u00e9 la plus importante en Espagne en termes de diffusion. <\/span>Elle occupe plus de 600\u00a0000 hectares.<\/p>\n<p><b>Synonymes <\/b>: Andaluza, Blanco, Corriente, De aceite, De calidad, Fina, Jabata, Lopere\u00f1o, Marte\u00f1o, Morcona, Nevadillo, Nevadillo blanco, Nevado, Nevado blanco, Pic\u00faa, Salgar, Temprana<\/p>\n<p align=\"JUSTIFY\"><span lang=\"fr-FR\"><b>Consid\u00e9rations agronomiques et commerciales <\/b><\/span><span lang=\"fr-FR\">: vari\u00e9t\u00e9 consid\u00e9r\u00e9e comme rustique en raison de sa bonne adaptation \u00e0 diff\u00e9rentes conditions climatiques et p\u00e9dologiques. Elle est en particulier tol\u00e9rante au froid, aux sols salins et \u00e0 l\u2019exc\u00e8s d\u2019humidit\u00e9 du sol, mais est sensible \u00e0 l\u2019aridit\u00e9 et aux sols calcaires. Elle entre t\u00f4t en production et son \u00e9poque de floraison est moyenne. Elle est consid\u00e9r\u00e9e comme autocompatible. Ses fruits m\u00fbrissent t\u00f4t et pr\u00e9sentent une faible r\u00e9sistance au d\u00e9tachement, ce qui facilite leur r\u00e9colte m\u00e9canis\u00e9e. Elle est tr\u00e8s appr\u00e9ci\u00e9e pour sa productivit\u00e9 \u00e9lev\u00e9e et constante et son bon rendement en huile. Son huile a un indice de stabilit\u00e9 et un pourcentage d\u2019acide ol\u00e9ique \u00e9lev\u00e9s. C\u2019est une vari\u00e9t\u00e9 tol\u00e9rante \u00e0 la tuberculose (<\/span><span lang=\"fr-FR\"><i>Pseudomonas savastanoi<\/i><\/span><span lang=\"fr-FR\">) et \u00e0 la l\u00e8pre (<\/span><span lang=\"fr-FR\"><i>Gleosporium olivarum<\/i><\/span><span lang=\"fr-FR\">), mais sensible \u00e0 l\u2019\u0153il de paon <\/span><span style=\"color: #202122;\"><span style=\"font-family: Arial, serif;\"><span style=\"font-size: small;\"><span lang=\"fr-FR\">(<\/span><\/span><\/span><\/span><a href=\"https:\/\/fr.wikipedia.org\/w\/index.php?title=Cycloconium_oleagineum&amp;action=edit&amp;redlink=1\"><span lang=\"fr-FR\"><i>Cycloconium oleagineum<\/i><\/span><\/a><span style=\"color: #202122;\"><span style=\"font-family: Arial, serif;\"><span style=\"font-size: small;\"><span lang=\"fr-FR\">)<\/span><\/span><\/span><\/span><span lang=\"fr-FR\">, \u00e0 la verticillose (<\/span><span lang=\"fr-FR\"><i>Verticillium dahliae) <\/i><\/span><span lang=\"fr-FR\">et aux attaques de mouche (<\/span><span lang=\"fr-FR\"><i>Bactrocera oleae<\/i><\/span><span lang=\"fr-FR\">). <\/span><\/p>\n<p>[\/vc_column_text][vc_empty_space][\/vc_column][\/vc_row][vc_row css_animation=\u00a0\u00bb\u00a0\u00bb row_type=\u00a0\u00bbrow\u00a0\u00bb use_row_as_full_screen_section=\u00a0\u00bbno\u00a0\u00bb type=\u00a0\u00bbfull_width\u00a0\u00bb angled_section=\u00a0\u00bbno\u00a0\u00bb text_align=\u00a0\u00bbleft\u00a0\u00bb background_image_as_pattern=\u00a0\u00bbwithout_pattern\u00a0\u00bb][vc_column width=\u00a0\u00bb1\/3&Prime;][vc_column_text el_class=\u00a0\u00bbpad-scheda-tit-olivi\u00a0\u00bb]<\/p>\n<h2>Toffahi<\/h2>\n<p>[\/vc_column_text][vc_single_image image=\u00a0\u00bb279&Prime; img_size=\u00a0\u00bb600&#215;400&Prime; alignment=\u00a0\u00bbcenter\u00a0\u00bb qode_css_animation=\u00a0\u00bb\u00a0\u00bb][vc_column_text el_class=\u00a0\u00bbpad-scheda-olivi\u00a0\u00bb]<span lang=\"fr-FR\"><b>Pays\u00a0:<\/b><\/span><span lang=\"fr-FR\"> \u00c9gypte<\/span><\/p>\n<p><span lang=\"fr-FR\"><b>Vari\u00e9t\u00e9\u00a0:<\/b><\/span><span lang=\"fr-FR\"> Toffahi<\/span><\/p>\n<p><span lang=\"fr-FR\"><b>Utilisation\u00a0:<\/b><\/span><span lang=\"fr-FR\"> Olives de table<\/span><\/p>\n<p><span lang=\"fr-FR\"><b>Distribution <\/b><\/span><span lang=\"fr-FR\">: Giza, Al-Fayyum, Ban-Suwaif, mais \u00e9galement en Tunisie, en Alg\u00e9rie, en Syrie et en Argentine<\/span><\/p>\n<p><span lang=\"fr-FR\"><b>Synonymes\u00a0:<\/b><\/span><span lang=\"fr-FR\"> Teffahi, Olivo Mela, Pomme, Pommette, Tefahi, Tefha, Tafahi, Titah, Tofahi, Toffai, Touffahi<\/span><\/p>\n<p align=\"JUSTIFY\"><span lang=\"fr-FR\"><b>Consid\u00e9rations agronomiques et commerciales\u00a0:<\/b><\/span><span lang=\"fr-FR\"> caract\u00e9ris\u00e9e par une capacit\u00e9 rhizog\u00e8ne moyenne, cette vari\u00e9t\u00e9 auto-compatible fleurit et entre t\u00f4t en production. Sa productivit\u00e9 est constante et ses fruits sont gros et leur pulpe se d\u00e9tache facilement du noyau mais ils contiennent peu d\u2019huile, environ 7%. La Toffahi est sensible aux attaques de la mouche (<\/span><span lang=\"fr-FR\"><i>Bactrocera oleae<\/i><\/span><span lang=\"fr-FR\">).<\/span><\/p>\n<p>[\/vc_column_text][vc_empty_space][\/vc_column][vc_column width=\u00a0\u00bb1\/3&Prime;][vc_column_text el_class=\u00a0\u00bbpad-scheda-tit-olivi\u00a0\u00bb]<\/p>\n<h2>Soury<\/h2>\n<p>[\/vc_column_text][vc_single_image image=\u00a0\u00bb275&Prime; img_size=\u00a0\u00bb600&#215;400&Prime; alignment=\u00a0\u00bbcenter\u00a0\u00bb qode_css_animation=\u00a0\u00bb\u00a0\u00bb][vc_column_text el_class=\u00a0\u00bbpad-scheda-olivi\u00a0\u00bb]<span lang=\"fr-FR\"><b>Pays\u00a0:<\/b><\/span><span lang=\"fr-FR\"> Liban<\/span><\/p>\n<p><span lang=\"fr-FR\"><b>Utilisation\u00a0:<\/b><\/span><span lang=\"fr-FR\"> Double aptitude (huile d\u2019olive et olives de table)<\/span><\/p>\n<p><a name=\"_Hlk61854219\"><\/a><span lang=\"fr-FR\"><b>Diffusion\u00a0:<\/b><\/span><span lang=\"fr-FR\"> Originaire du nord du Liban, elle est \u00e9galement diffus\u00e9e dans les pays voisins, tels qu\u2019Isra\u00ebl, la Jordanie et la Syrie.<\/span><\/p>\n<p><a name=\"_Hlk61854201\"><\/a><span lang=\"fr-FR\"><b>Synonymes\u00a0: <\/b><\/span><span lang=\"fr-FR\">Grand Ayrouni, Hai Youdi, Hedai, Hidri, Rasisi, Sferhi, Shouri, Souri Folino, Souri Lod, Surry, Sury, Bayadi, Beladi <\/span><\/p>\n<p align=\"JUSTIFY\"><span lang=\"fr-FR\"><b>Consid\u00e9rations agronomiques et commerciales\u00a0:<\/b><\/span><span lang=\"fr-FR\"> Le nom Soury vient du nom arabe (<\/span><span lang=\"fr-FR\"><i>\u1e62\u016br<\/i><\/span><span lang=\"fr-FR\">) de la ville de Tyr, port du sud du Liban, o\u00f9 les Ph\u00e9niciens ont commenc\u00e9 leur commerce. C\u2019est la vari\u00e9t\u00e9 la plus importante au Liban. Caract\u00e9ris\u00e9e par son port dress\u00e9, elle est partiellement autocompatible. Sa productivit\u00e9 est moyenne et altern\u00e9e. C\u2019est une vari\u00e9t\u00e9 \u00e0 double aptitude, avec une forte teneur en huile. Elle est r\u00e9sistante au froid, \u00e0 la s\u00e9cheresse et aux sols salins, mais elle est sensible \u00e0 la mouche (<\/span><span lang=\"fr-FR\"><i>Bactrocera oleae<\/i><\/span><span lang=\"fr-FR\">), \u00e0 l\u2019\u0153il de paon <\/span><span lang=\"fr-FR\"><i>(Cycloconium oleaginum<\/i><\/span><span lang=\"fr-FR\">), \u00e0 la tuberculose (<\/span><span lang=\"fr-FR\"><i>Pseudomonas savastanoi<\/i><\/span><span lang=\"fr-FR\">) et \u00e0 la verticilliose (<\/span><span lang=\"fr-FR\"><i>Verticillium dahliae<\/i><\/span><span lang=\"fr-FR\">).<\/span><\/p>\n<p>[\/vc_column_text][vc_empty_space][\/vc_column][vc_column width=\u00a0\u00bb1\/3&Prime;][vc_column_text el_class=\u00a0\u00bbpad-scheda-tit-olivi\u00a0\u00bb]<\/p>\n<h2>ZAITY<\/h2>\n<p>[\/vc_column_text][vc_single_image image=\u00a0\u00bb143&Prime; img_size=\u00a0\u00bb600&#215;400&Prime; alignment=\u00a0\u00bbcenter\u00a0\u00bb qode_css_animation=\u00a0\u00bb\u00a0\u00bb][vc_column_text el_class=\u00a0\u00bbpad-scheda-olivi\u00a0\u00bb]<span lang=\"fr-FR\"><b>Pays\u00a0:<\/b><\/span><span lang=\"fr-FR\"> Liban<\/span><\/p>\n<p><span lang=\"fr-FR\"><b>Utilisation\u00a0:<\/b><\/span><span lang=\"fr-FR\"> Double aptitude (huile d\u2019olive et olives de table)<\/span><\/p>\n<p><a name=\"_Hlk61854219\"><\/a><span lang=\"fr-FR\"><b>Diffusion\u00a0:<\/b><\/span><span lang=\"fr-FR\"> Originaire du nord du Liban, elle est \u00e9galement diffus\u00e9e dans les pays voisins, tels qu\u2019Isra\u00ebl, la Jordanie et la Syrie.<\/span><\/p>\n<p><a name=\"_Hlk61854201\"><\/a><span lang=\"fr-FR\"><b>Synonymes\u00a0: <\/b><\/span><span lang=\"fr-FR\">Grand Ayrouni, Hai Youdi, Hedai, Hidri, Rasisi, Sferhi, Shouri, Souri Folino, Souri Lod, Surry, Sury, Bayadi, Beladi <\/span><\/p>\n<p align=\"JUSTIFY\"><span lang=\"fr-FR\"><b>Consid\u00e9rations agronomiques et commerciales\u00a0:<\/b><\/span><span lang=\"fr-FR\"> Le nom Soury vient du nom arabe (<\/span><span lang=\"fr-FR\"><i>\u1e62\u016br<\/i><\/span><span lang=\"fr-FR\">) de la ville de Tyr, port du sud du Liban, o\u00f9 les Ph\u00e9niciens ont commenc\u00e9 leur commerce. C\u2019est la vari\u00e9t\u00e9 la plus importante au Liban. Caract\u00e9ris\u00e9e par son port dress\u00e9, elle est partiellement autocompatible. Sa productivit\u00e9 est moyenne et altern\u00e9e. C\u2019est une vari\u00e9t\u00e9 \u00e0 double aptitude, avec une forte teneur en huile. Elle est r\u00e9sistante au froid, \u00e0 la s\u00e9cheresse et aux sols salins, mais elle est sensible \u00e0 la mouche (<\/span><span lang=\"fr-FR\"><i>Bactrocera oleae<\/i><\/span><span lang=\"fr-FR\">), \u00e0 l\u2019\u0153il de paon <\/span><span lang=\"fr-FR\"><i>(Cycloconium oleaginum<\/i><\/span><span lang=\"fr-FR\">), \u00e0 la tuberculose (<\/span><span lang=\"fr-FR\"><i>Pseudomonas savastanoi<\/i><\/span><span lang=\"fr-FR\">) et \u00e0 la verticilliose (<\/span><span lang=\"fr-FR\"><i>Verticillium dahliae<\/i><\/span><span lang=\"fr-FR\">).<\/span><\/p>\n<p>[\/vc_column_text][vc_empty_space][\/vc_column][\/vc_row][vc_row css_animation=\u00a0\u00bb\u00a0\u00bb row_type=\u00a0\u00bbrow\u00a0\u00bb use_row_as_full_screen_section=\u00a0\u00bbno\u00a0\u00bb type=\u00a0\u00bbfull_width\u00a0\u00bb angled_section=\u00a0\u00bbno\u00a0\u00bb text_align=\u00a0\u00bbleft\u00a0\u00bb background_image_as_pattern=\u00a0\u00bbwithout_pattern\u00a0\u00bb][vc_column][vc_empty_space][vc_column_text]<\/p>\n<p style=\"text-align: center;\"><a  itemprop=\"url\" href=\"https:\/\/www.thegardenofpeace.org\/wp-content\/uploads\/2022\/07\/Bibliografia_en.pdf\" target=\"_blank\"  class=\"qbutton  medium default\" style=\"\">References<i class=\"qode_icon_font_awesome fa fa-download qode_button_icon_element\" style=\"\" ><\/i><\/a> &#8211; <a  itemprop=\"url\" href=\"https:\/\/www.thegardenofpeace.org\/wp-content\/uploads\/2022\/07\/Methodology_en.pdf\" target=\"_blank\"  class=\"qbutton  medium default\" style=\"\">Methodology<i class=\"qode_icon_font_awesome fa fa-download qode_button_icon_element\" style=\"\" ><\/i><\/a><\/p>\n<p>[\/vc_column_text][vc_empty_space][\/vc_column][\/vc_row]<\/p>\n","protected":false},"excerpt":{"rendered":"<p>[vc_row css_animation=\u00a0\u00bb\u00a0\u00bb row_type=\u00a0\u00bbrow\u00a0\u00bb use_row_as_full_screen_section=\u00a0\u00bbno\u00a0\u00bb type=\u00a0\u00bbfull_width\u00a0\u00bb angled_section=\u00a0\u00bbno\u00a0\u00bb text_align=\u00a0\u00bbleft\u00a0\u00bb background_image_as_pattern=\u00a0\u00bbwithout_pattern\u00a0\u00bb][vc_column][vc_empty_space height=\u00a0\u00bb90px\u00a0\u00bb][vc_column_text] VARI\u00c9T\u00c9S [\/vc_column_text][vc_empty_space height=\u00a0\u00bb90px\u00a0\u00bb][\/vc_column][\/vc_row][vc_row css_animation=\u00a0\u00bb\u00a0\u00bb row_type=\u00a0\u00bbrow\u00a0\u00bb use_row_as_full_screen_section=\u00a0\u00bbno\u00a0\u00bb type=\u00a0\u00bbfull_width\u00a0\u00bb angled_section=\u00a0\u00bbno\u00a0\u00bb text_align=\u00a0\u00bbleft\u00a0\u00bb background_image_as_pattern=\u00a0\u00bbwithout_pattern\u00a0\u00bb][vc_column][\/vc_column][\/vc_row][vc_row css_animation=\u00a0\u00bb\u00a0\u00bb row_type=\u00a0\u00bbrow\u00a0\u00bb use_row_as_full_screen_section=\u00a0\u00bbno\u00a0\u00bb type=\u00a0\u00bbfull_width\u00a0\u00bb angled_section=\u00a0\u00bbno\u00a0\u00bb text_align=\u00a0\u00bbleft\u00a0\u00bb background_image_as_pattern=\u00a0\u00bbwithout_pattern\u00a0\u00bb][vc_column width=\u00a0\u00bb1\/3&Prime;][vc_column_text el_class=\u00a0\u00bbpad-scheda-tit-olivi\u00a0\u00bb] Mixani [\/vc_column_text][vc_single_image image=\u00a0\u00bb219&Prime; img_size=\u00a0\u00bb600&#215;400&Prime; alignment=\u00a0\u00bbcenter\u00a0\u00bb qode_css_animation=\u00a0\u00bb\u00a0\u00bb][vc_column_text el_class=\u00a0\u00bbpad-scheda-olivi\u00a0\u00bb]Pays\u00a0: Albanie Utilisation\u00a0: huile Diffusion\u00a0: r\u00e9pandue dans la zone centrale du&#8230;<\/p>\n","protected":false},"author":1,"featured_media":0,"parent":0,"menu_order":0,"comment_status":"closed","ping_status":"closed","template":"","meta":{"footnotes":""},"class_list":["post-1013","page","type-page","status-publish","hentry"],"yoast_head":"<!-- This site is optimized with the Yoast SEO plugin v27.1.1 - https:\/\/yoast.com\/product\/yoast-seo-wordpress\/ -->\n<title>Bozza variet\u00e0 - The Garden of Peace<\/title>\n<meta name=\"robots\" content=\"index, follow, max-snippet:-1, max-image-preview:large, max-video-preview:-1\" \/>\n<link rel=\"canonical\" href=\"https:\/\/www.thegardenofpeace.org\/bozza-varieta\/\" \/>\n<meta property=\"og:locale\" content=\"fr_FR\" \/>\n<meta property=\"og:type\" content=\"article\" \/>\n<meta property=\"og:title\" content=\"Bozza variet\u00e0 - The Garden of Peace\" \/>\n<meta property=\"og:description\" content=\"[vc_row css_animation=\u00a0\u00bb\u00a0\u00bb row_type=\u00a0\u00bbrow\u00a0\u00bb use_row_as_full_screen_section=\u00a0\u00bbno\u00a0\u00bb type=\u00a0\u00bbfull_width\u00a0\u00bb angled_section=\u00a0\u00bbno\u00a0\u00bb text_align=\u00a0\u00bbleft\u00a0\u00bb background_image_as_pattern=\u00a0\u00bbwithout_pattern\u00a0\u00bb][vc_column][vc_empty_space height=\u00a0\u00bb90px\u00a0\u00bb][vc_column_text] VARI\u00c9T\u00c9S [\/vc_column_text][vc_empty_space height=\u00a0\u00bb90px\u00a0\u00bb][\/vc_column][\/vc_row][vc_row css_animation=\u00a0\u00bb\u00a0\u00bb row_type=\u00a0\u00bbrow\u00a0\u00bb use_row_as_full_screen_section=\u00a0\u00bbno\u00a0\u00bb type=\u00a0\u00bbfull_width\u00a0\u00bb angled_section=\u00a0\u00bbno\u00a0\u00bb text_align=\u00a0\u00bbleft\u00a0\u00bb background_image_as_pattern=\u00a0\u00bbwithout_pattern\u00a0\u00bb][vc_column][\/vc_column][\/vc_row][vc_row css_animation=\u00a0\u00bb\u00a0\u00bb row_type=\u00a0\u00bbrow\u00a0\u00bb use_row_as_full_screen_section=\u00a0\u00bbno\u00a0\u00bb type=\u00a0\u00bbfull_width\u00a0\u00bb angled_section=\u00a0\u00bbno\u00a0\u00bb text_align=\u00a0\u00bbleft\u00a0\u00bb background_image_as_pattern=\u00a0\u00bbwithout_pattern\u00a0\u00bb][vc_column width=\u00a0\u00bb1\/3&Prime;][vc_column_text el_class=\u00a0\u00bbpad-scheda-tit-olivi\u00a0\u00bb] Mixani [\/vc_column_text][vc_single_image image=\u00a0\u00bb219&Prime; img_size=\u00a0\u00bb600&#215;400&Prime; alignment=\u00a0\u00bbcenter\u00a0\u00bb qode_css_animation=\u00a0\u00bb\u00a0\u00bb][vc_column_text el_class=\u00a0\u00bbpad-scheda-olivi\u00a0\u00bb]Pays\u00a0: Albanie Utilisation\u00a0: huile Diffusion\u00a0: r\u00e9pandue dans la zone centrale du...\" \/>\n<meta property=\"og:url\" content=\"https:\/\/www.thegardenofpeace.org\/bozza-varieta\/\" \/>\n<meta property=\"og:site_name\" content=\"The Garden of Peace\" \/>\n<meta property=\"article:modified_time\" content=\"2022-11-04T10:47:02+00:00\" \/>\n<meta property=\"og:image\" content=\"https:\/\/www.thegardenofpeace.org\/wp-content\/uploads\/2025\/12\/manos-olivos-con-mano-de-mujer-alta-definizione-scaled.jpg\" \/>\n\t<meta property=\"og:image:width\" content=\"2560\" \/>\n\t<meta property=\"og:image:height\" content=\"290\" \/>\n\t<meta property=\"og:image:type\" content=\"image\/jpeg\" \/>\n<meta name=\"twitter:card\" content=\"summary_large_image\" \/>\n<meta name=\"twitter:label1\" content=\"Dur\u00e9e de lecture estim\u00e9e\" \/>\n\t<meta name=\"twitter:data1\" content=\"26 minutes\" \/>\n<script type=\"application\/ld+json\" class=\"yoast-schema-graph\">{\"@context\":\"https:\/\/schema.org\",\"@graph\":[{\"@type\":\"WebPage\",\"@id\":\"https:\/\/www.thegardenofpeace.org\/bozza-varieta\/\",\"url\":\"https:\/\/www.thegardenofpeace.org\/bozza-varieta\/\",\"name\":\"Bozza variet\u00e0 - The Garden of Peace\",\"isPartOf\":{\"@id\":\"https:\/\/www.thegardenofpeace.org\/fr\/#website\"},\"datePublished\":\"2022-07-14T13:33:54+00:00\",\"dateModified\":\"2022-11-04T10:47:02+00:00\",\"breadcrumb\":{\"@id\":\"https:\/\/www.thegardenofpeace.org\/bozza-varieta\/#breadcrumb\"},\"inLanguage\":\"fr-FR\",\"potentialAction\":[{\"@type\":\"ReadAction\",\"target\":[\"https:\/\/www.thegardenofpeace.org\/bozza-varieta\/\"]}]},{\"@type\":\"BreadcrumbList\",\"@id\":\"https:\/\/www.thegardenofpeace.org\/bozza-varieta\/#breadcrumb\",\"itemListElement\":[{\"@type\":\"ListItem\",\"position\":1,\"name\":\"Home\",\"item\":\"https:\/\/www.thegardenofpeace.org\/fr\/\"},{\"@type\":\"ListItem\",\"position\":2,\"name\":\"Bozza variet\u00e0\"}]},{\"@type\":\"WebSite\",\"@id\":\"https:\/\/www.thegardenofpeace.org\/fr\/#website\",\"url\":\"https:\/\/www.thegardenofpeace.org\/fr\/\",\"name\":\"The Garden of Peace\",\"description\":\"The Garden of Peace\",\"alternateName\":\"TGoP\",\"potentialAction\":[{\"@type\":\"SearchAction\",\"target\":{\"@type\":\"EntryPoint\",\"urlTemplate\":\"https:\/\/www.thegardenofpeace.org\/fr\/?s={search_term_string}\"},\"query-input\":{\"@type\":\"PropertyValueSpecification\",\"valueRequired\":true,\"valueName\":\"search_term_string\"}}],\"inLanguage\":\"fr-FR\"}]}<\/script>\n<!-- \/ Yoast SEO plugin. -->","yoast_head_json":{"title":"Bozza variet\u00e0 - The Garden of Peace","robots":{"index":"index","follow":"follow","max-snippet":"max-snippet:-1","max-image-preview":"max-image-preview:large","max-video-preview":"max-video-preview:-1"},"canonical":"https:\/\/www.thegardenofpeace.org\/bozza-varieta\/","og_locale":"fr_FR","og_type":"article","og_title":"Bozza variet\u00e0 - The Garden of Peace","og_description":"[vc_row css_animation=\u00a0\u00bb\u00a0\u00bb row_type=\u00a0\u00bbrow\u00a0\u00bb use_row_as_full_screen_section=\u00a0\u00bbno\u00a0\u00bb type=\u00a0\u00bbfull_width\u00a0\u00bb angled_section=\u00a0\u00bbno\u00a0\u00bb text_align=\u00a0\u00bbleft\u00a0\u00bb background_image_as_pattern=\u00a0\u00bbwithout_pattern\u00a0\u00bb][vc_column][vc_empty_space height=\u00a0\u00bb90px\u00a0\u00bb][vc_column_text] VARI\u00c9T\u00c9S [\/vc_column_text][vc_empty_space height=\u00a0\u00bb90px\u00a0\u00bb][\/vc_column][\/vc_row][vc_row css_animation=\u00a0\u00bb\u00a0\u00bb row_type=\u00a0\u00bbrow\u00a0\u00bb use_row_as_full_screen_section=\u00a0\u00bbno\u00a0\u00bb type=\u00a0\u00bbfull_width\u00a0\u00bb angled_section=\u00a0\u00bbno\u00a0\u00bb text_align=\u00a0\u00bbleft\u00a0\u00bb background_image_as_pattern=\u00a0\u00bbwithout_pattern\u00a0\u00bb][vc_column][\/vc_column][\/vc_row][vc_row css_animation=\u00a0\u00bb\u00a0\u00bb row_type=\u00a0\u00bbrow\u00a0\u00bb use_row_as_full_screen_section=\u00a0\u00bbno\u00a0\u00bb type=\u00a0\u00bbfull_width\u00a0\u00bb angled_section=\u00a0\u00bbno\u00a0\u00bb text_align=\u00a0\u00bbleft\u00a0\u00bb background_image_as_pattern=\u00a0\u00bbwithout_pattern\u00a0\u00bb][vc_column width=\u00a0\u00bb1\/3&Prime;][vc_column_text el_class=\u00a0\u00bbpad-scheda-tit-olivi\u00a0\u00bb] Mixani [\/vc_column_text][vc_single_image image=\u00a0\u00bb219&Prime; img_size=\u00a0\u00bb600&#215;400&Prime; alignment=\u00a0\u00bbcenter\u00a0\u00bb qode_css_animation=\u00a0\u00bb\u00a0\u00bb][vc_column_text el_class=\u00a0\u00bbpad-scheda-olivi\u00a0\u00bb]Pays\u00a0: Albanie Utilisation\u00a0: huile Diffusion\u00a0: r\u00e9pandue dans la zone centrale du...","og_url":"https:\/\/www.thegardenofpeace.org\/bozza-varieta\/","og_site_name":"The Garden of Peace","article_modified_time":"2022-11-04T10:47:02+00:00","og_image":[{"width":2560,"height":290,"url":"https:\/\/www.thegardenofpeace.org\/wp-content\/uploads\/2025\/12\/manos-olivos-con-mano-de-mujer-alta-definizione-scaled.jpg","type":"image\/jpeg"}],"twitter_card":"summary_large_image","twitter_misc":{"Dur\u00e9e de lecture estim\u00e9e":"26 minutes"},"schema":{"@context":"https:\/\/schema.org","@graph":[{"@type":"WebPage","@id":"https:\/\/www.thegardenofpeace.org\/bozza-varieta\/","url":"https:\/\/www.thegardenofpeace.org\/bozza-varieta\/","name":"Bozza variet\u00e0 - The Garden of Peace","isPartOf":{"@id":"https:\/\/www.thegardenofpeace.org\/fr\/#website"},"datePublished":"2022-07-14T13:33:54+00:00","dateModified":"2022-11-04T10:47:02+00:00","breadcrumb":{"@id":"https:\/\/www.thegardenofpeace.org\/bozza-varieta\/#breadcrumb"},"inLanguage":"fr-FR","potentialAction":[{"@type":"ReadAction","target":["https:\/\/www.thegardenofpeace.org\/bozza-varieta\/"]}]},{"@type":"BreadcrumbList","@id":"https:\/\/www.thegardenofpeace.org\/bozza-varieta\/#breadcrumb","itemListElement":[{"@type":"ListItem","position":1,"name":"Home","item":"https:\/\/www.thegardenofpeace.org\/fr\/"},{"@type":"ListItem","position":2,"name":"Bozza variet\u00e0"}]},{"@type":"WebSite","@id":"https:\/\/www.thegardenofpeace.org\/fr\/#website","url":"https:\/\/www.thegardenofpeace.org\/fr\/","name":"The Garden of Peace","description":"The Garden of Peace","alternateName":"TGoP","potentialAction":[{"@type":"SearchAction","target":{"@type":"EntryPoint","urlTemplate":"https:\/\/www.thegardenofpeace.org\/fr\/?s={search_term_string}"},"query-input":{"@type":"PropertyValueSpecification","valueRequired":true,"valueName":"search_term_string"}}],"inLanguage":"fr-FR"}]}},"_links":{"self":[{"href":"https:\/\/www.thegardenofpeace.org\/fr\/wp-json\/wp\/v2\/pages\/1013","targetHints":{"allow":["GET"]}}],"collection":[{"href":"https:\/\/www.thegardenofpeace.org\/fr\/wp-json\/wp\/v2\/pages"}],"about":[{"href":"https:\/\/www.thegardenofpeace.org\/fr\/wp-json\/wp\/v2\/types\/page"}],"author":[{"embeddable":true,"href":"https:\/\/www.thegardenofpeace.org\/fr\/wp-json\/wp\/v2\/users\/1"}],"replies":[{"embeddable":true,"href":"https:\/\/www.thegardenofpeace.org\/fr\/wp-json\/wp\/v2\/comments?post=1013"}],"version-history":[{"count":5,"href":"https:\/\/www.thegardenofpeace.org\/fr\/wp-json\/wp\/v2\/pages\/1013\/revisions"}],"predecessor-version":[{"id":4973,"href":"https:\/\/www.thegardenofpeace.org\/fr\/wp-json\/wp\/v2\/pages\/1013\/revisions\/4973"}],"wp:attachment":[{"href":"https:\/\/www.thegardenofpeace.org\/fr\/wp-json\/wp\/v2\/media?parent=1013"}],"curies":[{"name":"wp","href":"https:\/\/api.w.org\/{rel}","templated":true}]}}