{"id":13808,"date":"2025-11-06T16:51:28","date_gmt":"2025-11-06T15:51:28","guid":{"rendered":"https:\/\/www.thegardenofpeace.org\/?page_id=13808"},"modified":"2025-12-16T21:36:21","modified_gmt":"2025-12-16T20:36:21","slug":"progetto-4","status":"publish","type":"page","link":"https:\/\/www.thegardenofpeace.org\/fr\/progetto-4\/","title":{"rendered":"Il progetto copia in lavorazione"},"content":{"rendered":"<p>[vc_row css_animation=\u00a0\u00bb\u00a0\u00bb row_type=\u00a0\u00bbrow\u00a0\u00bb use_row_as_full_screen_section=\u00a0\u00bbno\u00a0\u00bb type=\u00a0\u00bbfull_width\u00a0\u00bb angled_section=\u00a0\u00bbno\u00a0\u00bb text_align=\u00a0\u00bbcenter\u00a0\u00bb background_image_as_pattern=\u00a0\u00bbwithout_pattern\u00a0\u00bb z_index=\u00a0\u00bb\u00a0\u00bb background_color=\u00a0\u00bb#ffffff\u00a0\u00bb][vc_column][vc_empty_space height=\u00a0\u00bb60px\u00a0\u00bb][vc_column_text]<\/p>\n<h1 style=\"text-align: center;\"><strong>LE PROJET<\/strong><\/h1>\n<h2 style=\"text-align: center;\"><\/h2>\n<p>[\/vc_column_text][vc_empty_space height=\u00a0\u00bb36px\u00a0\u00bb][vc_column_text]<\/p>\n<h2 style=\"text-align: center;\"><strong>L\u2019OLIVIER, SYMBOLE UNIVERSEL DE PAIX<\/strong><\/h2>\n<p>[\/vc_column_text][vc_empty_space height=\u00a0\u00bb36px\u00a0\u00bb]<span class=\"separator_with_icon\" style='color:#6b6b6b;'><i class=\"fa fa-tree\"><\/i><\/span>[vc_empty_space height=\u00a0\u00bb60px\u00a0\u00bb][\/vc_column][\/vc_row][vc_row css_animation=\u00a0\u00bb\u00a0\u00bb row_type=\u00a0\u00bbrow\u00a0\u00bb use_row_as_full_screen_section=\u00a0\u00bbno\u00a0\u00bb type=\u00a0\u00bbfull_width\u00a0\u00bb angled_section=\u00a0\u00bbno\u00a0\u00bb text_align=\u00a0\u00bbleft\u00a0\u00bb background_image_as_pattern=\u00a0\u00bbwithout_pattern\u00a0\u00bb z_index=\u00a0\u00bb\u00a0\u00bb background_color=\u00a0\u00bb#f0f2d5&Prime;][vc_column][qode_elements_holder background_color=\u00a0\u00bb#ffffff\u00a0\u00bb number_of_columns=\u00a0\u00bbtwo_columns\u00a0\u00bb][qode_elements_holder_item vertical_alignment=\u00a0\u00bbmiddle\u00a0\u00bb horizontal_alignment=\u00a0\u00bbcenter\u00a0\u00bb advanced_animations=\u00a0\u00bbno\u00a0\u00bb][vc_single_image image=\u00a0\u00bb4327&Prime; img_size=\u00a0\u00bbfull\u00a0\u00bb alignment=\u00a0\u00bbcenter\u00a0\u00bb qode_css_animation=\u00a0\u00bb\u00a0\u00bb][\/qode_elements_holder_item][qode_elements_holder_item vertical_alignment=\u00a0\u00bbmiddle\u00a0\u00bb advanced_animations=\u00a0\u00bbno\u00a0\u00bb background_color=\u00a0\u00bb#ffffff\u00a0\u00bb][vc_empty_space height=\u00a0\u00bb15px\u00a0\u00bb][vc_column_text el_class=\u00a0\u00bbmw600&Prime;]<\/p>\n<h3 data-start=\"94\" data-end=\"135\"><strong><em>Les origines \u00e0 Paciano, terre de paix<\/em><\/strong><\/h3>\n<p data-start=\"137\" data-end=\"565\">Dans le village ombrien de Paciano, inspir\u00e9 par Janus Bifrons, dieu de la Paix et des nouveaux commencements, est n\u00e9e l\u2019id\u00e9e de cr\u00e9er des jardins d\u2019oliviers comme symboles d\u2019harmonie et de r\u00e9conciliation.<br data-start=\"341\" data-end=\"344\" \/>C\u2019est ici, dans ce lieu o\u00f9 pass\u00e9 et avenir se rencontrent, qu\u2019a germ\u00e9 <em data-start=\"414\" data-end=\"435\">The Garden of Peace<\/em>, un projet qui transforme la nature en langage universel et la beaut\u00e9 de l\u2019olivier en un message de fraternit\u00e9 entre les peuples.<\/p>\n<p data-start=\"567\" data-end=\"846\">L\u2019olivier, plante mill\u00e9naire, est le c\u0153ur du projet : arbre de sagesse, de force et de renaissance.<br data-start=\"666\" data-end=\"669\" \/>Comme le rameau port\u00e9 par la colombe apr\u00e8s le D\u00e9luge, il repr\u00e9sente la paix qui renait et relie l\u2019humanit\u00e9 \u00e0 la Terre \u2014 un symbole vivant d\u2019esp\u00e9rance qui d\u00e9passe les fronti\u00e8res.<\/p>\n<h3 data-start=\"848\" data-end=\"890\"><em><strong data-start=\"848\" data-end=\"890\">De l\u2019Ombrie \u00e0 une inspiration mondiale<\/strong><\/em><\/h3>\n<p data-start=\"892\" data-end=\"1247\">Depuis Paciano, \u00ab terre de paix \u00bb, l\u2019id\u00e9e s\u2019est \u00e9tendue au monde, reliant personnes, cultures et territoires autour d\u2019un m\u00eame id\u00e9al.<br data-start=\"1024\" data-end=\"1027\" \/>Avec le temps, <em data-start=\"1042\" data-end=\"1063\">The Garden of Peace<\/em> a donn\u00e9 vie \u00e0 deux projets compl\u00e9mentaires, diff\u00e9rents dans leur approche mais unis par les m\u00eames racines : la coop\u00e9ration, le dialogue et le respect entre l\u2019\u00eatre humain et la nature.<\/p>\n<p data-start=\"1249\" data-end=\"1447\">Dans le chapitre suivant, vous trouverez la pr\u00e9sentation des deux parcours qui constituent aujourd\u2019hui l\u2019\u00e2me du projet :<br data-start=\"1369\" data-end=\"1372\" \/><strong data-start=\"1372\" data-end=\"1406\">\u00ab Dialogue entre les Nations \u00bb<\/strong> et <strong data-start=\"1410\" data-end=\"1446\">\u00ab Territoires de la Durabilit\u00e9 \u00bb<\/strong>.<\/p>\n<p>[\/vc_column_text][vc_empty_space height=\u00a0\u00bb15px\u00a0\u00bb][\/qode_elements_holder_item][\/qode_elements_holder][\/vc_column][\/vc_row][vc_row css_animation=\u00a0\u00bb\u00a0\u00bb row_type=\u00a0\u00bbrow\u00a0\u00bb use_row_as_full_screen_section=\u00a0\u00bbno\u00a0\u00bb type=\u00a0\u00bbfull_width\u00a0\u00bb angled_section=\u00a0\u00bbno\u00a0\u00bb text_align=\u00a0\u00bbleft\u00a0\u00bb background_image_as_pattern=\u00a0\u00bbwithout_pattern\u00a0\u00bb z_index=\u00a0\u00bb\u00a0\u00bb background_color=\u00a0\u00bb#f4e4d5&Prime;][vc_column offset=\u00a0\u00bbvc_hidden-xs\u00a0\u00bb][qode_elements_holder background_color=\u00a0\u00bb#ffffff\u00a0\u00bb number_of_columns=\u00a0\u00bbtwo_columns\u00a0\u00bb][qode_elements_holder_item vertical_alignment=\u00a0\u00bbmiddle\u00a0\u00bb advanced_animations=\u00a0\u00bbno\u00a0\u00bb][vc_empty_space height=\u00a0\u00bb50&Prime;][vc_column_text el_class=\u00a0\u00bbmw600&Prime;]<\/p>\n<h3 data-start=\"82\" data-end=\"138\"><em><strong data-start=\"82\" data-end=\"138\">Deux parcours pour faire na\u00eetre un Jardin de la Paix<\/strong><\/em><\/h3>\n<p data-start=\"140\" data-end=\"248\">Le Jardin de la Paix est un projet ouvert et flexible, offrant aux communaut\u00e9s deux voies de participation :<\/p>\n<p data-start=\"250\" data-end=\"596\">\u2013 <strong data-start=\"252\" data-end=\"282\">Dialogue entre les Nations<\/strong> : 21 vari\u00e9t\u00e9s d\u2019olivier originaires de 21 pays, symbole de la rencontre entre les cultures et d\u2019une diplomatie fond\u00e9e sur la paix.<br data-start=\"413\" data-end=\"416\" \/>\u2013 <strong data-start=\"418\" data-end=\"450\">Territoires de la Durabilit\u00e9<\/strong> : 25 vari\u00e9t\u00e9s, cinq pour chaque continent, expression d\u2019une relation harmonieuse avec la terre et d\u2019un engagement partag\u00e9 pour un avenir durable.<\/p>\n<h3 data-start=\"598\" data-end=\"609\"><em><strong data-start=\"598\" data-end=\"609\">Contact<\/strong><\/em><\/h3>\n<p data-start=\"611\" data-end=\"942\">\ud83d\udce9 Pour en savoir plus sur ces deux parcours ou pour initier votre Jardin de la Paix, vous pouvez \u00e9crire directement \u00e0 <strong data-start=\"730\" data-end=\"772\">Francesco Serafini \u2013 Pr\u00e9sident de TGoP<\/strong> :<br data-start=\"774\" data-end=\"777\" \/><strong data-start=\"777\" data-end=\"812\"><a class=\"decorated-link cursor-pointer\" href=\"mailto:f.serafini@thegardenofpeace.org\" target=\"_blank\" rel=\"noopener\" data-start=\"779\" data-end=\"810\">f.serafini@thegardenofpeace.org<\/a><\/strong><br data-start=\"812\" data-end=\"815\" \/>Il se fera un plaisir de vous fournir toutes les informations n\u00e9cessaires et de vous accompagner dans la r\u00e9alisation du projet.<\/p>\n<p>[\/vc_column_text][vc_empty_space height=\u00a0\u00bb15px\u00a0\u00bb][\/qode_elements_holder_item][qode_elements_holder_item vertical_alignment=\u00a0\u00bbmiddle\u00a0\u00bb horizontal_alignment=\u00a0\u00bbcenter\u00a0\u00bb advanced_animations=\u00a0\u00bbno\u00a0\u00bb][vc_single_image image=\u00a0\u00bb4113&Prime; img_size=\u00a0\u00bbfull\u00a0\u00bb qode_css_animation=\u00a0\u00bb\u00a0\u00bb][\/qode_elements_holder_item][\/qode_elements_holder][\/vc_column][\/vc_row][vc_row css_animation=\u00a0\u00bb\u00a0\u00bb row_type=\u00a0\u00bbrow\u00a0\u00bb use_row_as_full_screen_section=\u00a0\u00bbno\u00a0\u00bb type=\u00a0\u00bbfull_width\u00a0\u00bb angled_section=\u00a0\u00bbno\u00a0\u00bb text_align=\u00a0\u00bbleft\u00a0\u00bb background_image_as_pattern=\u00a0\u00bbwithout_pattern\u00a0\u00bb z_index=\u00a0\u00bb\u00a0\u00bb background_color=\u00a0\u00bb#f4e4d5&Prime;][vc_column offset=\u00a0\u00bbvc_hidden-lg vc_hidden-md vc_hidden-sm\u00a0\u00bb][qode_elements_holder background_color=\u00a0\u00bb#ffffff\u00a0\u00bb number_of_columns=\u00a0\u00bbtwo_columns\u00a0\u00bb][qode_elements_holder_item vertical_alignment=\u00a0\u00bbmiddle\u00a0\u00bb advanced_animations=\u00a0\u00bbno\u00a0\u00bb][vc_single_image image=\u00a0\u00bb4113&Prime; img_size=\u00a0\u00bbfull\u00a0\u00bb qode_css_animation=\u00a0\u00bb\u00a0\u00bb][\/qode_elements_holder_item][qode_elements_holder_item vertical_alignment=\u00a0\u00bbmiddle\u00a0\u00bb horizontal_alignment=\u00a0\u00bbcenter\u00a0\u00bb advanced_animations=\u00a0\u00bbno\u00a0\u00bb][vc_empty_space height=\u00a0\u00bb15px\u00a0\u00bb][vc_column_text el_class=\u00a0\u00bbmw600&Prime;]<\/p>\n<h3 style=\"text-align: left;\" data-start=\"82\" data-end=\"138\"><em><strong data-start=\"82\" data-end=\"138\">Deux parcours pour faire na\u00eetre un Jardin de la Paix<\/strong><\/em><\/h3>\n<p style=\"text-align: left;\" data-start=\"140\" data-end=\"248\">Le Jardin de la Paix est un projet ouvert et flexible, offrant aux communaut\u00e9s deux voies de participation :<\/p>\n<p style=\"text-align: left;\" data-start=\"250\" data-end=\"596\">\u2013 <strong data-start=\"252\" data-end=\"282\">Dialogue entre les Nations<\/strong> : 21 vari\u00e9t\u00e9s d\u2019olivier originaires de 21 pays, symbole de la rencontre entre les cultures et d\u2019une diplomatie fond\u00e9e sur la paix.<br data-start=\"413\" data-end=\"416\" \/>\u2013 <strong data-start=\"418\" data-end=\"450\">Territoires de la Durabilit\u00e9<\/strong> : 25 vari\u00e9t\u00e9s, cinq pour chaque continent, expression d\u2019une relation harmonieuse avec la terre et d\u2019un engagement partag\u00e9 pour un avenir durable.<\/p>\n<h3 style=\"text-align: left;\" data-start=\"598\" data-end=\"609\"><em><strong data-start=\"598\" data-end=\"609\">Contact<\/strong><\/em><\/h3>\n<p style=\"text-align: left;\" data-start=\"611\" data-end=\"942\">\ud83d\udce9 Pour en savoir plus sur ces deux parcours ou pour initier votre Jardin de la Paix, vous pouvez \u00e9crire directement \u00e0 <strong data-start=\"730\" data-end=\"772\">Francesco Serafini \u2013 Pr\u00e9sident de TGoP<\/strong> :<br data-start=\"774\" data-end=\"777\" \/><strong data-start=\"777\" data-end=\"812\"><a class=\"decorated-link cursor-pointer\" href=\"mailto:f.serafini@thegardenofpeace.org\" target=\"_blank\" rel=\"noopener\" data-start=\"779\" data-end=\"810\">f.serafini@thegardenofpeace.org<\/a><\/strong><br data-start=\"812\" data-end=\"815\" \/>Il se fera un plaisir de vous fournir toutes les informations n\u00e9cessaires et de vous accompagner dans la r\u00e9alisation du projet.<\/p>\n<p>[\/vc_column_text][vc_empty_space height=\u00a0\u00bb15px\u00a0\u00bb][\/qode_elements_holder_item][\/qode_elements_holder][\/vc_column][\/vc_row][vc_row css_animation=\u00a0\u00bb\u00a0\u00bb row_type=\u00a0\u00bbrow\u00a0\u00bb use_row_as_full_screen_section=\u00a0\u00bbno\u00a0\u00bb type=\u00a0\u00bbfull_width\u00a0\u00bb angled_section=\u00a0\u00bbno\u00a0\u00bb text_align=\u00a0\u00bbleft\u00a0\u00bb background_image_as_pattern=\u00a0\u00bbwithout_pattern\u00a0\u00bb z_index=\u00a0\u00bb\u00a0\u00bb background_color=\u00a0\u00bb#ececec\u00a0\u00bb][vc_column][qode_elements_holder number_of_columns=\u00a0\u00bbtwo_columns\u00a0\u00bb][qode_elements_holder_item vertical_alignment=\u00a0\u00bbmiddle\u00a0\u00bb horizontal_alignment=\u00a0\u00bbcenter\u00a0\u00bb advanced_animations=\u00a0\u00bbno\u00a0\u00bb background_color=\u00a0\u00bb#ffffff\u00a0\u00bb][vc_single_image image=\u00a0\u00bb4764&Prime; img_size=\u00a0\u00bbfull\u00a0\u00bb alignment=\u00a0\u00bbcenter\u00a0\u00bb qode_css_animation=\u00a0\u00bb\u00a0\u00bb][\/qode_elements_holder_item][qode_elements_holder_item vertical_alignment=\u00a0\u00bbmiddle\u00a0\u00bb advanced_animations=\u00a0\u00bbno\u00a0\u00bb background_color=\u00a0\u00bb#ffffff\u00a0\u00bb][vc_empty_space height=\u00a0\u00bb15px\u00a0\u00bb][vc_column_text el_class=\u00a0\u00bbmw600&Prime;]<\/p>\n<article class=\"text-token-text-primary w-full focus:outline-none [--shadow-height:45px] has-data-writing-block:pointer-events-none has-data-writing-block:-mt-(--shadow-height) has-data-writing-block:pt-(--shadow-height) [&amp;:has([data-writing-block])&gt;*]:pointer-events-auto [content-visibility:auto] supports-[content-visibility:auto]:[contain-intrinsic-size:auto_100lvh] scroll-mt-[calc(var(--header-height)+min(200px,max(70px,20svh)))]\" dir=\"auto\" tabindex=\"-1\" data-turn-id=\"request-WEB:4bafcc7f-023c-4032-bd5c-b6ce1818a927-3\" data-testid=\"conversation-turn-8\" data-scroll-anchor=\"true\" data-turn=\"assistant\">\n<div class=\"text-base my-auto mx-auto pb-10 [--thread-content-margin:--spacing(4)] thread-sm:[--thread-content-margin:--spacing(6)] thread-lg:[--thread-content-margin:--spacing(16)] px-(--thread-content-margin)\">\n<div class=\"[--thread-content-max-width:40rem] thread-lg:[--thread-content-max-width:48rem] mx-auto max-w-(--thread-content-max-width) flex-1 group\/turn-messages focus-visible:outline-hidden relative flex w-full min-w-0 flex-col agent-turn\" tabindex=\"-1\">\n<div class=\"flex max-w-full flex-col grow\">\n<div class=\"min-h-8 text-message relative flex w-full flex-col items-end gap-2 text-start break-words whitespace-normal [.text-message+&amp;]:mt-1\" dir=\"auto\" data-message-author-role=\"assistant\" data-message-id=\"fab419f7-a241-4390-9065-86d9338606ec\" data-message-model-slug=\"gpt-5\">\n<div class=\"flex w-full flex-col gap-1 empty:hidden first:pt-[1px]\">\n<div class=\"markdown prose dark:prose-invert w-full break-words light markdown-new-styling\">\n<h3 data-start=\"668\" data-end=\"705\"><em><strong data-start=\"672\" data-end=\"705\">La valeur d\u2019un espace partag\u00e9<\/strong><\/em><\/h3>\n<p data-start=\"707\" data-end=\"1168\">Le Jardin de la Paix est con\u00e7u comme un espace ouvert o\u00f9 les communaut\u00e9s peuvent se rencontrer, se conna\u00eetre et collaborer.<br data-start=\"830\" data-end=\"833\" \/>Chaque jardin devient un point de r\u00e9f\u00e9rence pour son territoire : un lieu o\u00f9 le soin apport\u00e9 aux oliviers favorise le dialogue, la participation et le respect mutuel.<br data-start=\"999\" data-end=\"1002\" \/>\u00c0 travers des activit\u00e9s collectives et des moments de partage, ces espaces verts deviennent des symboles concrets de coexistence et de responsabilit\u00e9 envers la Terre.<\/p>\n<h3 data-start=\"402\" data-end=\"457\"><em><strong data-start=\"402\" data-end=\"457\">Au-del\u00e0 du jardin : des exp\u00e9riences qui rassemblent<\/strong><\/em><\/h3>\n<p data-start=\"459\" data-end=\"833\">Chaque Jardin de la Paix est plus qu\u2019un symbole : c\u2019est une exp\u00e9rience \u00e0 vivre.<br data-start=\"538\" data-end=\"541\" \/>Il encourage le tourisme durable, valorise les communaut\u00e9s locales et pr\u00e9serve la m\u00e9moire des territoires o\u00f9 il s\u2019enracine.<br data-start=\"664\" data-end=\"667\" \/>\u00c9v\u00e9nements, expositions et parcours \u00e9ducatifs transforissent ces lieux en v\u00e9ritables laboratoires de paix et de coop\u00e9ration, o\u00f9 la nature et l\u2019humanit\u00e9 se rejoignent.<\/p>\n<p data-start=\"835\" data-end=\"906\"><em data-start=\"835\" data-end=\"906\">\u00ab Chaque olivier est un messager silencieux d\u2019esp\u00e9rance et de paix. \u00bb<\/em><\/p>\n<\/div>\n<\/div>\n<\/div>\n<\/div>\n<div class=\"z-0 flex min-h-[46px] justify-start\"><\/div>\n<\/div>\n<\/div>\n<\/article>\n<p>[\/vc_column_text][vc_empty_space height=\u00a0\u00bb15px\u00a0\u00bb][\/qode_elements_holder_item][\/qode_elements_holder][\/vc_column][\/vc_row][vc_row css_animation=\u00a0\u00bb\u00a0\u00bb row_type=\u00a0\u00bbrow\u00a0\u00bb use_row_as_full_screen_section=\u00a0\u00bbno\u00a0\u00bb type=\u00a0\u00bbfull_width\u00a0\u00bb angled_section=\u00a0\u00bbno\u00a0\u00bb text_align=\u00a0\u00bbleft\u00a0\u00bb background_image_as_pattern=\u00a0\u00bbwithout_pattern\u00a0\u00bb z_index=\u00a0\u00bb\u00a0\u00bb border_color=\u00a0\u00bb#ffffff\u00a0\u00bb background_color=\u00a0\u00bb#ffffff\u00a0\u00bb][vc_column][vc_empty_space height=\u00a0\u00bb36px\u00a0\u00bb]<span class=\"separator_with_icon\" style='color:#6b6b6b;'><i class=\"fa fa-tree\"><\/i><\/span>[\/vc_column][\/vc_row]<\/p>\n","protected":false},"excerpt":{"rendered":"<p>[vc_row css_animation=\u00a0\u00bb\u00a0\u00bb row_type=\u00a0\u00bbrow\u00a0\u00bb use_row_as_full_screen_section=\u00a0\u00bbno\u00a0\u00bb type=\u00a0\u00bbfull_width\u00a0\u00bb angled_section=\u00a0\u00bbno\u00a0\u00bb text_align=\u00a0\u00bbcenter\u00a0\u00bb background_image_as_pattern=\u00a0\u00bbwithout_pattern\u00a0\u00bb z_index=\u00a0\u00bb\u00a0\u00bb background_color=\u00a0\u00bb#ffffff\u00a0\u00bb][vc_column][vc_empty_space height=\u00a0\u00bb60px\u00a0\u00bb][vc_column_text] LE PROJET [\/vc_column_text][vc_empty_space height=\u00a0\u00bb36px\u00a0\u00bb][vc_column_text] L\u2019OLIVIER, SYMBOLE UNIVERSEL DE PAIX [\/vc_column_text][vc_empty_space height=\u00a0\u00bb36px\u00a0\u00bb][vc_empty_space height=\u00a0\u00bb60px\u00a0\u00bb][\/vc_column][\/vc_row][vc_row css_animation=\u00a0\u00bb\u00a0\u00bb row_type=\u00a0\u00bbrow\u00a0\u00bb use_row_as_full_screen_section=\u00a0\u00bbno\u00a0\u00bb type=\u00a0\u00bbfull_width\u00a0\u00bb angled_section=\u00a0\u00bbno\u00a0\u00bb text_align=\u00a0\u00bbleft\u00a0\u00bb background_image_as_pattern=\u00a0\u00bbwithout_pattern\u00a0\u00bb z_index=\u00a0\u00bb\u00a0\u00bb background_color=\u00a0\u00bb#f0f2d5&Prime;][vc_column][qode_elements_holder background_color=\u00a0\u00bb#ffffff\u00a0\u00bb number_of_columns=\u00a0\u00bbtwo_columns\u00a0\u00bb][qode_elements_holder_item vertical_alignment=\u00a0\u00bbmiddle\u00a0\u00bb horizontal_alignment=\u00a0\u00bbcenter\u00a0\u00bb advanced_animations=\u00a0\u00bbno\u00a0\u00bb][vc_single_image image=\u00a0\u00bb4327&Prime; img_size=\u00a0\u00bbfull\u00a0\u00bb alignment=\u00a0\u00bbcenter\u00a0\u00bb qode_css_animation=\u00a0\u00bb\u00a0\u00bb][\/qode_elements_holder_item][qode_elements_holder_item vertical_alignment=\u00a0\u00bbmiddle\u00a0\u00bb advanced_animations=\u00a0\u00bbno\u00a0\u00bb background_color=\u00a0\u00bb#ffffff\u00a0\u00bb][vc_empty_space height=\u00a0\u00bb15px\u00a0\u00bb][vc_column_text&#8230;<\/p>\n","protected":false},"author":3,"featured_media":0,"parent":0,"menu_order":0,"comment_status":"closed","ping_status":"closed","template":"full_width.php","meta":{"footnotes":""},"class_list":["post-13808","page","type-page","status-publish","hentry"],"yoast_head":"<!-- This site is optimized with the Yoast SEO plugin v27.1.1 - https:\/\/yoast.com\/product\/yoast-seo-wordpress\/ -->\n<title>Il progetto copia in lavorazione - The Garden of Peace<\/title>\n<meta name=\"robots\" content=\"index, follow, max-snippet:-1, max-image-preview:large, max-video-preview:-1\" \/>\n<link rel=\"canonical\" href=\"https:\/\/www.thegardenofpeace.org\/fr\/progetto-4\/\" \/>\n<meta property=\"og:locale\" content=\"fr_FR\" \/>\n<meta property=\"og:type\" content=\"article\" \/>\n<meta property=\"og:title\" content=\"Il progetto copia in lavorazione - The Garden of Peace\" \/>\n<meta property=\"og:description\" content=\"[vc_row css_animation=\u00a0\u00bb\u00a0\u00bb row_type=\u00a0\u00bbrow\u00a0\u00bb use_row_as_full_screen_section=\u00a0\u00bbno\u00a0\u00bb type=\u00a0\u00bbfull_width\u00a0\u00bb angled_section=\u00a0\u00bbno\u00a0\u00bb text_align=\u00a0\u00bbcenter\u00a0\u00bb background_image_as_pattern=\u00a0\u00bbwithout_pattern\u00a0\u00bb z_index=\u00a0\u00bb\u00a0\u00bb background_color=\u00a0\u00bb#ffffff\u00a0\u00bb][vc_column][vc_empty_space height=\u00a0\u00bb60px\u00a0\u00bb][vc_column_text] LE PROJET [\/vc_column_text][vc_empty_space height=\u00a0\u00bb36px\u00a0\u00bb][vc_column_text] L\u2019OLIVIER, SYMBOLE UNIVERSEL DE PAIX [\/vc_column_text][vc_empty_space height=\u00a0\u00bb36px\u00a0\u00bb][vc_empty_space height=\u00a0\u00bb60px\u00a0\u00bb][\/vc_column][\/vc_row][vc_row css_animation=\u00a0\u00bb\u00a0\u00bb row_type=\u00a0\u00bbrow\u00a0\u00bb use_row_as_full_screen_section=\u00a0\u00bbno\u00a0\u00bb type=\u00a0\u00bbfull_width\u00a0\u00bb angled_section=\u00a0\u00bbno\u00a0\u00bb text_align=\u00a0\u00bbleft\u00a0\u00bb background_image_as_pattern=\u00a0\u00bbwithout_pattern\u00a0\u00bb z_index=\u00a0\u00bb\u00a0\u00bb background_color=\u00a0\u00bb#f0f2d5&Prime;][vc_column][qode_elements_holder background_color=\u00a0\u00bb#ffffff\u00a0\u00bb number_of_columns=\u00a0\u00bbtwo_columns\u00a0\u00bb][qode_elements_holder_item vertical_alignment=\u00a0\u00bbmiddle\u00a0\u00bb horizontal_alignment=\u00a0\u00bbcenter\u00a0\u00bb advanced_animations=\u00a0\u00bbno\u00a0\u00bb][vc_single_image image=\u00a0\u00bb4327&Prime; img_size=\u00a0\u00bbfull\u00a0\u00bb alignment=\u00a0\u00bbcenter\u00a0\u00bb qode_css_animation=\u00a0\u00bb\u00a0\u00bb][\/qode_elements_holder_item][qode_elements_holder_item vertical_alignment=\u00a0\u00bbmiddle\u00a0\u00bb advanced_animations=\u00a0\u00bbno\u00a0\u00bb background_color=\u00a0\u00bb#ffffff\u00a0\u00bb][vc_empty_space height=\u00a0\u00bb15px\u00a0\u00bb][vc_column_text...\" \/>\n<meta property=\"og:url\" content=\"https:\/\/www.thegardenofpeace.org\/fr\/progetto-4\/\" \/>\n<meta property=\"og:site_name\" content=\"The Garden of Peace\" \/>\n<meta property=\"article:modified_time\" content=\"2025-12-16T20:36:21+00:00\" \/>\n<meta property=\"og:image\" content=\"https:\/\/www.thegardenofpeace.org\/wp-content\/uploads\/2025\/12\/manos-olivos-con-mano-de-mujer-alta-definizione-scaled.jpg\" \/>\n\t<meta property=\"og:image:width\" content=\"2560\" \/>\n\t<meta property=\"og:image:height\" content=\"290\" \/>\n\t<meta property=\"og:image:type\" content=\"image\/jpeg\" \/>\n<meta name=\"twitter:card\" content=\"summary_large_image\" \/>\n<meta name=\"twitter:label1\" content=\"Dur\u00e9e de lecture estim\u00e9e\" \/>\n\t<meta name=\"twitter:data1\" content=\"7 minutes\" \/>\n<script type=\"application\/ld+json\" class=\"yoast-schema-graph\">{\"@context\":\"https:\/\/schema.org\",\"@graph\":[{\"@type\":\"WebPage\",\"@id\":\"https:\/\/www.thegardenofpeace.org\/fr\/progetto-4\/\",\"url\":\"https:\/\/www.thegardenofpeace.org\/fr\/progetto-4\/\",\"name\":\"Il progetto copia in lavorazione - The Garden of Peace\",\"isPartOf\":{\"@id\":\"https:\/\/www.thegardenofpeace.org\/fr\/#website\"},\"datePublished\":\"2025-11-06T15:51:28+00:00\",\"dateModified\":\"2025-12-16T20:36:21+00:00\",\"breadcrumb\":{\"@id\":\"https:\/\/www.thegardenofpeace.org\/fr\/progetto-4\/#breadcrumb\"},\"inLanguage\":\"fr-FR\",\"potentialAction\":[{\"@type\":\"ReadAction\",\"target\":[\"https:\/\/www.thegardenofpeace.org\/fr\/progetto-4\/\"]}]},{\"@type\":\"BreadcrumbList\",\"@id\":\"https:\/\/www.thegardenofpeace.org\/fr\/progetto-4\/#breadcrumb\",\"itemListElement\":[{\"@type\":\"ListItem\",\"position\":1,\"name\":\"Home\",\"item\":\"https:\/\/www.thegardenofpeace.org\/fr\/\"},{\"@type\":\"ListItem\",\"position\":2,\"name\":\"Il progetto copia in lavorazione\"}]},{\"@type\":\"WebSite\",\"@id\":\"https:\/\/www.thegardenofpeace.org\/fr\/#website\",\"url\":\"https:\/\/www.thegardenofpeace.org\/fr\/\",\"name\":\"The Garden of Peace\",\"description\":\"The Garden of Peace\",\"alternateName\":\"TGoP\",\"potentialAction\":[{\"@type\":\"SearchAction\",\"target\":{\"@type\":\"EntryPoint\",\"urlTemplate\":\"https:\/\/www.thegardenofpeace.org\/fr\/?s={search_term_string}\"},\"query-input\":{\"@type\":\"PropertyValueSpecification\",\"valueRequired\":true,\"valueName\":\"search_term_string\"}}],\"inLanguage\":\"fr-FR\"}]}<\/script>\n<!-- \/ Yoast SEO plugin. -->","yoast_head_json":{"title":"Il progetto copia in lavorazione - The Garden of Peace","robots":{"index":"index","follow":"follow","max-snippet":"max-snippet:-1","max-image-preview":"max-image-preview:large","max-video-preview":"max-video-preview:-1"},"canonical":"https:\/\/www.thegardenofpeace.org\/fr\/progetto-4\/","og_locale":"fr_FR","og_type":"article","og_title":"Il progetto copia in lavorazione - The Garden of Peace","og_description":"[vc_row css_animation=\u00a0\u00bb\u00a0\u00bb row_type=\u00a0\u00bbrow\u00a0\u00bb use_row_as_full_screen_section=\u00a0\u00bbno\u00a0\u00bb type=\u00a0\u00bbfull_width\u00a0\u00bb angled_section=\u00a0\u00bbno\u00a0\u00bb text_align=\u00a0\u00bbcenter\u00a0\u00bb background_image_as_pattern=\u00a0\u00bbwithout_pattern\u00a0\u00bb z_index=\u00a0\u00bb\u00a0\u00bb background_color=\u00a0\u00bb#ffffff\u00a0\u00bb][vc_column][vc_empty_space height=\u00a0\u00bb60px\u00a0\u00bb][vc_column_text] LE PROJET [\/vc_column_text][vc_empty_space height=\u00a0\u00bb36px\u00a0\u00bb][vc_column_text] L\u2019OLIVIER, SYMBOLE UNIVERSEL DE PAIX [\/vc_column_text][vc_empty_space height=\u00a0\u00bb36px\u00a0\u00bb][vc_empty_space height=\u00a0\u00bb60px\u00a0\u00bb][\/vc_column][\/vc_row][vc_row css_animation=\u00a0\u00bb\u00a0\u00bb row_type=\u00a0\u00bbrow\u00a0\u00bb use_row_as_full_screen_section=\u00a0\u00bbno\u00a0\u00bb type=\u00a0\u00bbfull_width\u00a0\u00bb angled_section=\u00a0\u00bbno\u00a0\u00bb text_align=\u00a0\u00bbleft\u00a0\u00bb background_image_as_pattern=\u00a0\u00bbwithout_pattern\u00a0\u00bb z_index=\u00a0\u00bb\u00a0\u00bb background_color=\u00a0\u00bb#f0f2d5&Prime;][vc_column][qode_elements_holder background_color=\u00a0\u00bb#ffffff\u00a0\u00bb number_of_columns=\u00a0\u00bbtwo_columns\u00a0\u00bb][qode_elements_holder_item vertical_alignment=\u00a0\u00bbmiddle\u00a0\u00bb horizontal_alignment=\u00a0\u00bbcenter\u00a0\u00bb advanced_animations=\u00a0\u00bbno\u00a0\u00bb][vc_single_image image=\u00a0\u00bb4327&Prime; img_size=\u00a0\u00bbfull\u00a0\u00bb alignment=\u00a0\u00bbcenter\u00a0\u00bb qode_css_animation=\u00a0\u00bb\u00a0\u00bb][\/qode_elements_holder_item][qode_elements_holder_item vertical_alignment=\u00a0\u00bbmiddle\u00a0\u00bb advanced_animations=\u00a0\u00bbno\u00a0\u00bb background_color=\u00a0\u00bb#ffffff\u00a0\u00bb][vc_empty_space height=\u00a0\u00bb15px\u00a0\u00bb][vc_column_text...","og_url":"https:\/\/www.thegardenofpeace.org\/fr\/progetto-4\/","og_site_name":"The Garden of Peace","article_modified_time":"2025-12-16T20:36:21+00:00","og_image":[{"width":2560,"height":290,"url":"https:\/\/www.thegardenofpeace.org\/wp-content\/uploads\/2025\/12\/manos-olivos-con-mano-de-mujer-alta-definizione-scaled.jpg","type":"image\/jpeg"}],"twitter_card":"summary_large_image","twitter_misc":{"Dur\u00e9e de lecture estim\u00e9e":"7 minutes"},"schema":{"@context":"https:\/\/schema.org","@graph":[{"@type":"WebPage","@id":"https:\/\/www.thegardenofpeace.org\/fr\/progetto-4\/","url":"https:\/\/www.thegardenofpeace.org\/fr\/progetto-4\/","name":"Il progetto copia in lavorazione - The Garden of Peace","isPartOf":{"@id":"https:\/\/www.thegardenofpeace.org\/fr\/#website"},"datePublished":"2025-11-06T15:51:28+00:00","dateModified":"2025-12-16T20:36:21+00:00","breadcrumb":{"@id":"https:\/\/www.thegardenofpeace.org\/fr\/progetto-4\/#breadcrumb"},"inLanguage":"fr-FR","potentialAction":[{"@type":"ReadAction","target":["https:\/\/www.thegardenofpeace.org\/fr\/progetto-4\/"]}]},{"@type":"BreadcrumbList","@id":"https:\/\/www.thegardenofpeace.org\/fr\/progetto-4\/#breadcrumb","itemListElement":[{"@type":"ListItem","position":1,"name":"Home","item":"https:\/\/www.thegardenofpeace.org\/fr\/"},{"@type":"ListItem","position":2,"name":"Il progetto copia in lavorazione"}]},{"@type":"WebSite","@id":"https:\/\/www.thegardenofpeace.org\/fr\/#website","url":"https:\/\/www.thegardenofpeace.org\/fr\/","name":"The Garden of Peace","description":"The Garden of Peace","alternateName":"TGoP","potentialAction":[{"@type":"SearchAction","target":{"@type":"EntryPoint","urlTemplate":"https:\/\/www.thegardenofpeace.org\/fr\/?s={search_term_string}"},"query-input":{"@type":"PropertyValueSpecification","valueRequired":true,"valueName":"search_term_string"}}],"inLanguage":"fr-FR"}]}},"_links":{"self":[{"href":"https:\/\/www.thegardenofpeace.org\/fr\/wp-json\/wp\/v2\/pages\/13808","targetHints":{"allow":["GET"]}}],"collection":[{"href":"https:\/\/www.thegardenofpeace.org\/fr\/wp-json\/wp\/v2\/pages"}],"about":[{"href":"https:\/\/www.thegardenofpeace.org\/fr\/wp-json\/wp\/v2\/types\/page"}],"author":[{"embeddable":true,"href":"https:\/\/www.thegardenofpeace.org\/fr\/wp-json\/wp\/v2\/users\/3"}],"replies":[{"embeddable":true,"href":"https:\/\/www.thegardenofpeace.org\/fr\/wp-json\/wp\/v2\/comments?post=13808"}],"version-history":[{"count":1,"href":"https:\/\/www.thegardenofpeace.org\/fr\/wp-json\/wp\/v2\/pages\/13808\/revisions"}],"predecessor-version":[{"id":14399,"href":"https:\/\/www.thegardenofpeace.org\/fr\/wp-json\/wp\/v2\/pages\/13808\/revisions\/14399"}],"wp:attachment":[{"href":"https:\/\/www.thegardenofpeace.org\/fr\/wp-json\/wp\/v2\/media?parent=13808"}],"curies":[{"name":"wp","href":"https:\/\/api.w.org\/{rel}","templated":true}]}}