{"id":611,"date":"2022-07-06T16:37:42","date_gmt":"2022-07-06T14:37:42","guid":{"rendered":"https:\/\/www.thegardenofpeace.org\/symbol\/"},"modified":"2025-03-17T17:49:56","modified_gmt":"2025-03-17T16:49:56","slug":"symbol","status":"publish","type":"page","link":"https:\/\/www.thegardenofpeace.org\/fr\/symbol\/","title":{"rendered":"CONCEVOIR UN JARDIN DE LA PAIX"},"content":{"rendered":"<p>[vc_row css_animation=\u00a0\u00bb\u00a0\u00bb row_type=\u00a0\u00bbrow\u00a0\u00bb use_row_as_full_screen_section=\u00a0\u00bbno\u00a0\u00bb type=\u00a0\u00bbgrid\u00a0\u00bb angled_section=\u00a0\u00bbno\u00a0\u00bb text_align=\u00a0\u00bbcenter\u00a0\u00bb background_image_as_pattern=\u00a0\u00bbwithout_pattern\u00a0\u00bb z_index=\u00a0\u00bb\u00a0\u00bb background_color=\u00a0\u00bb#ffffff\u00a0\u00bb][vc_column][vc_empty_space height=\u00a0\u00bb60px\u00a0\u00bb][vc_column_text]<\/p>\n<h1 style=\"text-align: center;\"><strong>CONCEVOIR UN JARDIN DE LA PAIX<\/strong><\/h1>\n<p>[\/vc_column_text][vc_empty_space][vc_column_text]<\/p>\n<h2 style=\"text-align: center;\"><strong>POSSIBILIT\u00c9S ET LIMITES POUR\u00a0 UNE UTILISATION RESPONSABLE<\/strong><\/h2>\n<p>[\/vc_column_text][vc_empty_space]<span class=\"separator_with_icon\" style='color:#666666;'><i class=\"fa fa-tree\"><\/i><\/span>[vc_empty_space][\/vc_column][\/vc_row][vc_row css_animation=\u00a0\u00bb\u00a0\u00bb row_type=\u00a0\u00bbrow\u00a0\u00bb use_row_as_full_screen_section=\u00a0\u00bbno\u00a0\u00bb type=\u00a0\u00bbfull_width\u00a0\u00bb angled_section=\u00a0\u00bbno\u00a0\u00bb text_align=\u00a0\u00bbleft\u00a0\u00bb background_image_as_pattern=\u00a0\u00bbwithout_pattern\u00a0\u00bb z_index=\u00a0\u00bb\u00a0\u00bb background_color=\u00a0\u00bb#ffffff\u00a0\u00bb][vc_column][qode_elements_holder background_color=\u00a0\u00bb#ffffff\u00a0\u00bb number_of_columns=\u00a0\u00bbtwo_columns\u00a0\u00bb][qode_elements_holder_item vertical_alignment=\u00a0\u00bbmiddle\u00a0\u00bb horizontal_alignment=\u00a0\u00bbcenter\u00a0\u00bb advanced_animations=\u00a0\u00bbno\u00a0\u00bb][vc_single_image image=\u00a0\u00bb4311&Prime; img_size=\u00a0\u00bbfull\u00a0\u00bb qode_css_animation=\u00a0\u00bb\u00a0\u00bb][vc_empty_space height=\u00a0\u00bb20px\u00a0\u00bb][\/qode_elements_holder_item][qode_elements_holder_item vertical_alignment=\u00a0\u00bbmiddle\u00a0\u00bb advanced_animations=\u00a0\u00bbno\u00a0\u00bb][vc_column_text el_class=\u00a0\u00bbmw600&Prime;]<\/p>\n<h3><em><strong>Un projet ouvert \u00e0 la personnalisation<\/strong><\/em><\/h3>\n<p>Le Jardin de la Paix est un projet ouvert qui offre la possibilit\u00e9 d\u2019\u00eatre personnalis\u00e9 par les communaut\u00e9s adh\u00e9rentes, en respectant toujours les limites d\u00e9finies dans l\u2019accord sign\u00e9 entre l\u2019entit\u00e9 responsable de sa conservation et l\u2019association The Garden of Peace. L\u2019association fournit les informations n\u00e9cessaires \u00e0 un choix conscient, permettant de caract\u00e9riser le jardin en harmonie avec le territoire, les habitants et le message \u00e0 communiquer. Sa r\u00e9alisation n\u00e9cessite une planification minutieuse et la participation active de la communaut\u00e9. Le jardin offre diff\u00e9rentes possibilit\u00e9s d\u2019utilisation, g\u00e9n\u00e9rant un sentiment de paix gr\u00e2ce \u00e0 une promenade parmi les oliviers de diff\u00e9rents pays m\u00e9diterran\u00e9ens et d\u2019ailleurs. Toutefois, l\u2019utilisation du jardin est r\u00e9glement\u00e9e afin de garantir la coh\u00e9rence et l\u2019int\u00e9grit\u00e9 du projet, en interdisant la propagande et les fins commerciales ou politiques. L\u2019association se concentre sur le soutien aux petites entit\u00e9s locales et recommande la cr\u00e9ation d\u2019un espace multifonctionnel \u00e0 c\u00f4t\u00e9 du jardin, afin de promouvoir l\u2019identit\u00e9 et d\u2019engager la communaut\u00e9. Cet espace peut \u00eatre utilis\u00e9 pour n\u2019importe quel \u00e9v\u00e9nement, expositions, concerts, conf\u00e9rences, etc. Durant la phase de mise en \u0153uvre, l\u2019implication active des \u00e9tudiants est cruciale, car ils peuvent participer \u00e0 tous les aspects du projet, de la planification \u00e0 la plantation des vari\u00e9t\u00e9s d\u2019olives. Les membres les plus \u00e2g\u00e9s de la communaut\u00e9 peuvent apporter leur exp\u00e9rience, en soutenant la plantation des jeunes plants et en partageant les connaissances traditionnelles sur l\u2019ol\u00e9iculture, qui risqueraient de se perdre.<\/p>\n<p>&nbsp;<\/p>\n<h3><strong><em> Cr\u00e9ation du jardin de la paix<\/em><\/strong><\/h3>\n<p>La r\u00e9alisation d\u2019un jardin de la paix n\u00e9cessite une planification minutieuse et une participation active de l\u2019ensemble de la communaut\u00e9. Pendant la phase de planification, les 21 vari\u00e9t\u00e9s d\u2019oliviers sont multipli\u00e9es par la BMGO (Banque mondiale de germoplasme d\u2019olivier) \u00e0 Cordoue, en Espagne. Les plants sont accompagn\u00e9s d\u2019un passeport phytosanitaire qui, conform\u00e9ment \u00e0 la r\u00e9glementation de l\u2019UE, garantit l\u2019absence d\u2019agents pathog\u00e8nes. Cela permet de garantir l\u2019int\u00e9grit\u00e9 des plantes et leur adaptation au jardin.[\/vc_column_text][vc_empty_space][\/qode_elements_holder_item][\/qode_elements_holder][\/vc_column][\/vc_row][vc_row css_animation=\u00a0\u00bb\u00a0\u00bb row_type=\u00a0\u00bbrow\u00a0\u00bb use_row_as_full_screen_section=\u00a0\u00bbno\u00a0\u00bb type=\u00a0\u00bbfull_width\u00a0\u00bb angled_section=\u00a0\u00bbno\u00a0\u00bb text_align=\u00a0\u00bbleft\u00a0\u00bb background_image_as_pattern=\u00a0\u00bbwithout_pattern\u00a0\u00bb z_index=\u00a0\u00bb\u00a0\u00bb background_color=\u00a0\u00bb#ececec\u00a0\u00bb][vc_column offset=\u00a0\u00bbvc_hidden-xs\u00a0\u00bb][qode_elements_holder number_of_columns=\u00a0\u00bbtwo_columns\u00a0\u00bb][qode_elements_holder_item vertical_alignment=\u00a0\u00bbmiddle\u00a0\u00bb advanced_animations=\u00a0\u00bbno\u00a0\u00bb][vc_empty_space height=\u00a0\u00bb15px\u00a0\u00bb][vc_column_text el_class=\u00a0\u00bbmw600&Prime;]<\/p>\n<h3><em><strong>Possibilit\u00e9 d\u2019utiliser le jardin de la paix<\/strong><\/em><\/h3>\n<p>La cr\u00e9ation d\u2019un jardin de la paix offre diff\u00e9rentes possibilit\u00e9s d\u2019utilisation, permettant ainsi de cr\u00e9er un espace de partage facilement r\u00e9alisable et utilisable. En se promenant dans le jardin, parmi les oliviers de 21 nations m\u00e9diterran\u00e9ennes et au-del\u00e0, il est possible de g\u00e9n\u00e9rer un sentiment de paix et de jeter les bases d\u2019une vision positive du monde et de l\u2019humanit\u00e9. Le projet s\u2019adapte \u00e0 toute solution urbaine, offrant la flexibilit\u00e9 de s\u2019int\u00e9grer dans les contextes locaux. Cependant, le projet est soumis \u00e0 des contraintes et le non-respect de celles-ci par le d\u00e9positaire implique la suppression du site web de l\u2019association The Garden of Peace et de toutes les initiatives qui y sont li\u00e9es.<\/p>\n<p>&nbsp;<\/p>\n<h3><em><strong>Limites d\u2019utilisation du jardin de la paix<\/strong><\/em><\/h3>\n<p><strong>\u00a0<\/strong>L\u2019utilisation du Jardin de la Paix est r\u00e9gie par son r\u00e8glement, qui impose certaines limites. Les usages autoris\u00e9s sont l\u2019information, l\u2019\u00e9ducation, la vulgarisation, la science et la promotion de la r\u00e9gion. En revanche, l\u2019utilisation du jardin est interdite \u00e0 des fins de propagande, commerciales et lucratives, politiques, personnelles ou \u00e0 toute autre fin qui contournerait l\u2019esprit \u00e9thique du projet, \u00e0 la seule discr\u00e9tion de l\u2019association.[\/vc_column_text][vc_empty_space height=\u00a0\u00bb15px\u00a0\u00bb][\/qode_elements_holder_item][qode_elements_holder_item vertical_alignment=\u00a0\u00bbmiddle\u00a0\u00bb horizontal_alignment=\u00a0\u00bbcenter\u00a0\u00bb advanced_animations=\u00a0\u00bbno\u00a0\u00bb][vc_single_image image=\u00a0\u00bb4315&Prime; img_size=\u00a0\u00bbfull\u00a0\u00bb qode_css_animation=\u00a0\u00bb\u00a0\u00bb][\/qode_elements_holder_item][\/qode_elements_holder][\/vc_column][\/vc_row][vc_row css_animation=\u00a0\u00bb\u00a0\u00bb row_type=\u00a0\u00bbrow\u00a0\u00bb use_row_as_full_screen_section=\u00a0\u00bbno\u00a0\u00bb type=\u00a0\u00bbfull_width\u00a0\u00bb angled_section=\u00a0\u00bbno\u00a0\u00bb text_align=\u00a0\u00bbleft\u00a0\u00bb background_image_as_pattern=\u00a0\u00bbwithout_pattern\u00a0\u00bb z_index=\u00a0\u00bb\u00a0\u00bb background_color=\u00a0\u00bb#ffffff\u00a0\u00bb][vc_column offset=\u00a0\u00bbvc_hidden-lg vc_hidden-md vc_hidden-sm\u00a0\u00bb][qode_elements_holder number_of_columns=\u00a0\u00bbtwo_columns\u00a0\u00bb][qode_elements_holder_item vertical_alignment=\u00a0\u00bbmiddle\u00a0\u00bb horizontal_alignment=\u00a0\u00bbcenter\u00a0\u00bb advanced_animations=\u00a0\u00bbno\u00a0\u00bb][vc_single_image image=\u00a0\u00bb4315&Prime; img_size=\u00a0\u00bbfull\u00a0\u00bb qode_css_animation=\u00a0\u00bb\u00a0\u00bb][\/qode_elements_holder_item][qode_elements_holder_item vertical_alignment=\u00a0\u00bbmiddle\u00a0\u00bb advanced_animations=\u00a0\u00bbno\u00a0\u00bb][vc_empty_space height=\u00a0\u00bb15px\u00a0\u00bb][vc_column_text el_class=\u00a0\u00bbmw600&Prime;]<\/p>\n<h3><em><strong>Possibilit\u00e9 d\u2019utiliser le jardin de la paix<\/strong><\/em><\/h3>\n<p>La cr\u00e9ation d\u2019un jardin de la paix offre diff\u00e9rentes possibilit\u00e9s d\u2019utilisation, permettant ainsi de cr\u00e9er un espace de partage facilement r\u00e9alisable et utilisable. En se promenant dans le jardin, parmi les oliviers de 21 nations m\u00e9diterran\u00e9ennes et au-del\u00e0, il est possible de g\u00e9n\u00e9rer un sentiment de paix et de jeter les bases d\u2019une vision positive du monde et de l\u2019humanit\u00e9. Le projet s\u2019adapte \u00e0 toute solution urbaine, offrant la flexibilit\u00e9 de s\u2019int\u00e9grer dans les contextes locaux. Cependant, le projet est soumis \u00e0 des contraintes et le non-respect de celles-ci par le d\u00e9positaire implique la suppression du site web de l\u2019association The Garden of Peace et de toutes les initiatives qui y sont li\u00e9es.<\/p>\n<p>&nbsp;<\/p>\n<h3><em><strong>Limites d\u2019utilisation du jardin de la paix<\/strong><\/em><\/h3>\n<p><strong>\u00a0<\/strong>L\u2019utilisation du Jardin de la Paix est r\u00e9gie par son r\u00e8glement, qui impose certaines limites. Les usages autoris\u00e9s sont l\u2019information, l\u2019\u00e9ducation, la vulgarisation, la science et la promotion de la r\u00e9gion. En revanche, l\u2019utilisation du jardin est interdite \u00e0 des fins de propagande, commerciales et lucratives, politiques, personnelles ou \u00e0 toute autre fin qui contournerait l\u2019esprit \u00e9thique du projet, \u00e0 la seule discr\u00e9tion de l\u2019association.[\/vc_column_text][vc_empty_space height=\u00a0\u00bb15px\u00a0\u00bb][\/qode_elements_holder_item][\/qode_elements_holder][\/vc_column][\/vc_row][vc_row css_animation=\u00a0\u00bb\u00a0\u00bb row_type=\u00a0\u00bbrow\u00a0\u00bb use_row_as_full_screen_section=\u00a0\u00bbno\u00a0\u00bb type=\u00a0\u00bbfull_width\u00a0\u00bb angled_section=\u00a0\u00bbno\u00a0\u00bb text_align=\u00a0\u00bbleft\u00a0\u00bb background_image_as_pattern=\u00a0\u00bbwithout_pattern\u00a0\u00bb z_index=\u00a0\u00bb\u00a0\u00bb background_color=\u00a0\u00bb#ffffff\u00a0\u00bb][vc_column][qode_elements_holder number_of_columns=\u00a0\u00bbtwo_columns\u00a0\u00bb][qode_elements_holder_item vertical_alignment=\u00a0\u00bbmiddle\u00a0\u00bb advanced_animations=\u00a0\u00bbno\u00a0\u00bb background_image=\u00a0\u00bb1077&Prime;][vc_single_image image=\u00a0\u00bb4320&Prime; img_size=\u00a0\u00bbfull\u00a0\u00bb qode_css_animation=\u00a0\u00bb\u00a0\u00bb][\/qode_elements_holder_item][qode_elements_holder_item vertical_alignment=\u00a0\u00bbmiddle\u00a0\u00bb horizontal_alignment=\u00a0\u00bbleft\u00a0\u00bb advanced_animations=\u00a0\u00bbno\u00a0\u00bb background_color=\u00a0\u00bb#ffffff\u00a0\u00bb][vc_empty_space height=\u00a0\u00bb15px\u00a0\u00bb][vc_column_text el_class=\u00a0\u00bbmw600&Prime;]<\/p>\n<h3><em><strong>Se concentrer sur les petites r\u00e9alit\u00e9s locales<\/strong><\/em><\/h3>\n<p><strong>\u00a0<\/strong>L\u2019association The Garden of Peace, organisation \u00e0 but non lucratif, accorde une attention particuli\u00e8re aux petites r\u00e9alit\u00e9s, souvent p\u00e9riph\u00e9riques, et aux ressources limit\u00e9es, en essayant de r\u00e9pondre \u00e0 leurs besoins et \u00e0 leurs possibilit\u00e9s. Afin d\u2019encourager la participation active de la communaut\u00e9 et de valoriser le territoire, l\u2019association propose de cr\u00e9er un espace multifonctionnel \u00e0 c\u00f4t\u00e9 du jardin, qui pourra accueillir des concerts, des expositions, des rencontres et des activit\u00e9s ludiques pour les enfants, contribuant ainsi \u00e0 renforcer le sens de l\u2019identit\u00e9 et \u00e0 promouvoir la participation des plus jeunes.[\/vc_column_text][vc_empty_space height=\u00a0\u00bb15px\u00a0\u00bb][\/qode_elements_holder_item][\/qode_elements_holder][\/vc_column][\/vc_row][vc_row css_animation=\u00a0\u00bb\u00a0\u00bb row_type=\u00a0\u00bbrow\u00a0\u00bb use_row_as_full_screen_section=\u00a0\u00bbno\u00a0\u00bb type=\u00a0\u00bbfull_width\u00a0\u00bb angled_section=\u00a0\u00bbno\u00a0\u00bb text_align=\u00a0\u00bbleft\u00a0\u00bb background_image_as_pattern=\u00a0\u00bbwithout_pattern\u00a0\u00bb z_index=\u00a0\u00bb\u00a0\u00bb background_color=\u00a0\u00bb#ffffff\u00a0\u00bb][vc_column][vc_empty_space]<span class=\"separator_with_icon\" style='color:#666666;'><i class=\"fa fa-tree\"><\/i><\/span>[\/vc_column][\/vc_row]<\/p>\n","protected":false},"excerpt":{"rendered":"<p>[vc_row css_animation=\u00a0\u00bb\u00a0\u00bb row_type=\u00a0\u00bbrow\u00a0\u00bb use_row_as_full_screen_section=\u00a0\u00bbno\u00a0\u00bb type=\u00a0\u00bbgrid\u00a0\u00bb angled_section=\u00a0\u00bbno\u00a0\u00bb text_align=\u00a0\u00bbcenter\u00a0\u00bb background_image_as_pattern=\u00a0\u00bbwithout_pattern\u00a0\u00bb z_index=\u00a0\u00bb\u00a0\u00bb background_color=\u00a0\u00bb#ffffff\u00a0\u00bb][vc_column][vc_empty_space height=\u00a0\u00bb60px\u00a0\u00bb][vc_column_text] CONCEVOIR UN JARDIN DE LA PAIX [\/vc_column_text][vc_empty_space][vc_column_text] POSSIBILIT\u00c9S ET LIMITES POUR\u00a0 UNE UTILISATION RESPONSABLE [\/vc_column_text][vc_empty_space][vc_empty_space][\/vc_column][\/vc_row][vc_row css_animation=\u00a0\u00bb\u00a0\u00bb row_type=\u00a0\u00bbrow\u00a0\u00bb use_row_as_full_screen_section=\u00a0\u00bbno\u00a0\u00bb type=\u00a0\u00bbfull_width\u00a0\u00bb angled_section=\u00a0\u00bbno\u00a0\u00bb text_align=\u00a0\u00bbleft\u00a0\u00bb background_image_as_pattern=\u00a0\u00bbwithout_pattern\u00a0\u00bb z_index=\u00a0\u00bb\u00a0\u00bb background_color=\u00a0\u00bb#ffffff\u00a0\u00bb][vc_column][qode_elements_holder background_color=\u00a0\u00bb#ffffff\u00a0\u00bb number_of_columns=\u00a0\u00bbtwo_columns\u00a0\u00bb][qode_elements_holder_item vertical_alignment=\u00a0\u00bbmiddle\u00a0\u00bb horizontal_alignment=\u00a0\u00bbcenter\u00a0\u00bb advanced_animations=\u00a0\u00bbno\u00a0\u00bb][vc_single_image image=\u00a0\u00bb4311&Prime; img_size=\u00a0\u00bbfull\u00a0\u00bb qode_css_animation=\u00a0\u00bb\u00a0\u00bb][vc_empty_space height=\u00a0\u00bb20px\u00a0\u00bb][\/qode_elements_holder_item][qode_elements_holder_item vertical_alignment=\u00a0\u00bbmiddle\u00a0\u00bb&#8230;<\/p>\n","protected":false},"author":1,"featured_media":0,"parent":0,"menu_order":0,"comment_status":"closed","ping_status":"closed","template":"full_width.php","meta":{"footnotes":""},"class_list":["post-611","page","type-page","status-publish","hentry"],"yoast_head":"<!-- This site is optimized with the Yoast SEO plugin v27.1.1 - https:\/\/yoast.com\/product\/yoast-seo-wordpress\/ -->\n<title>CONCEVOIR UN JARDIN DE LA PAIX - The Garden of Peace<\/title>\n<meta name=\"robots\" content=\"index, follow, max-snippet:-1, max-image-preview:large, max-video-preview:-1\" \/>\n<link rel=\"canonical\" href=\"https:\/\/www.thegardenofpeace.org\/symbol\/\" \/>\n<meta property=\"og:locale\" content=\"fr_FR\" \/>\n<meta property=\"og:type\" content=\"article\" \/>\n<meta property=\"og:title\" content=\"CONCEVOIR UN JARDIN DE LA PAIX - The Garden of Peace\" \/>\n<meta property=\"og:description\" content=\"[vc_row css_animation=\u00a0\u00bb\u00a0\u00bb row_type=\u00a0\u00bbrow\u00a0\u00bb use_row_as_full_screen_section=\u00a0\u00bbno\u00a0\u00bb type=\u00a0\u00bbgrid\u00a0\u00bb angled_section=\u00a0\u00bbno\u00a0\u00bb text_align=\u00a0\u00bbcenter\u00a0\u00bb background_image_as_pattern=\u00a0\u00bbwithout_pattern\u00a0\u00bb z_index=\u00a0\u00bb\u00a0\u00bb background_color=\u00a0\u00bb#ffffff\u00a0\u00bb][vc_column][vc_empty_space height=\u00a0\u00bb60px\u00a0\u00bb][vc_column_text] CONCEVOIR UN JARDIN DE LA PAIX [\/vc_column_text][vc_empty_space][vc_column_text] POSSIBILIT\u00c9S ET LIMITES POUR\u00a0 UNE UTILISATION RESPONSABLE [\/vc_column_text][vc_empty_space][vc_empty_space][\/vc_column][\/vc_row][vc_row css_animation=\u00a0\u00bb\u00a0\u00bb row_type=\u00a0\u00bbrow\u00a0\u00bb use_row_as_full_screen_section=\u00a0\u00bbno\u00a0\u00bb type=\u00a0\u00bbfull_width\u00a0\u00bb angled_section=\u00a0\u00bbno\u00a0\u00bb text_align=\u00a0\u00bbleft\u00a0\u00bb background_image_as_pattern=\u00a0\u00bbwithout_pattern\u00a0\u00bb z_index=\u00a0\u00bb\u00a0\u00bb background_color=\u00a0\u00bb#ffffff\u00a0\u00bb][vc_column][qode_elements_holder background_color=\u00a0\u00bb#ffffff\u00a0\u00bb number_of_columns=\u00a0\u00bbtwo_columns\u00a0\u00bb][qode_elements_holder_item vertical_alignment=\u00a0\u00bbmiddle\u00a0\u00bb horizontal_alignment=\u00a0\u00bbcenter\u00a0\u00bb advanced_animations=\u00a0\u00bbno\u00a0\u00bb][vc_single_image image=\u00a0\u00bb4311&Prime; img_size=\u00a0\u00bbfull\u00a0\u00bb qode_css_animation=\u00a0\u00bb\u00a0\u00bb][vc_empty_space height=\u00a0\u00bb20px\u00a0\u00bb][\/qode_elements_holder_item][qode_elements_holder_item vertical_alignment=\u00a0\u00bbmiddle\u00a0\u00bb...\" \/>\n<meta property=\"og:url\" content=\"https:\/\/www.thegardenofpeace.org\/symbol\/\" \/>\n<meta property=\"og:site_name\" content=\"The Garden of Peace\" \/>\n<meta property=\"article:modified_time\" content=\"2025-03-17T16:49:56+00:00\" \/>\n<meta property=\"og:image\" content=\"https:\/\/www.thegardenofpeace.org\/wp-content\/uploads\/2025\/12\/manos-olivos-con-mano-de-mujer-alta-definizione-scaled.jpg\" \/>\n\t<meta property=\"og:image:width\" content=\"2560\" \/>\n\t<meta property=\"og:image:height\" content=\"290\" \/>\n\t<meta property=\"og:image:type\" content=\"image\/jpeg\" \/>\n<meta name=\"twitter:card\" content=\"summary_large_image\" \/>\n<meta name=\"twitter:label1\" content=\"Dur\u00e9e de lecture estim\u00e9e\" \/>\n\t<meta name=\"twitter:data1\" content=\"8 minutes\" \/>\n<script type=\"application\/ld+json\" class=\"yoast-schema-graph\">{\"@context\":\"https:\/\/schema.org\",\"@graph\":[{\"@type\":\"WebPage\",\"@id\":\"https:\/\/www.thegardenofpeace.org\/symbol\/\",\"url\":\"https:\/\/www.thegardenofpeace.org\/symbol\/\",\"name\":\"CONCEVOIR UN JARDIN DE LA PAIX - The Garden of Peace\",\"isPartOf\":{\"@id\":\"https:\/\/www.thegardenofpeace.org\/fr\/#website\"},\"datePublished\":\"2022-07-06T14:37:42+00:00\",\"dateModified\":\"2025-03-17T16:49:56+00:00\",\"breadcrumb\":{\"@id\":\"https:\/\/www.thegardenofpeace.org\/symbol\/#breadcrumb\"},\"inLanguage\":\"fr-FR\",\"potentialAction\":[{\"@type\":\"ReadAction\",\"target\":[\"https:\/\/www.thegardenofpeace.org\/symbol\/\"]}]},{\"@type\":\"BreadcrumbList\",\"@id\":\"https:\/\/www.thegardenofpeace.org\/symbol\/#breadcrumb\",\"itemListElement\":[{\"@type\":\"ListItem\",\"position\":1,\"name\":\"Home\",\"item\":\"https:\/\/www.thegardenofpeace.org\/fr\/\"},{\"@type\":\"ListItem\",\"position\":2,\"name\":\"CONCEVOIR UN JARDIN DE LA PAIX\"}]},{\"@type\":\"WebSite\",\"@id\":\"https:\/\/www.thegardenofpeace.org\/fr\/#website\",\"url\":\"https:\/\/www.thegardenofpeace.org\/fr\/\",\"name\":\"The Garden of Peace\",\"description\":\"The Garden of Peace\",\"alternateName\":\"TGoP\",\"potentialAction\":[{\"@type\":\"SearchAction\",\"target\":{\"@type\":\"EntryPoint\",\"urlTemplate\":\"https:\/\/www.thegardenofpeace.org\/fr\/?s={search_term_string}\"},\"query-input\":{\"@type\":\"PropertyValueSpecification\",\"valueRequired\":true,\"valueName\":\"search_term_string\"}}],\"inLanguage\":\"fr-FR\"}]}<\/script>\n<!-- \/ Yoast SEO plugin. -->","yoast_head_json":{"title":"CONCEVOIR UN JARDIN DE LA PAIX - The Garden of Peace","robots":{"index":"index","follow":"follow","max-snippet":"max-snippet:-1","max-image-preview":"max-image-preview:large","max-video-preview":"max-video-preview:-1"},"canonical":"https:\/\/www.thegardenofpeace.org\/symbol\/","og_locale":"fr_FR","og_type":"article","og_title":"CONCEVOIR UN JARDIN DE LA PAIX - The Garden of Peace","og_description":"[vc_row css_animation=\u00a0\u00bb\u00a0\u00bb row_type=\u00a0\u00bbrow\u00a0\u00bb use_row_as_full_screen_section=\u00a0\u00bbno\u00a0\u00bb type=\u00a0\u00bbgrid\u00a0\u00bb angled_section=\u00a0\u00bbno\u00a0\u00bb text_align=\u00a0\u00bbcenter\u00a0\u00bb background_image_as_pattern=\u00a0\u00bbwithout_pattern\u00a0\u00bb z_index=\u00a0\u00bb\u00a0\u00bb background_color=\u00a0\u00bb#ffffff\u00a0\u00bb][vc_column][vc_empty_space height=\u00a0\u00bb60px\u00a0\u00bb][vc_column_text] CONCEVOIR UN JARDIN DE LA PAIX [\/vc_column_text][vc_empty_space][vc_column_text] POSSIBILIT\u00c9S ET LIMITES POUR\u00a0 UNE UTILISATION RESPONSABLE [\/vc_column_text][vc_empty_space][vc_empty_space][\/vc_column][\/vc_row][vc_row css_animation=\u00a0\u00bb\u00a0\u00bb row_type=\u00a0\u00bbrow\u00a0\u00bb use_row_as_full_screen_section=\u00a0\u00bbno\u00a0\u00bb type=\u00a0\u00bbfull_width\u00a0\u00bb angled_section=\u00a0\u00bbno\u00a0\u00bb text_align=\u00a0\u00bbleft\u00a0\u00bb background_image_as_pattern=\u00a0\u00bbwithout_pattern\u00a0\u00bb z_index=\u00a0\u00bb\u00a0\u00bb background_color=\u00a0\u00bb#ffffff\u00a0\u00bb][vc_column][qode_elements_holder background_color=\u00a0\u00bb#ffffff\u00a0\u00bb number_of_columns=\u00a0\u00bbtwo_columns\u00a0\u00bb][qode_elements_holder_item vertical_alignment=\u00a0\u00bbmiddle\u00a0\u00bb horizontal_alignment=\u00a0\u00bbcenter\u00a0\u00bb advanced_animations=\u00a0\u00bbno\u00a0\u00bb][vc_single_image image=\u00a0\u00bb4311&Prime; img_size=\u00a0\u00bbfull\u00a0\u00bb qode_css_animation=\u00a0\u00bb\u00a0\u00bb][vc_empty_space height=\u00a0\u00bb20px\u00a0\u00bb][\/qode_elements_holder_item][qode_elements_holder_item vertical_alignment=\u00a0\u00bbmiddle\u00a0\u00bb...","og_url":"https:\/\/www.thegardenofpeace.org\/symbol\/","og_site_name":"The Garden of Peace","article_modified_time":"2025-03-17T16:49:56+00:00","og_image":[{"width":2560,"height":290,"url":"https:\/\/www.thegardenofpeace.org\/wp-content\/uploads\/2025\/12\/manos-olivos-con-mano-de-mujer-alta-definizione-scaled.jpg","type":"image\/jpeg"}],"twitter_card":"summary_large_image","twitter_misc":{"Dur\u00e9e de lecture estim\u00e9e":"8 minutes"},"schema":{"@context":"https:\/\/schema.org","@graph":[{"@type":"WebPage","@id":"https:\/\/www.thegardenofpeace.org\/symbol\/","url":"https:\/\/www.thegardenofpeace.org\/symbol\/","name":"CONCEVOIR UN JARDIN DE LA PAIX - The Garden of Peace","isPartOf":{"@id":"https:\/\/www.thegardenofpeace.org\/fr\/#website"},"datePublished":"2022-07-06T14:37:42+00:00","dateModified":"2025-03-17T16:49:56+00:00","breadcrumb":{"@id":"https:\/\/www.thegardenofpeace.org\/symbol\/#breadcrumb"},"inLanguage":"fr-FR","potentialAction":[{"@type":"ReadAction","target":["https:\/\/www.thegardenofpeace.org\/symbol\/"]}]},{"@type":"BreadcrumbList","@id":"https:\/\/www.thegardenofpeace.org\/symbol\/#breadcrumb","itemListElement":[{"@type":"ListItem","position":1,"name":"Home","item":"https:\/\/www.thegardenofpeace.org\/fr\/"},{"@type":"ListItem","position":2,"name":"CONCEVOIR UN JARDIN DE LA PAIX"}]},{"@type":"WebSite","@id":"https:\/\/www.thegardenofpeace.org\/fr\/#website","url":"https:\/\/www.thegardenofpeace.org\/fr\/","name":"The Garden of Peace","description":"The Garden of Peace","alternateName":"TGoP","potentialAction":[{"@type":"SearchAction","target":{"@type":"EntryPoint","urlTemplate":"https:\/\/www.thegardenofpeace.org\/fr\/?s={search_term_string}"},"query-input":{"@type":"PropertyValueSpecification","valueRequired":true,"valueName":"search_term_string"}}],"inLanguage":"fr-FR"}]}},"_links":{"self":[{"href":"https:\/\/www.thegardenofpeace.org\/fr\/wp-json\/wp\/v2\/pages\/611","targetHints":{"allow":["GET"]}}],"collection":[{"href":"https:\/\/www.thegardenofpeace.org\/fr\/wp-json\/wp\/v2\/pages"}],"about":[{"href":"https:\/\/www.thegardenofpeace.org\/fr\/wp-json\/wp\/v2\/types\/page"}],"author":[{"embeddable":true,"href":"https:\/\/www.thegardenofpeace.org\/fr\/wp-json\/wp\/v2\/users\/1"}],"replies":[{"embeddable":true,"href":"https:\/\/www.thegardenofpeace.org\/fr\/wp-json\/wp\/v2\/comments?post=611"}],"version-history":[{"count":27,"href":"https:\/\/www.thegardenofpeace.org\/fr\/wp-json\/wp\/v2\/pages\/611\/revisions"}],"predecessor-version":[{"id":4492,"href":"https:\/\/www.thegardenofpeace.org\/fr\/wp-json\/wp\/v2\/pages\/611\/revisions\/4492"}],"wp:attachment":[{"href":"https:\/\/www.thegardenofpeace.org\/fr\/wp-json\/wp\/v2\/media?parent=611"}],"curies":[{"name":"wp","href":"https:\/\/api.w.org\/{rel}","templated":true}]}}