{"id":13575,"date":"2025-11-15T15:38:20","date_gmt":"2025-11-15T14:38:20","guid":{"rendered":"https:\/\/www.thegardenofpeace.org\/?page_id=13575"},"modified":"2025-11-15T15:52:49","modified_gmt":"2025-11-15T14:52:49","slug":"pace-tra-gli-stati","status":"publish","type":"page","link":"https:\/\/www.thegardenofpeace.org\/it\/pace-tra-gli-stati\/","title":{"rendered":"pace tra gli stati"},"content":{"rendered":"<p>[vc_row css_animation=&#8221;&#8221; row_type=&#8221;row&#8221; use_row_as_full_screen_section=&#8221;no&#8221; type=&#8221;full_width&#8221; angled_section=&#8221;no&#8221; text_align=&#8221;left&#8221; background_image_as_pattern=&#8221;without_pattern&#8221;][vc_column][vc_column_text]<\/p>\n<h2 style=\"text-align: center;\"><strong>PACE FRA GLI STATI<\/strong><\/h2>\n<p>[\/vc_column_text][\/vc_column][\/vc_row][vc_row css_animation=&#8221;&#8221; row_type=&#8221;row&#8221; use_row_as_full_screen_section=&#8221;no&#8221; type=&#8221;full_width&#8221; angled_section=&#8221;no&#8221; text_align=&#8221;left&#8221; background_image_as_pattern=&#8221;without_pattern&#8221;][vc_column][vc_empty_space][vc_column_text]<\/p>\n<h3 data-start=\"317\" data-end=\"360\"><em><strong data-start=\"320\" data-end=\"360\">Un giardino condiviso tra le nazioni<\/strong><\/em><\/h3>\n<p data-start=\"362\" data-end=\"709\">Pace fra gli Stati \u00e8 il progetto del The Garden of Peace che riunisce 21 olivi, 21 identit\u00e0 nazionali, all\u2019interno di un unico spazio simbolico.<br data-start=\"510\" data-end=\"513\" \/>Un giardino reale in cui le piante convivono come rappresentanti silenziose delle nazioni, trasformando un uliveto condiviso in un luogo di dialogo, <em>riconciliazione e responsabilit\u00e0 reciproca<\/em><em>.<\/em><\/p>\n<p data-start=\"711\" data-end=\"985\">L\u2019olivo, riconosciuto dall\u2019UNESCO come simbolo universale di saggezza, armonia e pace, diventa qui un ponte tra i popoli: radici che condividono lo stesso terreno e rami che puntano verso orizzonti diversi, come le storie di chi sceglie l\u2019incontro invece della distanza.<\/p>\n<p data-start=\"987\" data-end=\"1176\">Ogni albero \u00e8 accompagnato da un tassello narrativo \u2013 targa, legenda o QR code \u2013 che racconta la variet\u00e0 autoctona e il Paese di origine, dando voce alle culture che convivono nel giardino.<\/p>\n<p>[\/vc_column_text][\/vc_column][\/vc_row][vc_row css_animation=&#8221;&#8221; row_type=&#8221;row&#8221; use_row_as_full_screen_section=&#8221;no&#8221; type=&#8221;full_width&#8221; angled_section=&#8221;no&#8221; text_align=&#8221;left&#8221; background_image_as_pattern=&#8221;without_pattern&#8221;][vc_column][vc_empty_space][vc_column_text]<\/p>\n<h3 data-start=\"1183\" data-end=\"1231\"><em><strong data-start=\"1186\" data-end=\"1231\">Identit\u00e0, memoria e responsabilit\u00e0 comune<\/strong><\/em><\/h3>\n<p data-start=\"1233\" data-end=\"1343\">I 21 olivi rappresentano provenienze geopolitiche differenti. Insieme, danno vita a un paesaggio che racconta:<\/p>\n<p data-start=\"1347\" data-end=\"1438\">la scelta di <strong data-start=\"1360\" data-end=\"1393\">condividere uno stesso spazio<\/strong> oltre le differenze politiche e culturali;<\/p>\n<p data-start=\"1441\" data-end=\"1513\">la trasformazione del paesaggio in <strong data-start=\"1476\" data-end=\"1510\">territorio neutrale di dialogo<\/strong>;<\/p>\n<p data-start=\"1516\" data-end=\"1606\">una pratica concreta di pace, fatta di <strong data-start=\"1555\" data-end=\"1584\">gesti semplici e continui<\/strong>, non solo di intenti.<\/p>\n<p data-start=\"1608\" data-end=\"1869\">Le piante provengono da <strong data-start=\"1632\" data-end=\"1658\">collezioni certificate<\/strong> e da Banchi Mondiali del Germoplasma dell\u2019Olivo.<br data-start=\"1707\" data-end=\"1710\" \/>Ognuna viaggia con certificazione fitosanitaria internazionale che garantisce identit\u00e0 varietale, tracciabilit\u00e0 e rispetto delle normative del Paese ospitante.<\/p>\n<p data-start=\"1871\" data-end=\"1911\">Il giardino che nasce \u00e8 al tempo stesso:<\/p>\n<p data-start=\"1915\" data-end=\"1959\"><strong data-start=\"1915\" data-end=\"1928\">simbolico<\/strong>, perch\u00e9 riunisce 21 nazioni;<\/p>\n<p data-start=\"1962\" data-end=\"2030\"><strong data-start=\"1962\" data-end=\"1977\">scientifico<\/strong>, perch\u00e9 custodisce variet\u00e0 tracciabili e tutelate;<\/p>\n<p data-start=\"2033\" data-end=\"2106\"><strong data-start=\"2033\" data-end=\"2043\">civico<\/strong>, perch\u00e9 diventa bene condiviso dalla comunit\u00e0 che lo accoglie.<\/p>\n<p>[\/vc_column_text][\/vc_column][\/vc_row][vc_row css_animation=&#8221;&#8221; row_type=&#8221;row&#8221; use_row_as_full_screen_section=&#8221;no&#8221; type=&#8221;full_width&#8221; angled_section=&#8221;no&#8221; text_align=&#8221;left&#8221; background_image_as_pattern=&#8221;without_pattern&#8221;][vc_column][vc_empty_space][vc_column_text]<\/p>\n<h3 data-start=\"2113\" data-end=\"2168\"><em><strong data-start=\"2116\" data-end=\"2168\">Un progetto globale che invita alla cooperazione<\/strong><\/em><\/h3>\n<p data-start=\"2170\" data-end=\"2391\">Pace fra gli Stati \u00e8 pensato per istituzioni, citt\u00e0, universit\u00e0, enti culturali e fondazioni che desiderano <strong data-start=\"2278\" data-end=\"2340\">promuovere una visione di cooperazione oltre le differenze<\/strong>.<br data-start=\"2341\" data-end=\"2344\" \/>Il percorso per realizzare un giardino prevede:<\/p>\n<ol data-start=\"2393\" data-end=\"2782\">\n<li data-start=\"2393\" data-end=\"2443\">\n<p data-start=\"2396\" data-end=\"2443\">un primo contatto con il The Garden of Peace;<\/p>\n<\/li>\n<li data-start=\"2444\" data-end=\"2492\">\n<p data-start=\"2447\" data-end=\"2492\">una valutazione dell\u2019area e della proposta;<\/p>\n<\/li>\n<li data-start=\"2493\" data-end=\"2556\">\n<p data-start=\"2496\" data-end=\"2556\">un accordo formale che definisce impegni e responsabilit\u00e0;<\/p>\n<\/li>\n<li data-start=\"2557\" data-end=\"2627\">\n<p data-start=\"2560\" data-end=\"2627\">la consegna delle 21 piante certificate e la loro messa a dimora;<\/p>\n<\/li>\n<li data-start=\"2628\" data-end=\"2708\">\n<p data-start=\"2631\" data-end=\"2708\">una cerimonia condivisa con comunit\u00e0, scuole, rappresentanti istituzionali;<\/p>\n<\/li>\n<li data-start=\"2709\" data-end=\"2782\">\n<p data-start=\"2712\" data-end=\"2782\">l\u2019ingresso del sito nella rete internazionale dei Giardini della Pace.<\/p>\n<\/li>\n<\/ol>\n<p data-start=\"2784\" data-end=\"2949\">Il progetto \u00e8 gi\u00e0 in cammino in pi\u00f9 territori \u2014 dall\u2019Italia al Mediterraneo \u2014 dove l\u2019olivo sta diventando <strong data-start=\"2890\" data-end=\"2917\">ambasciatore di dialogo<\/strong> tra culture e luoghi simbolici.<\/p>\n<p data-start=\"2951\" data-end=\"3151\"><strong data-start=\"2951\" data-end=\"3002\">Vuoi proporre un Giardino \u201cPace fra gli Stati\u201d?<\/strong><br data-start=\"3002\" data-end=\"3005\" \/>Siamo a disposizione per valutare insieme progetti, luoghi e collaborazioni. Puoi contattarci dalla pagina dedicata o tramite posta istituzionale.<\/p>\n<p>[\/vc_column_text][\/vc_column][\/vc_row]<\/p>\n","protected":false},"excerpt":{"rendered":"<p>[vc_row css_animation=&#8221;&#8221; row_type=&#8221;row&#8221; use_row_as_full_screen_section=&#8221;no&#8221; type=&#8221;full_width&#8221; angled_section=&#8221;no&#8221; text_align=&#8221;left&#8221; background_image_as_pattern=&#8221;without_pattern&#8221;][vc_column][vc_column_text] PACE FRA GLI STATI [\/vc_column_text][\/vc_column][\/vc_row][vc_row css_animation=&#8221;&#8221; row_type=&#8221;row&#8221; use_row_as_full_screen_section=&#8221;no&#8221; type=&#8221;full_width&#8221; angled_section=&#8221;no&#8221; text_align=&#8221;left&#8221; background_image_as_pattern=&#8221;without_pattern&#8221;][vc_column][vc_empty_space][vc_column_text] Un giardino condiviso tra le nazioni Pace fra gli Stati \u00e8 il progetto del The Garden of Peace che riunisce 21 olivi, 21 identit\u00e0 nazionali,&#8230;<\/p>\n","protected":false},"author":3,"featured_media":0,"parent":0,"menu_order":0,"comment_status":"closed","ping_status":"closed","template":"","meta":{"footnotes":""},"class_list":["post-13575","page","type-page","status-publish","hentry"],"yoast_head":"<!-- This site is optimized with the Yoast SEO plugin v27.1.1 - https:\/\/yoast.com\/product\/yoast-seo-wordpress\/ -->\n<title>pace tra gli stati - The Garden of Peace<\/title>\n<meta name=\"robots\" content=\"index, follow, max-snippet:-1, max-image-preview:large, max-video-preview:-1\" \/>\n<link rel=\"canonical\" href=\"https:\/\/www.thegardenofpeace.org\/it\/pace-tra-gli-stati\/\" \/>\n<meta property=\"og:locale\" content=\"it_IT\" \/>\n<meta property=\"og:type\" content=\"article\" \/>\n<meta property=\"og:title\" content=\"pace tra gli stati - The Garden of Peace\" \/>\n<meta property=\"og:description\" content=\"[vc_row css_animation=&#8221;&#8221; row_type=&#8221;row&#8221; use_row_as_full_screen_section=&#8221;no&#8221; type=&#8221;full_width&#8221; angled_section=&#8221;no&#8221; text_align=&#8221;left&#8221; background_image_as_pattern=&#8221;without_pattern&#8221;][vc_column][vc_column_text] PACE FRA GLI STATI [\/vc_column_text][\/vc_column][\/vc_row][vc_row css_animation=&#8221;&#8221; row_type=&#8221;row&#8221; use_row_as_full_screen_section=&#8221;no&#8221; type=&#8221;full_width&#8221; angled_section=&#8221;no&#8221; text_align=&#8221;left&#8221; background_image_as_pattern=&#8221;without_pattern&#8221;][vc_column][vc_empty_space][vc_column_text] Un giardino condiviso tra le nazioni Pace fra gli Stati \u00e8 il progetto del The Garden of Peace che riunisce 21 olivi, 21 identit\u00e0 nazionali,...\" \/>\n<meta property=\"og:url\" content=\"https:\/\/www.thegardenofpeace.org\/it\/pace-tra-gli-stati\/\" \/>\n<meta property=\"og:site_name\" content=\"The Garden of Peace\" \/>\n<meta property=\"article:modified_time\" content=\"2025-11-15T14:52:49+00:00\" \/>\n<meta property=\"og:image\" content=\"https:\/\/www.thegardenofpeace.org\/wp-content\/uploads\/2025\/12\/manos-olivos-con-mano-de-mujer-alta-definizione-scaled.jpg\" \/>\n\t<meta property=\"og:image:width\" content=\"2560\" \/>\n\t<meta property=\"og:image:height\" content=\"290\" \/>\n\t<meta property=\"og:image:type\" content=\"image\/jpeg\" \/>\n<meta name=\"twitter:card\" content=\"summary_large_image\" \/>\n<meta name=\"twitter:label1\" content=\"Tempo di lettura stimato\" \/>\n\t<meta name=\"twitter:data1\" content=\"3 minuti\" \/>\n<script type=\"application\/ld+json\" class=\"yoast-schema-graph\">{\"@context\":\"https:\/\/schema.org\",\"@graph\":[{\"@type\":\"WebPage\",\"@id\":\"https:\/\/www.thegardenofpeace.org\/it\/pace-tra-gli-stati\/\",\"url\":\"https:\/\/www.thegardenofpeace.org\/it\/pace-tra-gli-stati\/\",\"name\":\"pace tra gli stati - The Garden of Peace\",\"isPartOf\":{\"@id\":\"https:\/\/www.thegardenofpeace.org\/fr\/#website\"},\"datePublished\":\"2025-11-15T14:38:20+00:00\",\"dateModified\":\"2025-11-15T14:52:49+00:00\",\"breadcrumb\":{\"@id\":\"https:\/\/www.thegardenofpeace.org\/it\/pace-tra-gli-stati\/#breadcrumb\"},\"inLanguage\":\"it-IT\",\"potentialAction\":[{\"@type\":\"ReadAction\",\"target\":[\"https:\/\/www.thegardenofpeace.org\/it\/pace-tra-gli-stati\/\"]}]},{\"@type\":\"BreadcrumbList\",\"@id\":\"https:\/\/www.thegardenofpeace.org\/it\/pace-tra-gli-stati\/#breadcrumb\",\"itemListElement\":[{\"@type\":\"ListItem\",\"position\":1,\"name\":\"Home\",\"item\":\"https:\/\/www.thegardenofpeace.org\/it\/\"},{\"@type\":\"ListItem\",\"position\":2,\"name\":\"pace tra gli stati\"}]},{\"@type\":\"WebSite\",\"@id\":\"https:\/\/www.thegardenofpeace.org\/fr\/#website\",\"url\":\"https:\/\/www.thegardenofpeace.org\/fr\/\",\"name\":\"The Garden of Peace\",\"description\":\"Olive trees, culture and education for peace\",\"alternateName\":\"TGoP\",\"potentialAction\":[{\"@type\":\"SearchAction\",\"target\":{\"@type\":\"EntryPoint\",\"urlTemplate\":\"https:\/\/www.thegardenofpeace.org\/fr\/?s={search_term_string}\"},\"query-input\":{\"@type\":\"PropertyValueSpecification\",\"valueRequired\":true,\"valueName\":\"search_term_string\"}}],\"inLanguage\":\"it-IT\"}]}<\/script>\n<!-- \/ Yoast SEO plugin. -->","yoast_head_json":{"title":"pace tra gli stati - The Garden of Peace","robots":{"index":"index","follow":"follow","max-snippet":"max-snippet:-1","max-image-preview":"max-image-preview:large","max-video-preview":"max-video-preview:-1"},"canonical":"https:\/\/www.thegardenofpeace.org\/it\/pace-tra-gli-stati\/","og_locale":"it_IT","og_type":"article","og_title":"pace tra gli stati - The Garden of Peace","og_description":"[vc_row css_animation=&#8221;&#8221; row_type=&#8221;row&#8221; use_row_as_full_screen_section=&#8221;no&#8221; type=&#8221;full_width&#8221; angled_section=&#8221;no&#8221; text_align=&#8221;left&#8221; background_image_as_pattern=&#8221;without_pattern&#8221;][vc_column][vc_column_text] PACE FRA GLI STATI [\/vc_column_text][\/vc_column][\/vc_row][vc_row css_animation=&#8221;&#8221; row_type=&#8221;row&#8221; use_row_as_full_screen_section=&#8221;no&#8221; type=&#8221;full_width&#8221; angled_section=&#8221;no&#8221; text_align=&#8221;left&#8221; background_image_as_pattern=&#8221;without_pattern&#8221;][vc_column][vc_empty_space][vc_column_text] Un giardino condiviso tra le nazioni Pace fra gli Stati \u00e8 il progetto del The Garden of Peace che riunisce 21 olivi, 21 identit\u00e0 nazionali,...","og_url":"https:\/\/www.thegardenofpeace.org\/it\/pace-tra-gli-stati\/","og_site_name":"The Garden of Peace","article_modified_time":"2025-11-15T14:52:49+00:00","og_image":[{"width":2560,"height":290,"url":"https:\/\/www.thegardenofpeace.org\/wp-content\/uploads\/2025\/12\/manos-olivos-con-mano-de-mujer-alta-definizione-scaled.jpg","type":"image\/jpeg"}],"twitter_card":"summary_large_image","twitter_misc":{"Tempo di lettura stimato":"3 minuti"},"schema":{"@context":"https:\/\/schema.org","@graph":[{"@type":"WebPage","@id":"https:\/\/www.thegardenofpeace.org\/it\/pace-tra-gli-stati\/","url":"https:\/\/www.thegardenofpeace.org\/it\/pace-tra-gli-stati\/","name":"pace tra gli stati - The Garden of Peace","isPartOf":{"@id":"https:\/\/www.thegardenofpeace.org\/fr\/#website"},"datePublished":"2025-11-15T14:38:20+00:00","dateModified":"2025-11-15T14:52:49+00:00","breadcrumb":{"@id":"https:\/\/www.thegardenofpeace.org\/it\/pace-tra-gli-stati\/#breadcrumb"},"inLanguage":"it-IT","potentialAction":[{"@type":"ReadAction","target":["https:\/\/www.thegardenofpeace.org\/it\/pace-tra-gli-stati\/"]}]},{"@type":"BreadcrumbList","@id":"https:\/\/www.thegardenofpeace.org\/it\/pace-tra-gli-stati\/#breadcrumb","itemListElement":[{"@type":"ListItem","position":1,"name":"Home","item":"https:\/\/www.thegardenofpeace.org\/it\/"},{"@type":"ListItem","position":2,"name":"pace tra gli stati"}]},{"@type":"WebSite","@id":"https:\/\/www.thegardenofpeace.org\/fr\/#website","url":"https:\/\/www.thegardenofpeace.org\/fr\/","name":"The Garden of Peace","description":"Olive trees, culture and education for peace","alternateName":"TGoP","potentialAction":[{"@type":"SearchAction","target":{"@type":"EntryPoint","urlTemplate":"https:\/\/www.thegardenofpeace.org\/fr\/?s={search_term_string}"},"query-input":{"@type":"PropertyValueSpecification","valueRequired":true,"valueName":"search_term_string"}}],"inLanguage":"it-IT"}]}},"_links":{"self":[{"href":"https:\/\/www.thegardenofpeace.org\/it\/wp-json\/wp\/v2\/pages\/13575","targetHints":{"allow":["GET"]}}],"collection":[{"href":"https:\/\/www.thegardenofpeace.org\/it\/wp-json\/wp\/v2\/pages"}],"about":[{"href":"https:\/\/www.thegardenofpeace.org\/it\/wp-json\/wp\/v2\/types\/page"}],"author":[{"embeddable":true,"href":"https:\/\/www.thegardenofpeace.org\/it\/wp-json\/wp\/v2\/users\/3"}],"replies":[{"embeddable":true,"href":"https:\/\/www.thegardenofpeace.org\/it\/wp-json\/wp\/v2\/comments?post=13575"}],"version-history":[{"count":3,"href":"https:\/\/www.thegardenofpeace.org\/it\/wp-json\/wp\/v2\/pages\/13575\/revisions"}],"predecessor-version":[{"id":14464,"href":"https:\/\/www.thegardenofpeace.org\/it\/wp-json\/wp\/v2\/pages\/13575\/revisions\/14464"}],"wp:attachment":[{"href":"https:\/\/www.thegardenofpeace.org\/it\/wp-json\/wp\/v2\/media?parent=13575"}],"curies":[{"name":"wp","href":"https:\/\/api.w.org\/{rel}","templated":true}]}}