{"id":612,"date":"2022-07-06T16:37:42","date_gmt":"2022-07-06T14:37:42","guid":{"rendered":"https:\/\/www.thegardenofpeace.org\/symbol\/"},"modified":"2025-03-17T14:52:15","modified_gmt":"2025-03-17T13:52:15","slug":"symbol","status":"publish","type":"page","link":"https:\/\/www.thegardenofpeace.org\/it\/symbol\/","title":{"rendered":"Progettare un Giardino della Pace"},"content":{"rendered":"<p>[vc_row css_animation=&#8221;&#8221; row_type=&#8221;row&#8221; use_row_as_full_screen_section=&#8221;no&#8221; type=&#8221;grid&#8221; angled_section=&#8221;no&#8221; text_align=&#8221;center&#8221; background_image_as_pattern=&#8221;without_pattern&#8221; z_index=&#8221;&#8221; background_color=&#8221;#ffffff&#8221;][vc_column][vc_empty_space height=&#8221;60px&#8221;][vc_column_text]<\/p>\n<h1 style=\"text-align: center;\"><strong>PROGETTARE UN GIARDINO DELLA PACE<\/strong><\/h1>\n<h4 style=\"text-align: center;\"><\/h4>\n<p>[\/vc_column_text][vc_empty_space height=&#8221;36px&#8221;][vc_column_text]<\/p>\n<h2 style=\"text-align: center;\"><strong>POSSIBILITA&#8217; E LIMITI PER UN UTILIZZO RESPONSABILE<\/strong><\/h2>\n<p>[\/vc_column_text][vc_empty_space height=&#8221;36px&#8221;]<span class=\"separator_with_icon\" style='color:#707070;'><i class=\"fa fa-tree\"><\/i><\/span>[vc_empty_space height=&#8221;60px&#8221;][\/vc_column][\/vc_row][vc_row css_animation=&#8221;&#8221; row_type=&#8221;row&#8221; use_row_as_full_screen_section=&#8221;no&#8221; type=&#8221;full_width&#8221; angled_section=&#8221;no&#8221; text_align=&#8221;left&#8221; background_image_as_pattern=&#8221;without_pattern&#8221; z_index=&#8221;&#8221; background_color=&#8221;#ffffff&#8221;][vc_column][qode_elements_holder background_color=&#8221;#ffffff&#8221; number_of_columns=&#8221;two_columns&#8221;][qode_elements_holder_item vertical_alignment=&#8221;middle&#8221; horizontal_alignment=&#8221;center&#8221; advanced_animations=&#8221;no&#8221; background_color=&#8221;#ffffff&#8221;][vc_single_image image=&#8221;4309&#8243; img_size=&#8221;full&#8221; alignment=&#8221;center&#8221; qode_css_animation=&#8221;&#8221;][\/qode_elements_holder_item][qode_elements_holder_item vertical_alignment=&#8221;middle&#8221; advanced_animations=&#8221;no&#8221; background_color=&#8221;#ffffff&#8221;][vc_empty_space height=&#8221;15px&#8221;][vc_column_text el_class=&#8221;mw600&#8243;]<\/p>\n<h3><strong><em>Un progetto aperto alla personalizzazione<\/em><\/strong><\/h3>\n<p>Il Giardino della Pace \u00e8 un progetto aperto che offre la possibilit\u00e0 di personalizzazione da parte delle comunit\u00e0 aderenti, sempre nel rispetto dei limiti definiti nell\u2019accordo firmato tra il depositario e l\u2019associazione The Garden of Peace. L\u2019associazione fornisce le informazioni necessarie per una scelta consapevole, permettendo la caratterizzazione del giardino in armonia con il territorio, gli abitanti e il messaggio da comunicare. La sua realizzazione richiede una pianificazione accurata e il coinvolgimento attivo della comunit\u00e0. Il giardino offre diverse possibilit\u00e0 di utilizzo, generando una sensazione di pace attraverso una passeggiata tra gli olivi provenienti da diverse nazioni mediterranee e oltre. Tuttavia, l\u2019uso del giardino \u00e8 regolamentato per garantire la coerenza e l\u2019integrit\u00e0 del progetto, vietando scopi propagandistici, commerciali o politici. L\u2019associazione si concentra sul supporto alle piccole realt\u00e0 locali, consigliando di creare uno spazio polifunzionale accanto al giardino per promuovere l\u2019identit\u00e0 e coinvolgere la comunit\u00e0. Tale spazio pu\u00f2 essere utilizzato per qualunque evento, dalle mostre, ai concerti, ai convegni e quant\u2019altro. Durante la fase di realizzazione, \u00e8 fondamentale il coinvolgimento attivo degli studenti, che possono partecipare a tutti gli aspetti del progetto, dalla progettazione alla messa a dimora delle variet\u00e0 di olivo. Gli anziani della comunit\u00e0 possono contribuire con la loro esperienza, supportando la piantumazione delle piantine e condividendo conoscenze tradizionali legate all\u2019olivicoltura che altrimenti potrebbero andare perdute.<\/p>\n<p>&nbsp;<\/p>\n<h3><strong><em>Realizzazione del Giardino della Pace<\/em><\/strong><\/h3>\n<p>La realizzazione del Giardino della Pace richiede una pianificazione accurata e un coinvolgimento attivo di tutta la comunit\u00e0. Durante la fase di progettazione, vengono moltiplicate le 21 variet\u00e0 di olivi dal BMGO (Banco mondiale del Germoplasma dell\u2019olivo) di Cordova, in Spagna. Le piantine vengo spedite accompagnate da un passaporto fitosanitario che, in ottemperanza con il regolamento della UE, garantisce l&#8217;assenza dei patogeni previsti da tale normativa. Questo assicura l\u2019integrit\u00e0 delle piante e la loro idoneit\u00e0 per la realizzazione del giardino.[\/vc_column_text][vc_empty_space height=&#8221;15px&#8221;][\/qode_elements_holder_item][\/qode_elements_holder][\/vc_column][\/vc_row][vc_row css_animation=&#8221;&#8221; row_type=&#8221;row&#8221; use_row_as_full_screen_section=&#8221;no&#8221; type=&#8221;full_width&#8221; angled_section=&#8221;no&#8221; text_align=&#8221;left&#8221; background_image_as_pattern=&#8221;without_pattern&#8221; z_index=&#8221;&#8221; background_color=&#8221;#ececec&#8221;][vc_column offset=&#8221;vc_hidden-xs&#8221;][qode_elements_holder background_color=&#8221;#ffffff&#8221; number_of_columns=&#8221;two_columns&#8221;][qode_elements_holder_item vertical_alignment=&#8221;middle&#8221; advanced_animations=&#8221;no&#8221;][vc_empty_space height=&#8221;15px&#8221;][vc_column_text el_class=&#8221;mw600&#8243;]<\/p>\n<h3><strong><em>Possibilit\u00e0 di utilizzo del Giardino della Pace<\/em><\/strong><\/h3>\n<p>La realizzazione di un Giardino della Pace offre diverse possibilit\u00e0 di utilizzo, consentendo di creare uno spazio di condivisione facilmente realizzabile e fruibile. Attraverso una passeggiata nel giardino, tra gli olivi appartenenti a 21 nazioni del Mediterraneo e anche oltre, \u00e8 possibile generare una sensazione di pace e mettere le basi per una visione positiva verso il mondo e il genere umano. Il progetto si adatta a ogni soluzione urbana, offrendo la flessibilit\u00e0 necessaria per essere integrato nei contesti locali. Tuttavia il progetto ha dei vincoli e la inosservanza da parte del depositario, implica la cancellazione dalla web di The garden of Peace e da tutte le iniziative correlate.<\/p>\n<p>&nbsp;<\/p>\n<h3><strong><em>Limiti di utilizzo del Giardino della Pace<\/em><\/strong><\/h3>\n<p>L\u2019utilizzo del Giardino della Pace \u00e8 regolamentato dallo statuto della The Garden of Peace, che impone alcuni limiti. Gli utilizzi consentiti includono fini informativi, educativi, divulgativi, scientifici e la promozione del territorio. Tuttavia, l\u2019uso del giardino \u00e8 vietato per scopi propagandistici, commerciali e lucrativi, politici, personali o per qualsiasi altro fine che eluda lo spirito etico del progetto a giudizio insindacabile dell\u2019associazione.[\/vc_column_text][vc_empty_space height=&#8221;15px&#8221;][\/qode_elements_holder_item][qode_elements_holder_item vertical_alignment=&#8221;middle&#8221; horizontal_alignment=&#8221;center&#8221; advanced_animations=&#8221;no&#8221;][vc_single_image image=&#8221;4313&#8243; img_size=&#8221;full&#8221; alignment=&#8221;center&#8221; qode_css_animation=&#8221;&#8221;][\/qode_elements_holder_item][\/qode_elements_holder][\/vc_column][\/vc_row][vc_row css_animation=&#8221;&#8221; row_type=&#8221;row&#8221; use_row_as_full_screen_section=&#8221;no&#8221; type=&#8221;full_width&#8221; angled_section=&#8221;no&#8221; text_align=&#8221;left&#8221; background_image_as_pattern=&#8221;without_pattern&#8221; z_index=&#8221;&#8221; background_color=&#8221;#ececec&#8221;][vc_column offset=&#8221;vc_hidden-lg vc_hidden-md vc_hidden-sm&#8221;][qode_elements_holder number_of_columns=&#8221;two_columns&#8221;][qode_elements_holder_item vertical_alignment=&#8221;middle&#8221; horizontal_alignment=&#8221;center&#8221; advanced_animations=&#8221;no&#8221; background_color=&#8221;#ffffff&#8221;][vc_single_image image=&#8221;4313&#8243; img_size=&#8221;full&#8221; alignment=&#8221;center&#8221; qode_css_animation=&#8221;&#8221;][\/qode_elements_holder_item][qode_elements_holder_item vertical_alignment=&#8221;middle&#8221; advanced_animations=&#8221;no&#8221;][vc_empty_space height=&#8221;15px&#8221;][vc_column_text el_class=&#8221;mw600&#8243;]<\/p>\n<h3><strong><em>Possibilit\u00e0 di utilizzo del Giardino della Pace<\/em><\/strong><\/h3>\n<p>La realizzazione di un Giardino della Pace offre diverse possibilit\u00e0 di utilizzo, consentendo di creare uno spazio di condivisione facilmente realizzabile e fruibile. Attraverso una passeggiata nel giardino, tra gli olivi appartenenti a 21 nazioni del Mediterraneo e anche oltre, \u00e8 possibile generare una sensazione di pace e mettere le basi per una visione positiva verso il mondo e il genere umano. Il progetto si adatta a ogni soluzione urbana, offrendo la flessibilit\u00e0 necessaria per essere integrato nei contesti locali. Tuttavia il progetto ha dei vincoli e la inosservanza da parte del depositario, implica la cancellazione dalla web di The garden of Peace e da tutte le iniziative correlate.<\/p>\n<p>&nbsp;<\/p>\n<h3><strong><em>Limiti di utilizzo del Giardino della Pace<\/em><\/strong><\/h3>\n<p>L\u2019utilizzo del Giardino della Pace \u00e8 regolamentato dallo statuto della The Garden of Peace, che impone alcuni limiti. Gli utilizzi consentiti includono fini informativi, educativi, divulgativi, scientifici e la promozione del territorio. Tuttavia, l\u2019uso del giardino \u00e8 vietato per scopi propagandistici, commerciali e lucrativi, politici, personali o per qualsiasi altro fine che eluda lo spirito etico del progetto a giudizio insindacabile dell\u2019associazione.[\/vc_column_text][vc_empty_space height=&#8221;15px&#8221;][\/qode_elements_holder_item][\/qode_elements_holder][\/vc_column][\/vc_row][vc_row css_animation=&#8221;&#8221; row_type=&#8221;row&#8221; use_row_as_full_screen_section=&#8221;no&#8221; type=&#8221;full_width&#8221; angled_section=&#8221;no&#8221; text_align=&#8221;left&#8221; background_image_as_pattern=&#8221;without_pattern&#8221; z_index=&#8221;&#8221; background_color=&#8221;#ffffff&#8221;][vc_column][qode_elements_holder background_color=&#8221;#ffffff&#8221; number_of_columns=&#8221;two_columns&#8221;][qode_elements_holder_item vertical_alignment=&#8221;middle&#8221; advanced_animations=&#8221;no&#8221; background_image=&#8221;1077&#8243; background_color=&#8221;#ffffff&#8221;][vc_single_image image=&#8221;4318&#8243; img_size=&#8221;full&#8221; alignment=&#8221;center&#8221; qode_css_animation=&#8221;&#8221;][\/qode_elements_holder_item][qode_elements_holder_item vertical_alignment=&#8221;middle&#8221; horizontal_alignment=&#8221;left&#8221; advanced_animations=&#8221;no&#8221; background_color=&#8221;#ffffff&#8221;][vc_empty_space height=&#8221;15px&#8221;][vc_column_text el_class=&#8221;mw600&#8243;]<\/p>\n<h3><strong><em>Focus sulle piccole realt\u00e0 locali<\/em><\/strong><\/h3>\n<p><strong>\u00a0<\/strong>L\u2019associazione The Garden of Peace, un\u2019organizzazione senza scopo di lucro, dedica particolare attenzione alle piccole realt\u00e0 spesso periferiche e con risorse limitate, cercando di venire incontro alle loro esigenze e alle loro possibilit\u00e0. Per favorire la partecipazione attiva della comunit\u00e0 e valorizzare il territorio, si propone di creare uno spazio polifunzionale accanto al giardino, che possa ospitare concerti, mostre, fiere e attivit\u00e0 ludiche per bambini, contribuendo cos\u00ec a rafforzare il senso di identit\u00e0 e promuovere la permanenza dei ragazzi.[\/vc_column_text][vc_empty_space height=&#8221;15px&#8221;][\/qode_elements_holder_item][\/qode_elements_holder][vc_empty_space height=&#8221;36px&#8221;]<span class=\"separator_with_icon\" style='color:#707070;'><i class=\"fa fa-tree\"><\/i><\/span>[\/vc_column][\/vc_row]<\/p>\n","protected":false},"excerpt":{"rendered":"<p>[vc_row css_animation=&#8221;&#8221; row_type=&#8221;row&#8221; use_row_as_full_screen_section=&#8221;no&#8221; type=&#8221;grid&#8221; angled_section=&#8221;no&#8221; text_align=&#8221;center&#8221; background_image_as_pattern=&#8221;without_pattern&#8221; z_index=&#8221;&#8221; background_color=&#8221;#ffffff&#8221;][vc_column][vc_empty_space height=&#8221;60px&#8221;][vc_column_text] PROGETTARE UN GIARDINO DELLA PACE [\/vc_column_text][vc_empty_space height=&#8221;36px&#8221;][vc_column_text] POSSIBILITA&#8217; E LIMITI PER UN UTILIZZO RESPONSABILE [\/vc_column_text][vc_empty_space height=&#8221;36px&#8221;][vc_empty_space height=&#8221;60px&#8221;][\/vc_column][\/vc_row][vc_row css_animation=&#8221;&#8221; row_type=&#8221;row&#8221; use_row_as_full_screen_section=&#8221;no&#8221; type=&#8221;full_width&#8221; angled_section=&#8221;no&#8221; text_align=&#8221;left&#8221; background_image_as_pattern=&#8221;without_pattern&#8221; z_index=&#8221;&#8221; background_color=&#8221;#ffffff&#8221;][vc_column][qode_elements_holder background_color=&#8221;#ffffff&#8221; number_of_columns=&#8221;two_columns&#8221;][qode_elements_holder_item vertical_alignment=&#8221;middle&#8221; horizontal_alignment=&#8221;center&#8221; advanced_animations=&#8221;no&#8221; background_color=&#8221;#ffffff&#8221;][vc_single_image image=&#8221;4309&#8243; img_size=&#8221;full&#8221;&#8230;<\/p>\n","protected":false},"author":1,"featured_media":0,"parent":0,"menu_order":0,"comment_status":"closed","ping_status":"closed","template":"full_width.php","meta":{"footnotes":""},"class_list":["post-612","page","type-page","status-publish","hentry"],"yoast_head":"<!-- This site is optimized with the Yoast SEO plugin v27.1.1 - https:\/\/yoast.com\/product\/yoast-seo-wordpress\/ -->\n<title>Progettare un Giardino della Pace - The Garden of Peace<\/title>\n<meta name=\"robots\" content=\"index, follow, max-snippet:-1, max-image-preview:large, max-video-preview:-1\" \/>\n<link rel=\"canonical\" href=\"https:\/\/www.thegardenofpeace.org\/symbol\/\" \/>\n<meta property=\"og:locale\" content=\"it_IT\" \/>\n<meta property=\"og:type\" content=\"article\" \/>\n<meta property=\"og:title\" content=\"Progettare un Giardino della Pace - The Garden of Peace\" \/>\n<meta property=\"og:description\" content=\"[vc_row css_animation=&#8221;&#8221; row_type=&#8221;row&#8221; use_row_as_full_screen_section=&#8221;no&#8221; type=&#8221;grid&#8221; angled_section=&#8221;no&#8221; text_align=&#8221;center&#8221; background_image_as_pattern=&#8221;without_pattern&#8221; z_index=&#8221;&#8221; background_color=&#8221;#ffffff&#8221;][vc_column][vc_empty_space height=&#8221;60px&#8221;][vc_column_text] PROGETTARE UN GIARDINO DELLA PACE [\/vc_column_text][vc_empty_space height=&#8221;36px&#8221;][vc_column_text] POSSIBILITA&#8217; E LIMITI PER UN UTILIZZO RESPONSABILE [\/vc_column_text][vc_empty_space height=&#8221;36px&#8221;][vc_empty_space height=&#8221;60px&#8221;][\/vc_column][\/vc_row][vc_row css_animation=&#8221;&#8221; row_type=&#8221;row&#8221; use_row_as_full_screen_section=&#8221;no&#8221; type=&#8221;full_width&#8221; angled_section=&#8221;no&#8221; text_align=&#8221;left&#8221; background_image_as_pattern=&#8221;without_pattern&#8221; z_index=&#8221;&#8221; background_color=&#8221;#ffffff&#8221;][vc_column][qode_elements_holder background_color=&#8221;#ffffff&#8221; number_of_columns=&#8221;two_columns&#8221;][qode_elements_holder_item vertical_alignment=&#8221;middle&#8221; horizontal_alignment=&#8221;center&#8221; advanced_animations=&#8221;no&#8221; background_color=&#8221;#ffffff&#8221;][vc_single_image image=&#8221;4309&#8243; img_size=&#8221;full&#8221;...\" \/>\n<meta property=\"og:url\" content=\"https:\/\/www.thegardenofpeace.org\/symbol\/\" \/>\n<meta property=\"og:site_name\" content=\"The Garden of Peace\" \/>\n<meta property=\"article:modified_time\" content=\"2025-03-17T13:52:15+00:00\" \/>\n<meta property=\"og:image\" content=\"https:\/\/www.thegardenofpeace.org\/wp-content\/uploads\/2025\/12\/manos-olivos-con-mano-de-mujer-alta-definizione-scaled.jpg\" \/>\n\t<meta property=\"og:image:width\" content=\"2560\" \/>\n\t<meta property=\"og:image:height\" content=\"290\" \/>\n\t<meta property=\"og:image:type\" content=\"image\/jpeg\" \/>\n<meta name=\"twitter:card\" content=\"summary_large_image\" \/>\n<meta name=\"twitter:label1\" content=\"Tempo di lettura stimato\" \/>\n\t<meta name=\"twitter:data1\" content=\"7 minuti\" \/>\n<script type=\"application\/ld+json\" class=\"yoast-schema-graph\">{\"@context\":\"https:\/\/schema.org\",\"@graph\":[{\"@type\":\"WebPage\",\"@id\":\"https:\/\/www.thegardenofpeace.org\/symbol\/\",\"url\":\"https:\/\/www.thegardenofpeace.org\/symbol\/\",\"name\":\"Progettare un Giardino della Pace - The Garden of Peace\",\"isPartOf\":{\"@id\":\"https:\/\/www.thegardenofpeace.org\/fr\/#website\"},\"datePublished\":\"2022-07-06T14:37:42+00:00\",\"dateModified\":\"2025-03-17T13:52:15+00:00\",\"breadcrumb\":{\"@id\":\"https:\/\/www.thegardenofpeace.org\/symbol\/#breadcrumb\"},\"inLanguage\":\"it-IT\",\"potentialAction\":[{\"@type\":\"ReadAction\",\"target\":[\"https:\/\/www.thegardenofpeace.org\/symbol\/\"]}]},{\"@type\":\"BreadcrumbList\",\"@id\":\"https:\/\/www.thegardenofpeace.org\/symbol\/#breadcrumb\",\"itemListElement\":[{\"@type\":\"ListItem\",\"position\":1,\"name\":\"Home\",\"item\":\"https:\/\/www.thegardenofpeace.org\/it\/\"},{\"@type\":\"ListItem\",\"position\":2,\"name\":\"Progettare un Giardino della Pace\"}]},{\"@type\":\"WebSite\",\"@id\":\"https:\/\/www.thegardenofpeace.org\/fr\/#website\",\"url\":\"https:\/\/www.thegardenofpeace.org\/fr\/\",\"name\":\"The Garden of Peace\",\"description\":\"Olive trees, culture and education for peace\",\"alternateName\":\"TGoP\",\"potentialAction\":[{\"@type\":\"SearchAction\",\"target\":{\"@type\":\"EntryPoint\",\"urlTemplate\":\"https:\/\/www.thegardenofpeace.org\/fr\/?s={search_term_string}\"},\"query-input\":{\"@type\":\"PropertyValueSpecification\",\"valueRequired\":true,\"valueName\":\"search_term_string\"}}],\"inLanguage\":\"it-IT\"}]}<\/script>\n<!-- \/ Yoast SEO plugin. -->","yoast_head_json":{"title":"Progettare un Giardino della Pace - The Garden of Peace","robots":{"index":"index","follow":"follow","max-snippet":"max-snippet:-1","max-image-preview":"max-image-preview:large","max-video-preview":"max-video-preview:-1"},"canonical":"https:\/\/www.thegardenofpeace.org\/symbol\/","og_locale":"it_IT","og_type":"article","og_title":"Progettare un Giardino della Pace - The Garden of Peace","og_description":"[vc_row css_animation=&#8221;&#8221; row_type=&#8221;row&#8221; use_row_as_full_screen_section=&#8221;no&#8221; type=&#8221;grid&#8221; angled_section=&#8221;no&#8221; text_align=&#8221;center&#8221; background_image_as_pattern=&#8221;without_pattern&#8221; z_index=&#8221;&#8221; background_color=&#8221;#ffffff&#8221;][vc_column][vc_empty_space height=&#8221;60px&#8221;][vc_column_text] PROGETTARE UN GIARDINO DELLA PACE [\/vc_column_text][vc_empty_space height=&#8221;36px&#8221;][vc_column_text] POSSIBILITA&#8217; E LIMITI PER UN UTILIZZO RESPONSABILE [\/vc_column_text][vc_empty_space height=&#8221;36px&#8221;][vc_empty_space height=&#8221;60px&#8221;][\/vc_column][\/vc_row][vc_row css_animation=&#8221;&#8221; row_type=&#8221;row&#8221; use_row_as_full_screen_section=&#8221;no&#8221; type=&#8221;full_width&#8221; angled_section=&#8221;no&#8221; text_align=&#8221;left&#8221; background_image_as_pattern=&#8221;without_pattern&#8221; z_index=&#8221;&#8221; background_color=&#8221;#ffffff&#8221;][vc_column][qode_elements_holder background_color=&#8221;#ffffff&#8221; number_of_columns=&#8221;two_columns&#8221;][qode_elements_holder_item vertical_alignment=&#8221;middle&#8221; horizontal_alignment=&#8221;center&#8221; advanced_animations=&#8221;no&#8221; background_color=&#8221;#ffffff&#8221;][vc_single_image image=&#8221;4309&#8243; img_size=&#8221;full&#8221;...","og_url":"https:\/\/www.thegardenofpeace.org\/symbol\/","og_site_name":"The Garden of Peace","article_modified_time":"2025-03-17T13:52:15+00:00","og_image":[{"width":2560,"height":290,"url":"https:\/\/www.thegardenofpeace.org\/wp-content\/uploads\/2025\/12\/manos-olivos-con-mano-de-mujer-alta-definizione-scaled.jpg","type":"image\/jpeg"}],"twitter_card":"summary_large_image","twitter_misc":{"Tempo di lettura stimato":"7 minuti"},"schema":{"@context":"https:\/\/schema.org","@graph":[{"@type":"WebPage","@id":"https:\/\/www.thegardenofpeace.org\/symbol\/","url":"https:\/\/www.thegardenofpeace.org\/symbol\/","name":"Progettare un Giardino della Pace - The Garden of Peace","isPartOf":{"@id":"https:\/\/www.thegardenofpeace.org\/fr\/#website"},"datePublished":"2022-07-06T14:37:42+00:00","dateModified":"2025-03-17T13:52:15+00:00","breadcrumb":{"@id":"https:\/\/www.thegardenofpeace.org\/symbol\/#breadcrumb"},"inLanguage":"it-IT","potentialAction":[{"@type":"ReadAction","target":["https:\/\/www.thegardenofpeace.org\/symbol\/"]}]},{"@type":"BreadcrumbList","@id":"https:\/\/www.thegardenofpeace.org\/symbol\/#breadcrumb","itemListElement":[{"@type":"ListItem","position":1,"name":"Home","item":"https:\/\/www.thegardenofpeace.org\/it\/"},{"@type":"ListItem","position":2,"name":"Progettare un Giardino della Pace"}]},{"@type":"WebSite","@id":"https:\/\/www.thegardenofpeace.org\/fr\/#website","url":"https:\/\/www.thegardenofpeace.org\/fr\/","name":"The Garden of Peace","description":"Olive trees, culture and education for peace","alternateName":"TGoP","potentialAction":[{"@type":"SearchAction","target":{"@type":"EntryPoint","urlTemplate":"https:\/\/www.thegardenofpeace.org\/fr\/?s={search_term_string}"},"query-input":{"@type":"PropertyValueSpecification","valueRequired":true,"valueName":"search_term_string"}}],"inLanguage":"it-IT"}]}},"_links":{"self":[{"href":"https:\/\/www.thegardenofpeace.org\/it\/wp-json\/wp\/v2\/pages\/612","targetHints":{"allow":["GET"]}}],"collection":[{"href":"https:\/\/www.thegardenofpeace.org\/it\/wp-json\/wp\/v2\/pages"}],"about":[{"href":"https:\/\/www.thegardenofpeace.org\/it\/wp-json\/wp\/v2\/types\/page"}],"author":[{"embeddable":true,"href":"https:\/\/www.thegardenofpeace.org\/it\/wp-json\/wp\/v2\/users\/1"}],"replies":[{"embeddable":true,"href":"https:\/\/www.thegardenofpeace.org\/it\/wp-json\/wp\/v2\/comments?post=612"}],"version-history":[{"count":31,"href":"https:\/\/www.thegardenofpeace.org\/it\/wp-json\/wp\/v2\/pages\/612\/revisions"}],"predecessor-version":[{"id":9440,"href":"https:\/\/www.thegardenofpeace.org\/it\/wp-json\/wp\/v2\/pages\/612\/revisions\/9440"}],"wp:attachment":[{"href":"https:\/\/www.thegardenofpeace.org\/it\/wp-json\/wp\/v2\/media?parent=612"}],"curies":[{"name":"wp","href":"https:\/\/api.w.org\/{rel}","templated":true}]}}