{"id":7675,"date":"2024-07-08T17:32:16","date_gmt":"2024-07-08T15:32:16","guid":{"rendered":"https:\/\/www.thegardenofpeace.org\/?page_id=7675"},"modified":"2024-07-09T16:30:11","modified_gmt":"2024-07-09T14:30:11","slug":"evento-speciale-20-09-2024","status":"publish","type":"page","link":"https:\/\/www.thegardenofpeace.org\/it\/evento-speciale-20-09-2024\/","title":{"rendered":"thegardenofpeace.org\/it\/evento-speciale-20-09-2024\/"},"content":{"rendered":"<p>[vc_row css_animation=&#8221;&#8221; row_type=&#8221;row&#8221; use_row_as_full_screen_section=&#8221;no&#8221; type=&#8221;full_width&#8221; angled_section=&#8221;no&#8221; text_align=&#8221;left&#8221; background_image_as_pattern=&#8221;without_pattern&#8221;][vc_column width=&#8221;1\/3&#8243;][vc_single_image image=&#8221;7761&#8243; img_size=&#8221;medium&#8221; alignment=&#8221;center&#8221; qode_css_animation=&#8221;&#8221;][vc_column_text]<\/p>\n<p>[\/vc_column_text][\/vc_column][vc_column width=&#8221;1\/3&#8243;][vc_empty_space][vc_empty_space][vc_column_text]<\/p>\n<p>The Garden of Peace<\/p>\n<p>Cultural Association \u2013 Madrid<\/p>\n<p>NIF: G05315767[\/vc_column_text][vc_empty_space][vc_empty_space][\/vc_column][vc_column width=&#8221;1\/3&#8243;][vc_single_image image=&#8221;7773&#8243; img_size=&#8221;large&#8221; qode_css_animation=&#8221;&#8221;][\/vc_column][\/vc_row][vc_row css_animation=&#8221;&#8221; row_type=&#8221;row&#8221; use_row_as_full_screen_section=&#8221;no&#8221; type=&#8221;full_width&#8221; angled_section=&#8221;no&#8221; text_align=&#8221;left&#8221; background_image_as_pattern=&#8221;without_pattern&#8221;][vc_column][vc_empty_space][vc_column_text]Alla cortese attenzione,<\/p>\n<p>&nbsp;<\/p>\n<p>Come Ambasciatrice dell&#8217;Associazione <strong>The Garden of Peace<\/strong> (TGoP), \u00e8 con grande piacere che Le rivolgo un invito speciale. Il 20 settembre 2024, presso il suggestivo <strong>Messner Mountain Museum, Castel Firmiano<\/strong>, si terr\u00e0 un evento unico. La Sua presenza renderebbe questa occasione ancora pi\u00f9 significativa.<\/p>\n<p>Il castello sar\u00e0 a completa disposizione degli ospiti di TGoP e sar\u00e0 un&#8217;occasione unica per condividere momenti di gioia, riflessione e solidariet\u00e0. L&#8217;evento si svolger\u00e0 con il seguente programma:<\/p>\n<p>&nbsp;<\/p>\n<p><strong>Ore 17:00<\/strong>\u00a0\u2013 Entrata al castello<\/p>\n<ul>\n<li><strong>Ore 17:20<\/strong>\u00a0\u2013 Aperitivo di benvenuto<\/li>\n<li><strong>Ore 17:45<\/strong>\u00a0\u2013 Visita al castello<\/li>\n<li><strong>Ore 19:00<\/strong>\u00a0\u2013 Cena<\/li>\n<li><strong>Ore 20:00<\/strong>\u00a0\u2013 Presentazione dell&#8217;associazione The Garden of Peace (TGoP) da parte del presidente dott. Francesco Serafini, fondatore dell&#8217;associazione.\n<ul>\n<li>Curiosit\u00e0 che circondano TGoP da parte del Sr. Oriano Spadoni, cofondatore dell&#8217;associazione.<\/li>\n<li>Presentazione del progetto per il Malawi da parte della dott.ssa Cinzia Fanfano, medico pediatra.<\/li>\n<li>Chiusura della serata da parte della Sig.ra Dietlinde Maria Perathoner, Ambasciatrice e Madrina dell&#8217;associazione TGoP.<\/li>\n<\/ul>\n<\/li>\n<\/ul>\n<p><strong>Ore 21:00 <\/strong>\u2013 Chiusura dell&#8217;evento.<\/p>\n<p>&nbsp;<\/p>\n<p>&nbsp;<\/p>\n<p><strong>L&#8217;Associazione The Garden of Peace<\/strong><\/p>\n<p>&nbsp;<\/p>\n<p>The Garden of Peace \u00e8 un\u2019associazione internazionale senza fini di lucro che si dedica a promuovere la pace e la cooperazione internazionale attraverso la creazione di giardini di olivi in diverse parti del mondo. Questi giardini rappresentano un simbolo di unit\u00e0 e speranza, e ogni albero \u00e8 una testimonianza vivente del nostro impegno. Tra i giardini pi\u00f9 significativi realizzati ci sono quelli di Madrid, Zaragoza, Camerino presso l&#8217;Accademia della Musica del maestro Andrea Bocelli, Tangeri (Marocco) e Creta. Attualmente, sono in fase di realizzazione i giardini della Valle dei Templi in Sicilia, di Cipro e dell&#8217;Alhambra a Granada.<\/p>\n<p>&nbsp;<\/p>\n<p>I Giardini della pace che l\u2019associazione implementa nel mondo, sono composti da 21 variet\u00e0 d\u2019olivo differenti provenienti da 21 paesi del Mediterraneo ed oltre. Le piante provengono dalle Banche mondiali di germoplasma dell\u2019olivo diffuse in differenti aree del mondo, create e riconosciute dal Consiglio Oleicolo Internazionale (COI).\u00a0 Il COI \u00e8 un\u2019organizzazione intergovernamentale nata sotto gli auspici delle Nazioni Unite che, attraverso il progetto RESGEN sulla conservazione delle risorse genetiche dell\u2019olivo, ha recuperato la variabilit\u00e0 genetica di questa specie (<em>Olea europaea<\/em>).<\/p>\n<p>&nbsp;<\/p>\n<p>Durante la serata, avremo l\u2019opportunit\u00e0 di presentare la nostra associazione, i nostri obiettivi e il nostro impegno per diffondere un messaggio di pace globale. Sar\u00e0 inoltre presentato un progetto dell\u2019associazione partner, \u201cAmici per il Malawi.\u201d La dott.ssa Cinzia Fanfano, medico pediatra, illustrer\u00e0 le finalit\u00e0 e gli obiettivi di tale progetto.<\/p>\n<p>&nbsp;<\/p>\n<p><strong>Modalit\u00e0 per la partecipazione all\u2019evento<\/strong><\/p>\n<p><strong>\u00a0<\/strong><\/p>\n<p>La partecipazione richiede un contributo di 104 euro per coprire le spese della cena. Potr\u00e0 effettuare il versamento in modo semplice e veloce cliccando in questo link: <strong><a href=\"https:\/\/book.stripe.com\/bIYcPHeT94sZ1X2eUW\">RISERVA ADESSO IL TUO POSTO<\/a><\/strong> e aggiungendo il suo email al momento del pagamento. Oppure attraverso il seguente codice QR:[\/vc_column_text][vc_empty_space][vc_single_image image=&#8221;7708&#8243; img_size=&#8221;medium&#8221; onclick=&#8221;link_image&#8221; qode_css_animation=&#8221;&#8221;][vc_empty_space][vc_column_text]I posti per questo evento sono limitati a causa della capacit\u00e0 del luogo. Si prega di confermare la propria partecipazione entro e non oltre il 2 settembre 2024.<\/p>\n<p>Siamo profondamente grati della Sua partecipazione e desideriamo esprimere il nostro pi\u00f9 sincero apprezzamento poich\u00e9 in questo modo potremo continuare a realizzare i nostri progetti e diffondere questo importante messaggio di pace nel mondo.<\/p>\n<p>Rimanendo a sua disposizione per qualsiasi ulteriore chiarimento debba necessitare al riguardo e ringraziandola anticipatamente per il Suo impegno verso la pace, Le porgiamo i nostri pi\u00f9 cordiali saluti.<\/p>\n<p>Con stima,<\/p>\n<p>&nbsp;<\/p>\n<table>\n<tbody>\n<tr>\n<td width=\"390\"><em>Dietlinde Maria Perathoner<\/em><\/p>\n<p>Ambasciatrice e Madrina dell&#8217;evento<\/p>\n<p>Associazione The Garden of Peace<\/p>\n<p>&nbsp;<\/td>\n<td width=\"390\"><em>Francesco Serafini<\/em><\/p>\n<p>Presidente<\/p>\n<p>Associazione The Garden of Peace<\/p>\n<p>&nbsp;<\/td>\n<\/tr>\n<\/tbody>\n<\/table>\n<p>&nbsp;<\/p>\n<p>&nbsp;<\/p>\n<p>L\u2019evento \u00e8 sostenuto anche dalla <strong>cooperativa sociale Zentrum Tau:<\/strong><\/p>\n<p><strong><a href=\"http:\/\/www.zentrum-tau.it\" target=\"_blank\" rel=\"noopener\">www.zentrum-tau.it<\/a><\/strong><\/p>\n<p>[\/vc_column_text][vc_empty_space][vc_single_image image=&#8221;7756&#8243; img_size=&#8221;medium&#8221; qode_css_animation=&#8221;&#8221;][vc_empty_space][vc_column_text]<\/p>\n<p><strong>Abbigliamento consigliato:<\/strong><\/p>\n<p>Dressy Casual<\/p>\n<p>&nbsp;<\/p>\n<p><strong>Telefono:<\/strong><\/p>\n<p>Dietlinde Maria Perathoner<\/p>\n<p>+39 339 698 9154<\/p>\n<p>&nbsp;<\/p>\n<p>Francesco Serafini<\/p>\n<p>+34 649274903<\/p>\n<p>&nbsp;<\/p>\n<p><strong>Email:<\/strong><\/p>\n<p>diete@thegardenofpeace.org<\/p>\n<p>f.serafini@thegardenofpeace.org<\/p>\n<p>info@thegardenofpeace.org<\/p>\n<p>&nbsp;<\/p>\n<p><strong>Sito web: <\/strong><\/p>\n<p><a href=\"http:\/\/www.thegardenofpeace.org\" target=\"_blank\" rel=\"noopener\">www.thegardenofpeace.org<\/a>[\/vc_column_text][\/vc_column][\/vc_row][vc_row css_animation=&#8221;&#8221; row_type=&#8221;row&#8221; use_row_as_full_screen_section=&#8221;no&#8221; type=&#8221;full_width&#8221; angled_section=&#8221;no&#8221; text_align=&#8221;left&#8221; background_image_as_pattern=&#8221;without_pattern&#8221;][vc_column][vc_empty_space]<span class=\"separator_with_icon\" style='color:#707070;'><i class=\"fa fa-tree\"><\/i><\/span>[vc_empty_space][\/vc_column][\/vc_row][vc_row css_animation=&#8221;&#8221; row_type=&#8221;row&#8221; use_row_as_full_screen_section=&#8221;no&#8221; type=&#8221;full_width&#8221; angled_section=&#8221;no&#8221; text_align=&#8221;left&#8221; background_image_as_pattern=&#8221;without_pattern&#8221;][vc_column][\/vc_column][\/vc_row]<\/p>\n","protected":false},"excerpt":{"rendered":"<p>[vc_row css_animation=&#8221;&#8221; row_type=&#8221;row&#8221; use_row_as_full_screen_section=&#8221;no&#8221; type=&#8221;full_width&#8221; angled_section=&#8221;no&#8221; text_align=&#8221;left&#8221; background_image_as_pattern=&#8221;without_pattern&#8221;][vc_column width=&#8221;1\/3&#8243;][vc_single_image image=&#8221;7761&#8243; img_size=&#8221;medium&#8221; alignment=&#8221;center&#8221; qode_css_animation=&#8221;&#8221;][vc_column_text] [\/vc_column_text][\/vc_column][vc_column width=&#8221;1\/3&#8243;][vc_empty_space][vc_empty_space][vc_column_text] The Garden of Peace Cultural Association \u2013 Madrid NIF: G05315767[\/vc_column_text][vc_empty_space][vc_empty_space][\/vc_column][vc_column width=&#8221;1\/3&#8243;][vc_single_image image=&#8221;7773&#8243; img_size=&#8221;large&#8221; qode_css_animation=&#8221;&#8221;][\/vc_column][\/vc_row][vc_row css_animation=&#8221;&#8221; row_type=&#8221;row&#8221; use_row_as_full_screen_section=&#8221;no&#8221; type=&#8221;full_width&#8221; angled_section=&#8221;no&#8221; text_align=&#8221;left&#8221; background_image_as_pattern=&#8221;without_pattern&#8221;][vc_column][vc_empty_space][vc_column_text]Alla cortese attenzione, &nbsp; Come Ambasciatrice dell&#8217;Associazione The Garden of&#8230;<\/p>\n","protected":false},"author":3,"featured_media":0,"parent":0,"menu_order":0,"comment_status":"closed","ping_status":"closed","template":"","meta":{"footnotes":""},"class_list":["post-7675","page","type-page","status-publish","hentry"],"yoast_head":"<!-- This site is optimized with the Yoast SEO plugin v27.1.1 - https:\/\/yoast.com\/product\/yoast-seo-wordpress\/ -->\n<title>thegardenofpeace.org\/it\/evento-speciale-20-09-2024\/ - The Garden of Peace<\/title>\n<meta name=\"robots\" content=\"index, follow, max-snippet:-1, max-image-preview:large, max-video-preview:-1\" \/>\n<link rel=\"canonical\" href=\"https:\/\/www.thegardenofpeace.org\/it\/evento-speciale-20-09-2024\/\" \/>\n<meta property=\"og:locale\" content=\"it_IT\" \/>\n<meta property=\"og:type\" content=\"article\" \/>\n<meta property=\"og:title\" content=\"thegardenofpeace.org\/it\/evento-speciale-20-09-2024\/ - The Garden of Peace\" \/>\n<meta property=\"og:description\" content=\"[vc_row css_animation=&#8221;&#8221; row_type=&#8221;row&#8221; use_row_as_full_screen_section=&#8221;no&#8221; type=&#8221;full_width&#8221; angled_section=&#8221;no&#8221; text_align=&#8221;left&#8221; background_image_as_pattern=&#8221;without_pattern&#8221;][vc_column width=&#8221;1\/3&#8243;][vc_single_image image=&#8221;7761&#8243; img_size=&#8221;medium&#8221; alignment=&#8221;center&#8221; qode_css_animation=&#8221;&#8221;][vc_column_text] [\/vc_column_text][\/vc_column][vc_column width=&#8221;1\/3&#8243;][vc_empty_space][vc_empty_space][vc_column_text] The Garden of Peace Cultural Association \u2013 Madrid NIF: G05315767[\/vc_column_text][vc_empty_space][vc_empty_space][\/vc_column][vc_column width=&#8221;1\/3&#8243;][vc_single_image image=&#8221;7773&#8243; img_size=&#8221;large&#8221; qode_css_animation=&#8221;&#8221;][\/vc_column][\/vc_row][vc_row css_animation=&#8221;&#8221; row_type=&#8221;row&#8221; use_row_as_full_screen_section=&#8221;no&#8221; type=&#8221;full_width&#8221; angled_section=&#8221;no&#8221; text_align=&#8221;left&#8221; background_image_as_pattern=&#8221;without_pattern&#8221;][vc_column][vc_empty_space][vc_column_text]Alla cortese attenzione, &nbsp; Come Ambasciatrice dell&#8217;Associazione The Garden of...\" \/>\n<meta property=\"og:url\" content=\"https:\/\/www.thegardenofpeace.org\/it\/evento-speciale-20-09-2024\/\" \/>\n<meta property=\"og:site_name\" content=\"The Garden of Peace\" \/>\n<meta property=\"article:modified_time\" content=\"2024-07-09T14:30:11+00:00\" \/>\n<meta property=\"og:image\" content=\"https:\/\/www.thegardenofpeace.org\/wp-content\/uploads\/2025\/12\/manos-olivos-con-mano-de-mujer-alta-definizione-scaled.jpg\" \/>\n\t<meta property=\"og:image:width\" content=\"2560\" \/>\n\t<meta property=\"og:image:height\" content=\"290\" \/>\n\t<meta property=\"og:image:type\" content=\"image\/jpeg\" \/>\n<meta name=\"twitter:card\" content=\"summary_large_image\" \/>\n<meta name=\"twitter:label1\" content=\"Tempo di lettura stimato\" \/>\n\t<meta name=\"twitter:data1\" content=\"4 minuti\" \/>\n<script type=\"application\/ld+json\" class=\"yoast-schema-graph\">{\"@context\":\"https:\/\/schema.org\",\"@graph\":[{\"@type\":\"WebPage\",\"@id\":\"https:\/\/www.thegardenofpeace.org\/it\/evento-speciale-20-09-2024\/\",\"url\":\"https:\/\/www.thegardenofpeace.org\/it\/evento-speciale-20-09-2024\/\",\"name\":\"thegardenofpeace.org\/it\/evento-speciale-20-09-2024\/ - The Garden of Peace\",\"isPartOf\":{\"@id\":\"https:\/\/www.thegardenofpeace.org\/fr\/#website\"},\"datePublished\":\"2024-07-08T15:32:16+00:00\",\"dateModified\":\"2024-07-09T14:30:11+00:00\",\"breadcrumb\":{\"@id\":\"https:\/\/www.thegardenofpeace.org\/it\/evento-speciale-20-09-2024\/#breadcrumb\"},\"inLanguage\":\"it-IT\",\"potentialAction\":[{\"@type\":\"ReadAction\",\"target\":[\"https:\/\/www.thegardenofpeace.org\/it\/evento-speciale-20-09-2024\/\"]}]},{\"@type\":\"BreadcrumbList\",\"@id\":\"https:\/\/www.thegardenofpeace.org\/it\/evento-speciale-20-09-2024\/#breadcrumb\",\"itemListElement\":[{\"@type\":\"ListItem\",\"position\":1,\"name\":\"Home\",\"item\":\"https:\/\/www.thegardenofpeace.org\/it\/\"},{\"@type\":\"ListItem\",\"position\":2,\"name\":\"thegardenofpeace.org\/it\/evento-speciale-20-09-2024\/\"}]},{\"@type\":\"WebSite\",\"@id\":\"https:\/\/www.thegardenofpeace.org\/fr\/#website\",\"url\":\"https:\/\/www.thegardenofpeace.org\/fr\/\",\"name\":\"The Garden of Peace\",\"description\":\"Olive trees, culture and education for peace\",\"alternateName\":\"TGoP\",\"potentialAction\":[{\"@type\":\"SearchAction\",\"target\":{\"@type\":\"EntryPoint\",\"urlTemplate\":\"https:\/\/www.thegardenofpeace.org\/fr\/?s={search_term_string}\"},\"query-input\":{\"@type\":\"PropertyValueSpecification\",\"valueRequired\":true,\"valueName\":\"search_term_string\"}}],\"inLanguage\":\"it-IT\"}]}<\/script>\n<!-- \/ Yoast SEO plugin. -->","yoast_head_json":{"title":"thegardenofpeace.org\/it\/evento-speciale-20-09-2024\/ - The Garden of Peace","robots":{"index":"index","follow":"follow","max-snippet":"max-snippet:-1","max-image-preview":"max-image-preview:large","max-video-preview":"max-video-preview:-1"},"canonical":"https:\/\/www.thegardenofpeace.org\/it\/evento-speciale-20-09-2024\/","og_locale":"it_IT","og_type":"article","og_title":"thegardenofpeace.org\/it\/evento-speciale-20-09-2024\/ - The Garden of Peace","og_description":"[vc_row css_animation=&#8221;&#8221; row_type=&#8221;row&#8221; use_row_as_full_screen_section=&#8221;no&#8221; type=&#8221;full_width&#8221; angled_section=&#8221;no&#8221; text_align=&#8221;left&#8221; background_image_as_pattern=&#8221;without_pattern&#8221;][vc_column width=&#8221;1\/3&#8243;][vc_single_image image=&#8221;7761&#8243; img_size=&#8221;medium&#8221; alignment=&#8221;center&#8221; qode_css_animation=&#8221;&#8221;][vc_column_text] [\/vc_column_text][\/vc_column][vc_column width=&#8221;1\/3&#8243;][vc_empty_space][vc_empty_space][vc_column_text] The Garden of Peace Cultural Association \u2013 Madrid NIF: G05315767[\/vc_column_text][vc_empty_space][vc_empty_space][\/vc_column][vc_column width=&#8221;1\/3&#8243;][vc_single_image image=&#8221;7773&#8243; img_size=&#8221;large&#8221; qode_css_animation=&#8221;&#8221;][\/vc_column][\/vc_row][vc_row css_animation=&#8221;&#8221; row_type=&#8221;row&#8221; use_row_as_full_screen_section=&#8221;no&#8221; type=&#8221;full_width&#8221; angled_section=&#8221;no&#8221; text_align=&#8221;left&#8221; background_image_as_pattern=&#8221;without_pattern&#8221;][vc_column][vc_empty_space][vc_column_text]Alla cortese attenzione, &nbsp; Come Ambasciatrice dell&#8217;Associazione The Garden of...","og_url":"https:\/\/www.thegardenofpeace.org\/it\/evento-speciale-20-09-2024\/","og_site_name":"The Garden of Peace","article_modified_time":"2024-07-09T14:30:11+00:00","og_image":[{"width":2560,"height":290,"url":"https:\/\/www.thegardenofpeace.org\/wp-content\/uploads\/2025\/12\/manos-olivos-con-mano-de-mujer-alta-definizione-scaled.jpg","type":"image\/jpeg"}],"twitter_card":"summary_large_image","twitter_misc":{"Tempo di lettura stimato":"4 minuti"},"schema":{"@context":"https:\/\/schema.org","@graph":[{"@type":"WebPage","@id":"https:\/\/www.thegardenofpeace.org\/it\/evento-speciale-20-09-2024\/","url":"https:\/\/www.thegardenofpeace.org\/it\/evento-speciale-20-09-2024\/","name":"thegardenofpeace.org\/it\/evento-speciale-20-09-2024\/ - The Garden of Peace","isPartOf":{"@id":"https:\/\/www.thegardenofpeace.org\/fr\/#website"},"datePublished":"2024-07-08T15:32:16+00:00","dateModified":"2024-07-09T14:30:11+00:00","breadcrumb":{"@id":"https:\/\/www.thegardenofpeace.org\/it\/evento-speciale-20-09-2024\/#breadcrumb"},"inLanguage":"it-IT","potentialAction":[{"@type":"ReadAction","target":["https:\/\/www.thegardenofpeace.org\/it\/evento-speciale-20-09-2024\/"]}]},{"@type":"BreadcrumbList","@id":"https:\/\/www.thegardenofpeace.org\/it\/evento-speciale-20-09-2024\/#breadcrumb","itemListElement":[{"@type":"ListItem","position":1,"name":"Home","item":"https:\/\/www.thegardenofpeace.org\/it\/"},{"@type":"ListItem","position":2,"name":"thegardenofpeace.org\/it\/evento-speciale-20-09-2024\/"}]},{"@type":"WebSite","@id":"https:\/\/www.thegardenofpeace.org\/fr\/#website","url":"https:\/\/www.thegardenofpeace.org\/fr\/","name":"The Garden of Peace","description":"Olive trees, culture and education for peace","alternateName":"TGoP","potentialAction":[{"@type":"SearchAction","target":{"@type":"EntryPoint","urlTemplate":"https:\/\/www.thegardenofpeace.org\/fr\/?s={search_term_string}"},"query-input":{"@type":"PropertyValueSpecification","valueRequired":true,"valueName":"search_term_string"}}],"inLanguage":"it-IT"}]}},"_links":{"self":[{"href":"https:\/\/www.thegardenofpeace.org\/it\/wp-json\/wp\/v2\/pages\/7675","targetHints":{"allow":["GET"]}}],"collection":[{"href":"https:\/\/www.thegardenofpeace.org\/it\/wp-json\/wp\/v2\/pages"}],"about":[{"href":"https:\/\/www.thegardenofpeace.org\/it\/wp-json\/wp\/v2\/types\/page"}],"author":[{"embeddable":true,"href":"https:\/\/www.thegardenofpeace.org\/it\/wp-json\/wp\/v2\/users\/3"}],"replies":[{"embeddable":true,"href":"https:\/\/www.thegardenofpeace.org\/it\/wp-json\/wp\/v2\/comments?post=7675"}],"version-history":[{"count":41,"href":"https:\/\/www.thegardenofpeace.org\/it\/wp-json\/wp\/v2\/pages\/7675\/revisions"}],"predecessor-version":[{"id":7805,"href":"https:\/\/www.thegardenofpeace.org\/it\/wp-json\/wp\/v2\/pages\/7675\/revisions\/7805"}],"wp:attachment":[{"href":"https:\/\/www.thegardenofpeace.org\/it\/wp-json\/wp\/v2\/media?parent=7675"}],"curies":[{"name":"wp","href":"https:\/\/api.w.org\/{rel}","templated":true}]}}